{"id":11409,"date":"2022-08-06T17:02:51","date_gmt":"2022-08-06T17:02:51","guid":{"rendered":"https:\/\/kastelir-labinci.com\/item\/free-kastelir-vizinada-mtb-tour-26km\/"},"modified":"2022-08-06T17:05:59","modified_gmt":"2022-08-06T17:05:59","slug":"free-kastelir-vizinada-mtb-tour-26km","status":"publish","type":"citadela-item","link":"https:\/\/kastelir-labinci.com\/de\/item\/free-kastelir-vizinada-mtb-tour-26km\/","title":{"rendered":"FREE KA\u0160TELIR &#038; VI\u017dINADA MTB TOUR, 26km"},"content":{"rendered":"<p>Wir f\u00fchren Sie vom Zentrum von Ka\u0161telir durch tiefe W\u00e4lder bis nach Vi\u017einada, wo uns um 10:15 Uhr der Rest der Gruppe erwartet. Wir fahren \u00fcber die attraktive Radstrecke Parenzana in Richtung Pore\u010d und biegen zum ber\u00fchmten Observatorium in Ti\u0107an ab, welches von einem der ber\u00fchmtesten Astronomen der Welt, Korado Korlevi\u0107, gef\u00fchrt wird. Dieses ist auch der h\u00f6chste Punkt der Route. Auf schmalen Waldwegen geht es bergab nach Vi\u0161njan, von wo uns die Stra\u00dfe zur\u00fcck nach Ka\u0161telir f\u00fchrt, wo wir die erste Gruppe von Radfahrern verabschieden. Mit denen, die sich uns in Vi\u017einada angeschlossen haben, fahren wir noch weitere 45 Minuten durch tiefe W\u00e4lder bis zum endg\u00fcltigen Ziel.<\/p>\n<p>&nbsp;<\/p>\n<p><iframe loading=\"lazy\" class=\"alltrails\" title=\"AllTrails: Trail Guides and Maps for Hiking, Camping, and Running\" src=\"https:\/\/www.alltrails.com\/de\/widget\/map\/karte-6-juli-2022-10-14-uhr-a19744e?u=m\" width=\"100%\" height=\"400\" frameborder=\"0\" marginwidth=\"0\" marginheight=\"0\" scrolling=\"no\"><\/iframe><\/p>\n<p><strong>Technische Beschreibung<\/strong><\/p>\n<ul>\n<li>Art des Radweges: MTB Strecke<\/li>\n<li>L\u00e4nge: 26 km<\/li>\n<li>H\u00f6chster Punkt: 320 m \u00fc.d.M.<\/li>\n<li>Gesamtanstieg: 300 m<\/li>\n<li>Dauer: 3,5 Stunden<\/li>\n<li>Schwierigkeitsgrad: einfach<\/li>\n<\/ul>\n<p>\n<strong>Details<\/strong><\/p>\n<ul>\n<li>Verf\u00fcgbar: jeden Freitag vom 26.08. bis zum 30.09.2022<\/li>\n<li>Treffpunkt: um 09:30 Uhr Ka\u0161telir \/ um 10:30 Uhr Vi\u017einada<\/li>\n<li>Geplante R\u00fcckkehr: gegen 13:00 Uhr Ka\u0161telir \/ gegen 14:00 Uhr Vi\u017einada<\/li>\n<li>Start und Ziel 1: Zentrum von Ka\u0161telir in der N\u00e4he der Kirche<\/li>\n<li>Start und Ziel 2: am Ortseingang von Vi\u017einada bei der Modelllokomotive<\/li>\n<li>F\u00fchrer: ein F\u00fchrer f\u00fcr jeweils 20 Radfahrer<\/li>\n<li>Sprachen: Kroatisch, Englisch und Deutsch<\/li>\n<\/ul>\n<p>\n<strong>GPX-Daten herunterladen<\/strong><\/p>\n<p><img loading=\"lazy\" decoding=\"async\" src=\"https:\/\/www.myporec.com\/uploads\/imgcache\/large\/articles\/Kastelir-i-Vizinada_1.png\" alt=\"\" width=\"250\" height=\"250\" \/><\/p>\n<p><img loading=\"lazy\" decoding=\"async\" src=\"https:\/\/www.myporec.com\/uploads\/imgcache\/large\/articles\/Visinski-dijagram-Kastelir-Vizinada_1.png\" alt=\"\" width=\"448\" height=\"226\" \/><\/p>\n<p><strong>Anmerkungen zu den kostenlosen MTB Touren<\/strong><\/p>\n<ul>\n<li>Die Touren sind kostenlos; Getr\u00e4nke, Essen und Eintrittskarten sind jedoch nicht<br \/>\ninbegriffen.<\/li>\n<li>Verleih von Fahrr\u00e4dern, Helmen und anderer Fahrradausr\u00fcstung m\u00f6glich (gegen<br \/>\nZuzahlung).<\/li>\n<li>Helmpflicht.<\/li>\n<li>Die Tour wird f\u00fcr Kinder j\u00fcnger als 14 Jahren nicht empfohlen.<\/li>\n<li>Es ist notwendig, Fahrrad fahren zu k\u00f6nnen und k\u00f6rperlich in der Lage zu sein, um 20<br \/>\nbis 50 km pro Tag zur\u00fcckzulegen.<\/li>\n<li>Falls notwendig wird ein Notfallfahrzeug zur Verf\u00fcgung gestellt.<\/li>\n<li>Der F\u00fchrer beh\u00e4lt sich das Recht vor, die Route je nach Wetterbedingungen und<br \/>\nKondition der Teilnehmer zu \u00e4ndern.<\/p>\n<p><strong>Es ist notwendig, die kostenlosen Touren sp\u00e4testens 12 Stunden vor der Abfahrt zu reservieren.<\/strong><\/li>\n<\/ul>\n<p>&nbsp;<\/p>\n<p><strong><a href=\"https:\/\/www.myporec.com\/downloadf\/free_mtb_tours_2022_01_-_za_web.pdf\">FREE MTB TOUR<\/a><\/strong><\/p>\n<p>&nbsp;<\/p>\n","protected":false},"excerpt":{"rendered":"<p>Wir f\u00fchren Sie vom Zentrum von Ka\u0161telir durch tiefe W\u00e4lder bis nach Vi\u017einada, wo uns um 10:15 Uhr der Rest der Gruppe erwartet. Wir fahren \u00fcber die attraktive Radstrecke Parenzana [&hellip;]<\/p>\n","protected":false},"author":1,"featured_media":11410,"menu_order":0,"comment_status":"closed","ping_status":"closed","template":"","citadela-item-category":[281,177],"citadela-item-location":[],"class_list":["post-11409","citadela-item","type-citadela-item","status-publish","has-post-thumbnail","hentry","citadela-item-category-free-bike-tours-de","citadela-item-category-biking-de"],"yoast_head":"<!-- This site is optimized with the Yoast SEO plugin v25.2 - https:\/\/yoast.com\/wordpress\/plugins\/seo\/ -->\n<title>FREE KA\u0160TELIR &amp; VI\u017dINADA MTB TOUR, 26km - Together in<\/title>\n<meta name=\"description\" content=\"Together in Ka\u0161telir Labinci\" \/>\n<meta name=\"robots\" content=\"index, follow, max-snippet:-1, max-image-preview:large, max-video-preview:-1\" \/>\n<link rel=\"canonical\" href=\"https:\/\/kastelir-labinci.com\/de\/item\/free-kastelir-vizinada-mtb-tour-26km\/\" \/>\n<meta property=\"og:locale\" content=\"de_DE\" \/>\n<meta property=\"og:type\" content=\"article\" \/>\n<meta property=\"og:title\" content=\"FREE KA\u0160TELIR &amp; VI\u017dINADA MTB TOUR, 26km - Together in\" \/>\n<meta property=\"og:description\" content=\"Together in Ka\u0161telir Labinci\" \/>\n<meta property=\"og:url\" content=\"https:\/\/kastelir-labinci.com\/de\/item\/free-kastelir-vizinada-mtb-tour-26km\/\" \/>\n<meta property=\"og:site_name\" content=\"Together in\" \/>\n<meta property=\"article:modified_time\" content=\"2022-08-06T17:05:59+00:00\" \/>\n<meta property=\"og:image\" content=\"https:\/\/kastelir-labinci.com\/wp-content\/uploads\/2020\/05\/Teambuilding-Istra-scaled.jpg\" \/>\n\t<meta property=\"og:image:width\" content=\"2560\" \/>\n\t<meta property=\"og:image:height\" content=\"1704\" \/>\n\t<meta property=\"og:image:type\" content=\"image\/jpeg\" \/>\n<meta name=\"twitter:card\" content=\"summary_large_image\" \/>\n<meta name=\"twitter:label1\" content=\"Gesch\u00e4tzte Lesezeit\" \/>\n\t<meta name=\"twitter:data1\" content=\"2\u00a0Minuten\" \/>\n<script type=\"application\/ld+json\" class=\"yoast-schema-graph\">{\"@context\":\"https:\/\/schema.org\",\"@graph\":[{\"@type\":\"WebPage\",\"@id\":\"https:\/\/kastelir-labinci.com\/de\/item\/free-kastelir-vizinada-mtb-tour-26km\/\",\"url\":\"https:\/\/kastelir-labinci.com\/de\/item\/free-kastelir-vizinada-mtb-tour-26km\/\",\"name\":\"FREE KA\u0160TELIR & VI\u017dINADA MTB TOUR, 26km - Together in\",\"isPartOf\":{\"@id\":\"https:\/\/kastelir-labinci.com\/de\/#website\"},\"primaryImageOfPage\":{\"@id\":\"https:\/\/kastelir-labinci.com\/de\/item\/free-kastelir-vizinada-mtb-tour-26km\/#primaryimage\"},\"image\":{\"@id\":\"https:\/\/kastelir-labinci.com\/de\/item\/free-kastelir-vizinada-mtb-tour-26km\/#primaryimage\"},\"thumbnailUrl\":\"https:\/\/kastelir-labinci.com\/wp-content\/uploads\/2020\/05\/Teambuilding-Istra-scaled.jpg\",\"datePublished\":\"2022-08-06T17:02:51+00:00\",\"dateModified\":\"2022-08-06T17:05:59+00:00\",\"description\":\"Together in Ka\u0161telir Labinci\",\"breadcrumb\":{\"@id\":\"https:\/\/kastelir-labinci.com\/de\/item\/free-kastelir-vizinada-mtb-tour-26km\/#breadcrumb\"},\"inLanguage\":\"de\",\"potentialAction\":[{\"@type\":\"ReadAction\",\"target\":[\"https:\/\/kastelir-labinci.com\/de\/item\/free-kastelir-vizinada-mtb-tour-26km\/\"]}]},{\"@type\":\"ImageObject\",\"inLanguage\":\"de\",\"@id\":\"https:\/\/kastelir-labinci.com\/de\/item\/free-kastelir-vizinada-mtb-tour-26km\/#primaryimage\",\"url\":\"https:\/\/kastelir-labinci.com\/wp-content\/uploads\/2020\/05\/Teambuilding-Istra-scaled.jpg\",\"contentUrl\":\"https:\/\/kastelir-labinci.com\/wp-content\/uploads\/2020\/05\/Teambuilding-Istra-scaled.jpg\",\"width\":2560,\"height\":1704},{\"@type\":\"BreadcrumbList\",\"@id\":\"https:\/\/kastelir-labinci.com\/de\/item\/free-kastelir-vizinada-mtb-tour-26km\/#breadcrumb\",\"itemListElement\":[{\"@type\":\"ListItem\",\"position\":1,\"name\":\"Home\",\"item\":\"https:\/\/kastelir-labinci.com\/de\/\"},{\"@type\":\"ListItem\",\"position\":2,\"name\":\"FREE KA\u0160TELIR &#038; VI\u017dINADA MTB TOUR, 26km\"}]},{\"@type\":\"WebSite\",\"@id\":\"https:\/\/kastelir-labinci.com\/de\/#website\",\"url\":\"https:\/\/kastelir-labinci.com\/de\/\",\"name\":\"Together in\",\"description\":\"- Ka\u0161telir-Labinci\",\"publisher\":{\"@id\":\"https:\/\/kastelir-labinci.com\/de\/#organization\"},\"potentialAction\":[{\"@type\":\"SearchAction\",\"target\":{\"@type\":\"EntryPoint\",\"urlTemplate\":\"https:\/\/kastelir-labinci.com\/de\/?s={search_term_string}\"},\"query-input\":{\"@type\":\"PropertyValueSpecification\",\"valueRequired\":true,\"valueName\":\"search_term_string\"}}],\"inLanguage\":\"de\"},{\"@type\":\"Organization\",\"@id\":\"https:\/\/kastelir-labinci.com\/de\/#organization\",\"name\":\"TOGETHER IN Ka\u0161telir - Labinci, turisti\u010dka zajednica\",\"url\":\"https:\/\/kastelir-labinci.com\/de\/\",\"logo\":{\"@type\":\"ImageObject\",\"inLanguage\":\"de\",\"@id\":\"https:\/\/kastelir-labinci.com\/de\/#\/schema\/logo\/image\/\",\"url\":\"https:\/\/kastelir-labinci.com\/wp-content\/uploads\/2020\/08\/logotip-3.png\",\"contentUrl\":\"https:\/\/kastelir-labinci.com\/wp-content\/uploads\/2020\/08\/logotip-3.png\",\"width\":512,\"height\":326,\"caption\":\"TOGETHER IN Ka\u0161telir - Labinci, turisti\u010dka zajednica\"},\"image\":{\"@id\":\"https:\/\/kastelir-labinci.com\/de\/#\/schema\/logo\/image\/\"}}]}<\/script>\n<!-- \/ Yoast SEO plugin. -->","yoast_head_json":{"title":"FREE KA\u0160TELIR & VI\u017dINADA MTB TOUR, 26km - Together in","description":"Together in Ka\u0161telir Labinci","robots":{"index":"index","follow":"follow","max-snippet":"max-snippet:-1","max-image-preview":"max-image-preview:large","max-video-preview":"max-video-preview:-1"},"canonical":"https:\/\/kastelir-labinci.com\/de\/item\/free-kastelir-vizinada-mtb-tour-26km\/","og_locale":"de_DE","og_type":"article","og_title":"FREE KA\u0160TELIR & VI\u017dINADA MTB TOUR, 26km - Together in","og_description":"Together in Ka\u0161telir Labinci","og_url":"https:\/\/kastelir-labinci.com\/de\/item\/free-kastelir-vizinada-mtb-tour-26km\/","og_site_name":"Together in","article_modified_time":"2022-08-06T17:05:59+00:00","og_image":[{"width":2560,"height":1704,"url":"https:\/\/kastelir-labinci.com\/wp-content\/uploads\/2020\/05\/Teambuilding-Istra-scaled.jpg","type":"image\/jpeg"}],"twitter_card":"summary_large_image","twitter_misc":{"Gesch\u00e4tzte Lesezeit":"2\u00a0Minuten"},"schema":{"@context":"https:\/\/schema.org","@graph":[{"@type":"WebPage","@id":"https:\/\/kastelir-labinci.com\/de\/item\/free-kastelir-vizinada-mtb-tour-26km\/","url":"https:\/\/kastelir-labinci.com\/de\/item\/free-kastelir-vizinada-mtb-tour-26km\/","name":"FREE KA\u0160TELIR & VI\u017dINADA MTB TOUR, 26km - Together in","isPartOf":{"@id":"https:\/\/kastelir-labinci.com\/de\/#website"},"primaryImageOfPage":{"@id":"https:\/\/kastelir-labinci.com\/de\/item\/free-kastelir-vizinada-mtb-tour-26km\/#primaryimage"},"image":{"@id":"https:\/\/kastelir-labinci.com\/de\/item\/free-kastelir-vizinada-mtb-tour-26km\/#primaryimage"},"thumbnailUrl":"https:\/\/kastelir-labinci.com\/wp-content\/uploads\/2020\/05\/Teambuilding-Istra-scaled.jpg","datePublished":"2022-08-06T17:02:51+00:00","dateModified":"2022-08-06T17:05:59+00:00","description":"Together in Ka\u0161telir Labinci","breadcrumb":{"@id":"https:\/\/kastelir-labinci.com\/de\/item\/free-kastelir-vizinada-mtb-tour-26km\/#breadcrumb"},"inLanguage":"de","potentialAction":[{"@type":"ReadAction","target":["https:\/\/kastelir-labinci.com\/de\/item\/free-kastelir-vizinada-mtb-tour-26km\/"]}]},{"@type":"ImageObject","inLanguage":"de","@id":"https:\/\/kastelir-labinci.com\/de\/item\/free-kastelir-vizinada-mtb-tour-26km\/#primaryimage","url":"https:\/\/kastelir-labinci.com\/wp-content\/uploads\/2020\/05\/Teambuilding-Istra-scaled.jpg","contentUrl":"https:\/\/kastelir-labinci.com\/wp-content\/uploads\/2020\/05\/Teambuilding-Istra-scaled.jpg","width":2560,"height":1704},{"@type":"BreadcrumbList","@id":"https:\/\/kastelir-labinci.com\/de\/item\/free-kastelir-vizinada-mtb-tour-26km\/#breadcrumb","itemListElement":[{"@type":"ListItem","position":1,"name":"Home","item":"https:\/\/kastelir-labinci.com\/de\/"},{"@type":"ListItem","position":2,"name":"FREE KA\u0160TELIR &#038; VI\u017dINADA MTB TOUR, 26km"}]},{"@type":"WebSite","@id":"https:\/\/kastelir-labinci.com\/de\/#website","url":"https:\/\/kastelir-labinci.com\/de\/","name":"Together in","description":"- Ka\u0161telir-Labinci","publisher":{"@id":"https:\/\/kastelir-labinci.com\/de\/#organization"},"potentialAction":[{"@type":"SearchAction","target":{"@type":"EntryPoint","urlTemplate":"https:\/\/kastelir-labinci.com\/de\/?s={search_term_string}"},"query-input":{"@type":"PropertyValueSpecification","valueRequired":true,"valueName":"search_term_string"}}],"inLanguage":"de"},{"@type":"Organization","@id":"https:\/\/kastelir-labinci.com\/de\/#organization","name":"TOGETHER IN Ka\u0161telir - Labinci, turisti\u010dka zajednica","url":"https:\/\/kastelir-labinci.com\/de\/","logo":{"@type":"ImageObject","inLanguage":"de","@id":"https:\/\/kastelir-labinci.com\/de\/#\/schema\/logo\/image\/","url":"https:\/\/kastelir-labinci.com\/wp-content\/uploads\/2020\/08\/logotip-3.png","contentUrl":"https:\/\/kastelir-labinci.com\/wp-content\/uploads\/2020\/08\/logotip-3.png","width":512,"height":326,"caption":"TOGETHER IN Ka\u0161telir - Labinci, turisti\u010dka zajednica"},"image":{"@id":"https:\/\/kastelir-labinci.com\/de\/#\/schema\/logo\/image\/"}}]}},"_links":{"self":[{"href":"https:\/\/kastelir-labinci.com\/de\/wp-json\/wp\/v2\/citadela-item\/11409"}],"collection":[{"href":"https:\/\/kastelir-labinci.com\/de\/wp-json\/wp\/v2\/citadela-item"}],"about":[{"href":"https:\/\/kastelir-labinci.com\/de\/wp-json\/wp\/v2\/types\/citadela-item"}],"author":[{"embeddable":true,"href":"https:\/\/kastelir-labinci.com\/de\/wp-json\/wp\/v2\/users\/1"}],"replies":[{"embeddable":true,"href":"https:\/\/kastelir-labinci.com\/de\/wp-json\/wp\/v2\/comments?post=11409"}],"version-history":[{"count":1,"href":"https:\/\/kastelir-labinci.com\/de\/wp-json\/wp\/v2\/citadela-item\/11409\/revisions"}],"predecessor-version":[{"id":11415,"href":"https:\/\/kastelir-labinci.com\/de\/wp-json\/wp\/v2\/citadela-item\/11409\/revisions\/11415"}],"wp:featuredmedia":[{"embeddable":true,"href":"https:\/\/kastelir-labinci.com\/de\/wp-json\/wp\/v2\/media\/11410"}],"wp:attachment":[{"href":"https:\/\/kastelir-labinci.com\/de\/wp-json\/wp\/v2\/media?parent=11409"}],"wp:term":[{"taxonomy":"citadela-item-category","embeddable":true,"href":"https:\/\/kastelir-labinci.com\/de\/wp-json\/wp\/v2\/citadela-item-category?post=11409"},{"taxonomy":"citadela-item-location","embeddable":true,"href":"https:\/\/kastelir-labinci.com\/de\/wp-json\/wp\/v2\/citadela-item-location?post=11409"}],"curies":[{"name":"wp","href":"https:\/\/api.w.org\/{rel}","templated":true}]}}