{"id":11428,"date":"2022-08-05T11:40:50","date_gmt":"2022-08-05T11:40:50","guid":{"rendered":"https:\/\/kastelir-labinci.com\/item\/free-porec-mtb-tour-south-45km\/"},"modified":"2022-08-07T10:26:36","modified_gmt":"2022-08-07T10:26:36","slug":"free-porec-mtb-tour-south-45km","status":"publish","type":"citadela-item","link":"https:\/\/kastelir-labinci.com\/de\/item\/free-porec-mtb-tour-south-45km\/","title":{"rendered":"FREE PORE\u010c MTB TOUR \u2013 S\u00dcD, 45km"},"content":{"rendered":"<p>Von der Pe\u0161kera Bucht fahren wir um die wundersch\u00f6ne Altstadt von Pore\u010d bis zum Feriendorf Brulo. Danach geht es weiter in Richtung Hinterland, wo uns teilweise enge und anspruchsvolle, schattige MTB Routen erwarten. Wir fahren vorbei am Landgut Stancija Be\u010di\u0107 und je nach Wunsch testen wir einen Teil der Strecke, den der Fahrradclub Pore\u010d f\u00fcr XC Rennen benutzt. Weiter geht es durch den Ort Fu\u0161kulin in Richtung Wald Kontija an den H\u00e4ngen der Lim Bucht, dem am besten erhaltenen Waldreservat in Istrien. An manchen Stellen halten wir an, um den Blick auf die wundersch\u00f6ne Bucht zu genie\u00dfen. Danach setzten wir unsere Fahrt in Richtung Vrsar fort, wo sich auch einst der bekannte Giacomo Casanova am\u00fcsierte. Wir fahren weiter entlang der K\u00fcste, vorbei an Funtana und Zelena Laguna, genie\u00dfen den Meerblick und kehren gegen 13:30 Uhr zum Startpunkt zur\u00fcck.<\/p>\n<p><iframe loading=\"lazy\" class=\"alltrails\" title=\"AllTrails: Trail Guides and Maps for Hiking, Camping, and Running\" src=\"https:\/\/www.alltrails.com\/de\/widget\/map\/tz-free-south-9f9a2e9?u=m\" width=\"100%\" height=\"600\" frameborder=\"0\" marginwidth=\"0\" marginheight=\"0\" scrolling=\"no\"><span data-mce-type=\"bookmark\" style=\"display: inline-block; width: 0px; overflow: hidden; line-height: 0;\" class=\"mce_SELRES_start\">\ufeff<\/span><\/iframe><\/p>\n<p><strong>Technische Beschreibung<\/strong><\/p>\n<ul>\n<li>Art des Radweges: MTB Strecke<\/li>\n<li>L\u00e4nge: 45 km<\/li>\n<li>H\u00f6chster Punkt: 150 m \u00fc.d.M.<\/li>\n<li>Gesamtanstieg: 450 m<\/li>\n<li>Dauer: 4\u20135 Stunden<\/li>\n<li>Schwierigkeitsgrad: mittelschwer<\/li>\n<\/ul>\n<p><strong>Details<\/strong><\/p>\n<ul>\n<li>Verf\u00fcgbar: jeden Donnerstag vom 25.08. bis zum 30.09.2022<\/li>\n<li>Treffpunkt: um 09:00 Uhr<\/li>\n<li>Geplante R\u00fcckkehr: gegen 13:30 Uhr<\/li>\n<li>Start und Ziel: Pe\u0161kera Bucht<\/li>\n<li>F\u00fchrer: ein F\u00fchrer f\u00fcr jeweils 20 Radfahrer<\/li>\n<li>Sprachen: Kroatisch, Englisch und Deutsch<\/li>\n<\/ul>\n<p><strong>\u00a0GPX-Daten herunterladen<\/strong><\/p>\n<p><img loading=\"lazy\" decoding=\"async\" src=\"https:\/\/www.myporec.com\/uploads\/imgcache\/large\/articles\/porec-jug-qr.png\" alt=\"\" width=\"250\" height=\"250\" \/><\/p>\n<p><strong>H\u00f6hendiagramm<\/strong><\/p>\n<p>\u00a0<img loading=\"lazy\" decoding=\"async\" src=\"https:\/\/www.myporec.com\/uploads\/imgcache\/large\/articles\/porec-jug-altimetrija.png\" alt=\"\" width=\"300\" height=\"151\" \/><\/p>\n<p><strong>Anmerkungen zu den kostenlosen MTB Touren<\/strong><\/p>\n<ul>\n<li>Die Touren sind kostenlos; Getr\u00e4nke, Essen und Eintrittskarten sind jedoch nicht<br \/>\ninbegriffen.<\/li>\n<li>Verleih von Fahrr\u00e4dern, Helmen und anderer Fahrradausr\u00fcstung m\u00f6glich (gegen<br \/>\nZuzahlung).<\/li>\n<li>Helmpflicht.<\/li>\n<li>Die Tour wird f\u00fcr Kinder j\u00fcnger als 14 Jahren nicht empfohlen.<\/li>\n<li>Es ist notwendig, Fahrrad fahren zu k\u00f6nnen und k\u00f6rperlich in der Lage zu sein, um 20<br \/>\nbis 50 km pro Tag zur\u00fcckzulegen.<\/li>\n<li>Falls notwendig wird ein Notfallfahrzeug zur Verf\u00fcgung gestellt.<\/li>\n<li>Der F\u00fchrer beh\u00e4lt sich das Recht vor, die Route je nach Wetterbedingungen und<br \/>\nKondition der Teilnehmer zu \u00e4ndern.<\/li>\n<\/ul>\n<p><strong>Es ist notwendig, die kostenlosen Touren sp\u00e4testens 12 Stunden vor der Abfahrt zu reservieren.<\/strong><\/p>\n<p>Ank\u00fcndigungen und Anfragen sind per Viber oder WhatsApp m\u00f6glich<br \/>\nT: +385 91 604 17 23; <br \/>\nE-Mail: <a href=\"mailto:bikecenterporec@gmail.com\" target=\"_blank\" rel=\"noopener\">bikecenterporec@gmail.com<\/a><\/p>\n<p><a class=\"mtli_attachment mtli_pdf\" href=\"https:\/\/kastelir-labinci.com\/wp-content\/uploads\/2022\/08\/FREE_MTB_TOURS_2022_01.pdf\" data-mtli=\"mtli_filesize2MB\">download: FREE_MTB_TOURS\u00a0<\/a><\/p>\n<div id='gallery-1' class='gallery galleryid-11428 gallery-columns-2 gallery-size-large'><figure class='gallery-item'>\n\t\t\t<div class='gallery-icon landscape'>\n\t\t\t\t<a href='https:\/\/kastelir-labinci.com\/wp-content\/uploads\/2022\/08\/1529310903_7529-1.jpg'><img loading=\"lazy\" decoding=\"async\" width=\"1024\" height=\"768\" src=\"https:\/\/kastelir-labinci.com\/wp-content\/uploads\/2022\/08\/1529310903_7529-1-1024x768.jpg\" class=\"attachment-large size-large\" alt=\"\" srcset=\"https:\/\/kastelir-labinci.com\/wp-content\/uploads\/2022\/08\/1529310903_7529-1-1024x768.jpg 1024w, https:\/\/kastelir-labinci.com\/wp-content\/uploads\/2022\/08\/1529310903_7529-1-300x225.jpg 300w, https:\/\/kastelir-labinci.com\/wp-content\/uploads\/2022\/08\/1529310903_7529-1-768x576.jpg 768w, https:\/\/kastelir-labinci.com\/wp-content\/uploads\/2022\/08\/1529310903_7529-1-640x480.jpg 640w, https:\/\/kastelir-labinci.com\/wp-content\/uploads\/2022\/08\/1529310903_7529-1-480x360.jpg 480w, https:\/\/kastelir-labinci.com\/wp-content\/uploads\/2022\/08\/1529310903_7529-1.jpg 1200w\" sizes=\"(max-width: 1024px) 100vw, 1024px\" \/><\/a>\n\t\t\t<\/div><\/figure><figure class='gallery-item'>\n\t\t\t<div class='gallery-icon landscape'>\n\t\t\t\t<a href='https:\/\/kastelir-labinci.com\/wp-content\/uploads\/2022\/08\/1529310917_7204.jpg'><img loading=\"lazy\" decoding=\"async\" width=\"1024\" height=\"768\" src=\"https:\/\/kastelir-labinci.com\/wp-content\/uploads\/2022\/08\/1529310917_7204-1024x768.jpg\" class=\"attachment-large size-large\" alt=\"\" srcset=\"https:\/\/kastelir-labinci.com\/wp-content\/uploads\/2022\/08\/1529310917_7204-1024x768.jpg 1024w, https:\/\/kastelir-labinci.com\/wp-content\/uploads\/2022\/08\/1529310917_7204-300x225.jpg 300w, https:\/\/kastelir-labinci.com\/wp-content\/uploads\/2022\/08\/1529310917_7204-768x576.jpg 768w, https:\/\/kastelir-labinci.com\/wp-content\/uploads\/2022\/08\/1529310917_7204-640x480.jpg 640w, https:\/\/kastelir-labinci.com\/wp-content\/uploads\/2022\/08\/1529310917_7204-480x360.jpg 480w, https:\/\/kastelir-labinci.com\/wp-content\/uploads\/2022\/08\/1529310917_7204.jpg 1200w\" sizes=\"(max-width: 1024px) 100vw, 1024px\" \/><\/a>\n\t\t\t<\/div><\/figure><figure class='gallery-item'>\n\t\t\t<div class='gallery-icon landscape'>\n\t\t\t\t<a href='https:\/\/kastelir-labinci.com\/wp-content\/uploads\/2022\/08\/1529310900_2849.jpg'><img loading=\"lazy\" decoding=\"async\" width=\"1024\" height=\"768\" src=\"https:\/\/kastelir-labinci.com\/wp-content\/uploads\/2022\/08\/1529310900_2849-1024x768.jpg\" class=\"attachment-large size-large\" alt=\"\" srcset=\"https:\/\/kastelir-labinci.com\/wp-content\/uploads\/2022\/08\/1529310900_2849-1024x768.jpg 1024w, https:\/\/kastelir-labinci.com\/wp-content\/uploads\/2022\/08\/1529310900_2849-300x225.jpg 300w, https:\/\/kastelir-labinci.com\/wp-content\/uploads\/2022\/08\/1529310900_2849-768x576.jpg 768w, https:\/\/kastelir-labinci.com\/wp-content\/uploads\/2022\/08\/1529310900_2849-640x480.jpg 640w, https:\/\/kastelir-labinci.com\/wp-content\/uploads\/2022\/08\/1529310900_2849-480x360.jpg 480w, https:\/\/kastelir-labinci.com\/wp-content\/uploads\/2022\/08\/1529310900_2849.jpg 1200w\" sizes=\"(max-width: 1024px) 100vw, 1024px\" \/><\/a>\n\t\t\t<\/div><\/figure><figure class='gallery-item'>\n\t\t\t<div class='gallery-icon landscape'>\n\t\t\t\t<a href='https:\/\/kastelir-labinci.com\/wp-content\/uploads\/2022\/08\/1529310907_3772.jpg'><img loading=\"lazy\" decoding=\"async\" width=\"1024\" height=\"768\" src=\"https:\/\/kastelir-labinci.com\/wp-content\/uploads\/2022\/08\/1529310907_3772-1024x768.jpg\" class=\"attachment-large size-large\" alt=\"\" srcset=\"https:\/\/kastelir-labinci.com\/wp-content\/uploads\/2022\/08\/1529310907_3772-1024x768.jpg 1024w, https:\/\/kastelir-labinci.com\/wp-content\/uploads\/2022\/08\/1529310907_3772-300x225.jpg 300w, https:\/\/kastelir-labinci.com\/wp-content\/uploads\/2022\/08\/1529310907_3772-768x576.jpg 768w, https:\/\/kastelir-labinci.com\/wp-content\/uploads\/2022\/08\/1529310907_3772-640x480.jpg 640w, https:\/\/kastelir-labinci.com\/wp-content\/uploads\/2022\/08\/1529310907_3772-480x360.jpg 480w, https:\/\/kastelir-labinci.com\/wp-content\/uploads\/2022\/08\/1529310907_3772.jpg 1200w\" sizes=\"(max-width: 1024px) 100vw, 1024px\" \/><\/a>\n\t\t\t<\/div><\/figure>\n\t\t<\/div>\n\n","protected":false},"excerpt":{"rendered":"<p>Von der Pe\u0161kera Bucht fahren wir um die wundersch\u00f6ne Altstadt von Pore\u010d bis zum Feriendorf Brulo. Danach geht es weiter in Richtung Hinterland, wo uns teilweise enge und anspruchsvolle, schattige [&hellip;]<\/p>\n","protected":false},"author":1,"featured_media":11334,"menu_order":0,"comment_status":"closed","ping_status":"closed","template":"","citadela-item-category":[281,177],"citadela-item-location":[],"class_list":["post-11428","citadela-item","type-citadela-item","status-publish","has-post-thumbnail","hentry","citadela-item-category-free-bike-tours-de","citadela-item-category-biking-de"],"yoast_head":"<!-- This site is optimized with the Yoast SEO plugin v25.2 - https:\/\/yoast.com\/wordpress\/plugins\/seo\/ -->\n<title>FREE PORE\u010c MTB TOUR \u2013 S\u00dcD, 45km - Together in<\/title>\n<meta name=\"description\" content=\"Together in Ka\u0161telir Labinci\" \/>\n<meta name=\"robots\" content=\"index, follow, max-snippet:-1, max-image-preview:large, max-video-preview:-1\" \/>\n<link rel=\"canonical\" href=\"https:\/\/kastelir-labinci.com\/de\/item\/free-porec-mtb-tour-south-45km\/\" \/>\n<meta property=\"og:locale\" content=\"de_DE\" \/>\n<meta property=\"og:type\" content=\"article\" \/>\n<meta property=\"og:title\" content=\"FREE PORE\u010c MTB TOUR \u2013 S\u00dcD, 45km - Together in\" \/>\n<meta property=\"og:description\" content=\"Together in Ka\u0161telir Labinci\" \/>\n<meta property=\"og:url\" content=\"https:\/\/kastelir-labinci.com\/de\/item\/free-porec-mtb-tour-south-45km\/\" \/>\n<meta property=\"og:site_name\" content=\"Together in\" \/>\n<meta property=\"article:modified_time\" content=\"2022-08-07T10:26:36+00:00\" \/>\n<meta property=\"og:image\" content=\"https:\/\/kastelir-labinci.com\/wp-content\/uploads\/2022\/08\/1529310896_3483.jpg\" \/>\n\t<meta property=\"og:image:width\" content=\"1200\" \/>\n\t<meta property=\"og:image:height\" content=\"900\" \/>\n\t<meta property=\"og:image:type\" content=\"image\/jpeg\" \/>\n<meta name=\"twitter:card\" content=\"summary_large_image\" \/>\n<meta name=\"twitter:label1\" content=\"Gesch\u00e4tzte Lesezeit\" \/>\n\t<meta name=\"twitter:data1\" content=\"2\u00a0Minuten\" \/>\n<script type=\"application\/ld+json\" class=\"yoast-schema-graph\">{\"@context\":\"https:\/\/schema.org\",\"@graph\":[{\"@type\":\"WebPage\",\"@id\":\"https:\/\/kastelir-labinci.com\/de\/item\/free-porec-mtb-tour-south-45km\/\",\"url\":\"https:\/\/kastelir-labinci.com\/de\/item\/free-porec-mtb-tour-south-45km\/\",\"name\":\"FREE PORE\u010c MTB TOUR \u2013 S\u00dcD, 45km - Together in\",\"isPartOf\":{\"@id\":\"https:\/\/kastelir-labinci.com\/de\/#website\"},\"primaryImageOfPage\":{\"@id\":\"https:\/\/kastelir-labinci.com\/de\/item\/free-porec-mtb-tour-south-45km\/#primaryimage\"},\"image\":{\"@id\":\"https:\/\/kastelir-labinci.com\/de\/item\/free-porec-mtb-tour-south-45km\/#primaryimage\"},\"thumbnailUrl\":\"https:\/\/kastelir-labinci.com\/wp-content\/uploads\/2022\/08\/1529310896_3483.jpg\",\"datePublished\":\"2022-08-05T11:40:50+00:00\",\"dateModified\":\"2022-08-07T10:26:36+00:00\",\"description\":\"Together in Ka\u0161telir Labinci\",\"breadcrumb\":{\"@id\":\"https:\/\/kastelir-labinci.com\/de\/item\/free-porec-mtb-tour-south-45km\/#breadcrumb\"},\"inLanguage\":\"de\",\"potentialAction\":[{\"@type\":\"ReadAction\",\"target\":[\"https:\/\/kastelir-labinci.com\/de\/item\/free-porec-mtb-tour-south-45km\/\"]}]},{\"@type\":\"ImageObject\",\"inLanguage\":\"de\",\"@id\":\"https:\/\/kastelir-labinci.com\/de\/item\/free-porec-mtb-tour-south-45km\/#primaryimage\",\"url\":\"https:\/\/kastelir-labinci.com\/wp-content\/uploads\/2022\/08\/1529310896_3483.jpg\",\"contentUrl\":\"https:\/\/kastelir-labinci.com\/wp-content\/uploads\/2022\/08\/1529310896_3483.jpg\",\"width\":1200,\"height\":900},{\"@type\":\"BreadcrumbList\",\"@id\":\"https:\/\/kastelir-labinci.com\/de\/item\/free-porec-mtb-tour-south-45km\/#breadcrumb\",\"itemListElement\":[{\"@type\":\"ListItem\",\"position\":1,\"name\":\"Home\",\"item\":\"https:\/\/kastelir-labinci.com\/de\/\"},{\"@type\":\"ListItem\",\"position\":2,\"name\":\"FREE PORE\u010c MTB TOUR \u2013 S\u00dcD, 45km\"}]},{\"@type\":\"WebSite\",\"@id\":\"https:\/\/kastelir-labinci.com\/de\/#website\",\"url\":\"https:\/\/kastelir-labinci.com\/de\/\",\"name\":\"Together in\",\"description\":\"- Ka\u0161telir-Labinci\",\"publisher\":{\"@id\":\"https:\/\/kastelir-labinci.com\/de\/#organization\"},\"potentialAction\":[{\"@type\":\"SearchAction\",\"target\":{\"@type\":\"EntryPoint\",\"urlTemplate\":\"https:\/\/kastelir-labinci.com\/de\/?s={search_term_string}\"},\"query-input\":{\"@type\":\"PropertyValueSpecification\",\"valueRequired\":true,\"valueName\":\"search_term_string\"}}],\"inLanguage\":\"de\"},{\"@type\":\"Organization\",\"@id\":\"https:\/\/kastelir-labinci.com\/de\/#organization\",\"name\":\"TOGETHER IN Ka\u0161telir - Labinci, turisti\u010dka zajednica\",\"url\":\"https:\/\/kastelir-labinci.com\/de\/\",\"logo\":{\"@type\":\"ImageObject\",\"inLanguage\":\"de\",\"@id\":\"https:\/\/kastelir-labinci.com\/de\/#\/schema\/logo\/image\/\",\"url\":\"https:\/\/kastelir-labinci.com\/wp-content\/uploads\/2020\/08\/logotip-3.png\",\"contentUrl\":\"https:\/\/kastelir-labinci.com\/wp-content\/uploads\/2020\/08\/logotip-3.png\",\"width\":512,\"height\":326,\"caption\":\"TOGETHER IN Ka\u0161telir - Labinci, turisti\u010dka zajednica\"},\"image\":{\"@id\":\"https:\/\/kastelir-labinci.com\/de\/#\/schema\/logo\/image\/\"}}]}<\/script>\n<!-- \/ Yoast SEO plugin. -->","yoast_head_json":{"title":"FREE PORE\u010c MTB TOUR \u2013 S\u00dcD, 45km - Together in","description":"Together in Ka\u0161telir Labinci","robots":{"index":"index","follow":"follow","max-snippet":"max-snippet:-1","max-image-preview":"max-image-preview:large","max-video-preview":"max-video-preview:-1"},"canonical":"https:\/\/kastelir-labinci.com\/de\/item\/free-porec-mtb-tour-south-45km\/","og_locale":"de_DE","og_type":"article","og_title":"FREE PORE\u010c MTB TOUR \u2013 S\u00dcD, 45km - Together in","og_description":"Together in Ka\u0161telir Labinci","og_url":"https:\/\/kastelir-labinci.com\/de\/item\/free-porec-mtb-tour-south-45km\/","og_site_name":"Together in","article_modified_time":"2022-08-07T10:26:36+00:00","og_image":[{"width":1200,"height":900,"url":"https:\/\/kastelir-labinci.com\/wp-content\/uploads\/2022\/08\/1529310896_3483.jpg","type":"image\/jpeg"}],"twitter_card":"summary_large_image","twitter_misc":{"Gesch\u00e4tzte Lesezeit":"2\u00a0Minuten"},"schema":{"@context":"https:\/\/schema.org","@graph":[{"@type":"WebPage","@id":"https:\/\/kastelir-labinci.com\/de\/item\/free-porec-mtb-tour-south-45km\/","url":"https:\/\/kastelir-labinci.com\/de\/item\/free-porec-mtb-tour-south-45km\/","name":"FREE PORE\u010c MTB TOUR \u2013 S\u00dcD, 45km - Together in","isPartOf":{"@id":"https:\/\/kastelir-labinci.com\/de\/#website"},"primaryImageOfPage":{"@id":"https:\/\/kastelir-labinci.com\/de\/item\/free-porec-mtb-tour-south-45km\/#primaryimage"},"image":{"@id":"https:\/\/kastelir-labinci.com\/de\/item\/free-porec-mtb-tour-south-45km\/#primaryimage"},"thumbnailUrl":"https:\/\/kastelir-labinci.com\/wp-content\/uploads\/2022\/08\/1529310896_3483.jpg","datePublished":"2022-08-05T11:40:50+00:00","dateModified":"2022-08-07T10:26:36+00:00","description":"Together in Ka\u0161telir Labinci","breadcrumb":{"@id":"https:\/\/kastelir-labinci.com\/de\/item\/free-porec-mtb-tour-south-45km\/#breadcrumb"},"inLanguage":"de","potentialAction":[{"@type":"ReadAction","target":["https:\/\/kastelir-labinci.com\/de\/item\/free-porec-mtb-tour-south-45km\/"]}]},{"@type":"ImageObject","inLanguage":"de","@id":"https:\/\/kastelir-labinci.com\/de\/item\/free-porec-mtb-tour-south-45km\/#primaryimage","url":"https:\/\/kastelir-labinci.com\/wp-content\/uploads\/2022\/08\/1529310896_3483.jpg","contentUrl":"https:\/\/kastelir-labinci.com\/wp-content\/uploads\/2022\/08\/1529310896_3483.jpg","width":1200,"height":900},{"@type":"BreadcrumbList","@id":"https:\/\/kastelir-labinci.com\/de\/item\/free-porec-mtb-tour-south-45km\/#breadcrumb","itemListElement":[{"@type":"ListItem","position":1,"name":"Home","item":"https:\/\/kastelir-labinci.com\/de\/"},{"@type":"ListItem","position":2,"name":"FREE PORE\u010c MTB TOUR \u2013 S\u00dcD, 45km"}]},{"@type":"WebSite","@id":"https:\/\/kastelir-labinci.com\/de\/#website","url":"https:\/\/kastelir-labinci.com\/de\/","name":"Together in","description":"- Ka\u0161telir-Labinci","publisher":{"@id":"https:\/\/kastelir-labinci.com\/de\/#organization"},"potentialAction":[{"@type":"SearchAction","target":{"@type":"EntryPoint","urlTemplate":"https:\/\/kastelir-labinci.com\/de\/?s={search_term_string}"},"query-input":{"@type":"PropertyValueSpecification","valueRequired":true,"valueName":"search_term_string"}}],"inLanguage":"de"},{"@type":"Organization","@id":"https:\/\/kastelir-labinci.com\/de\/#organization","name":"TOGETHER IN Ka\u0161telir - Labinci, turisti\u010dka zajednica","url":"https:\/\/kastelir-labinci.com\/de\/","logo":{"@type":"ImageObject","inLanguage":"de","@id":"https:\/\/kastelir-labinci.com\/de\/#\/schema\/logo\/image\/","url":"https:\/\/kastelir-labinci.com\/wp-content\/uploads\/2020\/08\/logotip-3.png","contentUrl":"https:\/\/kastelir-labinci.com\/wp-content\/uploads\/2020\/08\/logotip-3.png","width":512,"height":326,"caption":"TOGETHER IN Ka\u0161telir - Labinci, turisti\u010dka zajednica"},"image":{"@id":"https:\/\/kastelir-labinci.com\/de\/#\/schema\/logo\/image\/"}}]}},"_links":{"self":[{"href":"https:\/\/kastelir-labinci.com\/de\/wp-json\/wp\/v2\/citadela-item\/11428"}],"collection":[{"href":"https:\/\/kastelir-labinci.com\/de\/wp-json\/wp\/v2\/citadela-item"}],"about":[{"href":"https:\/\/kastelir-labinci.com\/de\/wp-json\/wp\/v2\/types\/citadela-item"}],"author":[{"embeddable":true,"href":"https:\/\/kastelir-labinci.com\/de\/wp-json\/wp\/v2\/users\/1"}],"replies":[{"embeddable":true,"href":"https:\/\/kastelir-labinci.com\/de\/wp-json\/wp\/v2\/comments?post=11428"}],"version-history":[{"count":2,"href":"https:\/\/kastelir-labinci.com\/de\/wp-json\/wp\/v2\/citadela-item\/11428\/revisions"}],"predecessor-version":[{"id":11440,"href":"https:\/\/kastelir-labinci.com\/de\/wp-json\/wp\/v2\/citadela-item\/11428\/revisions\/11440"}],"wp:featuredmedia":[{"embeddable":true,"href":"https:\/\/kastelir-labinci.com\/de\/wp-json\/wp\/v2\/media\/11334"}],"wp:attachment":[{"href":"https:\/\/kastelir-labinci.com\/de\/wp-json\/wp\/v2\/media?parent=11428"}],"wp:term":[{"taxonomy":"citadela-item-category","embeddable":true,"href":"https:\/\/kastelir-labinci.com\/de\/wp-json\/wp\/v2\/citadela-item-category?post=11428"},{"taxonomy":"citadela-item-location","embeddable":true,"href":"https:\/\/kastelir-labinci.com\/de\/wp-json\/wp\/v2\/citadela-item-location?post=11428"}],"curies":[{"name":"wp","href":"https:\/\/api.w.org\/{rel}","templated":true}]}}