{"id":11876,"date":"2022-11-10T20:58:40","date_gmt":"2022-11-10T20:58:40","guid":{"rendered":"https:\/\/kastelir-labinci.com\/item\/pjesacka-staza-512-dva-mlina\/"},"modified":"2022-11-10T21:45:01","modified_gmt":"2022-11-10T21:45:01","slug":"fussweg-512-die-zwei-muehlen","status":"publish","type":"citadela-item","link":"https:\/\/kastelir-labinci.com\/de\/item\/fussweg-512-die-zwei-muehlen\/","title":{"rendered":"Fu\u00dfweg 512 \u201edie Zwei M\u00fchlen\u201c"},"content":{"rendered":"<p>Streckenl\u00e4nge: 14,5 km<\/p>\n<p>H\u00f6henunterschied der Strecke:<\/p>\n<ul>\n<li>Der h\u00f6chste Punkt der Strecke ist am Start oder Ziel (240 m \u00fcber dem Meeresspiegel)<\/li>\n<li>Der niedrigste Punkt des Weges befindet sich im Tal des Flusses Mirna zwischen dem 6. und 9. Kilometer (10 m \u00fcber dem Meeresspiegel)<\/li>\n<\/ul>\n<p>Untergrund:<\/p>\n<ul>\n<li>Asfalt 1,8 km.<\/li>\n<li>Makadam 12,7 km<\/li>\n<\/ul>\n<p>Der Beginn dieses Rundwanderwegs befindet sich direkt im Zentrum von Ka\u0161telir. Die ersten 400 m f\u00fchren durch das Dorf zum Fu\u00dfballplatz. Unmittelbar dahinter biegt der Weg nach rechts auf einen breiten Schotterweg ab, der von malerischen Weinbergen und Olivenhainen durchsetzt ist. Nach 2 km Schotterstra\u00dfe erreicht dieser Weg die Unterf\u00fchrung des Istrischen Ipsilon (Autobahn in Istrien). Nach dem Durchgang geht es nach links ab. Auf diesem Abschnitt genie\u00dfen wir wunderbare Ausblicke auf das Tal des gr\u00f6\u00dften und l\u00e4ngsten istrischen Flusses, der Mirna.<\/p>\n<p>Nach circa 3 Km biegt der Weg nach rechts ab und f\u00fchrt uns dann steil bergab. Unten begr\u00fc\u00dft uns eine kleine Br\u00fccke \u00fcber das alte Bett der Mirna. In der N\u00e4he befinden sich auch zwei alte M\u00fchlen, nach denen dieser Weg seinen Namen erhielt.<\/p>\n<p><a href=\"https:\/\/kastelir-labinci.com\/wp-content\/uploads\/2022\/11\/Dva-Mlina-Karta-Sat-scaled.jpg\"><img loading=\"lazy\" decoding=\"async\" class=\"wp-image-11849 aligncenter\" src=\"https:\/\/kastelir-labinci.com\/wp-content\/uploads\/2022\/11\/Dva-Mlina-Karta-Sat-scaled.jpg\" alt=\"\" width=\"1003\" height=\"1231\" srcset=\"https:\/\/kastelir-labinci.com\/wp-content\/uploads\/2022\/11\/Dva-Mlina-Karta-Sat-scaled.jpg 2087w, https:\/\/kastelir-labinci.com\/wp-content\/uploads\/2022\/11\/Dva-Mlina-Karta-Sat-245x300.jpg 245w, https:\/\/kastelir-labinci.com\/wp-content\/uploads\/2022\/11\/Dva-Mlina-Karta-Sat-835x1024.jpg 835w, https:\/\/kastelir-labinci.com\/wp-content\/uploads\/2022\/11\/Dva-Mlina-Karta-Sat-768x942.jpg 768w, https:\/\/kastelir-labinci.com\/wp-content\/uploads\/2022\/11\/Dva-Mlina-Karta-Sat-1252x1536.jpg 1252w, https:\/\/kastelir-labinci.com\/wp-content\/uploads\/2022\/11\/Dva-Mlina-Karta-Sat-1669x2048.jpg 1669w\" sizes=\"(max-width: 1003px) 100vw, 1003px\" \/><\/a><\/p>\n<p>Rijeka Mirna duga je 53 km, a njezin tok uklju\u010duje i nekoliko \u010darobnih pritoka i slapova. Srednji dio toka rijeke ide prema Motovunskoj \u0161umi, poznatom nalazi\u0161tu veli\u010danstvenih istarskih tartufa. Mirna te\u010de sve do doline koja se pru\u017ea ispred vas, prolazi ispod mosta i ulijeva se u Jadransko more kod naselja<\/p>\n<p>Der Fluss Mirna ist 53 km lang und sein Verlauf umfasst mehrere magische Nebenfl\u00fcsse und Wasserf\u00e4lle. Der mittlere Teil des Flusses flie\u00dft in Richtung Motovun-Wald. Dieses ist der bekannteste Fundort die leckeren Tr\u00fcffeln. Die Mirna flie\u00dft weiter in das Tal, das sich vor uns erstreckt, und weiter unter der Br\u00fccke hindurch zur M\u00fcndung in die Adria. Wenn Sie ins Tal blicken, sehen Sie viele Kan\u00e4le, die zur Bew\u00e4sserung der Felder dienen, aber auch \u00dcberschwemmungen verhindern.<\/p>\n<p>Nachdem wir die kleine Br\u00fccke \u00fcberquert haben, biegt unser Weg nach rechts ab und f\u00fchrt die n\u00e4chsten 3 km am Bachbett entlang. Wir passieren den Jagdposten und eine weitere kleine Br\u00fccke, bis wir eine etwas gr\u00f6\u00dfere Br\u00fccke erreichen. Es erscheint eine breite Makadam Stra\u00dfe, die zur\u00fcck in die H\u00f6he f\u00fchrt, bis zum Fu\u00df der Startbahn f\u00fcr Gleitschirmflieger. Auf diesen 2 km steigen wir auf \u00fcber 200 H\u00f6henmeter hinauf. Der Weg f\u00fchrt an einem gro\u00dfen Solarkraftwerk vorbei, wonach wir die Unterf\u00fchrung des Istrischen Ipsilons nochmals erreichen. Ein paar Meter nach der Unterf\u00fchrung kommt eine Kreuzung mit 3 Wegen. Wir nehmen den Mittleren und folgen diesen breiten Makadam zum Eingang von Ort Valenti\u0107e (Ka\u0161telir\/Labinci) neben dem ber\u00fchmten Restaurant \u017dardin. Es folgt eine angenehme, asphaltierte Stra\u00dfe durch einen besiedelten Ort, der zum Ausgangspunkt im Zentrum von Ka\u0161telir f\u00fchrt, wo dieser Rundweg endet.<\/p>\n<p><iframe loading=\"lazy\" class=\"alltrails\" title=\"AllTrails: Trail Guides and Maps for Hiking, Camping, and Running\" src=\"https:\/\/www.alltrails.com\/widget\/map\/map-ca8155f--59?u=m\" width=\"100%\" height=\"400\" frameborder=\"0\" marginwidth=\"0\" marginheight=\"0\" scrolling=\"no\"><\/iframe><\/p>\n<div id='gallery-1' class='gallery galleryid-11876 gallery-columns-2 gallery-size-large'><figure class='gallery-item'>\n\t\t\t<div class='gallery-icon landscape'>\n\t\t\t\t<a href='https:\/\/kastelir-labinci.com\/wp-content\/uploads\/2021\/05\/KAST-PARAG-3.jpg'><img loading=\"lazy\" decoding=\"async\" width=\"1024\" height=\"683\" src=\"https:\/\/kastelir-labinci.com\/wp-content\/uploads\/2021\/05\/KAST-PARAG-3-1024x683.jpg\" class=\"attachment-large size-large\" alt=\"\" srcset=\"https:\/\/kastelir-labinci.com\/wp-content\/uploads\/2021\/05\/KAST-PARAG-3-1024x683.jpg 1024w, https:\/\/kastelir-labinci.com\/wp-content\/uploads\/2021\/05\/KAST-PARAG-3-300x200.jpg 300w, https:\/\/kastelir-labinci.com\/wp-content\/uploads\/2021\/05\/KAST-PARAG-3-768x512.jpg 768w, https:\/\/kastelir-labinci.com\/wp-content\/uploads\/2021\/05\/KAST-PARAG-3-1536x1024.jpg 1536w, https:\/\/kastelir-labinci.com\/wp-content\/uploads\/2021\/05\/KAST-PARAG-3.jpg 1920w\" sizes=\"(max-width: 1024px) 100vw, 1024px\" \/><\/a>\n\t\t\t<\/div><\/figure><figure class='gallery-item'>\n\t\t\t<div class='gallery-icon landscape'>\n\t\t\t\t<a href='https:\/\/kastelir-labinci.com\/wp-content\/uploads\/2021\/05\/KASTELIR-5MJ-7-LOKVA-mak.jpg'><img loading=\"lazy\" decoding=\"async\" width=\"1024\" height=\"683\" src=\"https:\/\/kastelir-labinci.com\/wp-content\/uploads\/2021\/05\/KASTELIR-5MJ-7-LOKVA-mak-1024x683.jpg\" class=\"attachment-large size-large\" alt=\"\" srcset=\"https:\/\/kastelir-labinci.com\/wp-content\/uploads\/2021\/05\/KASTELIR-5MJ-7-LOKVA-mak-1024x683.jpg 1024w, https:\/\/kastelir-labinci.com\/wp-content\/uploads\/2021\/05\/KASTELIR-5MJ-7-LOKVA-mak-300x200.jpg 300w, https:\/\/kastelir-labinci.com\/wp-content\/uploads\/2021\/05\/KASTELIR-5MJ-7-LOKVA-mak-768x512.jpg 768w, https:\/\/kastelir-labinci.com\/wp-content\/uploads\/2021\/05\/KASTELIR-5MJ-7-LOKVA-mak-1536x1024.jpg 1536w, https:\/\/kastelir-labinci.com\/wp-content\/uploads\/2021\/05\/KASTELIR-5MJ-7-LOKVA-mak.jpg 1920w\" sizes=\"(max-width: 1024px) 100vw, 1024px\" \/><\/a>\n\t\t\t<\/div><\/figure><figure class='gallery-item'>\n\t\t\t<div class='gallery-icon landscape'>\n\t\t\t\t<a href='https:\/\/kastelir-labinci.com\/wp-content\/uploads\/2020\/08\/KAST-PARAG-2.jpg'><img loading=\"lazy\" decoding=\"async\" width=\"1024\" height=\"633\" src=\"https:\/\/kastelir-labinci.com\/wp-content\/uploads\/2020\/08\/KAST-PARAG-2-1024x633.jpg\" class=\"attachment-large size-large\" alt=\"\" srcset=\"https:\/\/kastelir-labinci.com\/wp-content\/uploads\/2020\/08\/KAST-PARAG-2-1024x633.jpg 1024w, https:\/\/kastelir-labinci.com\/wp-content\/uploads\/2020\/08\/KAST-PARAG-2-300x185.jpg 300w, https:\/\/kastelir-labinci.com\/wp-content\/uploads\/2020\/08\/KAST-PARAG-2-768x475.jpg 768w, https:\/\/kastelir-labinci.com\/wp-content\/uploads\/2020\/08\/KAST-PARAG-2-1536x950.jpg 1536w, https:\/\/kastelir-labinci.com\/wp-content\/uploads\/2020\/08\/KAST-PARAG-2.jpg 1920w\" sizes=\"(max-width: 1024px) 100vw, 1024px\" \/><\/a>\n\t\t\t<\/div><\/figure><figure class='gallery-item'>\n\t\t\t<div class='gallery-icon landscape'>\n\t\t\t\t<a href='https:\/\/kastelir-labinci.com\/wp-content\/uploads\/2020\/08\/KASTELIR-5MJ-3-LOKVA.jpg'><img loading=\"lazy\" decoding=\"async\" width=\"1024\" height=\"659\" src=\"https:\/\/kastelir-labinci.com\/wp-content\/uploads\/2020\/08\/KASTELIR-5MJ-3-LOKVA-1024x659.jpg\" class=\"attachment-large size-large\" alt=\"\" srcset=\"https:\/\/kastelir-labinci.com\/wp-content\/uploads\/2020\/08\/KASTELIR-5MJ-3-LOKVA-1024x659.jpg 1024w, https:\/\/kastelir-labinci.com\/wp-content\/uploads\/2020\/08\/KASTELIR-5MJ-3-LOKVA-300x193.jpg 300w, https:\/\/kastelir-labinci.com\/wp-content\/uploads\/2020\/08\/KASTELIR-5MJ-3-LOKVA-768x494.jpg 768w, https:\/\/kastelir-labinci.com\/wp-content\/uploads\/2020\/08\/KASTELIR-5MJ-3-LOKVA-1536x988.jpg 1536w, https:\/\/kastelir-labinci.com\/wp-content\/uploads\/2020\/08\/KASTELIR-5MJ-3-LOKVA.jpg 1920w\" sizes=\"(max-width: 1024px) 100vw, 1024px\" \/><\/a>\n\t\t\t<\/div><\/figure>\n\t\t<\/div>\n\n<div id='gallery-2' class='gallery galleryid-11876 gallery-columns-3 gallery-size-large'><figure class='gallery-item'>\n\t\t\t<div class='gallery-icon landscape'>\n\t\t\t\t<a href='https:\/\/kastelir-labinci.com\/wp-content\/uploads\/2022\/11\/512-Dva-Mlina-Pjesacka-ruta-TZ-Kastelir_Labinci-.png'><img loading=\"lazy\" decoding=\"async\" width=\"343\" height=\"343\" src=\"https:\/\/kastelir-labinci.com\/wp-content\/uploads\/2022\/11\/512-Dva-Mlina-Pjesacka-ruta-TZ-Kastelir_Labinci-.png\" class=\"attachment-large size-large\" alt=\"\" srcset=\"https:\/\/kastelir-labinci.com\/wp-content\/uploads\/2022\/11\/512-Dva-Mlina-Pjesacka-ruta-TZ-Kastelir_Labinci-.png 343w, https:\/\/kastelir-labinci.com\/wp-content\/uploads\/2022\/11\/512-Dva-Mlina-Pjesacka-ruta-TZ-Kastelir_Labinci--300x300.png 300w, https:\/\/kastelir-labinci.com\/wp-content\/uploads\/2022\/11\/512-Dva-Mlina-Pjesacka-ruta-TZ-Kastelir_Labinci--150x150.png 150w\" sizes=\"(max-width: 343px) 100vw, 343px\" \/><\/a>\n\t\t\t<\/div><\/figure><figure class='gallery-item'>\n\t\t\t<div class='gallery-icon portrait'>\n\t\t\t\t<a href='https:\/\/kastelir-labinci.com\/wp-content\/uploads\/2022\/11\/Dva-Mlina-Karta-AllTrails-scaled.jpg'><img loading=\"lazy\" decoding=\"async\" width=\"835\" height=\"1024\" src=\"https:\/\/kastelir-labinci.com\/wp-content\/uploads\/2022\/11\/Dva-Mlina-Karta-AllTrails-835x1024.jpg\" class=\"attachment-large size-large\" alt=\"\" srcset=\"https:\/\/kastelir-labinci.com\/wp-content\/uploads\/2022\/11\/Dva-Mlina-Karta-AllTrails-835x1024.jpg 835w, https:\/\/kastelir-labinci.com\/wp-content\/uploads\/2022\/11\/Dva-Mlina-Karta-AllTrails-245x300.jpg 245w, https:\/\/kastelir-labinci.com\/wp-content\/uploads\/2022\/11\/Dva-Mlina-Karta-AllTrails-768x942.jpg 768w, https:\/\/kastelir-labinci.com\/wp-content\/uploads\/2022\/11\/Dva-Mlina-Karta-AllTrails-1252x1536.jpg 1252w, https:\/\/kastelir-labinci.com\/wp-content\/uploads\/2022\/11\/Dva-Mlina-Karta-AllTrails-1669x2048.jpg 1669w\" sizes=\"(max-width: 835px) 100vw, 835px\" \/><\/a>\n\t\t\t<\/div><\/figure><figure class='gallery-item'>\n\t\t\t<div class='gallery-icon portrait'>\n\t\t\t\t<a href='https:\/\/kastelir-labinci.com\/wp-content\/uploads\/2022\/11\/Dva-Mlina-Karta-Topo-scaled.jpg'><img loading=\"lazy\" decoding=\"async\" width=\"835\" height=\"1024\" src=\"https:\/\/kastelir-labinci.com\/wp-content\/uploads\/2022\/11\/Dva-Mlina-Karta-Topo-835x1024.jpg\" class=\"attachment-large size-large\" alt=\"\" srcset=\"https:\/\/kastelir-labinci.com\/wp-content\/uploads\/2022\/11\/Dva-Mlina-Karta-Topo-835x1024.jpg 835w, https:\/\/kastelir-labinci.com\/wp-content\/uploads\/2022\/11\/Dva-Mlina-Karta-Topo-245x300.jpg 245w, https:\/\/kastelir-labinci.com\/wp-content\/uploads\/2022\/11\/Dva-Mlina-Karta-Topo-768x942.jpg 768w, https:\/\/kastelir-labinci.com\/wp-content\/uploads\/2022\/11\/Dva-Mlina-Karta-Topo-1252x1536.jpg 1252w, https:\/\/kastelir-labinci.com\/wp-content\/uploads\/2022\/11\/Dva-Mlina-Karta-Topo-1669x2048.jpg 1669w\" sizes=\"(max-width: 835px) 100vw, 835px\" \/><\/a>\n\t\t\t<\/div><\/figure>\n\t\t<\/div>\n\n","protected":false},"excerpt":{"rendered":"<p>Streckenl\u00e4nge: 14,5 km H\u00f6henunterschied der Strecke: Der h\u00f6chste Punkt der Strecke ist am Start oder Ziel (240 m \u00fcber dem Meeresspiegel) Der niedrigste Punkt des Weges befindet sich im Tal [&hellip;]<\/p>\n","protected":false},"author":1,"featured_media":5802,"menu_order":0,"comment_status":"closed","ping_status":"closed","template":"","citadela-item-category":[178],"citadela-item-location":[199],"class_list":["post-11876","citadela-item","type-citadela-item","status-publish","has-post-thumbnail","hentry","citadela-item-category-trail-de","citadela-item-location-kastelir-de"],"yoast_head":"<!-- This site is optimized with the Yoast SEO plugin v25.2 - https:\/\/yoast.com\/wordpress\/plugins\/seo\/ -->\n<title>Fu\u00dfweg 512 \u201edie Zwei M\u00fchlen\u201c - Together in<\/title>\n<meta name=\"description\" content=\"Together in Ka\u0161telir Labinci\" \/>\n<meta name=\"robots\" content=\"index, follow, max-snippet:-1, max-image-preview:large, max-video-preview:-1\" \/>\n<link rel=\"canonical\" href=\"https:\/\/kastelir-labinci.com\/de\/item\/fussweg-512-die-zwei-muehlen\/\" \/>\n<meta property=\"og:locale\" content=\"de_DE\" \/>\n<meta property=\"og:type\" content=\"article\" \/>\n<meta property=\"og:title\" content=\"Fu\u00dfweg 512 \u201edie Zwei M\u00fchlen\u201c - Together in\" \/>\n<meta property=\"og:description\" content=\"Together in Ka\u0161telir Labinci\" \/>\n<meta property=\"og:url\" content=\"https:\/\/kastelir-labinci.com\/de\/item\/fussweg-512-die-zwei-muehlen\/\" \/>\n<meta property=\"og:site_name\" content=\"Together in\" \/>\n<meta property=\"article:modified_time\" content=\"2022-11-10T21:45:01+00:00\" \/>\n<meta property=\"og:image\" content=\"https:\/\/kastelir-labinci.com\/wp-content\/uploads\/2020\/08\/KAST-PARAG-4.jpg\" \/>\n\t<meta property=\"og:image:width\" content=\"1920\" \/>\n\t<meta property=\"og:image:height\" content=\"1280\" \/>\n\t<meta property=\"og:image:type\" content=\"image\/jpeg\" \/>\n<meta name=\"twitter:card\" content=\"summary_large_image\" \/>\n<meta name=\"twitter:label1\" content=\"Gesch\u00e4tzte Lesezeit\" \/>\n\t<meta name=\"twitter:data1\" content=\"3\u00a0Minuten\" \/>\n<script type=\"application\/ld+json\" class=\"yoast-schema-graph\">{\"@context\":\"https:\/\/schema.org\",\"@graph\":[{\"@type\":\"WebPage\",\"@id\":\"https:\/\/kastelir-labinci.com\/de\/item\/fussweg-512-die-zwei-muehlen\/\",\"url\":\"https:\/\/kastelir-labinci.com\/de\/item\/fussweg-512-die-zwei-muehlen\/\",\"name\":\"Fu\u00dfweg 512 \u201edie Zwei M\u00fchlen\u201c - Together in\",\"isPartOf\":{\"@id\":\"https:\/\/kastelir-labinci.com\/de\/#website\"},\"primaryImageOfPage\":{\"@id\":\"https:\/\/kastelir-labinci.com\/de\/item\/fussweg-512-die-zwei-muehlen\/#primaryimage\"},\"image\":{\"@id\":\"https:\/\/kastelir-labinci.com\/de\/item\/fussweg-512-die-zwei-muehlen\/#primaryimage\"},\"thumbnailUrl\":\"https:\/\/kastelir-labinci.com\/wp-content\/uploads\/2020\/08\/KAST-PARAG-4.jpg\",\"datePublished\":\"2022-11-10T20:58:40+00:00\",\"dateModified\":\"2022-11-10T21:45:01+00:00\",\"description\":\"Together in Ka\u0161telir Labinci\",\"breadcrumb\":{\"@id\":\"https:\/\/kastelir-labinci.com\/de\/item\/fussweg-512-die-zwei-muehlen\/#breadcrumb\"},\"inLanguage\":\"de\",\"potentialAction\":[{\"@type\":\"ReadAction\",\"target\":[\"https:\/\/kastelir-labinci.com\/de\/item\/fussweg-512-die-zwei-muehlen\/\"]}]},{\"@type\":\"ImageObject\",\"inLanguage\":\"de\",\"@id\":\"https:\/\/kastelir-labinci.com\/de\/item\/fussweg-512-die-zwei-muehlen\/#primaryimage\",\"url\":\"https:\/\/kastelir-labinci.com\/wp-content\/uploads\/2020\/08\/KAST-PARAG-4.jpg\",\"contentUrl\":\"https:\/\/kastelir-labinci.com\/wp-content\/uploads\/2020\/08\/KAST-PARAG-4.jpg\",\"width\":1920,\"height\":1280},{\"@type\":\"BreadcrumbList\",\"@id\":\"https:\/\/kastelir-labinci.com\/de\/item\/fussweg-512-die-zwei-muehlen\/#breadcrumb\",\"itemListElement\":[{\"@type\":\"ListItem\",\"position\":1,\"name\":\"Home\",\"item\":\"https:\/\/kastelir-labinci.com\/de\/\"},{\"@type\":\"ListItem\",\"position\":2,\"name\":\"Fu\u00dfweg 512 \u201edie Zwei M\u00fchlen\u201c\"}]},{\"@type\":\"WebSite\",\"@id\":\"https:\/\/kastelir-labinci.com\/de\/#website\",\"url\":\"https:\/\/kastelir-labinci.com\/de\/\",\"name\":\"Together in\",\"description\":\"- Ka\u0161telir-Labinci\",\"publisher\":{\"@id\":\"https:\/\/kastelir-labinci.com\/de\/#organization\"},\"potentialAction\":[{\"@type\":\"SearchAction\",\"target\":{\"@type\":\"EntryPoint\",\"urlTemplate\":\"https:\/\/kastelir-labinci.com\/de\/?s={search_term_string}\"},\"query-input\":{\"@type\":\"PropertyValueSpecification\",\"valueRequired\":true,\"valueName\":\"search_term_string\"}}],\"inLanguage\":\"de\"},{\"@type\":\"Organization\",\"@id\":\"https:\/\/kastelir-labinci.com\/de\/#organization\",\"name\":\"TOGETHER IN Ka\u0161telir - Labinci, turisti\u010dka zajednica\",\"url\":\"https:\/\/kastelir-labinci.com\/de\/\",\"logo\":{\"@type\":\"ImageObject\",\"inLanguage\":\"de\",\"@id\":\"https:\/\/kastelir-labinci.com\/de\/#\/schema\/logo\/image\/\",\"url\":\"https:\/\/kastelir-labinci.com\/wp-content\/uploads\/2020\/08\/logotip-3.png\",\"contentUrl\":\"https:\/\/kastelir-labinci.com\/wp-content\/uploads\/2020\/08\/logotip-3.png\",\"width\":512,\"height\":326,\"caption\":\"TOGETHER IN Ka\u0161telir - Labinci, turisti\u010dka zajednica\"},\"image\":{\"@id\":\"https:\/\/kastelir-labinci.com\/de\/#\/schema\/logo\/image\/\"}}]}<\/script>\n<!-- \/ Yoast SEO plugin. -->","yoast_head_json":{"title":"Fu\u00dfweg 512 \u201edie Zwei M\u00fchlen\u201c - Together in","description":"Together in Ka\u0161telir Labinci","robots":{"index":"index","follow":"follow","max-snippet":"max-snippet:-1","max-image-preview":"max-image-preview:large","max-video-preview":"max-video-preview:-1"},"canonical":"https:\/\/kastelir-labinci.com\/de\/item\/fussweg-512-die-zwei-muehlen\/","og_locale":"de_DE","og_type":"article","og_title":"Fu\u00dfweg 512 \u201edie Zwei M\u00fchlen\u201c - Together in","og_description":"Together in Ka\u0161telir Labinci","og_url":"https:\/\/kastelir-labinci.com\/de\/item\/fussweg-512-die-zwei-muehlen\/","og_site_name":"Together in","article_modified_time":"2022-11-10T21:45:01+00:00","og_image":[{"width":1920,"height":1280,"url":"https:\/\/kastelir-labinci.com\/wp-content\/uploads\/2020\/08\/KAST-PARAG-4.jpg","type":"image\/jpeg"}],"twitter_card":"summary_large_image","twitter_misc":{"Gesch\u00e4tzte Lesezeit":"3\u00a0Minuten"},"schema":{"@context":"https:\/\/schema.org","@graph":[{"@type":"WebPage","@id":"https:\/\/kastelir-labinci.com\/de\/item\/fussweg-512-die-zwei-muehlen\/","url":"https:\/\/kastelir-labinci.com\/de\/item\/fussweg-512-die-zwei-muehlen\/","name":"Fu\u00dfweg 512 \u201edie Zwei M\u00fchlen\u201c - Together in","isPartOf":{"@id":"https:\/\/kastelir-labinci.com\/de\/#website"},"primaryImageOfPage":{"@id":"https:\/\/kastelir-labinci.com\/de\/item\/fussweg-512-die-zwei-muehlen\/#primaryimage"},"image":{"@id":"https:\/\/kastelir-labinci.com\/de\/item\/fussweg-512-die-zwei-muehlen\/#primaryimage"},"thumbnailUrl":"https:\/\/kastelir-labinci.com\/wp-content\/uploads\/2020\/08\/KAST-PARAG-4.jpg","datePublished":"2022-11-10T20:58:40+00:00","dateModified":"2022-11-10T21:45:01+00:00","description":"Together in Ka\u0161telir Labinci","breadcrumb":{"@id":"https:\/\/kastelir-labinci.com\/de\/item\/fussweg-512-die-zwei-muehlen\/#breadcrumb"},"inLanguage":"de","potentialAction":[{"@type":"ReadAction","target":["https:\/\/kastelir-labinci.com\/de\/item\/fussweg-512-die-zwei-muehlen\/"]}]},{"@type":"ImageObject","inLanguage":"de","@id":"https:\/\/kastelir-labinci.com\/de\/item\/fussweg-512-die-zwei-muehlen\/#primaryimage","url":"https:\/\/kastelir-labinci.com\/wp-content\/uploads\/2020\/08\/KAST-PARAG-4.jpg","contentUrl":"https:\/\/kastelir-labinci.com\/wp-content\/uploads\/2020\/08\/KAST-PARAG-4.jpg","width":1920,"height":1280},{"@type":"BreadcrumbList","@id":"https:\/\/kastelir-labinci.com\/de\/item\/fussweg-512-die-zwei-muehlen\/#breadcrumb","itemListElement":[{"@type":"ListItem","position":1,"name":"Home","item":"https:\/\/kastelir-labinci.com\/de\/"},{"@type":"ListItem","position":2,"name":"Fu\u00dfweg 512 \u201edie Zwei M\u00fchlen\u201c"}]},{"@type":"WebSite","@id":"https:\/\/kastelir-labinci.com\/de\/#website","url":"https:\/\/kastelir-labinci.com\/de\/","name":"Together in","description":"- Ka\u0161telir-Labinci","publisher":{"@id":"https:\/\/kastelir-labinci.com\/de\/#organization"},"potentialAction":[{"@type":"SearchAction","target":{"@type":"EntryPoint","urlTemplate":"https:\/\/kastelir-labinci.com\/de\/?s={search_term_string}"},"query-input":{"@type":"PropertyValueSpecification","valueRequired":true,"valueName":"search_term_string"}}],"inLanguage":"de"},{"@type":"Organization","@id":"https:\/\/kastelir-labinci.com\/de\/#organization","name":"TOGETHER IN Ka\u0161telir - Labinci, turisti\u010dka zajednica","url":"https:\/\/kastelir-labinci.com\/de\/","logo":{"@type":"ImageObject","inLanguage":"de","@id":"https:\/\/kastelir-labinci.com\/de\/#\/schema\/logo\/image\/","url":"https:\/\/kastelir-labinci.com\/wp-content\/uploads\/2020\/08\/logotip-3.png","contentUrl":"https:\/\/kastelir-labinci.com\/wp-content\/uploads\/2020\/08\/logotip-3.png","width":512,"height":326,"caption":"TOGETHER IN Ka\u0161telir - Labinci, turisti\u010dka zajednica"},"image":{"@id":"https:\/\/kastelir-labinci.com\/de\/#\/schema\/logo\/image\/"}}]}},"_links":{"self":[{"href":"https:\/\/kastelir-labinci.com\/de\/wp-json\/wp\/v2\/citadela-item\/11876"}],"collection":[{"href":"https:\/\/kastelir-labinci.com\/de\/wp-json\/wp\/v2\/citadela-item"}],"about":[{"href":"https:\/\/kastelir-labinci.com\/de\/wp-json\/wp\/v2\/types\/citadela-item"}],"author":[{"embeddable":true,"href":"https:\/\/kastelir-labinci.com\/de\/wp-json\/wp\/v2\/users\/1"}],"replies":[{"embeddable":true,"href":"https:\/\/kastelir-labinci.com\/de\/wp-json\/wp\/v2\/comments?post=11876"}],"version-history":[{"count":3,"href":"https:\/\/kastelir-labinci.com\/de\/wp-json\/wp\/v2\/citadela-item\/11876\/revisions"}],"predecessor-version":[{"id":11888,"href":"https:\/\/kastelir-labinci.com\/de\/wp-json\/wp\/v2\/citadela-item\/11876\/revisions\/11888"}],"wp:featuredmedia":[{"embeddable":true,"href":"https:\/\/kastelir-labinci.com\/de\/wp-json\/wp\/v2\/media\/5802"}],"wp:attachment":[{"href":"https:\/\/kastelir-labinci.com\/de\/wp-json\/wp\/v2\/media?parent=11876"}],"wp:term":[{"taxonomy":"citadela-item-category","embeddable":true,"href":"https:\/\/kastelir-labinci.com\/de\/wp-json\/wp\/v2\/citadela-item-category?post=11876"},{"taxonomy":"citadela-item-location","embeddable":true,"href":"https:\/\/kastelir-labinci.com\/de\/wp-json\/wp\/v2\/citadela-item-location?post=11876"}],"curies":[{"name":"wp","href":"https:\/\/api.w.org\/{rel}","templated":true}]}}