{"id":12386,"date":"2023-04-11T21:24:07","date_gmt":"2023-04-11T21:24:07","guid":{"rendered":"https:\/\/kastelir-labinci.com\/item\/monte-formento-tasting-room\/"},"modified":"2023-04-11T21:25:30","modified_gmt":"2023-04-11T21:25:30","slug":"monte-formento-tasting-room","status":"publish","type":"citadela-item","link":"https:\/\/kastelir-labinci.com\/de\/item\/monte-formento-tasting-room\/","title":{"rendered":"Degustationsraum von Monte Formento"},"content":{"rendered":"<p>Einen Bissen nehmen, probieren und kaufen Sie natives Oliven\u00f6l extra. Mit zahlreichen Anerkennungen und Auszeichnungen beweisen wir Jahr f\u00fcr Jahr die Spitzenqualit\u00e4t unseres Oliven\u00f6ls. Grebac-\u00d6le sind im weltweiten Leitfaden f\u00fcr natives Oliven\u00f6l extra \u2013 Flos Olei \u2013 enthalten. Und jetzt haben wir beschlossen, die Dinge auf eine ganz neue Ebene zu heben und den Degustationsraum von Monte Formento zu er\u00f6ffnen!<\/p>\n<div id='gallery-1' class='gallery galleryid-12386 gallery-columns-2 gallery-size-citadela_service'><figure class='gallery-item'>\n\t\t\t<div class='gallery-icon landscape'>\n\t\t\t\t<a href='https:\/\/kastelir-labinci.com\/wp-content\/uploads\/2023\/04\/Monte-Formento-3-scaled.jpg'><img loading=\"lazy\" decoding=\"async\" width=\"480\" height=\"360\" src=\"https:\/\/kastelir-labinci.com\/wp-content\/uploads\/2023\/04\/Monte-Formento-3-480x360.jpg\" class=\"attachment-citadela_service size-citadela_service\" alt=\"\" srcset=\"https:\/\/kastelir-labinci.com\/wp-content\/uploads\/2023\/04\/Monte-Formento-3-480x360.jpg 480w, https:\/\/kastelir-labinci.com\/wp-content\/uploads\/2023\/04\/Monte-Formento-3-640x480.jpg 640w\" sizes=\"(max-width: 480px) 100vw, 480px\" \/><\/a>\n\t\t\t<\/div><\/figure><figure class='gallery-item'>\n\t\t\t<div class='gallery-icon landscape'>\n\t\t\t\t<a href='https:\/\/kastelir-labinci.com\/wp-content\/uploads\/2023\/04\/Monte-Formento-2-scaled.jpg'><img loading=\"lazy\" decoding=\"async\" width=\"480\" height=\"360\" src=\"https:\/\/kastelir-labinci.com\/wp-content\/uploads\/2023\/04\/Monte-Formento-2-480x360.jpg\" class=\"attachment-citadela_service size-citadela_service\" alt=\"\" srcset=\"https:\/\/kastelir-labinci.com\/wp-content\/uploads\/2023\/04\/Monte-Formento-2-480x360.jpg 480w, https:\/\/kastelir-labinci.com\/wp-content\/uploads\/2023\/04\/Monte-Formento-2-640x480.jpg 640w\" sizes=\"(max-width: 480px) 100vw, 480px\" \/><\/a>\n\t\t\t<\/div><\/figure><figure class='gallery-item'>\n\t\t\t<div class='gallery-icon landscape'>\n\t\t\t\t<a href='https:\/\/kastelir-labinci.com\/wp-content\/uploads\/2023\/04\/Grebac_Formento_19-scaled.jpg'><img loading=\"lazy\" decoding=\"async\" width=\"480\" height=\"360\" src=\"https:\/\/kastelir-labinci.com\/wp-content\/uploads\/2023\/04\/Grebac_Formento_19-480x360.jpg\" class=\"attachment-citadela_service size-citadela_service\" alt=\"\" srcset=\"https:\/\/kastelir-labinci.com\/wp-content\/uploads\/2023\/04\/Grebac_Formento_19-480x360.jpg 480w, https:\/\/kastelir-labinci.com\/wp-content\/uploads\/2023\/04\/Grebac_Formento_19-640x480.jpg 640w\" sizes=\"(max-width: 480px) 100vw, 480px\" \/><\/a>\n\t\t\t<\/div><\/figure><figure class='gallery-item'>\n\t\t\t<div class='gallery-icon landscape'>\n\t\t\t\t<a href='https:\/\/kastelir-labinci.com\/wp-content\/uploads\/2023\/04\/Grebac_Formento_14-scaled.jpg'><img loading=\"lazy\" decoding=\"async\" width=\"480\" height=\"360\" src=\"https:\/\/kastelir-labinci.com\/wp-content\/uploads\/2023\/04\/Grebac_Formento_14-480x360.jpg\" class=\"attachment-citadela_service size-citadela_service\" alt=\"\" srcset=\"https:\/\/kastelir-labinci.com\/wp-content\/uploads\/2023\/04\/Grebac_Formento_14-480x360.jpg 480w, https:\/\/kastelir-labinci.com\/wp-content\/uploads\/2023\/04\/Grebac_Formento_14-640x480.jpg 640w\" sizes=\"(max-width: 480px) 100vw, 480px\" \/><\/a>\n\t\t\t<\/div><\/figure><figure class='gallery-item'>\n\t\t\t<div class='gallery-icon landscape'>\n\t\t\t\t<a href='https:\/\/kastelir-labinci.com\/wp-content\/uploads\/2023\/04\/Grebac_Formento_06-scaled.jpg'><img loading=\"lazy\" decoding=\"async\" width=\"480\" height=\"360\" src=\"https:\/\/kastelir-labinci.com\/wp-content\/uploads\/2023\/04\/Grebac_Formento_06-480x360.jpg\" class=\"attachment-citadela_service size-citadela_service\" alt=\"\" srcset=\"https:\/\/kastelir-labinci.com\/wp-content\/uploads\/2023\/04\/Grebac_Formento_06-480x360.jpg 480w, https:\/\/kastelir-labinci.com\/wp-content\/uploads\/2023\/04\/Grebac_Formento_06-640x480.jpg 640w\" sizes=\"(max-width: 480px) 100vw, 480px\" \/><\/a>\n\t\t\t<\/div><\/figure>\n\t\t<\/div>\n\n<div id=\"malwarebytes-root\"><\/div>\n","protected":false},"excerpt":{"rendered":"<p>Einen Bissen nehmen, probieren und kaufen Sie natives Oliven\u00f6l extra. Mit zahlreichen Anerkennungen und Auszeichnungen beweisen wir Jahr f\u00fcr Jahr die Spitzenqualit\u00e4t unseres Oliven\u00f6ls. Grebac-\u00d6le sind im weltweiten Leitfaden f\u00fcr [&hellip;]<\/p>\n","protected":false},"author":1,"featured_media":12373,"menu_order":0,"comment_status":"closed","ping_status":"closed","template":"","citadela-item-category":[184,197],"citadela-item-location":[200],"class_list":["post-12386","citadela-item","type-citadela-item","status-publish","has-post-thumbnail","hentry","citadela-item-category-olivenole","citadela-item-category-restaurants-und-taverne","citadela-item-location-kastelir1-de"],"yoast_head":"<!-- This site is optimized with the Yoast SEO plugin v25.2 - https:\/\/yoast.com\/wordpress\/plugins\/seo\/ -->\n<title>Degustationsraum von Monte Formento - Together in<\/title>\n<meta name=\"description\" content=\"Together in Ka\u0161telir Labinci\" \/>\n<meta name=\"robots\" content=\"index, follow, max-snippet:-1, max-image-preview:large, max-video-preview:-1\" \/>\n<link rel=\"canonical\" href=\"https:\/\/kastelir-labinci.com\/de\/item\/monte-formento-tasting-room\/\" \/>\n<meta property=\"og:locale\" content=\"de_DE\" \/>\n<meta property=\"og:type\" content=\"article\" \/>\n<meta property=\"og:title\" content=\"Degustationsraum von Monte Formento - Together in\" \/>\n<meta property=\"og:description\" content=\"Together in Ka\u0161telir Labinci\" \/>\n<meta property=\"og:url\" content=\"https:\/\/kastelir-labinci.com\/de\/item\/monte-formento-tasting-room\/\" \/>\n<meta property=\"og:site_name\" content=\"Together in\" \/>\n<meta property=\"article:modified_time\" content=\"2023-04-11T21:25:30+00:00\" \/>\n<meta property=\"og:image\" content=\"https:\/\/kastelir-labinci.com\/wp-content\/uploads\/2023\/04\/Monte-Formento-2-scaled.jpg\" \/>\n\t<meta property=\"og:image:width\" content=\"2560\" \/>\n\t<meta property=\"og:image:height\" content=\"1707\" \/>\n\t<meta property=\"og:image:type\" content=\"image\/jpeg\" \/>\n<meta name=\"twitter:card\" content=\"summary_large_image\" \/>\n<meta name=\"twitter:label1\" content=\"Gesch\u00e4tzte Lesezeit\" \/>\n\t<meta name=\"twitter:data1\" content=\"1\u00a0Minute\" \/>\n<script type=\"application\/ld+json\" class=\"yoast-schema-graph\">{\"@context\":\"https:\/\/schema.org\",\"@graph\":[{\"@type\":\"WebPage\",\"@id\":\"https:\/\/kastelir-labinci.com\/de\/item\/monte-formento-tasting-room\/\",\"url\":\"https:\/\/kastelir-labinci.com\/de\/item\/monte-formento-tasting-room\/\",\"name\":\"Degustationsraum von Monte Formento - Together in\",\"isPartOf\":{\"@id\":\"https:\/\/kastelir-labinci.com\/de\/#website\"},\"primaryImageOfPage\":{\"@id\":\"https:\/\/kastelir-labinci.com\/de\/item\/monte-formento-tasting-room\/#primaryimage\"},\"image\":{\"@id\":\"https:\/\/kastelir-labinci.com\/de\/item\/monte-formento-tasting-room\/#primaryimage\"},\"thumbnailUrl\":\"https:\/\/kastelir-labinci.com\/wp-content\/uploads\/2023\/04\/Monte-Formento-2-scaled.jpg\",\"datePublished\":\"2023-04-11T21:24:07+00:00\",\"dateModified\":\"2023-04-11T21:25:30+00:00\",\"description\":\"Together in Ka\u0161telir Labinci\",\"breadcrumb\":{\"@id\":\"https:\/\/kastelir-labinci.com\/de\/item\/monte-formento-tasting-room\/#breadcrumb\"},\"inLanguage\":\"de\",\"potentialAction\":[{\"@type\":\"ReadAction\",\"target\":[\"https:\/\/kastelir-labinci.com\/de\/item\/monte-formento-tasting-room\/\"]}]},{\"@type\":\"ImageObject\",\"inLanguage\":\"de\",\"@id\":\"https:\/\/kastelir-labinci.com\/de\/item\/monte-formento-tasting-room\/#primaryimage\",\"url\":\"https:\/\/kastelir-labinci.com\/wp-content\/uploads\/2023\/04\/Monte-Formento-2-scaled.jpg\",\"contentUrl\":\"https:\/\/kastelir-labinci.com\/wp-content\/uploads\/2023\/04\/Monte-Formento-2-scaled.jpg\",\"width\":2560,\"height\":1707},{\"@type\":\"BreadcrumbList\",\"@id\":\"https:\/\/kastelir-labinci.com\/de\/item\/monte-formento-tasting-room\/#breadcrumb\",\"itemListElement\":[{\"@type\":\"ListItem\",\"position\":1,\"name\":\"Home\",\"item\":\"https:\/\/kastelir-labinci.com\/de\/\"},{\"@type\":\"ListItem\",\"position\":2,\"name\":\"Degustationsraum von Monte Formento\"}]},{\"@type\":\"WebSite\",\"@id\":\"https:\/\/kastelir-labinci.com\/de\/#website\",\"url\":\"https:\/\/kastelir-labinci.com\/de\/\",\"name\":\"Together in\",\"description\":\"- Ka\u0161telir-Labinci\",\"publisher\":{\"@id\":\"https:\/\/kastelir-labinci.com\/de\/#organization\"},\"potentialAction\":[{\"@type\":\"SearchAction\",\"target\":{\"@type\":\"EntryPoint\",\"urlTemplate\":\"https:\/\/kastelir-labinci.com\/de\/?s={search_term_string}\"},\"query-input\":{\"@type\":\"PropertyValueSpecification\",\"valueRequired\":true,\"valueName\":\"search_term_string\"}}],\"inLanguage\":\"de\"},{\"@type\":\"Organization\",\"@id\":\"https:\/\/kastelir-labinci.com\/de\/#organization\",\"name\":\"TOGETHER IN Ka\u0161telir - Labinci, turisti\u010dka zajednica\",\"url\":\"https:\/\/kastelir-labinci.com\/de\/\",\"logo\":{\"@type\":\"ImageObject\",\"inLanguage\":\"de\",\"@id\":\"https:\/\/kastelir-labinci.com\/de\/#\/schema\/logo\/image\/\",\"url\":\"https:\/\/kastelir-labinci.com\/wp-content\/uploads\/2020\/08\/logotip-3.png\",\"contentUrl\":\"https:\/\/kastelir-labinci.com\/wp-content\/uploads\/2020\/08\/logotip-3.png\",\"width\":512,\"height\":326,\"caption\":\"TOGETHER IN Ka\u0161telir - Labinci, turisti\u010dka zajednica\"},\"image\":{\"@id\":\"https:\/\/kastelir-labinci.com\/de\/#\/schema\/logo\/image\/\"}}]}<\/script>\n<!-- \/ Yoast SEO plugin. -->","yoast_head_json":{"title":"Degustationsraum von Monte Formento - Together in","description":"Together in Ka\u0161telir Labinci","robots":{"index":"index","follow":"follow","max-snippet":"max-snippet:-1","max-image-preview":"max-image-preview:large","max-video-preview":"max-video-preview:-1"},"canonical":"https:\/\/kastelir-labinci.com\/de\/item\/monte-formento-tasting-room\/","og_locale":"de_DE","og_type":"article","og_title":"Degustationsraum von Monte Formento - Together in","og_description":"Together in Ka\u0161telir Labinci","og_url":"https:\/\/kastelir-labinci.com\/de\/item\/monte-formento-tasting-room\/","og_site_name":"Together in","article_modified_time":"2023-04-11T21:25:30+00:00","og_image":[{"width":2560,"height":1707,"url":"https:\/\/kastelir-labinci.com\/wp-content\/uploads\/2023\/04\/Monte-Formento-2-scaled.jpg","type":"image\/jpeg"}],"twitter_card":"summary_large_image","twitter_misc":{"Gesch\u00e4tzte Lesezeit":"1\u00a0Minute"},"schema":{"@context":"https:\/\/schema.org","@graph":[{"@type":"WebPage","@id":"https:\/\/kastelir-labinci.com\/de\/item\/monte-formento-tasting-room\/","url":"https:\/\/kastelir-labinci.com\/de\/item\/monte-formento-tasting-room\/","name":"Degustationsraum von Monte Formento - Together in","isPartOf":{"@id":"https:\/\/kastelir-labinci.com\/de\/#website"},"primaryImageOfPage":{"@id":"https:\/\/kastelir-labinci.com\/de\/item\/monte-formento-tasting-room\/#primaryimage"},"image":{"@id":"https:\/\/kastelir-labinci.com\/de\/item\/monte-formento-tasting-room\/#primaryimage"},"thumbnailUrl":"https:\/\/kastelir-labinci.com\/wp-content\/uploads\/2023\/04\/Monte-Formento-2-scaled.jpg","datePublished":"2023-04-11T21:24:07+00:00","dateModified":"2023-04-11T21:25:30+00:00","description":"Together in Ka\u0161telir Labinci","breadcrumb":{"@id":"https:\/\/kastelir-labinci.com\/de\/item\/monte-formento-tasting-room\/#breadcrumb"},"inLanguage":"de","potentialAction":[{"@type":"ReadAction","target":["https:\/\/kastelir-labinci.com\/de\/item\/monte-formento-tasting-room\/"]}]},{"@type":"ImageObject","inLanguage":"de","@id":"https:\/\/kastelir-labinci.com\/de\/item\/monte-formento-tasting-room\/#primaryimage","url":"https:\/\/kastelir-labinci.com\/wp-content\/uploads\/2023\/04\/Monte-Formento-2-scaled.jpg","contentUrl":"https:\/\/kastelir-labinci.com\/wp-content\/uploads\/2023\/04\/Monte-Formento-2-scaled.jpg","width":2560,"height":1707},{"@type":"BreadcrumbList","@id":"https:\/\/kastelir-labinci.com\/de\/item\/monte-formento-tasting-room\/#breadcrumb","itemListElement":[{"@type":"ListItem","position":1,"name":"Home","item":"https:\/\/kastelir-labinci.com\/de\/"},{"@type":"ListItem","position":2,"name":"Degustationsraum von Monte Formento"}]},{"@type":"WebSite","@id":"https:\/\/kastelir-labinci.com\/de\/#website","url":"https:\/\/kastelir-labinci.com\/de\/","name":"Together in","description":"- Ka\u0161telir-Labinci","publisher":{"@id":"https:\/\/kastelir-labinci.com\/de\/#organization"},"potentialAction":[{"@type":"SearchAction","target":{"@type":"EntryPoint","urlTemplate":"https:\/\/kastelir-labinci.com\/de\/?s={search_term_string}"},"query-input":{"@type":"PropertyValueSpecification","valueRequired":true,"valueName":"search_term_string"}}],"inLanguage":"de"},{"@type":"Organization","@id":"https:\/\/kastelir-labinci.com\/de\/#organization","name":"TOGETHER IN Ka\u0161telir - Labinci, turisti\u010dka zajednica","url":"https:\/\/kastelir-labinci.com\/de\/","logo":{"@type":"ImageObject","inLanguage":"de","@id":"https:\/\/kastelir-labinci.com\/de\/#\/schema\/logo\/image\/","url":"https:\/\/kastelir-labinci.com\/wp-content\/uploads\/2020\/08\/logotip-3.png","contentUrl":"https:\/\/kastelir-labinci.com\/wp-content\/uploads\/2020\/08\/logotip-3.png","width":512,"height":326,"caption":"TOGETHER IN Ka\u0161telir - Labinci, turisti\u010dka zajednica"},"image":{"@id":"https:\/\/kastelir-labinci.com\/de\/#\/schema\/logo\/image\/"}}]}},"_links":{"self":[{"href":"https:\/\/kastelir-labinci.com\/de\/wp-json\/wp\/v2\/citadela-item\/12386"}],"collection":[{"href":"https:\/\/kastelir-labinci.com\/de\/wp-json\/wp\/v2\/citadela-item"}],"about":[{"href":"https:\/\/kastelir-labinci.com\/de\/wp-json\/wp\/v2\/types\/citadela-item"}],"author":[{"embeddable":true,"href":"https:\/\/kastelir-labinci.com\/de\/wp-json\/wp\/v2\/users\/1"}],"replies":[{"embeddable":true,"href":"https:\/\/kastelir-labinci.com\/de\/wp-json\/wp\/v2\/comments?post=12386"}],"version-history":[{"count":1,"href":"https:\/\/kastelir-labinci.com\/de\/wp-json\/wp\/v2\/citadela-item\/12386\/revisions"}],"predecessor-version":[{"id":12388,"href":"https:\/\/kastelir-labinci.com\/de\/wp-json\/wp\/v2\/citadela-item\/12386\/revisions\/12388"}],"wp:featuredmedia":[{"embeddable":true,"href":"https:\/\/kastelir-labinci.com\/de\/wp-json\/wp\/v2\/media\/12373"}],"wp:attachment":[{"href":"https:\/\/kastelir-labinci.com\/de\/wp-json\/wp\/v2\/media?parent=12386"}],"wp:term":[{"taxonomy":"citadela-item-category","embeddable":true,"href":"https:\/\/kastelir-labinci.com\/de\/wp-json\/wp\/v2\/citadela-item-category?post=12386"},{"taxonomy":"citadela-item-location","embeddable":true,"href":"https:\/\/kastelir-labinci.com\/de\/wp-json\/wp\/v2\/citadela-item-location?post=12386"}],"curies":[{"name":"wp","href":"https:\/\/api.w.org\/{rel}","templated":true}]}}