{"id":6231,"date":"2020-08-11T12:58:51","date_gmt":"2020-08-11T12:58:51","guid":{"rendered":"https:\/\/kastelir-labinci.com\/item\/o-p-g-goran-spehar\/"},"modified":"2021-08-07T09:17:58","modified_gmt":"2021-08-07T09:17:58","slug":"o-p-g-goran-spehar","status":"publish","type":"citadela-item","link":"https:\/\/kastelir-labinci.com\/de\/item\/o-p-g-goran-spehar\/","title":{"rendered":"ISTARSKA KAPLJICA"},"content":{"rendered":"<p>Seit der Antike in Istrien besch\u00e4ftigen sich unsere \u00c4ltesten mit der Herstellung von hausgemachtem Komovica-Brandy aus Traubenmalcerat &#8211; Dropa, das ein Nebenprodukt bei der Weinherstellung ist. So widmete Nono Eufemio, im Volksmund Barba Nucio im malerischen Weiler Cerijani genannt, sein ganzes Berufsleben der Wein- und Brandyproduktion. Traditionell wurde Rakija in der sogenannten Lambika, einer einfachen Version der heutigen modernen Kessel, gekocht (destilliert), und diese Tradition wird heute vom Enkel der oben genannten Euphemia in der Brennerei des Familienbetriebs Goran \u0160pehar fortgef\u00fchrt.<\/p>\n<p>Als Liebhaber Istriens und seiner Geschm\u00e4cker und Aromen haben wir begonnen, hochwertigen Weinbrand ausschlie\u00dflich aus ganzen Trauben von unserem Betrieb herzustellen. Mit der Zugabe von nat\u00fcrlichen Zutaten wie Honig, Mistel, Waln\u00fcssen, Tr\u00fcffeln und Heidelbeeren ist dieses Destillat die Grundlage f\u00fcr die Herstellung einer breiten Palette hochwertiger Pr\u00e4parate unter dem Markennamen Istarska Kapljica. Die Produktion erfolgt unweit von Ka\u0161telir im Dorf Cerijani, das vollst\u00e4ndig in unber\u00fchrte Natur eingebettet ist, was zur Qualit\u00e4t des Produkts beitr\u00e4gt. Beifall!<\/p>\n<div id='gallery-1' class='gallery galleryid-6231 gallery-columns-3 gallery-size-citadela_service'><figure class='gallery-item'>\n\t\t\t<div class='gallery-icon landscape'>\n\t\t\t\t<a href='https:\/\/kastelir-labinci.com\/wp-content\/uploads\/2020\/08\/IS-RAKIJE-PANORAMA-scaled.jpg'><img loading=\"lazy\" decoding=\"async\" width=\"480\" height=\"360\" src=\"https:\/\/kastelir-labinci.com\/wp-content\/uploads\/2020\/08\/IS-RAKIJE-PANORAMA-480x360.jpg\" class=\"attachment-citadela_service size-citadela_service\" alt=\"\" srcset=\"https:\/\/kastelir-labinci.com\/wp-content\/uploads\/2020\/08\/IS-RAKIJE-PANORAMA-480x360.jpg 480w, https:\/\/kastelir-labinci.com\/wp-content\/uploads\/2020\/08\/IS-RAKIJE-PANORAMA-640x480.jpg 640w\" sizes=\"(max-width: 480px) 100vw, 480px\" \/><\/a>\n\t\t\t<\/div><\/figure><figure class='gallery-item'>\n\t\t\t<div class='gallery-icon landscape'>\n\t\t\t\t<a href='https:\/\/kastelir-labinci.com\/wp-content\/uploads\/2020\/08\/IS-KUSAONA.jpg'><img loading=\"lazy\" decoding=\"async\" width=\"480\" height=\"360\" src=\"https:\/\/kastelir-labinci.com\/wp-content\/uploads\/2020\/08\/IS-KUSAONA-480x360.jpg\" class=\"attachment-citadela_service size-citadela_service\" alt=\"\" srcset=\"https:\/\/kastelir-labinci.com\/wp-content\/uploads\/2020\/08\/IS-KUSAONA-480x360.jpg 480w, https:\/\/kastelir-labinci.com\/wp-content\/uploads\/2020\/08\/IS-KUSAONA-640x480.jpg 640w\" sizes=\"(max-width: 480px) 100vw, 480px\" \/><\/a>\n\t\t\t<\/div><\/figure><figure class='gallery-item'>\n\t\t\t<div class='gallery-icon landscape'>\n\t\t\t\t<a href='https:\/\/kastelir-labinci.com\/wp-content\/uploads\/2020\/08\/IS-KUSAONA-3.jpg'><img loading=\"lazy\" decoding=\"async\" width=\"480\" height=\"360\" src=\"https:\/\/kastelir-labinci.com\/wp-content\/uploads\/2020\/08\/IS-KUSAONA-3-480x360.jpg\" class=\"attachment-citadela_service size-citadela_service\" alt=\"\" srcset=\"https:\/\/kastelir-labinci.com\/wp-content\/uploads\/2020\/08\/IS-KUSAONA-3-480x360.jpg 480w, https:\/\/kastelir-labinci.com\/wp-content\/uploads\/2020\/08\/IS-KUSAONA-3-640x480.jpg 640w\" sizes=\"(max-width: 480px) 100vw, 480px\" \/><\/a>\n\t\t\t<\/div><\/figure><figure class='gallery-item'>\n\t\t\t<div class='gallery-icon landscape'>\n\t\t\t\t<a href='https:\/\/kastelir-labinci.com\/wp-content\/uploads\/2020\/08\/IS-KUSAONA-2.jpg'><img loading=\"lazy\" decoding=\"async\" width=\"480\" height=\"360\" src=\"https:\/\/kastelir-labinci.com\/wp-content\/uploads\/2020\/08\/IS-KUSAONA-2-480x360.jpg\" class=\"attachment-citadela_service size-citadela_service\" alt=\"\" srcset=\"https:\/\/kastelir-labinci.com\/wp-content\/uploads\/2020\/08\/IS-KUSAONA-2-480x360.jpg 480w, https:\/\/kastelir-labinci.com\/wp-content\/uploads\/2020\/08\/IS-KUSAONA-2-640x480.jpg 640w\" sizes=\"(max-width: 480px) 100vw, 480px\" \/><\/a>\n\t\t\t<\/div><\/figure><figure class='gallery-item'>\n\t\t\t<div class='gallery-icon landscape'>\n\t\t\t\t<a href='https:\/\/kastelir-labinci.com\/wp-content\/uploads\/2020\/08\/IS-KOTAO.jpg'><img loading=\"lazy\" decoding=\"async\" width=\"480\" height=\"360\" src=\"https:\/\/kastelir-labinci.com\/wp-content\/uploads\/2020\/08\/IS-KOTAO-480x360.jpg\" class=\"attachment-citadela_service size-citadela_service\" alt=\"\" srcset=\"https:\/\/kastelir-labinci.com\/wp-content\/uploads\/2020\/08\/IS-KOTAO-480x360.jpg 480w, https:\/\/kastelir-labinci.com\/wp-content\/uploads\/2020\/08\/IS-KOTAO-640x480.jpg 640w\" sizes=\"(max-width: 480px) 100vw, 480px\" \/><\/a>\n\t\t\t<\/div><\/figure><figure class='gallery-item'>\n\t\t\t<div class='gallery-icon landscape'>\n\t\t\t\t<a href='https:\/\/kastelir-labinci.com\/wp-content\/uploads\/2020\/08\/IS-BACVE.jpg'><img loading=\"lazy\" decoding=\"async\" width=\"480\" height=\"360\" src=\"https:\/\/kastelir-labinci.com\/wp-content\/uploads\/2020\/08\/IS-BACVE-480x360.jpg\" class=\"attachment-citadela_service size-citadela_service\" alt=\"\" srcset=\"https:\/\/kastelir-labinci.com\/wp-content\/uploads\/2020\/08\/IS-BACVE-480x360.jpg 480w, https:\/\/kastelir-labinci.com\/wp-content\/uploads\/2020\/08\/IS-BACVE-640x480.jpg 640w\" sizes=\"(max-width: 480px) 100vw, 480px\" \/><\/a>\n\t\t\t<\/div><\/figure>\n\t\t<\/div>\n\n<div class=\"fusion-text\">\n<p>Die Grundzutat f\u00fcr die istrische Getr\u00e4nkelinie Kapljica ist ein Brandy, der durch Destillation aus ganzen Trauben hergestellt wird und nicht nur aus Tropfen, wie er normalerweise hergestellt wird. Bei dieser Herstellungsmethode werden alle Aromen und Zutaten auf den Brandy selbst \u00fcbertragen, der, obwohl v\u00f6llig klar, ein einzigartiges und vollst\u00e4ndiges Aromaerlebnis hinterl\u00e4sst.<\/p>\n<p>F\u00fcr die Herstellung von Honigtau verwenden wir nur nat\u00fcrlichen Honig, der in den umliegenden D\u00f6rfern produziert wird, und andere Produkte werden nach lokalen Rezepten hergestellt, indem verschiedene nat\u00fcrliche Zutaten in Honigtau gemischt werden, um ihn anzureichern. Istrischer Tropfen bedeutet v\u00f6llig nat\u00fcrliche Produktionsprozesse, bei denen unser Wissen, geduldige Destillation, Qualit\u00e4t der Zutaten, langj\u00e4hrige traditionelle Rezeptur, Zeit f\u00fcr ihre Reifung und schlie\u00dflich die Verpackung in unseren erkennbaren Flaschen die wichtigste Rolle spielen.<\/p>\n<p>Beifall!<\/p>\n<p>SIND SIE INTERESSIERT AN DER VERKOSTUNG? VEREINBAREN SIE IHREN TERMIN.<\/p>\n<p>OLIVEN\u00d6L<\/p>\n<p>Neu in unserem Angebot! Extra natives Oliven\u00f6l von h\u00f6chster Qualit\u00e4t, hergestellt durch Kaltpressung von Oliven aus unseren Olivenhainen. Derzeit ist eine Mischung aus sortenreinen nativen \u00d6len extra wie Leccino, Pendolino und Istarska bijelica erh\u00e4ltlich, die als solche eine spezifische Geschmacksharmonie am Gaumen erzeugt. Dieses Mehrbereichs\u00f6l zeichnet sich durch eine gelb-goldene Farbe mit dezenten Gr\u00fcnt\u00f6nen aus und erinnert in Geschmack und Aroma an frische Olivenfr\u00fcchte und gr\u00fcnes Gras. Mit seiner moderaten Bitterkeit und Sch\u00e4rfe passt er zu Gerichten wie rohem Fisch, verschiedenen Salaten sowie Gem\u00fcse und K\u00e4se.<\/p>\n<div id='gallery-2' class='gallery galleryid-6231 gallery-columns-4 gallery-size-citadela_service'><figure class='gallery-item'>\n\t\t\t<div class='gallery-icon landscape'>\n\t\t\t\t<a href='https:\/\/kastelir-labinci.com\/wp-content\/uploads\/2020\/08\/1181-scaled.jpg'><img loading=\"lazy\" decoding=\"async\" width=\"480\" height=\"360\" src=\"https:\/\/kastelir-labinci.com\/wp-content\/uploads\/2020\/08\/1181-480x360.jpg\" class=\"attachment-citadela_service size-citadela_service\" alt=\"\" srcset=\"https:\/\/kastelir-labinci.com\/wp-content\/uploads\/2020\/08\/1181-480x360.jpg 480w, https:\/\/kastelir-labinci.com\/wp-content\/uploads\/2020\/08\/1181-640x480.jpg 640w\" sizes=\"(max-width: 480px) 100vw, 480px\" \/><\/a>\n\t\t\t<\/div><\/figure><figure class='gallery-item'>\n\t\t\t<div class='gallery-icon landscape'>\n\t\t\t\t<a href='https:\/\/kastelir-labinci.com\/wp-content\/uploads\/2020\/08\/2922.jpg'><img loading=\"lazy\" decoding=\"async\" width=\"480\" height=\"360\" src=\"https:\/\/kastelir-labinci.com\/wp-content\/uploads\/2020\/08\/2922-480x360.jpg\" class=\"attachment-citadela_service size-citadela_service\" alt=\"\" srcset=\"https:\/\/kastelir-labinci.com\/wp-content\/uploads\/2020\/08\/2922-480x360.jpg 480w, https:\/\/kastelir-labinci.com\/wp-content\/uploads\/2020\/08\/2922-640x480.jpg 640w\" sizes=\"(max-width: 480px) 100vw, 480px\" \/><\/a>\n\t\t\t<\/div><\/figure><figure class='gallery-item'>\n\t\t\t<div class='gallery-icon landscape'>\n\t\t\t\t<a href='https:\/\/kastelir-labinci.com\/wp-content\/uploads\/2020\/08\/20200920_122750-scaled.jpg'><img loading=\"lazy\" decoding=\"async\" width=\"480\" height=\"360\" src=\"https:\/\/kastelir-labinci.com\/wp-content\/uploads\/2020\/08\/20200920_122750-480x360.jpg\" class=\"attachment-citadela_service size-citadela_service\" alt=\"\" srcset=\"https:\/\/kastelir-labinci.com\/wp-content\/uploads\/2020\/08\/20200920_122750-480x360.jpg 480w, https:\/\/kastelir-labinci.com\/wp-content\/uploads\/2020\/08\/20200920_122750-300x225.jpg 300w, https:\/\/kastelir-labinci.com\/wp-content\/uploads\/2020\/08\/20200920_122750-1024x768.jpg 1024w, https:\/\/kastelir-labinci.com\/wp-content\/uploads\/2020\/08\/20200920_122750-768x576.jpg 768w, https:\/\/kastelir-labinci.com\/wp-content\/uploads\/2020\/08\/20200920_122750-640x480.jpg 640w, https:\/\/kastelir-labinci.com\/wp-content\/uploads\/2020\/08\/20200920_122750-1536x1152.jpg 1536w, https:\/\/kastelir-labinci.com\/wp-content\/uploads\/2020\/08\/20200920_122750-2048x1536.jpg 2048w\" sizes=\"(max-width: 480px) 100vw, 480px\" \/><\/a>\n\t\t\t<\/div><\/figure><figure class='gallery-item'>\n\t\t\t<div class='gallery-icon landscape'>\n\t\t\t\t<a href='https:\/\/kastelir-labinci.com\/wp-content\/uploads\/2020\/08\/GOGO-BLIC.jpg'><img loading=\"lazy\" decoding=\"async\" width=\"480\" height=\"360\" src=\"https:\/\/kastelir-labinci.com\/wp-content\/uploads\/2020\/08\/GOGO-BLIC-480x360.jpg\" class=\"attachment-citadela_service size-citadela_service\" alt=\"\" srcset=\"https:\/\/kastelir-labinci.com\/wp-content\/uploads\/2020\/08\/GOGO-BLIC-480x360.jpg 480w, https:\/\/kastelir-labinci.com\/wp-content\/uploads\/2020\/08\/GOGO-BLIC-640x480.jpg 640w\" sizes=\"(max-width: 480px) 100vw, 480px\" \/><\/a>\n\t\t\t<\/div><\/figure>\n\t\t<\/div>\n\n<\/div>\n","protected":false},"excerpt":{"rendered":"<p>Seit der Antike in Istrien besch\u00e4ftigen sich unsere \u00c4ltesten mit der Herstellung von hausgemachtem Komovica-Brandy aus Traubenmalcerat &#8211; Dropa, das ein Nebenprodukt bei der Weinherstellung ist. So widmete Nono Eufemio, [&hellip;]<\/p>\n","protected":false},"author":1,"featured_media":5729,"menu_order":0,"comment_status":"closed","ping_status":"closed","template":"","citadela-item-category":[184,187],"citadela-item-location":[199],"class_list":["post-6231","citadela-item","type-citadela-item","status-publish","has-post-thumbnail","hentry","citadela-item-category-olivenole","citadela-item-category-schnaps-und-likore","citadela-item-location-kastelir-de"],"yoast_head":"<!-- This site is optimized with the Yoast SEO plugin v25.2 - https:\/\/yoast.com\/wordpress\/plugins\/seo\/ -->\n<title>ISTARSKA KAPLJICA - Together in<\/title>\n<meta name=\"description\" content=\"Together in Ka\u0161telir Labinci\" \/>\n<meta name=\"robots\" content=\"index, follow, max-snippet:-1, max-image-preview:large, max-video-preview:-1\" \/>\n<link rel=\"canonical\" href=\"https:\/\/kastelir-labinci.com\/de\/item\/o-p-g-goran-spehar\/\" \/>\n<meta property=\"og:locale\" content=\"de_DE\" \/>\n<meta property=\"og:type\" content=\"article\" \/>\n<meta property=\"og:title\" content=\"ISTARSKA KAPLJICA - Together in\" \/>\n<meta property=\"og:description\" content=\"Together in Ka\u0161telir Labinci\" \/>\n<meta property=\"og:url\" content=\"https:\/\/kastelir-labinci.com\/de\/item\/o-p-g-goran-spehar\/\" \/>\n<meta property=\"og:site_name\" content=\"Together in\" \/>\n<meta property=\"article:modified_time\" content=\"2021-08-07T09:17:58+00:00\" \/>\n<meta property=\"og:image\" content=\"https:\/\/kastelir-labinci.com\/wp-content\/uploads\/2020\/08\/2021-04-21_09h34_40.jpg\" \/>\n\t<meta property=\"og:image:width\" content=\"675\" \/>\n\t<meta property=\"og:image:height\" content=\"674\" \/>\n\t<meta property=\"og:image:type\" content=\"image\/jpeg\" \/>\n<meta name=\"twitter:card\" content=\"summary_large_image\" \/>\n<meta name=\"twitter:label1\" content=\"Gesch\u00e4tzte Lesezeit\" \/>\n\t<meta name=\"twitter:data1\" content=\"2\u00a0Minuten\" \/>\n<script type=\"application\/ld+json\" class=\"yoast-schema-graph\">{\"@context\":\"https:\/\/schema.org\",\"@graph\":[{\"@type\":\"WebPage\",\"@id\":\"https:\/\/kastelir-labinci.com\/de\/item\/o-p-g-goran-spehar\/\",\"url\":\"https:\/\/kastelir-labinci.com\/de\/item\/o-p-g-goran-spehar\/\",\"name\":\"ISTARSKA KAPLJICA - Together in\",\"isPartOf\":{\"@id\":\"https:\/\/kastelir-labinci.com\/de\/#website\"},\"primaryImageOfPage\":{\"@id\":\"https:\/\/kastelir-labinci.com\/de\/item\/o-p-g-goran-spehar\/#primaryimage\"},\"image\":{\"@id\":\"https:\/\/kastelir-labinci.com\/de\/item\/o-p-g-goran-spehar\/#primaryimage\"},\"thumbnailUrl\":\"https:\/\/kastelir-labinci.com\/wp-content\/uploads\/2020\/08\/2021-04-21_09h34_40.jpg\",\"datePublished\":\"2020-08-11T12:58:51+00:00\",\"dateModified\":\"2021-08-07T09:17:58+00:00\",\"description\":\"Together in Ka\u0161telir Labinci\",\"breadcrumb\":{\"@id\":\"https:\/\/kastelir-labinci.com\/de\/item\/o-p-g-goran-spehar\/#breadcrumb\"},\"inLanguage\":\"de\",\"potentialAction\":[{\"@type\":\"ReadAction\",\"target\":[\"https:\/\/kastelir-labinci.com\/de\/item\/o-p-g-goran-spehar\/\"]}]},{\"@type\":\"ImageObject\",\"inLanguage\":\"de\",\"@id\":\"https:\/\/kastelir-labinci.com\/de\/item\/o-p-g-goran-spehar\/#primaryimage\",\"url\":\"https:\/\/kastelir-labinci.com\/wp-content\/uploads\/2020\/08\/2021-04-21_09h34_40.jpg\",\"contentUrl\":\"https:\/\/kastelir-labinci.com\/wp-content\/uploads\/2020\/08\/2021-04-21_09h34_40.jpg\",\"width\":675,\"height\":674},{\"@type\":\"BreadcrumbList\",\"@id\":\"https:\/\/kastelir-labinci.com\/de\/item\/o-p-g-goran-spehar\/#breadcrumb\",\"itemListElement\":[{\"@type\":\"ListItem\",\"position\":1,\"name\":\"Home\",\"item\":\"https:\/\/kastelir-labinci.com\/de\/\"},{\"@type\":\"ListItem\",\"position\":2,\"name\":\"ISTARSKA KAPLJICA\"}]},{\"@type\":\"WebSite\",\"@id\":\"https:\/\/kastelir-labinci.com\/de\/#website\",\"url\":\"https:\/\/kastelir-labinci.com\/de\/\",\"name\":\"Together in\",\"description\":\"- Ka\u0161telir-Labinci\",\"publisher\":{\"@id\":\"https:\/\/kastelir-labinci.com\/de\/#organization\"},\"potentialAction\":[{\"@type\":\"SearchAction\",\"target\":{\"@type\":\"EntryPoint\",\"urlTemplate\":\"https:\/\/kastelir-labinci.com\/de\/?s={search_term_string}\"},\"query-input\":{\"@type\":\"PropertyValueSpecification\",\"valueRequired\":true,\"valueName\":\"search_term_string\"}}],\"inLanguage\":\"de\"},{\"@type\":\"Organization\",\"@id\":\"https:\/\/kastelir-labinci.com\/de\/#organization\",\"name\":\"TOGETHER IN Ka\u0161telir - Labinci, turisti\u010dka zajednica\",\"url\":\"https:\/\/kastelir-labinci.com\/de\/\",\"logo\":{\"@type\":\"ImageObject\",\"inLanguage\":\"de\",\"@id\":\"https:\/\/kastelir-labinci.com\/de\/#\/schema\/logo\/image\/\",\"url\":\"https:\/\/kastelir-labinci.com\/wp-content\/uploads\/2020\/08\/logotip-3.png\",\"contentUrl\":\"https:\/\/kastelir-labinci.com\/wp-content\/uploads\/2020\/08\/logotip-3.png\",\"width\":512,\"height\":326,\"caption\":\"TOGETHER IN Ka\u0161telir - Labinci, turisti\u010dka zajednica\"},\"image\":{\"@id\":\"https:\/\/kastelir-labinci.com\/de\/#\/schema\/logo\/image\/\"}}]}<\/script>\n<!-- \/ Yoast SEO plugin. -->","yoast_head_json":{"title":"ISTARSKA KAPLJICA - Together in","description":"Together in Ka\u0161telir Labinci","robots":{"index":"index","follow":"follow","max-snippet":"max-snippet:-1","max-image-preview":"max-image-preview:large","max-video-preview":"max-video-preview:-1"},"canonical":"https:\/\/kastelir-labinci.com\/de\/item\/o-p-g-goran-spehar\/","og_locale":"de_DE","og_type":"article","og_title":"ISTARSKA KAPLJICA - Together in","og_description":"Together in Ka\u0161telir Labinci","og_url":"https:\/\/kastelir-labinci.com\/de\/item\/o-p-g-goran-spehar\/","og_site_name":"Together in","article_modified_time":"2021-08-07T09:17:58+00:00","og_image":[{"width":675,"height":674,"url":"https:\/\/kastelir-labinci.com\/wp-content\/uploads\/2020\/08\/2021-04-21_09h34_40.jpg","type":"image\/jpeg"}],"twitter_card":"summary_large_image","twitter_misc":{"Gesch\u00e4tzte Lesezeit":"2\u00a0Minuten"},"schema":{"@context":"https:\/\/schema.org","@graph":[{"@type":"WebPage","@id":"https:\/\/kastelir-labinci.com\/de\/item\/o-p-g-goran-spehar\/","url":"https:\/\/kastelir-labinci.com\/de\/item\/o-p-g-goran-spehar\/","name":"ISTARSKA KAPLJICA - Together in","isPartOf":{"@id":"https:\/\/kastelir-labinci.com\/de\/#website"},"primaryImageOfPage":{"@id":"https:\/\/kastelir-labinci.com\/de\/item\/o-p-g-goran-spehar\/#primaryimage"},"image":{"@id":"https:\/\/kastelir-labinci.com\/de\/item\/o-p-g-goran-spehar\/#primaryimage"},"thumbnailUrl":"https:\/\/kastelir-labinci.com\/wp-content\/uploads\/2020\/08\/2021-04-21_09h34_40.jpg","datePublished":"2020-08-11T12:58:51+00:00","dateModified":"2021-08-07T09:17:58+00:00","description":"Together in Ka\u0161telir Labinci","breadcrumb":{"@id":"https:\/\/kastelir-labinci.com\/de\/item\/o-p-g-goran-spehar\/#breadcrumb"},"inLanguage":"de","potentialAction":[{"@type":"ReadAction","target":["https:\/\/kastelir-labinci.com\/de\/item\/o-p-g-goran-spehar\/"]}]},{"@type":"ImageObject","inLanguage":"de","@id":"https:\/\/kastelir-labinci.com\/de\/item\/o-p-g-goran-spehar\/#primaryimage","url":"https:\/\/kastelir-labinci.com\/wp-content\/uploads\/2020\/08\/2021-04-21_09h34_40.jpg","contentUrl":"https:\/\/kastelir-labinci.com\/wp-content\/uploads\/2020\/08\/2021-04-21_09h34_40.jpg","width":675,"height":674},{"@type":"BreadcrumbList","@id":"https:\/\/kastelir-labinci.com\/de\/item\/o-p-g-goran-spehar\/#breadcrumb","itemListElement":[{"@type":"ListItem","position":1,"name":"Home","item":"https:\/\/kastelir-labinci.com\/de\/"},{"@type":"ListItem","position":2,"name":"ISTARSKA KAPLJICA"}]},{"@type":"WebSite","@id":"https:\/\/kastelir-labinci.com\/de\/#website","url":"https:\/\/kastelir-labinci.com\/de\/","name":"Together in","description":"- Ka\u0161telir-Labinci","publisher":{"@id":"https:\/\/kastelir-labinci.com\/de\/#organization"},"potentialAction":[{"@type":"SearchAction","target":{"@type":"EntryPoint","urlTemplate":"https:\/\/kastelir-labinci.com\/de\/?s={search_term_string}"},"query-input":{"@type":"PropertyValueSpecification","valueRequired":true,"valueName":"search_term_string"}}],"inLanguage":"de"},{"@type":"Organization","@id":"https:\/\/kastelir-labinci.com\/de\/#organization","name":"TOGETHER IN Ka\u0161telir - Labinci, turisti\u010dka zajednica","url":"https:\/\/kastelir-labinci.com\/de\/","logo":{"@type":"ImageObject","inLanguage":"de","@id":"https:\/\/kastelir-labinci.com\/de\/#\/schema\/logo\/image\/","url":"https:\/\/kastelir-labinci.com\/wp-content\/uploads\/2020\/08\/logotip-3.png","contentUrl":"https:\/\/kastelir-labinci.com\/wp-content\/uploads\/2020\/08\/logotip-3.png","width":512,"height":326,"caption":"TOGETHER IN Ka\u0161telir - Labinci, turisti\u010dka zajednica"},"image":{"@id":"https:\/\/kastelir-labinci.com\/de\/#\/schema\/logo\/image\/"}}]}},"_links":{"self":[{"href":"https:\/\/kastelir-labinci.com\/de\/wp-json\/wp\/v2\/citadela-item\/6231"}],"collection":[{"href":"https:\/\/kastelir-labinci.com\/de\/wp-json\/wp\/v2\/citadela-item"}],"about":[{"href":"https:\/\/kastelir-labinci.com\/de\/wp-json\/wp\/v2\/types\/citadela-item"}],"author":[{"embeddable":true,"href":"https:\/\/kastelir-labinci.com\/de\/wp-json\/wp\/v2\/users\/1"}],"replies":[{"embeddable":true,"href":"https:\/\/kastelir-labinci.com\/de\/wp-json\/wp\/v2\/comments?post=6231"}],"version-history":[{"count":2,"href":"https:\/\/kastelir-labinci.com\/de\/wp-json\/wp\/v2\/citadela-item\/6231\/revisions"}],"predecessor-version":[{"id":6940,"href":"https:\/\/kastelir-labinci.com\/de\/wp-json\/wp\/v2\/citadela-item\/6231\/revisions\/6940"}],"wp:featuredmedia":[{"embeddable":true,"href":"https:\/\/kastelir-labinci.com\/de\/wp-json\/wp\/v2\/media\/5729"}],"wp:attachment":[{"href":"https:\/\/kastelir-labinci.com\/de\/wp-json\/wp\/v2\/media?parent=6231"}],"wp:term":[{"taxonomy":"citadela-item-category","embeddable":true,"href":"https:\/\/kastelir-labinci.com\/de\/wp-json\/wp\/v2\/citadela-item-category?post=6231"},{"taxonomy":"citadela-item-location","embeddable":true,"href":"https:\/\/kastelir-labinci.com\/de\/wp-json\/wp\/v2\/citadela-item-location?post=6231"}],"curies":[{"name":"wp","href":"https:\/\/api.w.org\/{rel}","templated":true}]}}