{"id":6260,"date":"2020-08-08T09:33:57","date_gmt":"2020-08-08T09:33:57","guid":{"rendered":"https:\/\/kastelir-labinci.com\/item\/o-p-g-grebac\/"},"modified":"2021-08-07T09:12:47","modified_gmt":"2021-08-07T09:12:47","slug":"o-p-g-grebac","status":"publish","type":"citadela-item","link":"https:\/\/kastelir-labinci.com\/de\/item\/o-p-g-grebac\/","title":{"rendered":"O.P.G. Grebac"},"content":{"rendered":"<p>Die Familie Grebac widmet sich in der vierten Generation den Oliven, mit der Erneuerung von alten zu neuen Olivenhainen und mit zahlreichen Anerkennungen und Auszeichnungen von Jahr zu Jahr beweisen wir die Spitzenqualit\u00e4t des GREBAC-\u00d6ls.<\/p>\n<p>Durch Kaltpressung hergestellt und unter idealen Bedingungen gelagert, bereichern unsere \u00d6le jedes Gericht mit ihrem Geschmacks- und Aromareichtum und wirken sich unmittelbar auf unsere Gesundheit aus.<\/p>\n<p>Oliven\u00f6l ist ein fast ideales Fett mit starker antioxidativer Wirkung, und wer Wert auf seine Lebensqualit\u00e4t legt, muss es in seiner Ern\u00e4hrung verwenden<\/p>\n<div id='gallery-1' class='gallery galleryid-6260 gallery-columns-4 gallery-size-citadela_service'><figure class='gallery-item'>\n\t\t\t<div class='gallery-icon landscape'>\n\t\t\t\t<a href='https:\/\/kastelir-labinci.com\/wp-content\/uploads\/2020\/08\/GREBAC-ULJE-KAZUN.jpg'><img loading=\"lazy\" decoding=\"async\" width=\"480\" height=\"360\" src=\"https:\/\/kastelir-labinci.com\/wp-content\/uploads\/2020\/08\/GREBAC-ULJE-KAZUN-480x360.jpg\" class=\"attachment-citadela_service size-citadela_service\" alt=\"\" srcset=\"https:\/\/kastelir-labinci.com\/wp-content\/uploads\/2020\/08\/GREBAC-ULJE-KAZUN-480x360.jpg 480w, https:\/\/kastelir-labinci.com\/wp-content\/uploads\/2020\/08\/GREBAC-ULJE-KAZUN-640x480.jpg 640w\" sizes=\"(max-width: 480px) 100vw, 480px\" \/><\/a>\n\t\t\t<\/div><\/figure><figure class='gallery-item'>\n\t\t\t<div class='gallery-icon landscape'>\n\t\t\t\t<a href='https:\/\/kastelir-labinci.com\/wp-content\/uploads\/2020\/08\/GREBAC-MASLINE-I-KAZUN.jpg'><img loading=\"lazy\" decoding=\"async\" width=\"480\" height=\"360\" src=\"https:\/\/kastelir-labinci.com\/wp-content\/uploads\/2020\/08\/GREBAC-MASLINE-I-KAZUN-480x360.jpg\" class=\"attachment-citadela_service size-citadela_service\" alt=\"\" srcset=\"https:\/\/kastelir-labinci.com\/wp-content\/uploads\/2020\/08\/GREBAC-MASLINE-I-KAZUN-480x360.jpg 480w, https:\/\/kastelir-labinci.com\/wp-content\/uploads\/2020\/08\/GREBAC-MASLINE-I-KAZUN-640x480.jpg 640w\" sizes=\"(max-width: 480px) 100vw, 480px\" \/><\/a>\n\t\t\t<\/div><\/figure><figure class='gallery-item'>\n\t\t\t<div class='gallery-icon landscape'>\n\t\t\t\t<a href='https:\/\/kastelir-labinci.com\/wp-content\/uploads\/2020\/08\/GREBAC-ULJE-MEDALJA-I-DIPLOMA.jpg'><img loading=\"lazy\" decoding=\"async\" width=\"480\" height=\"360\" src=\"https:\/\/kastelir-labinci.com\/wp-content\/uploads\/2020\/08\/GREBAC-ULJE-MEDALJA-I-DIPLOMA-480x360.jpg\" class=\"attachment-citadela_service size-citadela_service\" alt=\"\" srcset=\"https:\/\/kastelir-labinci.com\/wp-content\/uploads\/2020\/08\/GREBAC-ULJE-MEDALJA-I-DIPLOMA-480x360.jpg 480w, https:\/\/kastelir-labinci.com\/wp-content\/uploads\/2020\/08\/GREBAC-ULJE-MEDALJA-I-DIPLOMA-640x480.jpg 640w\" sizes=\"(max-width: 480px) 100vw, 480px\" \/><\/a>\n\t\t\t<\/div><\/figure><figure class='gallery-item'>\n\t\t\t<div class='gallery-icon landscape'>\n\t\t\t\t<a href='https:\/\/kastelir-labinci.com\/wp-content\/uploads\/2020\/08\/GREBAC-MASLINE.jpg'><img loading=\"lazy\" decoding=\"async\" width=\"480\" height=\"360\" src=\"https:\/\/kastelir-labinci.com\/wp-content\/uploads\/2020\/08\/GREBAC-MASLINE-480x360.jpg\" class=\"attachment-citadela_service size-citadela_service\" alt=\"\" srcset=\"https:\/\/kastelir-labinci.com\/wp-content\/uploads\/2020\/08\/GREBAC-MASLINE-480x360.jpg 480w, https:\/\/kastelir-labinci.com\/wp-content\/uploads\/2020\/08\/GREBAC-MASLINE-640x480.jpg 640w\" sizes=\"(max-width: 480px) 100vw, 480px\" \/><\/a>\n\t\t\t<\/div><\/figure>\n\t\t<\/div>\n\n<p>Liebe Besucher, f\u00fcr weitere Fragen und Informationen stehen wir Ihnen gerne zur Verf\u00fcgung.<br \/>\nF\u00fcr Verkostungen oder den Kauf unserer Produkte kontaktieren Sie uns bitte telefonisch oder direkt unter unserer Adresse.<\/p>\n","protected":false},"excerpt":{"rendered":"<p>Die Familie Grebac widmet sich in der vierten Generation den Oliven, mit der Erneuerung von alten zu neuen Olivenhainen und mit zahlreichen Anerkennungen und Auszeichnungen von Jahr zu Jahr beweisen [&hellip;]<\/p>\n","protected":false},"author":1,"featured_media":5780,"menu_order":0,"comment_status":"closed","ping_status":"closed","template":"","citadela-item-category":[184],"citadela-item-location":[199],"class_list":["post-6260","citadela-item","type-citadela-item","status-publish","has-post-thumbnail","hentry","citadela-item-category-olivenole","citadela-item-location-kastelir-de"],"yoast_head":"<!-- This site is optimized with the Yoast SEO plugin v25.2 - https:\/\/yoast.com\/wordpress\/plugins\/seo\/ -->\n<title>O.P.G. Grebac - Together in<\/title>\n<meta name=\"description\" content=\"Together in Ka\u0161telir Labinci\" \/>\n<meta name=\"robots\" content=\"index, follow, max-snippet:-1, max-image-preview:large, max-video-preview:-1\" \/>\n<link rel=\"canonical\" href=\"https:\/\/kastelir-labinci.com\/de\/item\/o-p-g-grebac\/\" \/>\n<meta property=\"og:locale\" content=\"de_DE\" \/>\n<meta property=\"og:type\" content=\"article\" \/>\n<meta property=\"og:title\" content=\"O.P.G. Grebac - Together in\" \/>\n<meta property=\"og:description\" content=\"Together in Ka\u0161telir Labinci\" \/>\n<meta property=\"og:url\" content=\"https:\/\/kastelir-labinci.com\/de\/item\/o-p-g-grebac\/\" \/>\n<meta property=\"og:site_name\" content=\"Together in\" \/>\n<meta property=\"article:modified_time\" content=\"2021-08-07T09:12:47+00:00\" \/>\n<meta property=\"og:image\" content=\"https:\/\/kastelir-labinci.com\/wp-content\/uploads\/2020\/08\/GREBAC-ULJE-MEDALJA.jpg\" \/>\n\t<meta property=\"og:image:width\" content=\"1920\" \/>\n\t<meta property=\"og:image:height\" content=\"1280\" \/>\n\t<meta property=\"og:image:type\" content=\"image\/jpeg\" \/>\n<meta name=\"twitter:card\" content=\"summary_large_image\" \/>\n<meta name=\"twitter:label1\" content=\"Gesch\u00e4tzte Lesezeit\" \/>\n\t<meta name=\"twitter:data1\" content=\"1\u00a0Minute\" \/>\n<script type=\"application\/ld+json\" class=\"yoast-schema-graph\">{\"@context\":\"https:\/\/schema.org\",\"@graph\":[{\"@type\":\"WebPage\",\"@id\":\"https:\/\/kastelir-labinci.com\/de\/item\/o-p-g-grebac\/\",\"url\":\"https:\/\/kastelir-labinci.com\/de\/item\/o-p-g-grebac\/\",\"name\":\"O.P.G. Grebac - Together in\",\"isPartOf\":{\"@id\":\"https:\/\/kastelir-labinci.com\/de\/#website\"},\"primaryImageOfPage\":{\"@id\":\"https:\/\/kastelir-labinci.com\/de\/item\/o-p-g-grebac\/#primaryimage\"},\"image\":{\"@id\":\"https:\/\/kastelir-labinci.com\/de\/item\/o-p-g-grebac\/#primaryimage\"},\"thumbnailUrl\":\"https:\/\/kastelir-labinci.com\/wp-content\/uploads\/2020\/08\/GREBAC-ULJE-MEDALJA.jpg\",\"datePublished\":\"2020-08-08T09:33:57+00:00\",\"dateModified\":\"2021-08-07T09:12:47+00:00\",\"description\":\"Together in Ka\u0161telir Labinci\",\"breadcrumb\":{\"@id\":\"https:\/\/kastelir-labinci.com\/de\/item\/o-p-g-grebac\/#breadcrumb\"},\"inLanguage\":\"de\",\"potentialAction\":[{\"@type\":\"ReadAction\",\"target\":[\"https:\/\/kastelir-labinci.com\/de\/item\/o-p-g-grebac\/\"]}]},{\"@type\":\"ImageObject\",\"inLanguage\":\"de\",\"@id\":\"https:\/\/kastelir-labinci.com\/de\/item\/o-p-g-grebac\/#primaryimage\",\"url\":\"https:\/\/kastelir-labinci.com\/wp-content\/uploads\/2020\/08\/GREBAC-ULJE-MEDALJA.jpg\",\"contentUrl\":\"https:\/\/kastelir-labinci.com\/wp-content\/uploads\/2020\/08\/GREBAC-ULJE-MEDALJA.jpg\",\"width\":1920,\"height\":1280},{\"@type\":\"BreadcrumbList\",\"@id\":\"https:\/\/kastelir-labinci.com\/de\/item\/o-p-g-grebac\/#breadcrumb\",\"itemListElement\":[{\"@type\":\"ListItem\",\"position\":1,\"name\":\"Home\",\"item\":\"https:\/\/kastelir-labinci.com\/de\/\"},{\"@type\":\"ListItem\",\"position\":2,\"name\":\"O.P.G. Grebac\"}]},{\"@type\":\"WebSite\",\"@id\":\"https:\/\/kastelir-labinci.com\/de\/#website\",\"url\":\"https:\/\/kastelir-labinci.com\/de\/\",\"name\":\"Together in\",\"description\":\"- Ka\u0161telir-Labinci\",\"publisher\":{\"@id\":\"https:\/\/kastelir-labinci.com\/de\/#organization\"},\"potentialAction\":[{\"@type\":\"SearchAction\",\"target\":{\"@type\":\"EntryPoint\",\"urlTemplate\":\"https:\/\/kastelir-labinci.com\/de\/?s={search_term_string}\"},\"query-input\":{\"@type\":\"PropertyValueSpecification\",\"valueRequired\":true,\"valueName\":\"search_term_string\"}}],\"inLanguage\":\"de\"},{\"@type\":\"Organization\",\"@id\":\"https:\/\/kastelir-labinci.com\/de\/#organization\",\"name\":\"TOGETHER IN Ka\u0161telir - Labinci, turisti\u010dka zajednica\",\"url\":\"https:\/\/kastelir-labinci.com\/de\/\",\"logo\":{\"@type\":\"ImageObject\",\"inLanguage\":\"de\",\"@id\":\"https:\/\/kastelir-labinci.com\/de\/#\/schema\/logo\/image\/\",\"url\":\"https:\/\/kastelir-labinci.com\/wp-content\/uploads\/2020\/08\/logotip-3.png\",\"contentUrl\":\"https:\/\/kastelir-labinci.com\/wp-content\/uploads\/2020\/08\/logotip-3.png\",\"width\":512,\"height\":326,\"caption\":\"TOGETHER IN Ka\u0161telir - Labinci, turisti\u010dka zajednica\"},\"image\":{\"@id\":\"https:\/\/kastelir-labinci.com\/de\/#\/schema\/logo\/image\/\"}}]}<\/script>\n<!-- \/ Yoast SEO plugin. -->","yoast_head_json":{"title":"O.P.G. Grebac - Together in","description":"Together in Ka\u0161telir Labinci","robots":{"index":"index","follow":"follow","max-snippet":"max-snippet:-1","max-image-preview":"max-image-preview:large","max-video-preview":"max-video-preview:-1"},"canonical":"https:\/\/kastelir-labinci.com\/de\/item\/o-p-g-grebac\/","og_locale":"de_DE","og_type":"article","og_title":"O.P.G. Grebac - Together in","og_description":"Together in Ka\u0161telir Labinci","og_url":"https:\/\/kastelir-labinci.com\/de\/item\/o-p-g-grebac\/","og_site_name":"Together in","article_modified_time":"2021-08-07T09:12:47+00:00","og_image":[{"width":1920,"height":1280,"url":"https:\/\/kastelir-labinci.com\/wp-content\/uploads\/2020\/08\/GREBAC-ULJE-MEDALJA.jpg","type":"image\/jpeg"}],"twitter_card":"summary_large_image","twitter_misc":{"Gesch\u00e4tzte Lesezeit":"1\u00a0Minute"},"schema":{"@context":"https:\/\/schema.org","@graph":[{"@type":"WebPage","@id":"https:\/\/kastelir-labinci.com\/de\/item\/o-p-g-grebac\/","url":"https:\/\/kastelir-labinci.com\/de\/item\/o-p-g-grebac\/","name":"O.P.G. Grebac - Together in","isPartOf":{"@id":"https:\/\/kastelir-labinci.com\/de\/#website"},"primaryImageOfPage":{"@id":"https:\/\/kastelir-labinci.com\/de\/item\/o-p-g-grebac\/#primaryimage"},"image":{"@id":"https:\/\/kastelir-labinci.com\/de\/item\/o-p-g-grebac\/#primaryimage"},"thumbnailUrl":"https:\/\/kastelir-labinci.com\/wp-content\/uploads\/2020\/08\/GREBAC-ULJE-MEDALJA.jpg","datePublished":"2020-08-08T09:33:57+00:00","dateModified":"2021-08-07T09:12:47+00:00","description":"Together in Ka\u0161telir Labinci","breadcrumb":{"@id":"https:\/\/kastelir-labinci.com\/de\/item\/o-p-g-grebac\/#breadcrumb"},"inLanguage":"de","potentialAction":[{"@type":"ReadAction","target":["https:\/\/kastelir-labinci.com\/de\/item\/o-p-g-grebac\/"]}]},{"@type":"ImageObject","inLanguage":"de","@id":"https:\/\/kastelir-labinci.com\/de\/item\/o-p-g-grebac\/#primaryimage","url":"https:\/\/kastelir-labinci.com\/wp-content\/uploads\/2020\/08\/GREBAC-ULJE-MEDALJA.jpg","contentUrl":"https:\/\/kastelir-labinci.com\/wp-content\/uploads\/2020\/08\/GREBAC-ULJE-MEDALJA.jpg","width":1920,"height":1280},{"@type":"BreadcrumbList","@id":"https:\/\/kastelir-labinci.com\/de\/item\/o-p-g-grebac\/#breadcrumb","itemListElement":[{"@type":"ListItem","position":1,"name":"Home","item":"https:\/\/kastelir-labinci.com\/de\/"},{"@type":"ListItem","position":2,"name":"O.P.G. Grebac"}]},{"@type":"WebSite","@id":"https:\/\/kastelir-labinci.com\/de\/#website","url":"https:\/\/kastelir-labinci.com\/de\/","name":"Together in","description":"- Ka\u0161telir-Labinci","publisher":{"@id":"https:\/\/kastelir-labinci.com\/de\/#organization"},"potentialAction":[{"@type":"SearchAction","target":{"@type":"EntryPoint","urlTemplate":"https:\/\/kastelir-labinci.com\/de\/?s={search_term_string}"},"query-input":{"@type":"PropertyValueSpecification","valueRequired":true,"valueName":"search_term_string"}}],"inLanguage":"de"},{"@type":"Organization","@id":"https:\/\/kastelir-labinci.com\/de\/#organization","name":"TOGETHER IN Ka\u0161telir - Labinci, turisti\u010dka zajednica","url":"https:\/\/kastelir-labinci.com\/de\/","logo":{"@type":"ImageObject","inLanguage":"de","@id":"https:\/\/kastelir-labinci.com\/de\/#\/schema\/logo\/image\/","url":"https:\/\/kastelir-labinci.com\/wp-content\/uploads\/2020\/08\/logotip-3.png","contentUrl":"https:\/\/kastelir-labinci.com\/wp-content\/uploads\/2020\/08\/logotip-3.png","width":512,"height":326,"caption":"TOGETHER IN Ka\u0161telir - Labinci, turisti\u010dka zajednica"},"image":{"@id":"https:\/\/kastelir-labinci.com\/de\/#\/schema\/logo\/image\/"}}]}},"_links":{"self":[{"href":"https:\/\/kastelir-labinci.com\/de\/wp-json\/wp\/v2\/citadela-item\/6260"}],"collection":[{"href":"https:\/\/kastelir-labinci.com\/de\/wp-json\/wp\/v2\/citadela-item"}],"about":[{"href":"https:\/\/kastelir-labinci.com\/de\/wp-json\/wp\/v2\/types\/citadela-item"}],"author":[{"embeddable":true,"href":"https:\/\/kastelir-labinci.com\/de\/wp-json\/wp\/v2\/users\/1"}],"replies":[{"embeddable":true,"href":"https:\/\/kastelir-labinci.com\/de\/wp-json\/wp\/v2\/comments?post=6260"}],"version-history":[{"count":2,"href":"https:\/\/kastelir-labinci.com\/de\/wp-json\/wp\/v2\/citadela-item\/6260\/revisions"}],"predecessor-version":[{"id":6926,"href":"https:\/\/kastelir-labinci.com\/de\/wp-json\/wp\/v2\/citadela-item\/6260\/revisions\/6926"}],"wp:featuredmedia":[{"embeddable":true,"href":"https:\/\/kastelir-labinci.com\/de\/wp-json\/wp\/v2\/media\/5780"}],"wp:attachment":[{"href":"https:\/\/kastelir-labinci.com\/de\/wp-json\/wp\/v2\/media?parent=6260"}],"wp:term":[{"taxonomy":"citadela-item-category","embeddable":true,"href":"https:\/\/kastelir-labinci.com\/de\/wp-json\/wp\/v2\/citadela-item-category?post=6260"},{"taxonomy":"citadela-item-location","embeddable":true,"href":"https:\/\/kastelir-labinci.com\/de\/wp-json\/wp\/v2\/citadela-item-location?post=6260"}],"curies":[{"name":"wp","href":"https:\/\/api.w.org\/{rel}","templated":true}]}}