{"id":5322,"date":"2021-05-26T10:37:38","date_gmt":"2021-05-26T10:37:38","guid":{"rendered":"https:\/\/kastelir-labinci.com\/dozivljaj\/"},"modified":"2021-08-05T13:03:04","modified_gmt":"2021-08-05T13:03:04","slug":"dozivljaj","status":"publish","type":"page","link":"https:\/\/kastelir-labinci.com\/de\/dozivljaj\/","title":{"rendered":"Erlebnisse"},"content":{"rendered":"\n<div class=\"wp-block-citadela-blocks-custom-container citadela-block-custom-container size-wide bg-type-image inside-space-none bg-size-auto has-overlay\" style=\"background-image:url(http:\/\/kastelir-labinci.com\/wp-content\/uploads\/2020\/06\/blank.png);background-repeat:no-repeat;background-position:50% 100%\"><div class=\"bg-image-overlay\" style=\"opacity:0.5\"><\/div><div class=\"inner-holder\">\n<div class=\"wp-block-citadela-blocks-spacer citadela-block-spacer\"><div class=\"inner-holder\" style=\"padding-top:200px\"><\/div><\/div>\n\n\n\n<div class=\"wp-block-group\"><div class=\"wp-block-group__inner-container is-layout-flow wp-block-group-is-layout-flow\">         <div \r\n            class=\"citadela-block-responsive-text align-left\"\r\n                                 >\r\n            <h1 class=\"inner-tag\" style=\"font-size: 49px;\"><strong><span class=\"has-inline-color has-luminous-vivid-amber-color\">Erlebnisse<\/span><\/strong><\/h1>         <\/div>\r\n      \n\n\n<p><\/p>\n\n\n\n<p>Nehmen Sie an unserer Lebensweise teil, lernen Sie die lokale Kultur und Br\u00e4uche kennen.<\/p>\n\n\n\n<p>Die Tatsache, dass wir nur f\u00fcnfzig Kilometer vom europ\u00e4ischen Stra\u00dfennetz und sieben Kilometer vom Meer entfernt sind, macht unsere l\u00e4ndliche Umgebung auch au\u00dferhalb der Saison interessant, wenn Sie an der Ernte von Trauben, Oliven, Kartoffeln, Spargel und Pilzen teilnehmen k\u00f6nnen. Die N\u00e4he des Landesinneren Istriens bietet Ihnen Abenteuer in kleinen mittelalterlichen St\u00e4dten, die Film-, Musik- und gastronomische Festivals organisieren, unter anderem Tr\u00fcffel- und Weintage. Dank der Tatsache, dass wir von einer \u00fcppigen mediterranen Vegetation umgeben sind, die sich mit Olivenhainen, Weinbergen und Feldern vermischt, k\u00f6nnen Sie die D\u00fcfte der Natur, die saubere Luft und die Gastfreundschaft der Menschen genie\u00dfen, die Ihnen eine ruhigere Atmosph\u00e4re des modernen Lebens bieten.<\/p>\n\n\n\n<div class=\"wp-block-columns is-layout-flex wp-container-core-columns-is-layout-1 wp-block-columns-is-layout-flex\">\n<div class=\"wp-block-column is-layout-flow wp-block-column-is-layout-flow\">\n<figure class=\"wp-block-image size-citadela_service is-resized is-style-default\"><img decoding=\"async\" src=\"https:\/\/kastelir-labinci.com\/wp-content\/uploads\/2021\/06\/Kastelir-Vitis-fridays-fb-2-1-480x360.jpg\" alt=\"\" class=\"wp-image-4741\" width=\"500\" srcset=\"https:\/\/kastelir-labinci.com\/wp-content\/uploads\/2021\/06\/Kastelir-Vitis-fridays-fb-2-1-480x360.jpg 480w, https:\/\/kastelir-labinci.com\/wp-content\/uploads\/2021\/06\/Kastelir-Vitis-fridays-fb-2-1-640x480.jpg 640w\" sizes=\"(max-width: 480px) 100vw, 480px\" \/><\/figure>\n\n\n\n<p>AROMEN<\/p>\n\n\n\n<p>F\u00fcr unvergessliche gastronomische Erlebnisse probieren Sie die K\u00f6stlichkeiten unserer Region.<\/p>\n\n\n\n<p>Zahlreiche Agrotourismen und landwirtschaftliche Familienbetriebe werden Sie immer mit offenen Armen empfangen und Ihnen unvergessliche gastronomische Erlebnisse anbieten. Aufgrund der gro\u00dfen Anzahl von landwirtschaftlichen Familienbetrieben, die ihre eigenen Produkte herstellen, und der Notwendigkeit, die Ergebnisse ihrer Bem\u00fchungen dort zu pr\u00e4sentieren, wo sie entstanden sind, wird im Sommer die &#8222;Ka\u0161telir-Sommermesse&#8220; organisiert, wo Sie die Produkte probieren und kaufen k\u00f6nnen..<\/p>\n\n\n\n<p><strong><a href=\"https:\/\/kastelir-labinci.com\/2021\/06\/25\/together-in-free-friday-tasting\/\">Together In Tour<\/a><\/strong><\/p>\n\n\n\n<p>F\u00fcr ein besonderes Erlebnis aus erster Hand laden wir Sie in Kooperation mit dem Landwirtschaftsverband Vitis ein, mit uns auf die \u201eTogether In Tour\u201c zu gehen. Einmal pro Woche wird eine Tour organisiert, bei der Sie die Familienbetriebe in Ka\u0161telir-Labinci besuchen, den Charme des l\u00e4ndlichen Istriens entdecken und Wein, Schnaps, Oliven\u00f6l sowie andere einheimische Produkte probieren k\u00f6nnen. Diese einzigartige Geschichte sollten Sie sich wirklich nicht entgehen lassen. <\/p>\n\n\n\n<p>Kontakt: Landwirtschaftsverband Vitis<\/p>\n<\/div>\n\n\n\n<div class=\"wp-block-column is-layout-flow wp-block-column-is-layout-flow\">\n<figure class=\"wp-block-image size-citadela_service is-resized is-style-default\"><a href=\"https:\/\/kastelir-labinci.com\/de\/2021\/06\/26\/veranstaltungen-und-ereignisse\/\"><img decoding=\"async\" src=\"https:\/\/kastelir-labinci.com\/wp-content\/uploads\/2021\/05\/20180804_210443-scaled-1-480x360.jpg\" alt=\"\" class=\"wp-image-5948\" width=\"500\" srcset=\"https:\/\/kastelir-labinci.com\/wp-content\/uploads\/2021\/05\/20180804_210443-scaled-1-480x360.jpg 480w, https:\/\/kastelir-labinci.com\/wp-content\/uploads\/2021\/05\/20180804_210443-scaled-1-300x225.jpg 300w, https:\/\/kastelir-labinci.com\/wp-content\/uploads\/2021\/05\/20180804_210443-scaled-1-1024x768.jpg 1024w, https:\/\/kastelir-labinci.com\/wp-content\/uploads\/2021\/05\/20180804_210443-scaled-1-768x576.jpg 768w, https:\/\/kastelir-labinci.com\/wp-content\/uploads\/2021\/05\/20180804_210443-scaled-1-640x480.jpg 640w, https:\/\/kastelir-labinci.com\/wp-content\/uploads\/2021\/05\/20180804_210443-scaled-1-1536x1152.jpg 1536w, https:\/\/kastelir-labinci.com\/wp-content\/uploads\/2021\/05\/20180804_210443-scaled-1-2048x1536.jpg 2048w\" sizes=\"(max-width: 480px) 100vw, 480px\" \/><\/a><\/figure>\n\n\n\n<p><strong><a href=\"https:\/\/kastelir-labinci.com\/de\/2021\/06\/26\/veranstaltungen-und-ereignisse\/\">Veranstaltungen und Erlebnisse<\/a><\/strong><\/p>\n\n\n\n<p>Bei uns k\u00f6nnen Sie die weit bekannte <em>Gramperijada<\/em> erleben, eine Veranstaltung, bei der Kartoffeln als Frucht gefeiert werden. Wenn Sie sich fragen, warum der Name <em>Gramperijada<\/em> ist, m\u00fcssen Sie wissen, dass Ka\u0161telir der einzige Ort in Istrien ist, an dem Kartoffeln <em>Gramper<\/em> genannt werden und ihre Qualit\u00e4t ist weithin bekannt. Die <em>Gramperijada<\/em> besteht aus Wettbewerben f\u00fcr die seltsamste und gr\u00f6\u00dfte Kartoffel, und ein unausweichlicher Teil ist die Zubereitung aller Arten von Kartoffelgerichten, Musik und eine fr\u00f6hliche Atmosph\u00e4re.<\/p>\n\n\n\n<p>Wir veranstalten auch die Feier <em>Kuzminja<\/em>, die Einheimische und Besucher immer wieder begeistert, haupts\u00e4chlich aufgrund der live Zubereitung traditioneller Gerichte. Bei der Zubereitung von K\u00f6stlichkeiten treten oft Teams bestehend aus Mitgliedern kommunaler K\u00f6rperschaften, der Freiwilligen Feuerwehr, von Gesangsgruppen, Mitgliedern der italienischen Gesellschaft oder Sportvereinen gegeneinander an. <em>Kuzminja<\/em> ist ein Fest, bei dem die traditionelle kirchliche Prozession feierlich den Tag des Schutzpatrons des Ortes, des Hl. Kosmas und Damian zelebriert.<\/p>\n\n\n\n<p>Erw\u00e4hnenswert ist auch die traditionelle Feier des Valentinstags, der wir gro\u00dfe Aufmerksamkeit schenken, da der Hl. Valentin, der Schutzpatron von Ka\u0161telir ist. Wir laden Sie auch ein zum Fest des Hl. Johannes, des Schutzpatrons von Labinci. Dieser Feiertag wird jedes Jahr am 24. Juni an diesem Ort gefeiert<\/p>\n<\/div>\n<\/div>\n\n\n\n<figure class=\"wp-block-gallery aligncenter columns-0 is-cropped wp-block-gallery-1 is-layout-flex wp-block-gallery-is-layout-flex\"><ul class=\"blocks-gallery-grid\"><\/ul><\/figure>\n\n\n\n<p><\/p>\n<\/div><\/div>\n\n\n\n<p><\/p>\n<\/div><\/div>\n\n\n\n<div class=\"wp-block-citadela-blocks-spacer citadela-block-spacer\"><div class=\"inner-holder\" style=\"padding-top:5vw\"><\/div><\/div>\n\n\n\n<div class=\"wp-block-citadela-blocks-spacer citadela-block-spacer\"><div class=\"inner-holder\" style=\"padding-top:4vw\"><\/div><\/div>\n\n\n\n<div class=\"wp-block-citadela-blocks-spacer citadela-block-spacer negative-height\"><div class=\"inner-holder\" style=\"margin-top:-8em\"><\/div><\/div>\n","protected":false},"excerpt":{"rendered":"","protected":false},"author":1,"featured_media":0,"parent":0,"menu_order":0,"comment_status":"closed","ping_status":"closed","template":"","meta":{"_citadela_hide_page_title":"1","_citadela_remove_header_space":"1","_citadela_custom_class":"","_citadela_half_map_provider":"","_citadela_half_map_theme":"","_citadela_half_map_themeOSM":"","_citadela_half_map_customTheme":"","_citadela_half_map_dataType":"","_citadela_half_map_dynamicTrack":false,"_citadela_half_map_trackColor":"","_citadela_half_map_trackEndpointsColor":"","_citadela_half_map_filterCategory":"","_citadela_half_map_filterLocation":"","_citadela_half_map_filterFeatured":false,"_citadela_half_map_noDataBehavior":"empty-map","_citadela_half_map_noDataText":"","_citadela_half_map_clusterGridSize":80,"_citadela_header":true,"_citadela_header_over_content":true,"_citadela_header_text_color":"","_citadela_header_logo":[],"_citadela_header_bg_image":[],"_citadela_header_bg_position":{"x":0.5,"y":0.5},"_citadela_header_bg_size":"cover","_citadela_header_bg_repeat":"no-repeat","_citadela_header_bg_fixed":false,"_citadela_header_bg_color":"","_citadela_header_bg_image_overlay":"","_citadela_header_transparent_bg":false,"_citadela_content_width":"","_citadela_half_layout_position":"","footnotes":""},"class_list":["post-5322","page","type-page","status-publish","hentry"],"yoast_head":"<!-- This site is optimized with the Yoast SEO plugin v25.2 - https:\/\/yoast.com\/wordpress\/plugins\/seo\/ -->\n<title>Erlebnisse - Together in<\/title>\n<meta name=\"description\" content=\"Together in Ka\u0161telir Labinci\" \/>\n<meta name=\"robots\" content=\"index, follow, max-snippet:-1, max-image-preview:large, max-video-preview:-1\" \/>\n<link rel=\"canonical\" href=\"https:\/\/kastelir-labinci.com\/de\/dozivljaj\/\" \/>\n<meta property=\"og:locale\" content=\"de_DE\" \/>\n<meta property=\"og:type\" content=\"article\" \/>\n<meta property=\"og:title\" content=\"Erlebnisse - Together in\" \/>\n<meta property=\"og:description\" content=\"Together in Ka\u0161telir Labinci\" \/>\n<meta property=\"og:url\" content=\"https:\/\/kastelir-labinci.com\/de\/dozivljaj\/\" \/>\n<meta property=\"og:site_name\" content=\"Together in\" \/>\n<meta property=\"article:modified_time\" content=\"2021-08-05T13:03:04+00:00\" \/>\n<meta property=\"og:image\" content=\"https:\/\/kastelir-labinci.com\/wp-content\/uploads\/2021\/06\/Kastelir-Vitis-fridays-fb-2-1-480x360.jpg\" \/>\n<meta name=\"twitter:card\" content=\"summary_large_image\" \/>\n<meta name=\"twitter:label1\" content=\"Gesch\u00e4tzte Lesezeit\" \/>\n\t<meta name=\"twitter:data1\" content=\"3\u00a0Minuten\" \/>\n<script type=\"application\/ld+json\" class=\"yoast-schema-graph\">{\"@context\":\"https:\/\/schema.org\",\"@graph\":[{\"@type\":\"WebPage\",\"@id\":\"https:\/\/kastelir-labinci.com\/de\/dozivljaj\/\",\"url\":\"https:\/\/kastelir-labinci.com\/de\/dozivljaj\/\",\"name\":\"Erlebnisse - Together in\",\"isPartOf\":{\"@id\":\"https:\/\/kastelir-labinci.com\/de\/#website\"},\"primaryImageOfPage\":{\"@id\":\"https:\/\/kastelir-labinci.com\/de\/dozivljaj\/#primaryimage\"},\"image\":{\"@id\":\"https:\/\/kastelir-labinci.com\/de\/dozivljaj\/#primaryimage\"},\"thumbnailUrl\":\"https:\/\/kastelir-labinci.com\/wp-content\/uploads\/2021\/06\/Kastelir-Vitis-fridays-fb-2-1-480x360.jpg\",\"datePublished\":\"2021-05-26T10:37:38+00:00\",\"dateModified\":\"2021-08-05T13:03:04+00:00\",\"description\":\"Together in Ka\u0161telir Labinci\",\"breadcrumb\":{\"@id\":\"https:\/\/kastelir-labinci.com\/de\/dozivljaj\/#breadcrumb\"},\"inLanguage\":\"de\",\"potentialAction\":[{\"@type\":\"ReadAction\",\"target\":[\"https:\/\/kastelir-labinci.com\/de\/dozivljaj\/\"]}]},{\"@type\":\"ImageObject\",\"inLanguage\":\"de\",\"@id\":\"https:\/\/kastelir-labinci.com\/de\/dozivljaj\/#primaryimage\",\"url\":\"https:\/\/kastelir-labinci.com\/wp-content\/uploads\/2021\/06\/Kastelir-Vitis-fridays-fb-2-1-480x360.jpg\",\"contentUrl\":\"https:\/\/kastelir-labinci.com\/wp-content\/uploads\/2021\/06\/Kastelir-Vitis-fridays-fb-2-1-480x360.jpg\"},{\"@type\":\"BreadcrumbList\",\"@id\":\"https:\/\/kastelir-labinci.com\/de\/dozivljaj\/#breadcrumb\",\"itemListElement\":[{\"@type\":\"ListItem\",\"position\":1,\"name\":\"Home\",\"item\":\"https:\/\/kastelir-labinci.com\/de\/\"},{\"@type\":\"ListItem\",\"position\":2,\"name\":\"Erlebnisse\"}]},{\"@type\":\"WebSite\",\"@id\":\"https:\/\/kastelir-labinci.com\/de\/#website\",\"url\":\"https:\/\/kastelir-labinci.com\/de\/\",\"name\":\"Together in\",\"description\":\"- Ka\u0161telir-Labinci\",\"publisher\":{\"@id\":\"https:\/\/kastelir-labinci.com\/de\/#organization\"},\"potentialAction\":[{\"@type\":\"SearchAction\",\"target\":{\"@type\":\"EntryPoint\",\"urlTemplate\":\"https:\/\/kastelir-labinci.com\/de\/?s={search_term_string}\"},\"query-input\":{\"@type\":\"PropertyValueSpecification\",\"valueRequired\":true,\"valueName\":\"search_term_string\"}}],\"inLanguage\":\"de\"},{\"@type\":\"Organization\",\"@id\":\"https:\/\/kastelir-labinci.com\/de\/#organization\",\"name\":\"TOGETHER IN Ka\u0161telir - Labinci, turisti\u010dka zajednica\",\"url\":\"https:\/\/kastelir-labinci.com\/de\/\",\"logo\":{\"@type\":\"ImageObject\",\"inLanguage\":\"de\",\"@id\":\"https:\/\/kastelir-labinci.com\/de\/#\/schema\/logo\/image\/\",\"url\":\"https:\/\/kastelir-labinci.com\/wp-content\/uploads\/2020\/08\/logotip-3.png\",\"contentUrl\":\"https:\/\/kastelir-labinci.com\/wp-content\/uploads\/2020\/08\/logotip-3.png\",\"width\":512,\"height\":326,\"caption\":\"TOGETHER IN Ka\u0161telir - Labinci, turisti\u010dka zajednica\"},\"image\":{\"@id\":\"https:\/\/kastelir-labinci.com\/de\/#\/schema\/logo\/image\/\"}}]}<\/script>\n<!-- \/ Yoast SEO plugin. -->","yoast_head_json":{"title":"Erlebnisse - Together in","description":"Together in Ka\u0161telir Labinci","robots":{"index":"index","follow":"follow","max-snippet":"max-snippet:-1","max-image-preview":"max-image-preview:large","max-video-preview":"max-video-preview:-1"},"canonical":"https:\/\/kastelir-labinci.com\/de\/dozivljaj\/","og_locale":"de_DE","og_type":"article","og_title":"Erlebnisse - Together in","og_description":"Together in Ka\u0161telir Labinci","og_url":"https:\/\/kastelir-labinci.com\/de\/dozivljaj\/","og_site_name":"Together in","article_modified_time":"2021-08-05T13:03:04+00:00","og_image":[{"url":"https:\/\/kastelir-labinci.com\/wp-content\/uploads\/2021\/06\/Kastelir-Vitis-fridays-fb-2-1-480x360.jpg","type":"","width":"","height":""}],"twitter_card":"summary_large_image","twitter_misc":{"Gesch\u00e4tzte Lesezeit":"3\u00a0Minuten"},"schema":{"@context":"https:\/\/schema.org","@graph":[{"@type":"WebPage","@id":"https:\/\/kastelir-labinci.com\/de\/dozivljaj\/","url":"https:\/\/kastelir-labinci.com\/de\/dozivljaj\/","name":"Erlebnisse - Together in","isPartOf":{"@id":"https:\/\/kastelir-labinci.com\/de\/#website"},"primaryImageOfPage":{"@id":"https:\/\/kastelir-labinci.com\/de\/dozivljaj\/#primaryimage"},"image":{"@id":"https:\/\/kastelir-labinci.com\/de\/dozivljaj\/#primaryimage"},"thumbnailUrl":"https:\/\/kastelir-labinci.com\/wp-content\/uploads\/2021\/06\/Kastelir-Vitis-fridays-fb-2-1-480x360.jpg","datePublished":"2021-05-26T10:37:38+00:00","dateModified":"2021-08-05T13:03:04+00:00","description":"Together in Ka\u0161telir Labinci","breadcrumb":{"@id":"https:\/\/kastelir-labinci.com\/de\/dozivljaj\/#breadcrumb"},"inLanguage":"de","potentialAction":[{"@type":"ReadAction","target":["https:\/\/kastelir-labinci.com\/de\/dozivljaj\/"]}]},{"@type":"ImageObject","inLanguage":"de","@id":"https:\/\/kastelir-labinci.com\/de\/dozivljaj\/#primaryimage","url":"https:\/\/kastelir-labinci.com\/wp-content\/uploads\/2021\/06\/Kastelir-Vitis-fridays-fb-2-1-480x360.jpg","contentUrl":"https:\/\/kastelir-labinci.com\/wp-content\/uploads\/2021\/06\/Kastelir-Vitis-fridays-fb-2-1-480x360.jpg"},{"@type":"BreadcrumbList","@id":"https:\/\/kastelir-labinci.com\/de\/dozivljaj\/#breadcrumb","itemListElement":[{"@type":"ListItem","position":1,"name":"Home","item":"https:\/\/kastelir-labinci.com\/de\/"},{"@type":"ListItem","position":2,"name":"Erlebnisse"}]},{"@type":"WebSite","@id":"https:\/\/kastelir-labinci.com\/de\/#website","url":"https:\/\/kastelir-labinci.com\/de\/","name":"Together in","description":"- Ka\u0161telir-Labinci","publisher":{"@id":"https:\/\/kastelir-labinci.com\/de\/#organization"},"potentialAction":[{"@type":"SearchAction","target":{"@type":"EntryPoint","urlTemplate":"https:\/\/kastelir-labinci.com\/de\/?s={search_term_string}"},"query-input":{"@type":"PropertyValueSpecification","valueRequired":true,"valueName":"search_term_string"}}],"inLanguage":"de"},{"@type":"Organization","@id":"https:\/\/kastelir-labinci.com\/de\/#organization","name":"TOGETHER IN Ka\u0161telir - Labinci, turisti\u010dka zajednica","url":"https:\/\/kastelir-labinci.com\/de\/","logo":{"@type":"ImageObject","inLanguage":"de","@id":"https:\/\/kastelir-labinci.com\/de\/#\/schema\/logo\/image\/","url":"https:\/\/kastelir-labinci.com\/wp-content\/uploads\/2020\/08\/logotip-3.png","contentUrl":"https:\/\/kastelir-labinci.com\/wp-content\/uploads\/2020\/08\/logotip-3.png","width":512,"height":326,"caption":"TOGETHER IN Ka\u0161telir - Labinci, turisti\u010dka zajednica"},"image":{"@id":"https:\/\/kastelir-labinci.com\/de\/#\/schema\/logo\/image\/"}}]}},"_links":{"self":[{"href":"https:\/\/kastelir-labinci.com\/de\/wp-json\/wp\/v2\/pages\/5322"}],"collection":[{"href":"https:\/\/kastelir-labinci.com\/de\/wp-json\/wp\/v2\/pages"}],"about":[{"href":"https:\/\/kastelir-labinci.com\/de\/wp-json\/wp\/v2\/types\/page"}],"author":[{"embeddable":true,"href":"https:\/\/kastelir-labinci.com\/de\/wp-json\/wp\/v2\/users\/1"}],"replies":[{"embeddable":true,"href":"https:\/\/kastelir-labinci.com\/de\/wp-json\/wp\/v2\/comments?post=5322"}],"version-history":[{"count":12,"href":"https:\/\/kastelir-labinci.com\/de\/wp-json\/wp\/v2\/pages\/5322\/revisions"}],"predecessor-version":[{"id":6845,"href":"https:\/\/kastelir-labinci.com\/de\/wp-json\/wp\/v2\/pages\/5322\/revisions\/6845"}],"wp:attachment":[{"href":"https:\/\/kastelir-labinci.com\/de\/wp-json\/wp\/v2\/media?parent=5322"}],"curies":[{"name":"wp","href":"https:\/\/api.w.org\/{rel}","templated":true}]}}