{"id":5369,"date":"2020-06-01T14:36:40","date_gmt":"2020-06-01T14:36:40","guid":{"rendered":"https:\/\/kastelir-labinci.com\/activities\/"},"modified":"2021-08-15T15:56:31","modified_gmt":"2021-08-15T15:56:31","slug":"aktivitaten","status":"publish","type":"page","link":"https:\/\/kastelir-labinci.com\/de\/aktivitaten\/","title":{"rendered":"Aktivit\u00e4ten"},"content":{"rendered":"\n<div class=\"wp-block-citadela-blocks-custom-container citadela-block-custom-container size-wide bg-type-none inside-space-large\"><div class=\"inner-holder\">\n<div class=\"wp-block-citadela-blocks-spacer citadela-block-spacer responsive-options loading\" data-block-attr=\"{&quot;desktop&quot;:{&quot;height&quot;:&quot;180px&quot;},&quot;mobile&quot;:{&quot;height&quot;:&quot;200px&quot;}}\" data-block-mobile-breakpoint=\"600\"><div class=\"inner-holder\" style=\"padding-top:180px\"><\/div><\/div>\n\n\n\n<div class=\"wp-block-citadela-blocks-spacer citadela-block-spacer\"><div class=\"inner-holder\" style=\"padding-top:2.2vw\"><\/div><\/div>\n\n\n\n<div class=\"wp-block-columns is-layout-flex wp-container-core-columns-is-layout-1 wp-block-columns-is-layout-flex\">\n<div class=\"wp-block-column is-layout-flow wp-block-column-is-layout-flow\" style=\"flex-basis:50%\">         <div \r\n            class=\"citadela-block-responsive-text align-left\"\r\n                                 >\r\n            <h1 class=\"inner-tag\" style=\"font-size: 52px;\">Aktivit\u00e4ten in der <strong>Natur<\/strong><\/h1>         <\/div>\r\n      \n\n\n<p>Die Natursch\u00f6nheiten unserer Region sind ideal f\u00fcr alle Aktivurlauber, die Erkundungen, Ausfl\u00fcge und Erholung lieben. Rad- und Wanderwege f\u00fchren Sie durch die idyllische Geschichte von Olivenhainen und Weinbergen und an unseren Ausflugspunkten k\u00f6nnen Sie besondere Momente verbringen.<\/p>\n\n\n\n<p>Im Sommer wird eine Ballonfahrt organisiert, ein einzigartiges Erlebnis im Morgengrauen oder bei Sonnenuntergang. Private Tennispl\u00e4tze (mit Flutlicht f\u00fcr Nachtspiele) inmitten von Olivenhainen bieten den G\u00e4sten von M\u00e4rz bis November jederzeit die M\u00f6glichkeit, Spa\u00df zu haben und Tennis zu spielen. N\u00f6rdlich \u00fcber dem Tal von Mirna befindet sich Vrbanovica, ein Picknick- und Gedenkgebiet, das aufgrund der Radwege von Pore\u010d Radfahrer und Wanderer anzieht, w\u00e4hrend im Westen das unbewohnte Sabadin auf 170 Metern \u00fcber dem Meeresspiegel ein Picknickplatz mit spektakul\u00e4rer Aussicht ist.<\/p>\n\n\n\n<p style=\"font-size:18px\"><\/p>\n\n\n\n<div class=\"wp-block-citadela-blocks-spacer citadela-block-spacer negative-height\"><div class=\"inner-holder\" style=\"margin-top:-25px\"><\/div><\/div>\n<\/div>\n\n\n\n<div class=\"wp-block-column is-layout-flow wp-block-column-is-layout-flow\" style=\"flex-basis:85.9%\">\n<div class=\"wp-block-cover alignfull has-background-dim-10 has-background-dim\"><img loading=\"lazy\" decoding=\"async\" width=\"2560\" height=\"1703\" class=\"wp-block-cover__image-background wp-image-5783\" alt=\"\" src=\"https:\/\/kastelir-labinci.com\/wp-content\/uploads\/2020\/05\/most-scaled.jpg\" data-object-fit=\"cover\" srcset=\"https:\/\/kastelir-labinci.com\/wp-content\/uploads\/2020\/05\/most-scaled.jpg 2560w, https:\/\/kastelir-labinci.com\/wp-content\/uploads\/2020\/05\/most-300x200.jpg 300w, https:\/\/kastelir-labinci.com\/wp-content\/uploads\/2020\/05\/most-1024x681.jpg 1024w, https:\/\/kastelir-labinci.com\/wp-content\/uploads\/2020\/05\/most-768x511.jpg 768w, https:\/\/kastelir-labinci.com\/wp-content\/uploads\/2020\/05\/most-1536x1022.jpg 1536w, https:\/\/kastelir-labinci.com\/wp-content\/uploads\/2020\/05\/most-2048x1363.jpg 2048w\" sizes=\"(max-width: 2560px) 100vw, 2560px\" \/><div class=\"wp-block-cover__inner-container is-layout-flow wp-block-cover-is-layout-flow\">\n<p class=\"has-text-align-center has-large-font-size\"><\/p>\n<\/div><\/div>\n\n\n\n<p><\/p>\n<\/div>\n<\/div>\n\n\n\n<div class=\"wp-block-citadela-blocks-spacer citadela-block-spacer negative-height\"><div class=\"inner-holder\" style=\"margin-top:-62px\"><\/div><\/div>\n<\/div><\/div>\n\n\n\n<div class=\"wp-block-citadela-blocks-spacer citadela-block-spacer\"><div class=\"inner-holder\" style=\"padding-top:20px\"><\/div><\/div>\n\n\n\n<div class=\"wp-block-citadela-blocks-spacer citadela-block-spacer\"><div class=\"inner-holder\" style=\"padding-top:2vw\"><\/div><\/div>\n\n\n\n<div class=\"wp-block-citadela-blocks-custom-container citadela-block-custom-container size-wide bg-type-none inside-space-small\"><div class=\"inner-holder\">\r\n        <div class=\"wp-block-citadela-blocks ctdl-directory-categories-list grid-type-2 layout-box size-large\"\r\n                    >\r\n            \r\n            \r\n            \r\n            <div class=\"citadela-block-articles \">\r\n                <div class=\"citadela-block-articles-wrap \">\r\n\r\n                                        \r\n                    <a href=\"https:\/\/kastelir-labinci.com\/de\/cat\/biking-de\/\" class=\"\">\r\n                        <article class=\"folder-card\">\r\n                            <div class=\"folder-header\">\r\n                                                                    <div class=\"folder-icon\">\r\n                                        <span class=\"icon-bg\" style=\"background-color: #46c868;\"><\/span>\r\n                                        <i class=\"fas fa-bicycle\" style=\"color: #46c868; border-color: #46c868;\"><\/i>\r\n                                    <\/div>\r\n                                                            <\/div>\r\n                            <div class=\"folder-content\">\r\n                                    <div class=\"folder-content-wrap\">\r\n                                        <p class=\"folder-title\">Radwege<\/p>\r\n                                                                                <p class=\"folder-description\">Sie f\u00fchrt Sie durch die Natursch\u00f6nheiten, Weinberge und Olivenhaine, und wir garantieren, dass Sie jeden Moment dieser Aktivit\u00e4t genie\u00dfen werden.\n<\/p>\r\n                                                                            <\/div>\r\n                            <\/div>\r\n                        <\/article>\r\n                    <\/a>\r\n                                        \r\n                    <a href=\"https:\/\/kastelir-labinci.com\/de\/cat\/trail-de\/\" class=\"\">\r\n                        <article class=\"folder-card\">\r\n                            <div class=\"folder-header\">\r\n                                                                    <div class=\"folder-icon\">\r\n                                        <span class=\"icon-bg\" style=\"background-color: #0085ba;\"><\/span>\r\n                                        <i class=\"fas fa-hiking\" style=\"color: #0085ba; border-color: #0085ba;\"><\/i>\r\n                                    <\/div>\r\n                                                            <\/div>\r\n                            <div class=\"folder-content\">\r\n                                    <div class=\"folder-content-wrap\">\r\n                                        <p class=\"folder-title\">Trail<\/p>\r\n                                                                                <p class=\"folder-description\">Das Gebiet an der Westk\u00fcste Istriens in der N\u00e4he von Pore\u010d bietet Wanderwege, die f\u00fcr k\u00f6rperlich weniger fitte Erholungssuchende und Familien mit Kindern geeignet sind.\n<\/p>\r\n                                                                            <\/div>\r\n                            <\/div>\r\n                        <\/article>\r\n                    <\/a>\r\n                    \r\n                <\/div>\r\n            <\/div>\r\n            \r\n            \r\n        <\/div>\r\n        <\/div><\/div>\n\n\n\n<div class=\"wp-block-citadela-blocks-spacer citadela-block-spacer\"><div class=\"inner-holder\" style=\"padding-top:3.5vw\"><\/div><\/div>\n\n\n\n<div class=\"wp-block-citadela-blocks-custom-container citadela-block-custom-container size-fullwidth bg-type-none inside-space-zero\"><div class=\"inner-holder\">\r\n        <div class='wp-block-citadela-blocks ctdl-directory-google-map loading-content custom-height'>\r\n            <div class='citadela-google-map provider-wrapper'>\r\n                <div data-endpoint=\"https:\/\/kastelir-labinci.com\/wp-json\/citadela-directory\/map-data\/points\/citadela-item?dataType=all&amp;category=66&amp;location=32&amp;only_featured=0\"data-theme=\"citadela\"data-custom-theme=\"[]\"data-map-height=\"500px\"data-cluster=\"80\" class='component-container'><\/div>\r\n                \r\n            <\/div>\r\n            <div class='citadela-loader'>\r\n                <div class='inner-wrapper'>\r\n                    <i class='fas fa-circle-notch fa-spin'><\/i>\r\n                <\/div>\r\n            <\/div>\r\n        <\/div>\r\n        <\/div><\/div>\n\n\n\n<div class=\"wp-block-citadela-blocks-spacer citadela-block-spacer\"><div class=\"inner-holder\" style=\"padding-top:30px\"><\/div><\/div>\n\n\n\n<div class=\"wp-block-citadela-blocks-spacer citadela-block-spacer\"><div class=\"inner-holder\" style=\"padding-top:3.5vw\"><\/div><\/div>\n\n\n\n<div class=\"wp-block-citadela-blocks-custom-container citadela-block-custom-container size-wide bg-type-none inside-space-none\"><div class=\"inner-holder\">\n<div class=\"wp-block-columns are-vertically-aligned-center is-layout-flex wp-container-core-columns-is-layout-2 wp-block-columns-is-layout-flex\">\n<div class=\"wp-block-column is-vertically-aligned-center is-layout-flow wp-block-column-is-layout-flow\" style=\"flex-basis:33%\">\n<h2 class=\"wp-block-heading\"><strong>W\u00e4hlen Sie aus<\/strong><\/h2>\n<\/div>\n\n\n\n<div class=\"wp-block-column is-vertically-aligned-center is-layout-flow wp-block-column-is-layout-flow\">\r\n        <div class=\"wp-block-citadela-blocks ctdl-directory-search-form border-thick shadow-none align-right custom-border-radius\">\r\n            <div class=\"citadela-block-form search-form-component-container\" style=\"\" data-action=\"&quot;https:\\\/\\\/kastelir-labinci.com\\\/de\\\/&quot;\"data-post-type=\"citadela-item\"data-category-taxonomy=\"citadela-item-category\"data-location-taxonomy=\"citadela-item-location\"data-attributes=\"{&quot;borderRadius&quot;:&quot;0&quot;}\">\r\n            <\/div>\r\n                    <\/div>\r\n\r\n        \n\n\n<div class=\"wp-block-citadela-blocks-spacer citadela-block-spacer negative-height\"><div class=\"inner-holder\" style=\"margin-top:-30px\"><\/div><\/div>\n<\/div>\n<\/div>\n\n\n\r\n        <div \r\n            class=\"wp-block-citadela-blocks ctdl-directory-items-list layout-box size-medium grid-type-1 image-size-citadela_item_thumbnail image-position-center-center default-image-height show-item-featured-image show-item-subtitle show-item-description show-item-categories show-item-locations show-item-rating border-none\"\r\n                        \t\r\n                        >\r\n            \r\n            \r\n            \r\n            <div class=\"citadela-block-articles \">\r\n               \r\n                <div class=\"citadela-block-articles-wrap \">\r\n                \r\n<article class=\"citadela-article has-thumbnail has-subtitle has-description has-categories has-locations\">\r\n\r\n\t<div class=\"item-content\" style=\"\">\r\n\t\t\t\t<div class=\"item-thumbnail\" style=\"\">\r\n\t\t\t<a href=\"https:\/\/kastelir-labinci.com\/de\/item\/gourm-e-bike\/\">\r\n\t\t\t\t<img loading=\"lazy\" decoding=\"async\" \r\n\t\t\t\t\tclass=\"item-image\"\r\n                    src=\"https:\/\/kastelir-labinci.com\/wp-content\/uploads\/2024\/07\/STUDIO11-GOURM-E-BIKE-01-127_websize-640x480.jpg\"\r\n                    width=\"640\"\r\n                    height=\"480\"\r\n                    srcset=\"https:\/\/kastelir-labinci.com\/wp-content\/uploads\/2024\/07\/STUDIO11-GOURM-E-BIKE-01-127_websize-640x480.jpg 640w, https:\/\/kastelir-labinci.com\/wp-content\/uploads\/2024\/07\/STUDIO11-GOURM-E-BIKE-01-127_websize-480x360.jpg 480w\"\r\n                    sizes=\"(max-width: 640px) 100vw, 640px\"\r\n                    alt=\"GOURM-E BIKE\"\r\n                    style=\"\"                \/>\r\n\t\t\t<\/a>\r\n\t\t<\/div>\r\n\t\t\r\n\t\t<div class=\"item-body\">\r\n\t\t\t<div class=\"item-title\">\r\n\t\t\t\t<a href=\"https:\/\/kastelir-labinci.com\/de\/item\/gourm-e-bike\/\">\r\n\t\t\t\t\t<div class=\"item-title-wrap\">\r\n\t\t\t\t\t\t<div class=\"post-title\">GOURM-E BIKE<\/div>\r\n\t\t\t\t\t\t\t\t\t\t\t\t<div class=\"post-subtitle\" style=\"\">jeden Montag im Juli und August auf dieses fantastische eno-gastronomische Abenteuer zu begleiten, bei dem Sie unter fachkundiger F\u00fchrung auf dem Fahrrad lokale Bauernh\u00f6fe besuchen<\/div>\r\n\t\t\t\t\t\t\t\t\t\t\t<\/div>\r\n\t\t\t\t<\/a>\r\n\t\t\t<\/div>\r\n\t\t\t\r\n\t\t\t\r\n\t\t\t\t\t\t<div class=\"item-text\">\r\n\t\t\t\t<div class=\"item-description\">\r\n\t\t\t\t\t<p>Pozivamo vas zato da nam se pridru\u017eite svakog ponedjeljka u srpnju i kolovozu na ovoj izvrsnoj enogastro avanturi tijekom koje \u0107ete pod stru\u010dnim vodstvom na svojim biciklima obi\u0107i lokalne OPG-ove<\/p>\r\n\t\t\t\t\t<a href=\"https:\/\/kastelir-labinci.com\/de\/item\/gourm-e-bike\/\" class=\"more\">Mehr sehen<\/a>\r\n\t\t\t\t<\/div>\r\n\t\t\t<\/div>\r\n\t\t\t\t\t\t<div class=\"item-footer\" style=\"\">\r\n\t\t\t\t\t\t\t\t<div class=\"item-data location\" style=\"\">\r\n\t\t\t\t\t<span class=\"label\">Standort<\/span>\r\n\t\t\t\t\t<span class=\"values\">\r\n\t\t\t\t\t\t\t\t\t\t\t\t<a href=\"https:\/\/kastelir-labinci.com\/de\/loc\/kastelir-de\/\" class=\"value\" style=\"\">Kastelir<\/a>\r\n\t\t\t\t\t\t\t\t\t\t\t<\/span>\r\n\t\t\t\t<\/div>\r\n\t\t\t\t\t\t\t\t\t\t\t\t\t\t\t\t\t\t\t\t<div class=\"item-data categories\" style=\"\">\r\n\t\t\t\t\t<span class=\"label\">Kategorien<\/span>\r\n\t\t\t\t\t<span class=\"values\">\r\n\t\t\t\t\t\t\t\t\t\t\t\t<a href=\"https:\/\/kastelir-labinci.com\/de\/cat\/biking-de\/\" class=\"value\" style=\"\">Radwege<\/a>\r\n\t\t\t\t\t\t\t\t\t\t\t\t<a href=\"https:\/\/kastelir-labinci.com\/de\/cat\/erlebnisse\/\" class=\"value\" style=\"\">Veranstaltungen<\/a>\r\n\t\t\t\t\t\t\t\t\t\t\t<\/span>\r\n\t\t\t\t<\/div>\r\n\t\t\t\t\t\t\t<\/div>\r\n\t\t<\/div>\r\n\t<\/div>\r\n\r\n<\/article>\r\n\r\n\r\n\r\n<article class=\"citadela-article has-thumbnail has-description has-categories has-locations\">\r\n\r\n\t<div class=\"item-content\" style=\"\">\r\n\t\t\t\t<div class=\"item-thumbnail\" style=\"\">\r\n\t\t\t<a href=\"https:\/\/kastelir-labinci.com\/de\/item\/fussweg-512-die-zwei-muehlen\/\">\r\n\t\t\t\t<img loading=\"lazy\" decoding=\"async\" \r\n\t\t\t\t\tclass=\"item-image\"\r\n                    src=\"https:\/\/kastelir-labinci.com\/wp-content\/uploads\/2020\/08\/KAST-PARAG-4-640x480.jpg\"\r\n                    width=\"640\"\r\n                    height=\"480\"\r\n                    srcset=\"https:\/\/kastelir-labinci.com\/wp-content\/uploads\/2020\/08\/KAST-PARAG-4-640x480.jpg 640w, https:\/\/kastelir-labinci.com\/wp-content\/uploads\/2020\/08\/KAST-PARAG-4-480x360.jpg 480w\"\r\n                    sizes=\"(max-width: 640px) 100vw, 640px\"\r\n                    alt=\"Fu\u00dfweg 512 \u201edie Zwei M\u00fchlen\u201c\"\r\n                    style=\"\"                \/>\r\n\t\t\t<\/a>\r\n\t\t<\/div>\r\n\t\t\r\n\t\t<div class=\"item-body\">\r\n\t\t\t<div class=\"item-title\">\r\n\t\t\t\t<a href=\"https:\/\/kastelir-labinci.com\/de\/item\/fussweg-512-die-zwei-muehlen\/\">\r\n\t\t\t\t\t<div class=\"item-title-wrap\">\r\n\t\t\t\t\t\t<div class=\"post-title\">Fu\u00dfweg 512 \u201edie Zwei M\u00fchlen\u201c<\/div>\r\n\t\t\t\t\t\t\t\t\t\t\t<\/div>\r\n\t\t\t\t<\/a>\r\n\t\t\t<\/div>\r\n\t\t\t\r\n\t\t\t\r\n\t\t\t\t\t\t<div class=\"item-text\">\r\n\t\t\t\t<div class=\"item-description\">\r\n\t\t\t\t\t<p>Streckenl\u00e4nge: 14,5 km H\u00f6henunterschied der Strecke: Der h\u00f6chste Punkt der Strecke ist am Start oder Ziel (240 m \u00fcber dem Meeresspiegel) Der niedrigste Punkt des Weges befindet sich im Tal des Flusses Mirna zwischen dem 6. und 9. Kilometer (10 m \u00fcber dem Meeresspiegel) Untergrund: Asfalt 1,8 km. Makadam 12,7&#8230;<\/p>\r\n\t\t\t\t\t<a href=\"https:\/\/kastelir-labinci.com\/de\/item\/fussweg-512-die-zwei-muehlen\/\" class=\"more\">Mehr sehen<\/a>\r\n\t\t\t\t<\/div>\r\n\t\t\t<\/div>\r\n\t\t\t\t\t\t<div class=\"item-footer\" style=\"\">\r\n\t\t\t\t\t\t\t\t<div class=\"item-data location\" style=\"\">\r\n\t\t\t\t\t<span class=\"label\">Standort<\/span>\r\n\t\t\t\t\t<span class=\"values\">\r\n\t\t\t\t\t\t\t\t\t\t\t\t<a href=\"https:\/\/kastelir-labinci.com\/de\/loc\/kastelir-de\/\" class=\"value\" style=\"\">Kastelir<\/a>\r\n\t\t\t\t\t\t\t\t\t\t\t<\/span>\r\n\t\t\t\t<\/div>\r\n\t\t\t\t\t\t\t\t\t\t\t\t\t\t\t\t\t\t\t\t<div class=\"item-data categories\" style=\"\">\r\n\t\t\t\t\t<span class=\"label\">Kategorien<\/span>\r\n\t\t\t\t\t<span class=\"values\">\r\n\t\t\t\t\t\t\t\t\t\t\t\t<a href=\"https:\/\/kastelir-labinci.com\/de\/cat\/trail-de\/\" class=\"value\" style=\"\">Trail<\/a>\r\n\t\t\t\t\t\t\t\t\t\t\t<\/span>\r\n\t\t\t\t<\/div>\r\n\t\t\t\t\t\t\t<\/div>\r\n\t\t<\/div>\r\n\t<\/div>\r\n\r\n<\/article>\r\n\r\n\r\n                <\/div>\r\n                \r\n                \r\n            <\/div>\r\n            \r\n                        \r\n        <\/div>\r\n        <\/div><\/div>\n\n\n\n<div class=\"wp-block-citadela-blocks-spacer citadela-block-spacer\"><div class=\"inner-holder\" style=\"padding-top:2vw\"><\/div><\/div>\n\n\n\n<div class=\"wp-block-group alignwide\"><div class=\"wp-block-group__inner-container is-layout-flow wp-block-group-is-layout-flow\">\n<hr class=\"wp-block-separator is-style-wide\"\/>\n\n\n\n<p><\/p>\n<\/div><\/div>\n\n\n\n<div class=\"wp-block-citadela-blocks-spacer citadela-block-spacer\"><div class=\"inner-holder\" style=\"padding-top:2.5vw\"><\/div><\/div>\n\n\n\n<div class=\"wp-block-citadela-blocks-spacer citadela-block-spacer negative-height\"><div class=\"inner-holder\" style=\"margin-top:-35px\"><\/div><\/div>\n\n\n\n<div class=\"wp-block-citadela-blocks-spacer citadela-block-spacer negative-height\"><div class=\"inner-holder\" style=\"margin-top:-45px\"><\/div><\/div>\n\n\n\n<div class=\"wp-block-citadela-blocks-spacer citadela-block-spacer negative-height\"><div class=\"inner-holder\" style=\"margin-top:-8em\"><\/div><\/div>\n","protected":false},"excerpt":{"rendered":"","protected":false},"author":1,"featured_media":0,"parent":0,"menu_order":0,"comment_status":"closed","ping_status":"closed","template":"","meta":{"_citadela_hide_page_title":"1","_citadela_remove_header_space":"1","_citadela_custom_class":"","_citadela_half_map_provider":"","_citadela_half_map_theme":"","_citadela_half_map_themeOSM":"","_citadela_half_map_customTheme":"","_citadela_half_map_dataType":"","_citadela_half_map_dynamicTrack":false,"_citadela_half_map_trackColor":"","_citadela_half_map_trackEndpointsColor":"","_citadela_half_map_filterCategory":"","_citadela_half_map_filterLocation":"","_citadela_half_map_filterFeatured":false,"_citadela_half_map_noDataBehavior":"empty-map","_citadela_half_map_noDataText":"","_citadela_half_map_clusterGridSize":80,"_citadela_header":true,"_citadela_header_over_content":true,"_citadela_header_text_color":"","_citadela_header_logo":[],"_citadela_header_bg_image":[],"_citadela_header_bg_position":{"x":0.5,"y":0.5},"_citadela_header_bg_size":"cover","_citadela_header_bg_repeat":"no-repeat","_citadela_header_bg_fixed":false,"_citadela_header_bg_color":"","_citadela_header_bg_image_overlay":"","_citadela_header_transparent_bg":false,"_citadela_content_width":"","_citadela_half_layout_position":"","footnotes":""},"class_list":["post-5369","page","type-page","status-publish","hentry"],"yoast_head":"<!-- This site is optimized with the Yoast SEO plugin v25.2 - https:\/\/yoast.com\/wordpress\/plugins\/seo\/ -->\n<title>Aktivit\u00e4ten - Together in<\/title>\n<meta name=\"description\" content=\"Together in Ka\u0161telir Labinci\" \/>\n<meta name=\"robots\" content=\"index, follow, max-snippet:-1, max-image-preview:large, max-video-preview:-1\" \/>\n<link rel=\"canonical\" href=\"https:\/\/kastelir-labinci.com\/de\/aktivitaten\/\" \/>\n<meta property=\"og:locale\" content=\"de_DE\" \/>\n<meta property=\"og:type\" content=\"article\" \/>\n<meta property=\"og:title\" content=\"Aktivit\u00e4ten - Together in\" \/>\n<meta property=\"og:description\" content=\"Together in Ka\u0161telir Labinci\" \/>\n<meta property=\"og:url\" content=\"https:\/\/kastelir-labinci.com\/de\/aktivitaten\/\" \/>\n<meta property=\"og:site_name\" content=\"Together in\" \/>\n<meta property=\"article:modified_time\" content=\"2021-08-15T15:56:31+00:00\" \/>\n<meta property=\"og:image\" content=\"https:\/\/kastelir-labinci.com\/wp-content\/uploads\/2020\/05\/most-scaled.jpg\" \/>\n<meta name=\"twitter:card\" content=\"summary_large_image\" \/>\n<meta name=\"twitter:label1\" content=\"Gesch\u00e4tzte Lesezeit\" \/>\n\t<meta name=\"twitter:data1\" content=\"1\u00a0Minute\" \/>\n<script type=\"application\/ld+json\" class=\"yoast-schema-graph\">{\"@context\":\"https:\/\/schema.org\",\"@graph\":[{\"@type\":\"WebPage\",\"@id\":\"https:\/\/kastelir-labinci.com\/de\/aktivitaten\/\",\"url\":\"https:\/\/kastelir-labinci.com\/de\/aktivitaten\/\",\"name\":\"Aktivit\u00e4ten - Together in\",\"isPartOf\":{\"@id\":\"https:\/\/kastelir-labinci.com\/de\/#website\"},\"primaryImageOfPage\":{\"@id\":\"https:\/\/kastelir-labinci.com\/de\/aktivitaten\/#primaryimage\"},\"image\":{\"@id\":\"https:\/\/kastelir-labinci.com\/de\/aktivitaten\/#primaryimage\"},\"thumbnailUrl\":\"https:\/\/kastelir-labinci.com\/wp-content\/uploads\/2020\/05\/most-scaled.jpg\",\"datePublished\":\"2020-06-01T14:36:40+00:00\",\"dateModified\":\"2021-08-15T15:56:31+00:00\",\"description\":\"Together in Ka\u0161telir Labinci\",\"breadcrumb\":{\"@id\":\"https:\/\/kastelir-labinci.com\/de\/aktivitaten\/#breadcrumb\"},\"inLanguage\":\"de\",\"potentialAction\":[{\"@type\":\"ReadAction\",\"target\":[\"https:\/\/kastelir-labinci.com\/de\/aktivitaten\/\"]}]},{\"@type\":\"ImageObject\",\"inLanguage\":\"de\",\"@id\":\"https:\/\/kastelir-labinci.com\/de\/aktivitaten\/#primaryimage\",\"url\":\"https:\/\/kastelir-labinci.com\/wp-content\/uploads\/2020\/05\/most-scaled.jpg\",\"contentUrl\":\"https:\/\/kastelir-labinci.com\/wp-content\/uploads\/2020\/05\/most-scaled.jpg\"},{\"@type\":\"BreadcrumbList\",\"@id\":\"https:\/\/kastelir-labinci.com\/de\/aktivitaten\/#breadcrumb\",\"itemListElement\":[{\"@type\":\"ListItem\",\"position\":1,\"name\":\"Home\",\"item\":\"https:\/\/kastelir-labinci.com\/de\/\"},{\"@type\":\"ListItem\",\"position\":2,\"name\":\"Aktivit\u00e4ten\"}]},{\"@type\":\"WebSite\",\"@id\":\"https:\/\/kastelir-labinci.com\/de\/#website\",\"url\":\"https:\/\/kastelir-labinci.com\/de\/\",\"name\":\"Together in\",\"description\":\"- Ka\u0161telir-Labinci\",\"publisher\":{\"@id\":\"https:\/\/kastelir-labinci.com\/de\/#organization\"},\"potentialAction\":[{\"@type\":\"SearchAction\",\"target\":{\"@type\":\"EntryPoint\",\"urlTemplate\":\"https:\/\/kastelir-labinci.com\/de\/?s={search_term_string}\"},\"query-input\":{\"@type\":\"PropertyValueSpecification\",\"valueRequired\":true,\"valueName\":\"search_term_string\"}}],\"inLanguage\":\"de\"},{\"@type\":\"Organization\",\"@id\":\"https:\/\/kastelir-labinci.com\/de\/#organization\",\"name\":\"TOGETHER IN Ka\u0161telir - Labinci, turisti\u010dka zajednica\",\"url\":\"https:\/\/kastelir-labinci.com\/de\/\",\"logo\":{\"@type\":\"ImageObject\",\"inLanguage\":\"de\",\"@id\":\"https:\/\/kastelir-labinci.com\/de\/#\/schema\/logo\/image\/\",\"url\":\"https:\/\/kastelir-labinci.com\/wp-content\/uploads\/2020\/08\/logotip-3.png\",\"contentUrl\":\"https:\/\/kastelir-labinci.com\/wp-content\/uploads\/2020\/08\/logotip-3.png\",\"width\":512,\"height\":326,\"caption\":\"TOGETHER IN Ka\u0161telir - Labinci, turisti\u010dka zajednica\"},\"image\":{\"@id\":\"https:\/\/kastelir-labinci.com\/de\/#\/schema\/logo\/image\/\"}}]}<\/script>\n<!-- \/ Yoast SEO plugin. -->","yoast_head_json":{"title":"Aktivit\u00e4ten - Together in","description":"Together in Ka\u0161telir Labinci","robots":{"index":"index","follow":"follow","max-snippet":"max-snippet:-1","max-image-preview":"max-image-preview:large","max-video-preview":"max-video-preview:-1"},"canonical":"https:\/\/kastelir-labinci.com\/de\/aktivitaten\/","og_locale":"de_DE","og_type":"article","og_title":"Aktivit\u00e4ten - Together in","og_description":"Together in Ka\u0161telir Labinci","og_url":"https:\/\/kastelir-labinci.com\/de\/aktivitaten\/","og_site_name":"Together in","article_modified_time":"2021-08-15T15:56:31+00:00","og_image":[{"url":"https:\/\/kastelir-labinci.com\/wp-content\/uploads\/2020\/05\/most-scaled.jpg","type":"","width":"","height":""}],"twitter_card":"summary_large_image","twitter_misc":{"Gesch\u00e4tzte Lesezeit":"1\u00a0Minute"},"schema":{"@context":"https:\/\/schema.org","@graph":[{"@type":"WebPage","@id":"https:\/\/kastelir-labinci.com\/de\/aktivitaten\/","url":"https:\/\/kastelir-labinci.com\/de\/aktivitaten\/","name":"Aktivit\u00e4ten - Together in","isPartOf":{"@id":"https:\/\/kastelir-labinci.com\/de\/#website"},"primaryImageOfPage":{"@id":"https:\/\/kastelir-labinci.com\/de\/aktivitaten\/#primaryimage"},"image":{"@id":"https:\/\/kastelir-labinci.com\/de\/aktivitaten\/#primaryimage"},"thumbnailUrl":"https:\/\/kastelir-labinci.com\/wp-content\/uploads\/2020\/05\/most-scaled.jpg","datePublished":"2020-06-01T14:36:40+00:00","dateModified":"2021-08-15T15:56:31+00:00","description":"Together in Ka\u0161telir Labinci","breadcrumb":{"@id":"https:\/\/kastelir-labinci.com\/de\/aktivitaten\/#breadcrumb"},"inLanguage":"de","potentialAction":[{"@type":"ReadAction","target":["https:\/\/kastelir-labinci.com\/de\/aktivitaten\/"]}]},{"@type":"ImageObject","inLanguage":"de","@id":"https:\/\/kastelir-labinci.com\/de\/aktivitaten\/#primaryimage","url":"https:\/\/kastelir-labinci.com\/wp-content\/uploads\/2020\/05\/most-scaled.jpg","contentUrl":"https:\/\/kastelir-labinci.com\/wp-content\/uploads\/2020\/05\/most-scaled.jpg"},{"@type":"BreadcrumbList","@id":"https:\/\/kastelir-labinci.com\/de\/aktivitaten\/#breadcrumb","itemListElement":[{"@type":"ListItem","position":1,"name":"Home","item":"https:\/\/kastelir-labinci.com\/de\/"},{"@type":"ListItem","position":2,"name":"Aktivit\u00e4ten"}]},{"@type":"WebSite","@id":"https:\/\/kastelir-labinci.com\/de\/#website","url":"https:\/\/kastelir-labinci.com\/de\/","name":"Together in","description":"- Ka\u0161telir-Labinci","publisher":{"@id":"https:\/\/kastelir-labinci.com\/de\/#organization"},"potentialAction":[{"@type":"SearchAction","target":{"@type":"EntryPoint","urlTemplate":"https:\/\/kastelir-labinci.com\/de\/?s={search_term_string}"},"query-input":{"@type":"PropertyValueSpecification","valueRequired":true,"valueName":"search_term_string"}}],"inLanguage":"de"},{"@type":"Organization","@id":"https:\/\/kastelir-labinci.com\/de\/#organization","name":"TOGETHER IN Ka\u0161telir - Labinci, turisti\u010dka zajednica","url":"https:\/\/kastelir-labinci.com\/de\/","logo":{"@type":"ImageObject","inLanguage":"de","@id":"https:\/\/kastelir-labinci.com\/de\/#\/schema\/logo\/image\/","url":"https:\/\/kastelir-labinci.com\/wp-content\/uploads\/2020\/08\/logotip-3.png","contentUrl":"https:\/\/kastelir-labinci.com\/wp-content\/uploads\/2020\/08\/logotip-3.png","width":512,"height":326,"caption":"TOGETHER IN Ka\u0161telir - Labinci, turisti\u010dka zajednica"},"image":{"@id":"https:\/\/kastelir-labinci.com\/de\/#\/schema\/logo\/image\/"}}]}},"_links":{"self":[{"href":"https:\/\/kastelir-labinci.com\/de\/wp-json\/wp\/v2\/pages\/5369"}],"collection":[{"href":"https:\/\/kastelir-labinci.com\/de\/wp-json\/wp\/v2\/pages"}],"about":[{"href":"https:\/\/kastelir-labinci.com\/de\/wp-json\/wp\/v2\/types\/page"}],"author":[{"embeddable":true,"href":"https:\/\/kastelir-labinci.com\/de\/wp-json\/wp\/v2\/users\/1"}],"replies":[{"embeddable":true,"href":"https:\/\/kastelir-labinci.com\/de\/wp-json\/wp\/v2\/comments?post=5369"}],"version-history":[{"count":5,"href":"https:\/\/kastelir-labinci.com\/de\/wp-json\/wp\/v2\/pages\/5369\/revisions"}],"predecessor-version":[{"id":7988,"href":"https:\/\/kastelir-labinci.com\/de\/wp-json\/wp\/v2\/pages\/5369\/revisions\/7988"}],"wp:attachment":[{"href":"https:\/\/kastelir-labinci.com\/de\/wp-json\/wp\/v2\/media?parent=5369"}],"curies":[{"name":"wp","href":"https:\/\/api.w.org\/{rel}","templated":true}]}}