{"id":5371,"date":"2020-06-01T14:36:40","date_gmt":"2020-06-01T14:36:40","guid":{"rendered":"https:\/\/kastelir-labinci.com\/accommodation\/"},"modified":"2021-08-05T20:16:57","modified_gmt":"2021-08-05T20:16:57","slug":"accommodation","status":"publish","type":"page","link":"https:\/\/kastelir-labinci.com\/de\/accommodation\/","title":{"rendered":"Unterkunft in  Ka\u0161telir-Labinci"},"content":{"rendered":"\n<div class=\"wp-block-citadela-blocks-custom-container citadela-block-custom-container size-wide bg-type-image inside-space-none bg-size-auto has-overlay\" style=\"background-image:url(http:\/\/kastelir-labinci.com\/wp-content\/uploads\/2020\/06\/blank.png);background-repeat:no-repeat;background-position:50% 100%\"><div class=\"bg-image-overlay\" style=\"opacity:0.5\"><\/div><div class=\"inner-holder\">\n<div class=\"wp-block-citadela-blocks-spacer citadela-block-spacer\"><div class=\"inner-holder\" style=\"padding-top:200px\"><\/div><\/div>\n\n\n\n<div class=\"wp-block-citadela-blocks-spacer citadela-block-spacer\"><div class=\"inner-holder\" style=\"padding-top:20px\"><\/div><\/div>\n\n\n\n<div class=\"wp-block-columns is-layout-flex wp-container-core-columns-is-layout-1 wp-block-columns-is-layout-flex\">\n<div class=\"wp-block-column is-vertically-aligned-top is-layout-flow wp-block-column-is-layout-flow\" style=\"flex-basis:50%\">         <div \r\n            class=\"citadela-block-responsive-text align-left responsive-options loading\"\r\n            data-block-mobile-attr=\"{&quot;desktop&quot;:{&quot;fontSize&quot;:&quot;52px&quot;},&quot;mobile&quot;:{&quot;fontSize&quot;:&quot;42px&quot;}}\"            data-block-mobile-breakpoint=\"600\"         >\r\n            <h1 class=\"inner-tag\" style=\"font-size: 52px;\"><strong><span class=\"has-inline-color has-luminous-vivid-orange-color\">Unterkunft<\/span><\/strong><\/h1>         <\/div>\r\n      \n\n\n<p>Zahlreiche Vermieter in unserer Umgebung bieten unterschiedliche Unterkunftsarten an und jeder Besucher findet genau das, was er sich f\u00fcr den Urlaub w\u00fcnscht, den er sich vorgestellt hat. Sie haben die Wahl zwischen Ferienh\u00e4usern, Villen mit Pool, Zimmern, Apartments, Unterk\u00fcnften in idyllischen Agrotourismusbetrieben oder in einem privaten Campingplatz.<\/p>\n\n\n\n<p><\/p>\n\n\n\n<p><\/p>\n\n\n\n<div class=\"wp-block-citadela-blocks-spacer citadela-block-spacer negative-height\"><div class=\"inner-holder\" style=\"margin-top:-25px\"><\/div><\/div>\n\n\n\n<div class=\"wp-block-citadela-blocks-custom-container citadela-block-custom-container size-content bg-type-none inside-space-zero has-shadow\" style=\"box-shadow: 0px 7px 0px 0px rgba(0, 0, 0, 0.1)\"><div class=\"inner-holder\"><\/div><\/div>\n\n\n\n<div style=\"height:49px\" aria-hidden=\"true\" class=\"wp-block-spacer\"><\/div>\n\n\n\r\n        <div class=\"wp-block-citadela-blocks ctdl-directory-search-form border-thin shadow-default align-left custom-border-radius\">\r\n            <div class=\"citadela-block-form search-form-component-container\" style=\"\" data-action=\"&quot;https:\\\/\\\/kastelir-labinci.com\\\/de\\\/&quot;\"data-post-type=\"citadela-item\"data-category-taxonomy=\"citadela-item-category\"data-location-taxonomy=\"citadela-item-location\"data-attributes=\"{&quot;borderRadius&quot;:&quot;0&quot;}\">\r\n            <\/div>\r\n                    <\/div>\r\n\r\n        <\/div>\n\n\n\n<div class=\"wp-block-column is-layout-flow wp-block-column-is-layout-flow\">\n<div class=\"wp-block-cover\" style=\"background-color:#ffffff;min-height:294px;aspect-ratio:unset;\"><img loading=\"lazy\" decoding=\"async\" width=\"1275\" height=\"705\" class=\"wp-block-cover__image-background wp-image-5372\" alt=\"\" src=\"https:\/\/kastelir-labinci.com\/wp-content\/uploads\/2020\/08\/2020-08-09_18h53_08.jpg\" style=\"object-position:37% 61%\" data-object-fit=\"cover\" data-object-position=\"37% 61%\" srcset=\"https:\/\/kastelir-labinci.com\/wp-content\/uploads\/2020\/08\/2020-08-09_18h53_08.jpg 1275w, https:\/\/kastelir-labinci.com\/wp-content\/uploads\/2020\/08\/2020-08-09_18h53_08-300x166.jpg 300w, https:\/\/kastelir-labinci.com\/wp-content\/uploads\/2020\/08\/2020-08-09_18h53_08-1024x566.jpg 1024w, https:\/\/kastelir-labinci.com\/wp-content\/uploads\/2020\/08\/2020-08-09_18h53_08-768x425.jpg 768w\" sizes=\"(max-width: 1275px) 100vw, 1275px\" \/><div class=\"wp-block-cover__inner-container is-layout-flow wp-block-cover-is-layout-flow\">\n<div class=\"wp-block-citadela-blocks-custom-container citadela-block-custom-container size-content bg-type-none inside-space-small\"><div class=\"inner-holder\">\n<div style=\"height:100px\" aria-hidden=\"true\" class=\"wp-block-spacer\"><\/div>\n\n\n\n<div class=\"wp-block-citadela-blocks-spacer citadela-block-spacer negative-height\"><div class=\"inner-holder\" style=\"margin-top:-25px\"><\/div><\/div>\n\n\n\n<div class=\"wp-block-citadela-blocks-spacer citadela-block-spacer negative-height\"><div class=\"inner-holder\" style=\"margin-top:-5px\"><\/div><\/div>\n\n\n\n<div class=\"wp-block-citadela-blocks-spacer citadela-block-spacer\"><div class=\"inner-holder\" style=\"padding-top:130px\"><\/div><\/div>\n<\/div><\/div>\n\n\n\n<p><\/p>\n<\/div><\/div>\n\n\n\n<p><\/p>\n<\/div>\n<\/div>\n\n\n\n<div class=\"wp-block-citadela-blocks-spacer citadela-block-spacer negative-height\"><div class=\"inner-holder\" style=\"margin-top:-62px\"><\/div><\/div>\n\n\n\n<div style=\"height:100px\" aria-hidden=\"true\" class=\"wp-block-spacer\"><\/div>\n\n\n\n<h5 class=\"wp-block-heading\"><\/h5>\n\n\n\r\n        <div class=\"wp-block-citadela-blocks ctdl-directory-categories-list grid-type-2 layout-list size-small hide-description\"\r\n                    >\r\n            \r\n            \r\n            \r\n            <div class=\"citadela-block-articles \">\r\n                <div class=\"citadela-block-articles-wrap \">\r\n\r\n                                        \r\n                    <a href=\"https:\/\/kastelir-labinci.com\/de\/cat\/bauerlicher-haushalt\/\" class=\"\">\r\n                        <article class=\"folder-card\">\r\n                            <div class=\"folder-header\">\r\n                                                                    <div class=\"folder-icon\">\r\n                                        <span class=\"icon-bg\" style=\"background-color: #0085ba;\"><\/span>\r\n                                        <i class=\"fas fa-circle\" style=\"color: #0085ba; border-color: #0085ba;\"><\/i>\r\n                                    <\/div>\r\n                                                            <\/div>\r\n                            <div class=\"folder-content\">\r\n                                    <div class=\"folder-content-wrap\">\r\n                                        <p class=\"folder-title\">b\u00e4uerlicher Haushalt<\/p>\r\n                                                                            <\/div>\r\n                            <\/div>\r\n                        <\/article>\r\n                    <\/a>\r\n                                        \r\n                    <a href=\"https:\/\/kastelir-labinci.com\/de\/cat\/camping-de\/\" class=\"\">\r\n                        <article class=\"folder-card\">\r\n                            <div class=\"folder-header\">\r\n                                                                    <div class=\"folder-icon\">\r\n                                        <span class=\"icon-bg\" style=\"background-color: #60ba00;\"><\/span>\r\n                                        <i class=\"fab fa-accusoft\" style=\"color: #60ba00; border-color: #60ba00;\"><\/i>\r\n                                    <\/div>\r\n                                                            <\/div>\r\n                            <div class=\"folder-content\">\r\n                                    <div class=\"folder-content-wrap\">\r\n                                        <p class=\"folder-title\">Camping<\/p>\r\n                                                                            <\/div>\r\n                            <\/div>\r\n                        <\/article>\r\n                    <\/a>\r\n                                        \r\n                    <a href=\"https:\/\/kastelir-labinci.com\/de\/cat\/ferienhausern\/\" class=\"\">\r\n                        <article class=\"folder-card\">\r\n                            <div class=\"folder-header\">\r\n                                                                    <div class=\"folder-icon\">\r\n                                        <span class=\"icon-bg\" style=\"background-color: #0085ba;\"><\/span>\r\n                                        <i class=\"fas fa-circle\" style=\"color: #0085ba; border-color: #0085ba;\"><\/i>\r\n                                    <\/div>\r\n                                                            <\/div>\r\n                            <div class=\"folder-content\">\r\n                                    <div class=\"folder-content-wrap\">\r\n                                        <p class=\"folder-title\">Ferienh\u00e4usern<\/p>\r\n                                                                            <\/div>\r\n                            <\/div>\r\n                        <\/article>\r\n                    <\/a>\r\n                                        \r\n                    <a href=\"https:\/\/kastelir-labinci.com\/de\/cat\/fewo\/\" class=\"\">\r\n                        <article class=\"folder-card\">\r\n                            <div class=\"folder-header\">\r\n                                                                    <div class=\"folder-icon\">\r\n                                        <span class=\"icon-bg\" style=\"background-color: #0085ba;\"><\/span>\r\n                                        <i class=\"fas fa-circle\" style=\"color: #0085ba; border-color: #0085ba;\"><\/i>\r\n                                    <\/div>\r\n                                                            <\/div>\r\n                            <div class=\"folder-content\">\r\n                                    <div class=\"folder-content-wrap\">\r\n                                        <p class=\"folder-title\">FeWo<\/p>\r\n                                                                            <\/div>\r\n                            <\/div>\r\n                        <\/article>\r\n                    <\/a>\r\n                                        \r\n                    <a href=\"https:\/\/kastelir-labinci.com\/de\/cat\/zimmer\/\" class=\"\">\r\n                        <article class=\"folder-card\">\r\n                            <div class=\"folder-header\">\r\n                                                                    <div class=\"folder-icon\">\r\n                                        <span class=\"icon-bg\" style=\"background-color: #0085ba;\"><\/span>\r\n                                        <i class=\"fas fa-circle\" style=\"color: #0085ba; border-color: #0085ba;\"><\/i>\r\n                                    <\/div>\r\n                                                            <\/div>\r\n                            <div class=\"folder-content\">\r\n                                    <div class=\"folder-content-wrap\">\r\n                                        <p class=\"folder-title\">Zimmer<\/p>\r\n                                                                            <\/div>\r\n                            <\/div>\r\n                        <\/article>\r\n                    <\/a>\r\n                    \r\n                <\/div>\r\n            <\/div>\r\n            \r\n            \r\n        <\/div>\r\n        \n\n\r\n        <div \r\n            class=\"wp-block-citadela-blocks ctdl-directory-items-list layout-box size-small grid-type-1 image-size-citadela_item_thumbnail image-position-center-center default-image-height show-item-featured-image show-item-subtitle show-item-description show-item-address show-item-web show-item-categories show-item-rating border-thin\"\r\n                        \t\r\n                        >\r\n            \r\n            \r\n            \r\n            <div class=\"citadela-block-articles \">\r\n               \r\n                <div class=\"citadela-block-articles-wrap \">\r\n                \r\n<article class=\"citadela-article has-thumbnail has-subtitle has-description has-address has-categories\">\r\n\r\n\t<div class=\"item-content\" style=\"\">\r\n\t\t\t\t<div class=\"item-thumbnail\" style=\"\">\r\n\t\t\t<a href=\"https:\/\/kastelir-labinci.com\/de\/item\/app-aja\/\">\r\n\t\t\t\t<img loading=\"lazy\" decoding=\"async\" \r\n\t\t\t\t\tclass=\"item-image\"\r\n                    src=\"https:\/\/kastelir-labinci.com\/wp-content\/uploads\/2021\/04\/Vani-1-640x480.jpg\"\r\n                    width=\"640\"\r\n                    height=\"480\"\r\n                    srcset=\"https:\/\/kastelir-labinci.com\/wp-content\/uploads\/2021\/04\/Vani-1-640x480.jpg 640w, https:\/\/kastelir-labinci.com\/wp-content\/uploads\/2021\/04\/Vani-1-480x360.jpg 480w\"\r\n                    sizes=\"(max-width: 640px) 100vw, 640px\"\r\n                    alt=\"APP Aja\"\r\n                    style=\"\"                \/>\r\n\t\t\t<\/a>\r\n\t\t<\/div>\r\n\t\t\r\n\t\t<div class=\"item-body\">\r\n\t\t\t<div class=\"item-title\">\r\n\t\t\t\t<a href=\"https:\/\/kastelir-labinci.com\/de\/item\/app-aja\/\">\r\n\t\t\t\t\t<div class=\"item-title-wrap\">\r\n\t\t\t\t\t\t<div class=\"post-title\">APP Aja<\/div>\r\n\t\t\t\t\t\t\t\t\t\t\t\t<div class=\"post-subtitle\" style=\"\">Kontakt: Adriana Hulaj<\/div>\r\n\t\t\t\t\t\t\t\t\t\t\t<\/div>\r\n\t\t\t\t<\/a>\r\n\t\t\t<\/div>\r\n\t\t\t\r\n\t\t\t\r\n\t\t\t\t\t\t<div class=\"item-text\">\r\n\t\t\t\t<div class=\"item-description\">\r\n\t\t\t\t\t<p>1xAPP za 6 osoba<\/p>\r\n\t\t\t\t\t<a href=\"https:\/\/kastelir-labinci.com\/de\/item\/app-aja\/\" class=\"more\">Mehr sehen<\/a>\r\n\t\t\t\t<\/div>\r\n\t\t\t<\/div>\r\n\t\t\t\t\t\t<div class=\"item-footer\" style=\"\">\r\n\t\t\t\t\t\t\t\t\t\t\t\t<div class=\"item-data address\" style=\"\">\r\n\t\t\t\t\t<span class=\"label\">Adresse<\/span>\r\n\t\t\t\t\t<span class=\"values\">Ka\u0161telir 22<\/span>\r\n\t\t\t\t<\/div>\r\n\t\t\t\t\t\t\t\t\t\t\t\t\t\t\t\t<div class=\"item-data categories\" style=\"\">\r\n\t\t\t\t\t<span class=\"label\">Kategorien<\/span>\r\n\t\t\t\t\t<span class=\"values\">\r\n\t\t\t\t\t\t\t\t\t\t\t\t<a href=\"https:\/\/kastelir-labinci.com\/de\/cat\/fewo\/\" class=\"value\" style=\"\">FeWo<\/a>\r\n\t\t\t\t\t\t\t\t\t\t\t<\/span>\r\n\t\t\t\t<\/div>\r\n\t\t\t\t\t\t\t<\/div>\r\n\t\t<\/div>\r\n\t<\/div>\r\n\r\n<\/article>\r\n\r\n\r\n\r\n<article class=\"citadela-article has-thumbnail has-subtitle has-description has-address has-categories\">\r\n\r\n\t<div class=\"item-content\" style=\"\">\r\n\t\t\t\t<div class=\"item-thumbnail\" style=\"\">\r\n\t\t\t<a href=\"https:\/\/kastelir-labinci.com\/de\/item\/app-damjan\/\">\r\n\t\t\t\t<img loading=\"lazy\" decoding=\"async\" \r\n\t\t\t\t\tclass=\"item-image\"\r\n                    src=\"https:\/\/kastelir-labinci.com\/wp-content\/uploads\/2020\/08\/App_Damijn-640x480.jpg\"\r\n                    width=\"640\"\r\n                    height=\"480\"\r\n                    srcset=\"https:\/\/kastelir-labinci.com\/wp-content\/uploads\/2020\/08\/App_Damijn-640x480.jpg 640w, https:\/\/kastelir-labinci.com\/wp-content\/uploads\/2020\/08\/App_Damijn-480x360.jpg 480w\"\r\n                    sizes=\"(max-width: 640px) 100vw, 640px\"\r\n                    alt=\"APP Damjan\"\r\n                    style=\"\"                \/>\r\n\t\t\t<\/a>\r\n\t\t<\/div>\r\n\t\t\r\n\t\t<div class=\"item-body\">\r\n\t\t\t<div class=\"item-title\">\r\n\t\t\t\t<a href=\"https:\/\/kastelir-labinci.com\/de\/item\/app-damjan\/\">\r\n\t\t\t\t\t<div class=\"item-title-wrap\">\r\n\t\t\t\t\t\t<div class=\"post-title\">APP Damjan<\/div>\r\n\t\t\t\t\t\t\t\t\t\t\t\t<div class=\"post-subtitle\" style=\"\">Kontakt osoba: Justin\u010di\u0107 Gordana<\/div>\r\n\t\t\t\t\t\t\t\t\t\t\t<\/div>\r\n\t\t\t\t<\/a>\r\n\t\t\t<\/div>\r\n\t\t\t\r\n\t\t\t\r\n\t\t\t\t\t\t<div class=\"item-text\">\r\n\t\t\t\t<div class=\"item-description\">\r\n\t\t\t\t\t<p>1 x APP\/2\r\n1 x APP\/3\r\n( ukupno pet osoba)<\/p>\r\n\t\t\t\t\t<a href=\"https:\/\/kastelir-labinci.com\/de\/item\/app-damjan\/\" class=\"more\">Mehr sehen<\/a>\r\n\t\t\t\t<\/div>\r\n\t\t\t<\/div>\r\n\t\t\t\t\t\t<div class=\"item-footer\" style=\"\">\r\n\t\t\t\t\t\t\t\t\t\t\t\t<div class=\"item-data address\" style=\"\">\r\n\t\t\t\t\t<span class=\"label\">Adresse<\/span>\r\n\t\t\t\t\t<span class=\"values\">Ro\u0161ki\u0107i 14, 52464 Ka\u0161telir<\/span>\r\n\t\t\t\t<\/div>\r\n\t\t\t\t\t\t\t\t\t\t\t\t\t\t\t\t<div class=\"item-data categories\" style=\"\">\r\n\t\t\t\t\t<span class=\"label\">Kategorien<\/span>\r\n\t\t\t\t\t<span class=\"values\">\r\n\t\t\t\t\t\t\t\t\t\t\t\t<a href=\"https:\/\/kastelir-labinci.com\/de\/cat\/fewo\/\" class=\"value\" style=\"\">FeWo<\/a>\r\n\t\t\t\t\t\t\t\t\t\t\t<\/span>\r\n\t\t\t\t<\/div>\r\n\t\t\t\t\t\t\t<\/div>\r\n\t\t<\/div>\r\n\t<\/div>\r\n\r\n<\/article>\r\n\r\n\r\n\r\n<article class=\"citadela-article has-thumbnail has-subtitle has-description has-address has-categories\">\r\n\r\n\t<div class=\"item-content\" style=\"\">\r\n\t\t\t\t<div class=\"item-thumbnail\" style=\"\">\r\n\t\t\t<a href=\"https:\/\/kastelir-labinci.com\/de\/item\/app-de-rinaldis\/\">\r\n\t\t\t\t<img loading=\"lazy\" decoding=\"async\" \r\n\t\t\t\t\tclass=\"item-image\"\r\n                    src=\"https:\/\/kastelir-labinci.com\/wp-content\/uploads\/2020\/08\/villa-rinaldis3-640x480.jpg\"\r\n                    width=\"640\"\r\n                    height=\"480\"\r\n                    srcset=\"https:\/\/kastelir-labinci.com\/wp-content\/uploads\/2020\/08\/villa-rinaldis3-640x480.jpg 640w, https:\/\/kastelir-labinci.com\/wp-content\/uploads\/2020\/08\/villa-rinaldis3-480x360.jpg 480w\"\r\n                    sizes=\"(max-width: 640px) 100vw, 640px\"\r\n                    alt=\"APP De Rinaldis\"\r\n                    style=\"\"                \/>\r\n\t\t\t<\/a>\r\n\t\t<\/div>\r\n\t\t\r\n\t\t<div class=\"item-body\">\r\n\t\t\t<div class=\"item-title\">\r\n\t\t\t\t<a href=\"https:\/\/kastelir-labinci.com\/de\/item\/app-de-rinaldis\/\">\r\n\t\t\t\t\t<div class=\"item-title-wrap\">\r\n\t\t\t\t\t\t<div class=\"post-title\">APP De Rinaldis<\/div>\r\n\t\t\t\t\t\t\t\t\t\t\t\t<div class=\"post-subtitle\" style=\"\">Kontakt osoba: IRENA RINALDIS<\/div>\r\n\t\t\t\t\t\t\t\t\t\t\t<\/div>\r\n\t\t\t\t<\/a>\r\n\t\t\t<\/div>\r\n\t\t\t\r\n\t\t\t\r\n\t\t\t\t\t\t<div class=\"item-text\">\r\n\t\t\t\t<div class=\"item-description\">\r\n\t\t\t\t\t<p>APP\/2,\r\n4 X APP\/4<\/p>\r\n\t\t\t\t\t<a href=\"https:\/\/kastelir-labinci.com\/de\/item\/app-de-rinaldis\/\" class=\"more\">Mehr sehen<\/a>\r\n\t\t\t\t<\/div>\r\n\t\t\t<\/div>\r\n\t\t\t\t\t\t<div class=\"item-footer\" style=\"\">\r\n\t\t\t\t\t\t\t\t\t\t\t\t<div class=\"item-data address\" style=\"\">\r\n\t\t\t\t\t<span class=\"label\">Adresse<\/span>\r\n\t\t\t\t\t<span class=\"values\">Brnobi\u0107i 18, 52464 Ka\u0161telir<\/span>\r\n\t\t\t\t<\/div>\r\n\t\t\t\t\t\t\t\t\t\t\t\t\t\t\t\t<div class=\"item-data categories\" style=\"\">\r\n\t\t\t\t\t<span class=\"label\">Kategorien<\/span>\r\n\t\t\t\t\t<span class=\"values\">\r\n\t\t\t\t\t\t\t\t\t\t\t\t<a href=\"https:\/\/kastelir-labinci.com\/de\/cat\/fewo\/\" class=\"value\" style=\"\">FeWo<\/a>\r\n\t\t\t\t\t\t\t\t\t\t\t<\/span>\r\n\t\t\t\t<\/div>\r\n\t\t\t\t\t\t\t<\/div>\r\n\t\t<\/div>\r\n\t<\/div>\r\n\r\n<\/article>\r\n\r\n\r\n\r\n<article class=\"citadela-article has-thumbnail has-subtitle has-description has-address has-categories\">\r\n\r\n\t<div class=\"item-content\" style=\"\">\r\n\t\t\t\t<div class=\"item-thumbnail\" style=\"\">\r\n\t\t\t<a href=\"https:\/\/kastelir-labinci.com\/de\/item\/app-dvi-ulike\/\">\r\n\t\t\t\t<img loading=\"lazy\" decoding=\"async\" \r\n\t\t\t\t\tclass=\"item-image\"\r\n                    src=\"https:\/\/kastelir-labinci.com\/wp-content\/uploads\/2020\/08\/Dvi_ulike-640x480.jpg\"\r\n                    width=\"640\"\r\n                    height=\"480\"\r\n                    srcset=\"https:\/\/kastelir-labinci.com\/wp-content\/uploads\/2020\/08\/Dvi_ulike-640x480.jpg 640w, https:\/\/kastelir-labinci.com\/wp-content\/uploads\/2020\/08\/Dvi_ulike-480x360.jpg 480w\"\r\n                    sizes=\"(max-width: 640px) 100vw, 640px\"\r\n                    alt=\"APP Dvi ulike\"\r\n                    style=\"\"                \/>\r\n\t\t\t<\/a>\r\n\t\t<\/div>\r\n\t\t\r\n\t\t<div class=\"item-body\">\r\n\t\t\t<div class=\"item-title\">\r\n\t\t\t\t<a href=\"https:\/\/kastelir-labinci.com\/de\/item\/app-dvi-ulike\/\">\r\n\t\t\t\t\t<div class=\"item-title-wrap\">\r\n\t\t\t\t\t\t<div class=\"post-title\">APP Dvi ulike<\/div>\r\n\t\t\t\t\t\t\t\t\t\t\t\t<div class=\"post-subtitle\" style=\"\">Kontakt osoba: Celeste Bernobi\u0107<\/div>\r\n\t\t\t\t\t\t\t\t\t\t\t<\/div>\r\n\t\t\t\t<\/a>\r\n\t\t\t<\/div>\r\n\t\t\t\r\n\t\t\t\r\n\t\t\t\t\t\t<div class=\"item-text\">\r\n\t\t\t\t<div class=\"item-description\">\r\n\t\t\t\t\t<p>2 x APP\/4 ( ukupno 8 osoba)<\/p>\r\n\t\t\t\t\t<a href=\"https:\/\/kastelir-labinci.com\/de\/item\/app-dvi-ulike\/\" class=\"more\">Mehr sehen<\/a>\r\n\t\t\t\t<\/div>\r\n\t\t\t<\/div>\r\n\t\t\t\t\t\t<div class=\"item-footer\" style=\"\">\r\n\t\t\t\t\t\t\t\t\t\t\t\t<div class=\"item-data address\" style=\"\">\r\n\t\t\t\t\t<span class=\"label\">Adresse<\/span>\r\n\t\t\t\t\t<span class=\"values\">Labinci 20, 52464 Ka\u0161telir <\/span>\r\n\t\t\t\t<\/div>\r\n\t\t\t\t\t\t\t\t\t\t\t\t\t\t\t\t<div class=\"item-data categories\" style=\"\">\r\n\t\t\t\t\t<span class=\"label\">Kategorien<\/span>\r\n\t\t\t\t\t<span class=\"values\">\r\n\t\t\t\t\t\t\t\t\t\t\t\t<a href=\"https:\/\/kastelir-labinci.com\/de\/cat\/fewo\/\" class=\"value\" style=\"\">FeWo<\/a>\r\n\t\t\t\t\t\t\t\t\t\t\t<\/span>\r\n\t\t\t\t<\/div>\r\n\t\t\t\t\t\t\t<\/div>\r\n\t\t<\/div>\r\n\t<\/div>\r\n\r\n<\/article>\r\n\r\n\r\n\r\n<article class=\"citadela-article has-thumbnail has-subtitle has-description has-address has-web has-categories\">\r\n\r\n\t<div class=\"item-content\" style=\"\">\r\n\t\t\t\t<div class=\"item-thumbnail\" style=\"\">\r\n\t\t\t<a href=\"https:\/\/kastelir-labinci.com\/de\/item\/app-dvor-strica-grge\/\">\r\n\t\t\t\t<img loading=\"lazy\" decoding=\"async\" \r\n\t\t\t\t\tclass=\"item-image\"\r\n                    src=\"https:\/\/kastelir-labinci.com\/wp-content\/uploads\/2021\/04\/2021-04-29_18h45_42-640x480.jpg\"\r\n                    width=\"640\"\r\n                    height=\"480\"\r\n                    srcset=\"https:\/\/kastelir-labinci.com\/wp-content\/uploads\/2021\/04\/2021-04-29_18h45_42-640x480.jpg 640w, https:\/\/kastelir-labinci.com\/wp-content\/uploads\/2021\/04\/2021-04-29_18h45_42-480x360.jpg 480w\"\r\n                    sizes=\"(max-width: 640px) 100vw, 640px\"\r\n                    alt=\"App Dvor strica Grge\"\r\n                    style=\"\"                \/>\r\n\t\t\t<\/a>\r\n\t\t<\/div>\r\n\t\t\r\n\t\t<div class=\"item-body\">\r\n\t\t\t<div class=\"item-title\">\r\n\t\t\t\t<a href=\"https:\/\/kastelir-labinci.com\/de\/item\/app-dvor-strica-grge\/\">\r\n\t\t\t\t\t<div class=\"item-title-wrap\">\r\n\t\t\t\t\t\t<div class=\"post-title\">App Dvor strica Grge<\/div>\r\n\t\t\t\t\t\t\t\t\t\t\t\t<div class=\"post-subtitle\" style=\"\">Kontakt: Elizabeta Ru\u017ei\u0107<\/div>\r\n\t\t\t\t\t\t\t\t\t\t\t<\/div>\r\n\t\t\t\t<\/a>\r\n\t\t\t<\/div>\r\n\t\t\t\r\n\t\t\t\r\n\t\t\t\t\t\t<div class=\"item-text\">\r\n\t\t\t\t<div class=\"item-description\">\r\n\t\t\t\t\t<p>app 3 x2, ukupno 6 osoba<\/p>\r\n\t\t\t\t\t<a href=\"https:\/\/kastelir-labinci.com\/de\/item\/app-dvor-strica-grge\/\" class=\"more\">Mehr sehen<\/a>\r\n\t\t\t\t<\/div>\r\n\t\t\t<\/div>\r\n\t\t\t\t\t\t<div class=\"item-footer\" style=\"\">\r\n\t\t\t\t\t\t\t\t\t\t\t\t<div class=\"item-data address\" style=\"\">\r\n\t\t\t\t\t<span class=\"label\">Adresse<\/span>\r\n\t\t\t\t\t<span class=\"values\">Ka\u0161telir 46, Ka\u0161telir<\/span>\r\n\t\t\t\t<\/div>\r\n\t\t\t\t\t\t\t\t\t\t\t\t<div class=\"item-data web\" style=\"\">\r\n\t\t\t\t\t<span class=\"label\">Web<\/span>\r\n\t\t\t\t\t<span class=\"values\">\r\n\t\t\t\t\t\t<a href=\"https:\/\/www.facebook.com\/dvorstricagrge\" class=\"value\" target=\"_blank\" rel=\"nofollow\" style=\"\">https:\/\/www.facebook.com\/dvorstricagrge<\/a>\r\n\t\t\t\t\t<\/span>\r\n\t\t\t\t<\/div>\r\n\t\t\t\t\t\t\t\t\t\t\t\t<div class=\"item-data categories\" style=\"\">\r\n\t\t\t\t\t<span class=\"label\">Kategorien<\/span>\r\n\t\t\t\t\t<span class=\"values\">\r\n\t\t\t\t\t\t\t\t\t\t\t\t<a href=\"https:\/\/kastelir-labinci.com\/de\/cat\/fewo\/\" class=\"value\" style=\"\">FeWo<\/a>\r\n\t\t\t\t\t\t\t\t\t\t\t<\/span>\r\n\t\t\t\t<\/div>\r\n\t\t\t\t\t\t\t<\/div>\r\n\t\t<\/div>\r\n\t<\/div>\r\n\r\n<\/article>\r\n\r\n\r\n\r\n<article class=\"citadela-article has-thumbnail has-subtitle has-description has-address has-categories\">\r\n\r\n\t<div class=\"item-content\" style=\"\">\r\n\t\t\t\t<div class=\"item-thumbnail\" style=\"\">\r\n\t\t\t<a href=\"https:\/\/kastelir-labinci.com\/de\/item\/app-edi-brcic\/\">\r\n\t\t\t\t<img loading=\"lazy\" decoding=\"async\" \r\n\t\t\t\t\tclass=\"item-image\"\r\n                    src=\"https:\/\/kastelir-labinci.com\/wp-content\/uploads\/2020\/08\/App_Brcic-640x480.jpg\"\r\n                    width=\"640\"\r\n                    height=\"480\"\r\n                    srcset=\"https:\/\/kastelir-labinci.com\/wp-content\/uploads\/2020\/08\/App_Brcic-640x480.jpg 640w, https:\/\/kastelir-labinci.com\/wp-content\/uploads\/2020\/08\/App_Brcic-300x225.jpg 300w, https:\/\/kastelir-labinci.com\/wp-content\/uploads\/2020\/08\/App_Brcic-768x576.jpg 768w, https:\/\/kastelir-labinci.com\/wp-content\/uploads\/2020\/08\/App_Brcic-480x360.jpg 480w, https:\/\/kastelir-labinci.com\/wp-content\/uploads\/2020\/08\/App_Brcic.jpg 900w\"\r\n                    sizes=\"(max-width: 640px) 100vw, 640px\"\r\n                    alt=\"APP Edi Br\u010di\u0107\"\r\n                    style=\"\"                \/>\r\n\t\t\t<\/a>\r\n\t\t<\/div>\r\n\t\t\r\n\t\t<div class=\"item-body\">\r\n\t\t\t<div class=\"item-title\">\r\n\t\t\t\t<a href=\"https:\/\/kastelir-labinci.com\/de\/item\/app-edi-brcic\/\">\r\n\t\t\t\t\t<div class=\"item-title-wrap\">\r\n\t\t\t\t\t\t<div class=\"post-title\">APP Edi Br\u010di\u0107<\/div>\r\n\t\t\t\t\t\t\t\t\t\t\t\t<div class=\"post-subtitle\" style=\"\">Kontakt osoba: Edi Br\u0107i\u010d<\/div>\r\n\t\t\t\t\t\t\t\t\t\t\t<\/div>\r\n\t\t\t\t<\/a>\r\n\t\t\t<\/div>\r\n\t\t\t\r\n\t\t\t\r\n\t\t\t\t\t\t<div class=\"item-text\">\r\n\t\t\t\t<div class=\"item-description\">\r\n\t\t\t\t\t<p>1 x APP\/4 ( app 4 osobe)<\/p>\r\n\t\t\t\t\t<a href=\"https:\/\/kastelir-labinci.com\/de\/item\/app-edi-brcic\/\" class=\"more\">Mehr sehen<\/a>\r\n\t\t\t\t<\/div>\r\n\t\t\t<\/div>\r\n\t\t\t\t\t\t<div class=\"item-footer\" style=\"\">\r\n\t\t\t\t\t\t\t\t\t\t\t\t<div class=\"item-data address\" style=\"\">\r\n\t\t\t\t\t<span class=\"label\">Adresse<\/span>\r\n\t\t\t\t\t<span class=\"values\">Rogovi\u0107i 21, 52464 Ka\u0161telir<\/span>\r\n\t\t\t\t<\/div>\r\n\t\t\t\t\t\t\t\t\t\t\t\t\t\t\t\t<div class=\"item-data categories\" style=\"\">\r\n\t\t\t\t\t<span class=\"label\">Kategorien<\/span>\r\n\t\t\t\t\t<span class=\"values\">\r\n\t\t\t\t\t\t\t\t\t\t\t\t<a href=\"https:\/\/kastelir-labinci.com\/de\/cat\/fewo\/\" class=\"value\" style=\"\">FeWo<\/a>\r\n\t\t\t\t\t\t\t\t\t\t\t<\/span>\r\n\t\t\t\t<\/div>\r\n\t\t\t\t\t\t\t<\/div>\r\n\t\t<\/div>\r\n\t<\/div>\r\n\r\n<\/article>\r\n\r\n\r\n\r\n<article class=\"citadela-article has-thumbnail has-subtitle has-description has-address has-categories\">\r\n\r\n\t<div class=\"item-content\" style=\"\">\r\n\t\t\t\t<div class=\"item-thumbnail\" style=\"\">\r\n\t\t\t<a href=\"https:\/\/kastelir-labinci.com\/de\/item\/app-giardin\/\">\r\n\t\t\t\t<img loading=\"lazy\" decoding=\"async\" \r\n\t\t\t\t\tclass=\"item-image\"\r\n                    src=\"https:\/\/kastelir-labinci.com\/wp-content\/uploads\/2020\/08\/App_Giardin-640x480.jpg\"\r\n                    width=\"640\"\r\n                    height=\"480\"\r\n                    srcset=\"https:\/\/kastelir-labinci.com\/wp-content\/uploads\/2020\/08\/App_Giardin-640x480.jpg 640w, https:\/\/kastelir-labinci.com\/wp-content\/uploads\/2020\/08\/App_Giardin-480x360.jpg 480w\"\r\n                    sizes=\"(max-width: 640px) 100vw, 640px\"\r\n                    alt=\"APP Giardin\"\r\n                    style=\"\"                \/>\r\n\t\t\t<\/a>\r\n\t\t<\/div>\r\n\t\t\r\n\t\t<div class=\"item-body\">\r\n\t\t\t<div class=\"item-title\">\r\n\t\t\t\t<a href=\"https:\/\/kastelir-labinci.com\/de\/item\/app-giardin\/\">\r\n\t\t\t\t\t<div class=\"item-title-wrap\">\r\n\t\t\t\t\t\t<div class=\"post-title\">APP Giardin<\/div>\r\n\t\t\t\t\t\t\t\t\t\t\t\t<div class=\"post-subtitle\" style=\"\">Kontakt osoba: Alba Beakovi\u0107<\/div>\r\n\t\t\t\t\t\t\t\t\t\t\t<\/div>\r\n\t\t\t\t<\/a>\r\n\t\t\t<\/div>\r\n\t\t\t\r\n\t\t\t\r\n\t\t\t\t\t\t<div class=\"item-text\">\r\n\t\t\t\t<div class=\"item-description\">\r\n\t\t\t\t\t<p>1 x APP\/4\r\n1 x APP\/2 ( ukupno 6 osoba)<\/p>\r\n\t\t\t\t\t<a href=\"https:\/\/kastelir-labinci.com\/de\/item\/app-giardin\/\" class=\"more\">Mehr sehen<\/a>\r\n\t\t\t\t<\/div>\r\n\t\t\t<\/div>\r\n\t\t\t\t\t\t<div class=\"item-footer\" style=\"\">\r\n\t\t\t\t\t\t\t\t\t\t\t\t<div class=\"item-data address\" style=\"\">\r\n\t\t\t\t\t<span class=\"label\">Adresse<\/span>\r\n\t\t\t\t\t<span class=\"values\">Labinci 1A, 52464 Ka\u0161telir <\/span>\r\n\t\t\t\t<\/div>\r\n\t\t\t\t\t\t\t\t\t\t\t\t\t\t\t\t<div class=\"item-data categories\" style=\"\">\r\n\t\t\t\t\t<span class=\"label\">Kategorien<\/span>\r\n\t\t\t\t\t<span class=\"values\">\r\n\t\t\t\t\t\t\t\t\t\t\t\t<a href=\"https:\/\/kastelir-labinci.com\/de\/cat\/fewo\/\" class=\"value\" style=\"\">FeWo<\/a>\r\n\t\t\t\t\t\t\t\t\t\t\t<\/span>\r\n\t\t\t\t<\/div>\r\n\t\t\t\t\t\t\t<\/div>\r\n\t\t<\/div>\r\n\t<\/div>\r\n\r\n<\/article>\r\n\r\n\r\n\r\n<article class=\"citadela-article has-thumbnail has-subtitle has-description has-address has-categories\">\r\n\r\n\t<div class=\"item-content\" style=\"\">\r\n\t\t\t\t<div class=\"item-thumbnail\" style=\"\">\r\n\t\t\t<a href=\"https:\/\/kastelir-labinci.com\/de\/item\/app-gordana\/\">\r\n\t\t\t\t<img loading=\"lazy\" decoding=\"async\" \r\n\t\t\t\t\tclass=\"item-image\"\r\n                    src=\"https:\/\/kastelir-labinci.com\/wp-content\/uploads\/2020\/08\/slika1-640x447.jpg\"\r\n                    width=\"640\"\r\n                    height=\"447\"\r\n                    srcset=\"\"\r\n                    sizes=\"(max-width: 640px) 100vw, 640px\"\r\n                    alt=\"APP Gordana\"\r\n                    style=\"\"                \/>\r\n\t\t\t<\/a>\r\n\t\t<\/div>\r\n\t\t\r\n\t\t<div class=\"item-body\">\r\n\t\t\t<div class=\"item-title\">\r\n\t\t\t\t<a href=\"https:\/\/kastelir-labinci.com\/de\/item\/app-gordana\/\">\r\n\t\t\t\t\t<div class=\"item-title-wrap\">\r\n\t\t\t\t\t\t<div class=\"post-title\">APP Gordana<\/div>\r\n\t\t\t\t\t\t\t\t\t\t\t\t<div class=\"post-subtitle\" style=\"\">Kontakt osoba: Gordana Bacinger<\/div>\r\n\t\t\t\t\t\t\t\t\t\t\t<\/div>\r\n\t\t\t\t<\/a>\r\n\t\t\t<\/div>\r\n\t\t\t\r\n\t\t\t\r\n\t\t\t\t\t\t<div class=\"item-text\">\r\n\t\t\t\t<div class=\"item-description\">\r\n\t\t\t\t\t<p>1 x APP\/4<\/p>\r\n\t\t\t\t\t<a href=\"https:\/\/kastelir-labinci.com\/de\/item\/app-gordana\/\" class=\"more\">Mehr sehen<\/a>\r\n\t\t\t\t<\/div>\r\n\t\t\t<\/div>\r\n\t\t\t\t\t\t<div class=\"item-footer\" style=\"\">\r\n\t\t\t\t\t\t\t\t\t\t\t\t<div class=\"item-data address\" style=\"\">\r\n\t\t\t\t\t<span class=\"label\">Adresse<\/span>\r\n\t\t\t\t\t<span class=\"values\">Ka\u0161telir 98b, 52464 Ka\u0161telir<\/span>\r\n\t\t\t\t<\/div>\r\n\t\t\t\t\t\t\t\t\t\t\t\t\t\t\t\t<div class=\"item-data categories\" style=\"\">\r\n\t\t\t\t\t<span class=\"label\">Kategorien<\/span>\r\n\t\t\t\t\t<span class=\"values\">\r\n\t\t\t\t\t\t\t\t\t\t\t\t<a href=\"https:\/\/kastelir-labinci.com\/de\/cat\/fewo\/\" class=\"value\" style=\"\">FeWo<\/a>\r\n\t\t\t\t\t\t\t\t\t\t\t<\/span>\r\n\t\t\t\t<\/div>\r\n\t\t\t\t\t\t\t<\/div>\r\n\t\t<\/div>\r\n\t<\/div>\r\n\r\n<\/article>\r\n\r\n\r\n\r\n<article class=\"citadela-article has-thumbnail has-subtitle has-description has-address has-categories\">\r\n\r\n\t<div class=\"item-content\" style=\"\">\r\n\t\t\t\t<div class=\"item-thumbnail\" style=\"\">\r\n\t\t\t<a href=\"https:\/\/kastelir-labinci.com\/de\/item\/app-hrelja\/\">\r\n\t\t\t\t<img loading=\"lazy\" decoding=\"async\" \r\n\t\t\t\t\tclass=\"item-image\"\r\n                    src=\"https:\/\/kastelir-labinci.com\/wp-content\/uploads\/2020\/08\/bazen-640x480.jpg\"\r\n                    width=\"640\"\r\n                    height=\"480\"\r\n                    srcset=\"https:\/\/kastelir-labinci.com\/wp-content\/uploads\/2020\/08\/bazen-640x480.jpg 640w, https:\/\/kastelir-labinci.com\/wp-content\/uploads\/2020\/08\/bazen-480x360.jpg 480w\"\r\n                    sizes=\"(max-width: 640px) 100vw, 640px\"\r\n                    alt=\"APP Hrelja\"\r\n                    style=\"\"                \/>\r\n\t\t\t<\/a>\r\n\t\t<\/div>\r\n\t\t\r\n\t\t<div class=\"item-body\">\r\n\t\t\t<div class=\"item-title\">\r\n\t\t\t\t<a href=\"https:\/\/kastelir-labinci.com\/de\/item\/app-hrelja\/\">\r\n\t\t\t\t\t<div class=\"item-title-wrap\">\r\n\t\t\t\t\t\t<div class=\"post-title\">APP Hrelja<\/div>\r\n\t\t\t\t\t\t\t\t\t\t\t\t<div class=\"post-subtitle\" style=\"\">Kontakt osoba: Dino Hrelja<\/div>\r\n\t\t\t\t\t\t\t\t\t\t\t<\/div>\r\n\t\t\t\t<\/a>\r\n\t\t\t<\/div>\r\n\t\t\t\r\n\t\t\t\r\n\t\t\t\t\t\t<div class=\"item-text\">\r\n\t\t\t\t<div class=\"item-description\">\r\n\t\t\t\t\t<p>2 x APP\/4 <\/p>\r\n\t\t\t\t\t<a href=\"https:\/\/kastelir-labinci.com\/de\/item\/app-hrelja\/\" class=\"more\">Mehr sehen<\/a>\r\n\t\t\t\t<\/div>\r\n\t\t\t<\/div>\r\n\t\t\t\t\t\t<div class=\"item-footer\" style=\"\">\r\n\t\t\t\t\t\t\t\t\t\t\t\t<div class=\"item-data address\" style=\"\">\r\n\t\t\t\t\t<span class=\"label\">Adresse<\/span>\r\n\t\t\t\t\t<span class=\"values\">Labinci 149, 52464 Ka\u0161telir<\/span>\r\n\t\t\t\t<\/div>\r\n\t\t\t\t\t\t\t\t\t\t\t\t\t\t\t\t<div class=\"item-data categories\" style=\"\">\r\n\t\t\t\t\t<span class=\"label\">Kategorien<\/span>\r\n\t\t\t\t\t<span class=\"values\">\r\n\t\t\t\t\t\t\t\t\t\t\t\t<a href=\"https:\/\/kastelir-labinci.com\/de\/cat\/fewo\/\" class=\"value\" style=\"\">FeWo<\/a>\r\n\t\t\t\t\t\t\t\t\t\t\t<\/span>\r\n\t\t\t\t<\/div>\r\n\t\t\t\t\t\t\t<\/div>\r\n\t\t<\/div>\r\n\t<\/div>\r\n\r\n<\/article>\r\n\r\n\r\n\r\n<article class=\"citadela-article has-thumbnail has-subtitle has-description has-address has-categories\">\r\n\r\n\t<div class=\"item-content\" style=\"\">\r\n\t\t\t\t<div class=\"item-thumbnail\" style=\"\">\r\n\t\t\t<a href=\"https:\/\/kastelir-labinci.com\/de\/item\/app-jukic\/\">\r\n\t\t\t\t<img loading=\"lazy\" decoding=\"async\" \r\n\t\t\t\t\tclass=\"item-image\"\r\n                    src=\"https:\/\/kastelir-labinci.com\/wp-content\/uploads\/2020\/08\/App_Jukic-640x480.jpg\"\r\n                    width=\"640\"\r\n                    height=\"480\"\r\n                    srcset=\"https:\/\/kastelir-labinci.com\/wp-content\/uploads\/2020\/08\/App_Jukic-640x480.jpg 640w, https:\/\/kastelir-labinci.com\/wp-content\/uploads\/2020\/08\/App_Jukic-480x360.jpg 480w\"\r\n                    sizes=\"(max-width: 640px) 100vw, 640px\"\r\n                    alt=\"APP Juki\u0107\"\r\n                    style=\"\"                \/>\r\n\t\t\t<\/a>\r\n\t\t<\/div>\r\n\t\t\r\n\t\t<div class=\"item-body\">\r\n\t\t\t<div class=\"item-title\">\r\n\t\t\t\t<a href=\"https:\/\/kastelir-labinci.com\/de\/item\/app-jukic\/\">\r\n\t\t\t\t\t<div class=\"item-title-wrap\">\r\n\t\t\t\t\t\t<div class=\"post-title\">APP Juki\u0107<\/div>\r\n\t\t\t\t\t\t\t\t\t\t\t\t<div class=\"post-subtitle\" style=\"\">Kontakt osoba: Juki\u0107 Ivan i Nela<\/div>\r\n\t\t\t\t\t\t\t\t\t\t\t<\/div>\r\n\t\t\t\t<\/a>\r\n\t\t\t<\/div>\r\n\t\t\t\r\n\t\t\t\r\n\t\t\t\t\t\t<div class=\"item-text\">\r\n\t\t\t\t<div class=\"item-description\">\r\n\t\t\t\t\t<p>2 x APP\/4\r\n2 x APP\/2<\/p>\r\n\t\t\t\t\t<a href=\"https:\/\/kastelir-labinci.com\/de\/item\/app-jukic\/\" class=\"more\">Mehr sehen<\/a>\r\n\t\t\t\t<\/div>\r\n\t\t\t<\/div>\r\n\t\t\t\t\t\t<div class=\"item-footer\" style=\"\">\r\n\t\t\t\t\t\t\t\t\t\t\t\t<div class=\"item-data address\" style=\"\">\r\n\t\t\t\t\t<span class=\"label\">Adresse<\/span>\r\n\t\t\t\t\t<span class=\"values\">Brnobi\u0107i 108, 52464 Ka\u0161telir<\/span>\r\n\t\t\t\t<\/div>\r\n\t\t\t\t\t\t\t\t\t\t\t\t\t\t\t\t<div class=\"item-data categories\" style=\"\">\r\n\t\t\t\t\t<span class=\"label\">Kategorien<\/span>\r\n\t\t\t\t\t<span class=\"values\">\r\n\t\t\t\t\t\t\t\t\t\t\t\t<a href=\"https:\/\/kastelir-labinci.com\/de\/cat\/fewo\/\" class=\"value\" style=\"\">FeWo<\/a>\r\n\t\t\t\t\t\t\t\t\t\t\t<\/span>\r\n\t\t\t\t<\/div>\r\n\t\t\t\t\t\t\t<\/div>\r\n\t\t<\/div>\r\n\t<\/div>\r\n\r\n<\/article>\r\n\r\n\r\n\r\n<article class=\"citadela-article has-thumbnail has-subtitle has-description has-address has-categories\">\r\n\r\n\t<div class=\"item-content\" style=\"\">\r\n\t\t\t\t<div class=\"item-thumbnail\" style=\"\">\r\n\t\t\t<a href=\"https:\/\/kastelir-labinci.com\/de\/item\/app-krizmanic\/\">\r\n\t\t\t\t<img loading=\"lazy\" decoding=\"async\" \r\n\t\t\t\t\tclass=\"item-image\"\r\n                    src=\"https:\/\/kastelir-labinci.com\/wp-content\/uploads\/2020\/08\/20220519_111544-640x480.jpg\"\r\n                    width=\"640\"\r\n                    height=\"480\"\r\n                    srcset=\"https:\/\/kastelir-labinci.com\/wp-content\/uploads\/2020\/08\/20220519_111544-640x480.jpg 640w, https:\/\/kastelir-labinci.com\/wp-content\/uploads\/2020\/08\/20220519_111544-480x360.jpg 480w\"\r\n                    sizes=\"(max-width: 640px) 100vw, 640px\"\r\n                    alt=\"APP Krizmani\u0107\"\r\n                    style=\"\"                \/>\r\n\t\t\t<\/a>\r\n\t\t<\/div>\r\n\t\t\r\n\t\t<div class=\"item-body\">\r\n\t\t\t<div class=\"item-title\">\r\n\t\t\t\t<a href=\"https:\/\/kastelir-labinci.com\/de\/item\/app-krizmanic\/\">\r\n\t\t\t\t\t<div class=\"item-title-wrap\">\r\n\t\t\t\t\t\t<div class=\"post-title\">APP Krizmani\u0107<\/div>\r\n\t\t\t\t\t\t\t\t\t\t\t\t<div class=\"post-subtitle\" style=\"\">Kontakt osoba: Fiorela Krizmani\u0107<\/div>\r\n\t\t\t\t\t\t\t\t\t\t\t<\/div>\r\n\t\t\t\t<\/a>\r\n\t\t\t<\/div>\r\n\t\t\t\r\n\t\t\t\r\n\t\t\t\t\t\t<div class=\"item-text\">\r\n\t\t\t\t<div class=\"item-description\">\r\n\t\t\t\t\t<p>1 \u00d7 APP \/ 2 1 \u00d7 APP \/ 4 (insgesamt f\u00fcr 6 Personen) App \/ 4 Personen Die Wohnung verf\u00fcgt \u00fcber 2 Schlafzimmer, eine K\u00fcche, ein Wohnzimmer und ein Badezimmer Meerblick von der Terrasse der Wohnung. Die Anlage umfasst kostenloses WLAN und Parkpl\u00e4tze, Klimaanlage. 1 App \/ 2 Personen&#8230;<\/p>\r\n\t\t\t\t\t<a href=\"https:\/\/kastelir-labinci.com\/de\/item\/app-krizmanic\/\" class=\"more\">Mehr sehen<\/a>\r\n\t\t\t\t<\/div>\r\n\t\t\t<\/div>\r\n\t\t\t\t\t\t<div class=\"item-footer\" style=\"\">\r\n\t\t\t\t\t\t\t\t\t\t\t\t<div class=\"item-data address\" style=\"\">\r\n\t\t\t\t\t<span class=\"label\">Adresse<\/span>\r\n\t\t\t\t\t<span class=\"values\">Brnobi\u0107i 85, 52464 Ka\u0161telir<\/span>\r\n\t\t\t\t<\/div>\r\n\t\t\t\t\t\t\t\t\t\t\t\t\t\t\t\t<div class=\"item-data categories\" style=\"\">\r\n\t\t\t\t\t<span class=\"label\">Kategorien<\/span>\r\n\t\t\t\t\t<span class=\"values\">\r\n\t\t\t\t\t\t\t\t\t\t\t\t<a href=\"https:\/\/kastelir-labinci.com\/de\/cat\/fewo\/\" class=\"value\" style=\"\">FeWo<\/a>\r\n\t\t\t\t\t\t\t\t\t\t\t<\/span>\r\n\t\t\t\t<\/div>\r\n\t\t\t\t\t\t\t<\/div>\r\n\t\t<\/div>\r\n\t<\/div>\r\n\r\n<\/article>\r\n\r\n\r\n\r\n<article class=\"citadela-article has-thumbnail has-subtitle has-description has-address has-categories\">\r\n\r\n\t<div class=\"item-content\" style=\"\">\r\n\t\t\t\t<div class=\"item-thumbnail\" style=\"\">\r\n\t\t\t<a href=\"https:\/\/kastelir-labinci.com\/de\/item\/app-kuca-sunca\/\">\r\n\t\t\t\t<img loading=\"lazy\" decoding=\"async\" \r\n\t\t\t\t\tclass=\"item-image\"\r\n                    src=\"https:\/\/kastelir-labinci.com\/wp-content\/uploads\/2021\/04\/kuca-640x480.jpg\"\r\n                    width=\"640\"\r\n                    height=\"480\"\r\n                    srcset=\"https:\/\/kastelir-labinci.com\/wp-content\/uploads\/2021\/04\/kuca-640x480.jpg 640w, https:\/\/kastelir-labinci.com\/wp-content\/uploads\/2021\/04\/kuca-480x360.jpg 480w\"\r\n                    sizes=\"(max-width: 640px) 100vw, 640px\"\r\n                    alt=\"APP Ku\u0107a Sunca\"\r\n                    style=\"\"                \/>\r\n\t\t\t<\/a>\r\n\t\t<\/div>\r\n\t\t\r\n\t\t<div class=\"item-body\">\r\n\t\t\t<div class=\"item-title\">\r\n\t\t\t\t<a href=\"https:\/\/kastelir-labinci.com\/de\/item\/app-kuca-sunca\/\">\r\n\t\t\t\t\t<div class=\"item-title-wrap\">\r\n\t\t\t\t\t\t<div class=\"post-title\">APP Ku\u0107a Sunca<\/div>\r\n\t\t\t\t\t\t\t\t\t\t\t\t<div class=\"post-subtitle\" style=\"\">Kontakt: Veron Pleji\u0107<\/div>\r\n\t\t\t\t\t\t\t\t\t\t\t<\/div>\r\n\t\t\t\t<\/a>\r\n\t\t\t<\/div>\r\n\t\t\t\r\n\t\t\t\r\n\t\t\t\t\t\t<div class=\"item-text\">\r\n\t\t\t\t<div class=\"item-description\">\r\n\t\t\t\t\t<p>apartman za 6 osoba + 3 pomo\u0107na le\u017eaja\r\napartman za 4 osobe + 2 pomo\u0107na le\u017eaja\r\napartman za 2 osobe + 1 pomo\u0107ni le\u017eaj<\/p>\r\n\t\t\t\t\t<a href=\"https:\/\/kastelir-labinci.com\/de\/item\/app-kuca-sunca\/\" class=\"more\">Mehr sehen<\/a>\r\n\t\t\t\t<\/div>\r\n\t\t\t<\/div>\r\n\t\t\t\t\t\t<div class=\"item-footer\" style=\"\">\r\n\t\t\t\t\t\t\t\t\t\t\t\t<div class=\"item-data address\" style=\"\">\r\n\t\t\t\t\t<span class=\"label\">Adresse<\/span>\r\n\t\t\t\t\t<span class=\"values\">Ka\u0161telir, Rojci 70<\/span>\r\n\t\t\t\t<\/div>\r\n\t\t\t\t\t\t\t\t\t\t\t\t\t\t\t\t<div class=\"item-data categories\" style=\"\">\r\n\t\t\t\t\t<span class=\"label\">Kategorien<\/span>\r\n\t\t\t\t\t<span class=\"values\">\r\n\t\t\t\t\t\t\t\t\t\t\t\t<a href=\"https:\/\/kastelir-labinci.com\/de\/cat\/fewo\/\" class=\"value\" style=\"\">FeWo<\/a>\r\n\t\t\t\t\t\t\t\t\t\t\t<\/span>\r\n\t\t\t\t<\/div>\r\n\t\t\t\t\t\t\t<\/div>\r\n\t\t<\/div>\r\n\t<\/div>\r\n\r\n<\/article>\r\n\r\n\r\n\r\n<article class=\"citadela-article has-thumbnail has-subtitle has-description has-address has-categories\">\r\n\r\n\t<div class=\"item-content\" style=\"\">\r\n\t\t\t\t<div class=\"item-thumbnail\" style=\"\">\r\n\t\t\t<a href=\"https:\/\/kastelir-labinci.com\/de\/item\/app-marija\/\">\r\n\t\t\t\t<img loading=\"lazy\" decoding=\"async\" \r\n\t\t\t\t\tclass=\"item-image\"\r\n                    src=\"https:\/\/kastelir-labinci.com\/wp-content\/uploads\/2021\/04\/IMG_0080.jpg\"\r\n                    width=\"640\"\r\n                    height=\"480\"\r\n                    srcset=\"https:\/\/kastelir-labinci.com\/wp-content\/uploads\/2021\/04\/IMG_0080.jpg 640w, https:\/\/kastelir-labinci.com\/wp-content\/uploads\/2021\/04\/IMG_0080-300x225.jpg 300w, https:\/\/kastelir-labinci.com\/wp-content\/uploads\/2021\/04\/IMG_0080-480x360.jpg 480w\"\r\n                    sizes=\"(max-width: 640px) 100vw, 640px\"\r\n                    alt=\"APP Marija\"\r\n                    style=\"\"                \/>\r\n\t\t\t<\/a>\r\n\t\t<\/div>\r\n\t\t\r\n\t\t<div class=\"item-body\">\r\n\t\t\t<div class=\"item-title\">\r\n\t\t\t\t<a href=\"https:\/\/kastelir-labinci.com\/de\/item\/app-marija\/\">\r\n\t\t\t\t\t<div class=\"item-title-wrap\">\r\n\t\t\t\t\t\t<div class=\"post-title\">APP Marija<\/div>\r\n\t\t\t\t\t\t\t\t\t\t\t\t<div class=\"post-subtitle\" style=\"\">Kontakt: \tFranjo Danani\u0107<\/div>\r\n\t\t\t\t\t\t\t\t\t\t\t<\/div>\r\n\t\t\t\t<\/a>\r\n\t\t\t<\/div>\r\n\t\t\t\r\n\t\t\t\r\n\t\t\t\t\t\t<div class=\"item-text\">\r\n\t\t\t\t<div class=\"item-description\">\r\n\t\t\t\t\t<p>app 1\/2<\/p>\r\n\t\t\t\t\t<a href=\"https:\/\/kastelir-labinci.com\/de\/item\/app-marija\/\" class=\"more\">Mehr sehen<\/a>\r\n\t\t\t\t<\/div>\r\n\t\t\t<\/div>\r\n\t\t\t\t\t\t<div class=\"item-footer\" style=\"\">\r\n\t\t\t\t\t\t\t\t\t\t\t\t<div class=\"item-data address\" style=\"\">\r\n\t\t\t\t\t<span class=\"label\">Adresse<\/span>\r\n\t\t\t\t\t<span class=\"values\">Ka\u0161telir 14<\/span>\r\n\t\t\t\t<\/div>\r\n\t\t\t\t\t\t\t\t\t\t\t\t\t\t\t\t<div class=\"item-data categories\" style=\"\">\r\n\t\t\t\t\t<span class=\"label\">Kategorien<\/span>\r\n\t\t\t\t\t<span class=\"values\">\r\n\t\t\t\t\t\t\t\t\t\t\t\t<a href=\"https:\/\/kastelir-labinci.com\/de\/cat\/fewo\/\" class=\"value\" style=\"\">FeWo<\/a>\r\n\t\t\t\t\t\t\t\t\t\t\t<\/span>\r\n\t\t\t\t<\/div>\r\n\t\t\t\t\t\t\t<\/div>\r\n\t\t<\/div>\r\n\t<\/div>\r\n\r\n<\/article>\r\n\r\n\r\n\r\n<article class=\"citadela-article has-thumbnail has-subtitle has-description has-address has-categories\">\r\n\r\n\t<div class=\"item-content\" style=\"\">\r\n\t\t\t\t<div class=\"item-thumbnail\" style=\"\">\r\n\t\t\t<a href=\"https:\/\/kastelir-labinci.com\/de\/item\/app-marijan-kostadinovic\/\">\r\n\t\t\t\t<img loading=\"lazy\" decoding=\"async\" \r\n\t\t\t\t\tclass=\"item-image\"\r\n                    src=\"https:\/\/kastelir-labinci.com\/wp-content\/uploads\/2020\/08\/App_Marjan_Kostadinovic_glavna-640x480.jpg\"\r\n                    width=\"640\"\r\n                    height=\"480\"\r\n                    srcset=\"https:\/\/kastelir-labinci.com\/wp-content\/uploads\/2020\/08\/App_Marjan_Kostadinovic_glavna-640x480.jpg 640w, https:\/\/kastelir-labinci.com\/wp-content\/uploads\/2020\/08\/App_Marjan_Kostadinovic_glavna-480x360.jpg 480w\"\r\n                    sizes=\"(max-width: 640px) 100vw, 640px\"\r\n                    alt=\"App Marijan Kostadinovi\u0107\"\r\n                    style=\"\"                \/>\r\n\t\t\t<\/a>\r\n\t\t<\/div>\r\n\t\t\r\n\t\t<div class=\"item-body\">\r\n\t\t\t<div class=\"item-title\">\r\n\t\t\t\t<a href=\"https:\/\/kastelir-labinci.com\/de\/item\/app-marijan-kostadinovic\/\">\r\n\t\t\t\t\t<div class=\"item-title-wrap\">\r\n\t\t\t\t\t\t<div class=\"post-title\">App Marijan Kostadinovi\u0107<\/div>\r\n\t\t\t\t\t\t\t\t\t\t\t\t<div class=\"post-subtitle\" style=\"\">Kontakt osoba: Ana &#8211; Marija Kostadinovi\u0107<\/div>\r\n\t\t\t\t\t\t\t\t\t\t\t<\/div>\r\n\t\t\t\t<\/a>\r\n\t\t\t<\/div>\r\n\t\t\t\r\n\t\t\t\r\n\t\t\t\t\t\t<div class=\"item-text\">\r\n\t\t\t\t<div class=\"item-description\">\r\n\t\t\t\t\t<p>Dieses Apartment\/Ferienhaus bietet klimatisierte Unterk\u00fcnfte, eine Terrasse und einen Privatparkplatz. Es verf\u00fcgt \u00fcber 2 Schlafzimmer mit Doppelbett, eine voll ausgestattete K\u00fcche, ein Wohnzimmer mit TV, ein Badezimmer mit Dusche und eine Waschmaschine. Die Wohnung verf\u00fcgt \u00fcber eine gro\u00dfe Terrasse. &#8211; Gemeinschaftspool<\/p>\r\n\t\t\t\t\t<a href=\"https:\/\/kastelir-labinci.com\/de\/item\/app-marijan-kostadinovic\/\" class=\"more\">Mehr sehen<\/a>\r\n\t\t\t\t<\/div>\r\n\t\t\t<\/div>\r\n\t\t\t\t\t\t<div class=\"item-footer\" style=\"\">\r\n\t\t\t\t\t\t\t\t\t\t\t\t<div class=\"item-data address\" style=\"\">\r\n\t\t\t\t\t<span class=\"label\">Adresse<\/span>\r\n\t\t\t\t\t<span class=\"values\">Brnobi\u0107i 81c, 52464 Ka\u0161telir <\/span>\r\n\t\t\t\t<\/div>\r\n\t\t\t\t\t\t\t\t\t\t\t\t\t\t\t\t<div class=\"item-data categories\" style=\"\">\r\n\t\t\t\t\t<span class=\"label\">Kategorien<\/span>\r\n\t\t\t\t\t<span class=\"values\">\r\n\t\t\t\t\t\t\t\t\t\t\t\t<a href=\"https:\/\/kastelir-labinci.com\/de\/cat\/ferienhausern\/\" class=\"value\" style=\"\">Ferienh\u00e4usern<\/a>\r\n\t\t\t\t\t\t\t\t\t\t\t\t<a href=\"https:\/\/kastelir-labinci.com\/de\/cat\/fewo\/\" class=\"value\" style=\"\">FeWo<\/a>\r\n\t\t\t\t\t\t\t\t\t\t\t<\/span>\r\n\t\t\t\t<\/div>\r\n\t\t\t\t\t\t\t<\/div>\r\n\t\t<\/div>\r\n\t<\/div>\r\n\r\n<\/article>\r\n\r\n\r\n\r\n<article class=\"citadela-article featured has-thumbnail has-subtitle has-description has-address has-categories\">\r\n\r\n\t<div class=\"item-content\" style=\"\">\r\n\t\t\t\t<div class=\"item-thumbnail\" style=\"\">\r\n\t\t\t<a href=\"https:\/\/kastelir-labinci.com\/de\/item\/casa-danijel\/\">\r\n\t\t\t\t<img loading=\"lazy\" decoding=\"async\" \r\n\t\t\t\t\tclass=\"item-image\"\r\n                    src=\"https:\/\/kastelir-labinci.com\/wp-content\/uploads\/2020\/08\/Casa_danijel-640x480.jpg\"\r\n                    width=\"640\"\r\n                    height=\"480\"\r\n                    srcset=\"https:\/\/kastelir-labinci.com\/wp-content\/uploads\/2020\/08\/Casa_danijel-640x480.jpg 640w, https:\/\/kastelir-labinci.com\/wp-content\/uploads\/2020\/08\/Casa_danijel-480x360.jpg 480w\"\r\n                    sizes=\"(max-width: 640px) 100vw, 640px\"\r\n                    alt=\"App Mariza Legovi\u0107\"\r\n                    style=\"\"                \/>\r\n\t\t\t<\/a>\r\n\t\t<\/div>\r\n\t\t\r\n\t\t<div class=\"item-body\">\r\n\t\t\t<div class=\"item-title\">\r\n\t\t\t\t<a href=\"https:\/\/kastelir-labinci.com\/de\/item\/casa-danijel\/\">\r\n\t\t\t\t\t<div class=\"item-title-wrap\">\r\n\t\t\t\t\t\t<div class=\"post-title\">App Mariza Legovi\u0107<\/div>\r\n\t\t\t\t\t\t\t\t\t\t\t\t<div class=\"post-subtitle\" style=\"\">Kontakt: Mariza Legovi\u0107<\/div>\r\n\t\t\t\t\t\t\t\t\t\t\t<\/div>\r\n\t\t\t\t<\/a>\r\n\t\t\t<\/div>\r\n\t\t\t\r\n\t\t\t\r\n\t\t\t\t\t\t<div class=\"item-text\">\r\n\t\t\t\t<div class=\"item-description\">\r\n\t\t\t\t\t<p>2 X APP\/4 ,UKUPNO 8 OSOBA<\/p>\r\n\t\t\t\t\t<a href=\"https:\/\/kastelir-labinci.com\/de\/item\/casa-danijel\/\" class=\"more\">Mehr sehen<\/a>\r\n\t\t\t\t<\/div>\r\n\t\t\t<\/div>\r\n\t\t\t\t\t\t<div class=\"item-footer\" style=\"\">\r\n\t\t\t\t\t\t\t\t\t\t\t\t<div class=\"item-data address\" style=\"\">\r\n\t\t\t\t\t<span class=\"label\">Adresse<\/span>\r\n\t\t\t\t\t<span class=\"values\">Babi\u0107i 1, 52464 Ka\u0161telir<\/span>\r\n\t\t\t\t<\/div>\r\n\t\t\t\t\t\t\t\t\t\t\t\t\t\t\t\t<div class=\"item-data categories\" style=\"\">\r\n\t\t\t\t\t<span class=\"label\">Kategorien<\/span>\r\n\t\t\t\t\t<span class=\"values\">\r\n\t\t\t\t\t\t\t\t\t\t\t\t<a href=\"https:\/\/kastelir-labinci.com\/de\/cat\/fewo\/\" class=\"value\" style=\"\">FeWo<\/a>\r\n\t\t\t\t\t\t\t\t\t\t\t<\/span>\r\n\t\t\t\t<\/div>\r\n\t\t\t\t\t\t\t<\/div>\r\n\t\t<\/div>\r\n\t<\/div>\r\n\r\n<\/article>\r\n\r\n\r\n\r\n<article class=\"citadela-article has-thumbnail has-subtitle has-description has-address has-categories\">\r\n\r\n\t<div class=\"item-content\" style=\"\">\r\n\t\t\t\t<div class=\"item-thumbnail\" style=\"\">\r\n\t\t\t<a href=\"https:\/\/kastelir-labinci.com\/de\/item\/app-nane\/\">\r\n\t\t\t\t<img loading=\"lazy\" decoding=\"async\" \r\n\t\t\t\t\tclass=\"item-image\"\r\n                    src=\"https:\/\/kastelir-labinci.com\/wp-content\/uploads\/2020\/08\/App_Nane-640x480.jpg\"\r\n                    width=\"640\"\r\n                    height=\"480\"\r\n                    srcset=\"https:\/\/kastelir-labinci.com\/wp-content\/uploads\/2020\/08\/App_Nane-640x480.jpg 640w, https:\/\/kastelir-labinci.com\/wp-content\/uploads\/2020\/08\/App_Nane-480x360.jpg 480w\"\r\n                    sizes=\"(max-width: 640px) 100vw, 640px\"\r\n                    alt=\"APP Nane\"\r\n                    style=\"\"                \/>\r\n\t\t\t<\/a>\r\n\t\t<\/div>\r\n\t\t\r\n\t\t<div class=\"item-body\">\r\n\t\t\t<div class=\"item-title\">\r\n\t\t\t\t<a href=\"https:\/\/kastelir-labinci.com\/de\/item\/app-nane\/\">\r\n\t\t\t\t\t<div class=\"item-title-wrap\">\r\n\t\t\t\t\t\t<div class=\"post-title\">APP Nane<\/div>\r\n\t\t\t\t\t\t\t\t\t\t\t\t<div class=\"post-subtitle\" style=\"\">Kontakt osoba: Ivan Gortan<\/div>\r\n\t\t\t\t\t\t\t\t\t\t\t<\/div>\r\n\t\t\t\t<\/a>\r\n\t\t\t<\/div>\r\n\t\t\t\r\n\t\t\t\r\n\t\t\t\t\t\t<div class=\"item-text\">\r\n\t\t\t\t<div class=\"item-description\">\r\n\t\t\t\t\t<p>1 x APP \/ 4\r\n1 x APP \/ 2 (total 6 people)<\/p>\r\n\t\t\t\t\t<a href=\"https:\/\/kastelir-labinci.com\/de\/item\/app-nane\/\" class=\"more\">Mehr sehen<\/a>\r\n\t\t\t\t<\/div>\r\n\t\t\t<\/div>\r\n\t\t\t\t\t\t<div class=\"item-footer\" style=\"\">\r\n\t\t\t\t\t\t\t\t\t\t\t\t<div class=\"item-data address\" style=\"\">\r\n\t\t\t\t\t<span class=\"label\">Adresse<\/span>\r\n\t\t\t\t\t<span class=\"values\">Ka\u0161telir 32, 52464 Ka\u0161telir <\/span>\r\n\t\t\t\t<\/div>\r\n\t\t\t\t\t\t\t\t\t\t\t\t\t\t\t\t<div class=\"item-data categories\" style=\"\">\r\n\t\t\t\t\t<span class=\"label\">Kategorien<\/span>\r\n\t\t\t\t\t<span class=\"values\">\r\n\t\t\t\t\t\t\t\t\t\t\t\t<a href=\"https:\/\/kastelir-labinci.com\/de\/cat\/fewo\/\" class=\"value\" style=\"\">FeWo<\/a>\r\n\t\t\t\t\t\t\t\t\t\t\t<\/span>\r\n\t\t\t\t<\/div>\r\n\t\t\t\t\t\t\t<\/div>\r\n\t\t<\/div>\r\n\t<\/div>\r\n\r\n<\/article>\r\n\r\n\r\n\r\n<article class=\"citadela-article has-thumbnail has-subtitle has-description has-address has-web has-categories\">\r\n\r\n\t<div class=\"item-content\" style=\"\">\r\n\t\t\t\t<div class=\"item-thumbnail\" style=\"\">\r\n\t\t\t<a href=\"https:\/\/kastelir-labinci.com\/de\/item\/app-niki\/\">\r\n\t\t\t\t<img loading=\"lazy\" decoding=\"async\" \r\n\t\t\t\t\tclass=\"item-image\"\r\n                    src=\"https:\/\/kastelir-labinci.com\/wp-content\/uploads\/2021\/04\/495013591_710887247952576_5010712437985691161_n-640x480.jpg\"\r\n                    width=\"640\"\r\n                    height=\"480\"\r\n                    srcset=\"https:\/\/kastelir-labinci.com\/wp-content\/uploads\/2021\/04\/495013591_710887247952576_5010712437985691161_n-640x480.jpg 640w, https:\/\/kastelir-labinci.com\/wp-content\/uploads\/2021\/04\/495013591_710887247952576_5010712437985691161_n-480x360.jpg 480w\"\r\n                    sizes=\"(max-width: 640px) 100vw, 640px\"\r\n                    alt=\"APP Niki\"\r\n                    style=\"\"                \/>\r\n\t\t\t<\/a>\r\n\t\t<\/div>\r\n\t\t\r\n\t\t<div class=\"item-body\">\r\n\t\t\t<div class=\"item-title\">\r\n\t\t\t\t<a href=\"https:\/\/kastelir-labinci.com\/de\/item\/app-niki\/\">\r\n\t\t\t\t\t<div class=\"item-title-wrap\">\r\n\t\t\t\t\t\t<div class=\"post-title\">APP Niki<\/div>\r\n\t\t\t\t\t\t\t\t\t\t\t\t<div class=\"post-subtitle\" style=\"\">Kontakt: Kristian i Kristina Korlevi\u0107<\/div>\r\n\t\t\t\t\t\t\t\t\t\t\t<\/div>\r\n\t\t\t\t<\/a>\r\n\t\t\t<\/div>\r\n\t\t\t\r\n\t\t\t\r\n\t\t\t\t\t\t<div class=\"item-text\">\r\n\t\t\t\t<div class=\"item-description\">\r\n\t\t\t\t\t<p>APP za 4 osobe<\/p>\r\n\t\t\t\t\t<a href=\"https:\/\/kastelir-labinci.com\/de\/item\/app-niki\/\" class=\"more\">Mehr sehen<\/a>\r\n\t\t\t\t<\/div>\r\n\t\t\t<\/div>\r\n\t\t\t\t\t\t<div class=\"item-footer\" style=\"\">\r\n\t\t\t\t\t\t\t\t\t\t\t\t<div class=\"item-data address\" style=\"\">\r\n\t\t\t\t\t<span class=\"label\">Adresse<\/span>\r\n\t\t\t\t\t<span class=\"values\">Rogovi\u0107i 19a, 52465 Tar <\/span>\r\n\t\t\t\t<\/div>\r\n\t\t\t\t\t\t\t\t\t\t\t\t<div class=\"item-data web\" style=\"\">\r\n\t\t\t\t\t<span class=\"label\">Web<\/span>\r\n\t\t\t\t\t<span class=\"values\">\r\n\t\t\t\t\t\t<a href=\"https:\/\/sites.google.com\/view\/apartman-niki\" class=\"value\" target=\"_blank\" rel=\"nofollow\" style=\"\">https:\/\/sites.google.com\/view\/apartman-niki<\/a>\r\n\t\t\t\t\t<\/span>\r\n\t\t\t\t<\/div>\r\n\t\t\t\t\t\t\t\t\t\t\t\t<div class=\"item-data categories\" style=\"\">\r\n\t\t\t\t\t<span class=\"label\">Kategorien<\/span>\r\n\t\t\t\t\t<span class=\"values\">\r\n\t\t\t\t\t\t\t\t\t\t\t\t<a href=\"https:\/\/kastelir-labinci.com\/de\/cat\/fewo\/\" class=\"value\" style=\"\">FeWo<\/a>\r\n\t\t\t\t\t\t\t\t\t\t\t<\/span>\r\n\t\t\t\t<\/div>\r\n\t\t\t\t\t\t\t<\/div>\r\n\t\t<\/div>\r\n\t<\/div>\r\n\r\n<\/article>\r\n\r\n\r\n\r\n<article class=\"citadela-article has-thumbnail has-subtitle has-description has-address has-categories\">\r\n\r\n\t<div class=\"item-content\" style=\"\">\r\n\t\t\t\t<div class=\"item-thumbnail\" style=\"\">\r\n\t\t\t<a href=\"https:\/\/kastelir-labinci.com\/de\/item\/app-oliva-hedera-viridi\/\">\r\n\t\t\t\t<img loading=\"lazy\" decoding=\"async\" \r\n\t\t\t\t\tclass=\"item-image\"\r\n                    src=\"https:\/\/kastelir-labinci.com\/wp-content\/uploads\/2021\/04\/kocijancic_141-640x480.jpg\"\r\n                    width=\"640\"\r\n                    height=\"480\"\r\n                    srcset=\"https:\/\/kastelir-labinci.com\/wp-content\/uploads\/2021\/04\/kocijancic_141-640x480.jpg 640w, https:\/\/kastelir-labinci.com\/wp-content\/uploads\/2021\/04\/kocijancic_141-480x360.jpg 480w\"\r\n                    sizes=\"(max-width: 640px) 100vw, 640px\"\r\n                    alt=\"APP Oliva &amp; Hedera Viridi\"\r\n                    style=\"\"                \/>\r\n\t\t\t<\/a>\r\n\t\t<\/div>\r\n\t\t\r\n\t\t<div class=\"item-body\">\r\n\t\t\t<div class=\"item-title\">\r\n\t\t\t\t<a href=\"https:\/\/kastelir-labinci.com\/de\/item\/app-oliva-hedera-viridi\/\">\r\n\t\t\t\t\t<div class=\"item-title-wrap\">\r\n\t\t\t\t\t\t<div class=\"post-title\">APP Oliva &amp; Hedera Viridi<\/div>\r\n\t\t\t\t\t\t\t\t\t\t\t\t<div class=\"post-subtitle\" style=\"\">Kontakt: Marino Kocijan\u010di\u0107<\/div>\r\n\t\t\t\t\t\t\t\t\t\t\t<\/div>\r\n\t\t\t\t<\/a>\r\n\t\t\t<\/div>\r\n\t\t\t\r\n\t\t\t\r\n\t\t\t\t\t\t<div class=\"item-text\">\r\n\t\t\t\t<div class=\"item-description\">\r\n\t\t\t\t\t<p>2 apartmana za 10 osoba<\/p>\r\n\t\t\t\t\t<a href=\"https:\/\/kastelir-labinci.com\/de\/item\/app-oliva-hedera-viridi\/\" class=\"more\">Mehr sehen<\/a>\r\n\t\t\t\t<\/div>\r\n\t\t\t<\/div>\r\n\t\t\t\t\t\t<div class=\"item-footer\" style=\"\">\r\n\t\t\t\t\t\t\t\t\t\t\t\t<div class=\"item-data address\" style=\"\">\r\n\t\t\t\t\t<span class=\"label\">Adresse<\/span>\r\n\t\t\t\t\t<span class=\"values\">Ka\u0161telir 119<\/span>\r\n\t\t\t\t<\/div>\r\n\t\t\t\t\t\t\t\t\t\t\t\t\t\t\t\t<div class=\"item-data categories\" style=\"\">\r\n\t\t\t\t\t<span class=\"label\">Kategorien<\/span>\r\n\t\t\t\t\t<span class=\"values\">\r\n\t\t\t\t\t\t\t\t\t\t\t\t<a href=\"https:\/\/kastelir-labinci.com\/de\/cat\/fewo\/\" class=\"value\" style=\"\">FeWo<\/a>\r\n\t\t\t\t\t\t\t\t\t\t\t<\/span>\r\n\t\t\t\t<\/div>\r\n\t\t\t\t\t\t\t<\/div>\r\n\t\t<\/div>\r\n\t<\/div>\r\n\r\n<\/article>\r\n\r\n\r\n\r\n<article class=\"citadela-article has-thumbnail has-subtitle has-description has-address has-categories\">\r\n\r\n\t<div class=\"item-content\" style=\"\">\r\n\t\t\t\t<div class=\"item-thumbnail\" style=\"\">\r\n\t\t\t<a href=\"https:\/\/kastelir-labinci.com\/de\/item\/app-trampuh\/\">\r\n\t\t\t\t<img loading=\"lazy\" decoding=\"async\" \r\n\t\t\t\t\tclass=\"item-image\"\r\n                    src=\"https:\/\/kastelir-labinci.com\/wp-content\/uploads\/2020\/08\/App_Trampuh_01.jpg\"\r\n                    width=\"512\"\r\n                    height=\"384\"\r\n                    srcset=\"https:\/\/kastelir-labinci.com\/wp-content\/uploads\/2020\/08\/App_Trampuh_01.jpg 512w, https:\/\/kastelir-labinci.com\/wp-content\/uploads\/2020\/08\/App_Trampuh_01-300x225.jpg 300w, https:\/\/kastelir-labinci.com\/wp-content\/uploads\/2020\/08\/App_Trampuh_01-480x360.jpg 480w\"\r\n                    sizes=\"(max-width: 512px) 100vw, 512px\"\r\n                    alt=\"APP Trampuh\"\r\n                    style=\"\"                \/>\r\n\t\t\t<\/a>\r\n\t\t<\/div>\r\n\t\t\r\n\t\t<div class=\"item-body\">\r\n\t\t\t<div class=\"item-title\">\r\n\t\t\t\t<a href=\"https:\/\/kastelir-labinci.com\/de\/item\/app-trampuh\/\">\r\n\t\t\t\t\t<div class=\"item-title-wrap\">\r\n\t\t\t\t\t\t<div class=\"post-title\">APP Trampuh<\/div>\r\n\t\t\t\t\t\t\t\t\t\t\t\t<div class=\"post-subtitle\" style=\"\">Kontakt osoba: Kata Trampuh<\/div>\r\n\t\t\t\t\t\t\t\t\t\t\t<\/div>\r\n\t\t\t\t<\/a>\r\n\t\t\t<\/div>\r\n\t\t\t\r\n\t\t\t\r\n\t\t\t\t\t\t<div class=\"item-text\">\r\n\t\t\t\t<div class=\"item-description\">\r\n\t\t\t\t\t<p>Three apartments for 2 people, a total of 6 people<\/p>\r\n\t\t\t\t\t<a href=\"https:\/\/kastelir-labinci.com\/de\/item\/app-trampuh\/\" class=\"more\">Mehr sehen<\/a>\r\n\t\t\t\t<\/div>\r\n\t\t\t<\/div>\r\n\t\t\t\t\t\t<div class=\"item-footer\" style=\"\">\r\n\t\t\t\t\t\t\t\t\t\t\t\t<div class=\"item-data address\" style=\"\">\r\n\t\t\t\t\t<span class=\"label\">Adresse<\/span>\r\n\t\t\t\t\t<span class=\"values\">Kran\u010di\u0107i 1, 52464 Ka\u0161telir <\/span>\r\n\t\t\t\t<\/div>\r\n\t\t\t\t\t\t\t\t\t\t\t\t\t\t\t\t<div class=\"item-data categories\" style=\"\">\r\n\t\t\t\t\t<span class=\"label\">Kategorien<\/span>\r\n\t\t\t\t\t<span class=\"values\">\r\n\t\t\t\t\t\t\t\t\t\t\t\t<a href=\"https:\/\/kastelir-labinci.com\/de\/cat\/fewo\/\" class=\"value\" style=\"\">FeWo<\/a>\r\n\t\t\t\t\t\t\t\t\t\t\t<\/span>\r\n\t\t\t\t<\/div>\r\n\t\t\t\t\t\t\t<\/div>\r\n\t\t<\/div>\r\n\t<\/div>\r\n\r\n<\/article>\r\n\r\n\r\n\r\n<article class=\"citadela-article has-thumbnail has-subtitle has-description has-address has-categories\">\r\n\r\n\t<div class=\"item-content\" style=\"\">\r\n\t\t\t\t<div class=\"item-thumbnail\" style=\"\">\r\n\t\t\t<a href=\"https:\/\/kastelir-labinci.com\/de\/item\/app-tuljak\/\">\r\n\t\t\t\t<img loading=\"lazy\" decoding=\"async\" \r\n\t\t\t\t\tclass=\"item-image\"\r\n                    src=\"https:\/\/kastelir-labinci.com\/wp-content\/uploads\/2020\/08\/App_tuljak-640x480.jpg\"\r\n                    width=\"640\"\r\n                    height=\"480\"\r\n                    srcset=\"https:\/\/kastelir-labinci.com\/wp-content\/uploads\/2020\/08\/App_tuljak-640x480.jpg 640w, https:\/\/kastelir-labinci.com\/wp-content\/uploads\/2020\/08\/App_tuljak-480x360.jpg 480w\"\r\n                    sizes=\"(max-width: 640px) 100vw, 640px\"\r\n                    alt=\"APP Tuljak\"\r\n                    style=\"\"                \/>\r\n\t\t\t<\/a>\r\n\t\t<\/div>\r\n\t\t\r\n\t\t<div class=\"item-body\">\r\n\t\t\t<div class=\"item-title\">\r\n\t\t\t\t<a href=\"https:\/\/kastelir-labinci.com\/de\/item\/app-tuljak\/\">\r\n\t\t\t\t\t<div class=\"item-title-wrap\">\r\n\t\t\t\t\t\t<div class=\"post-title\">APP Tuljak<\/div>\r\n\t\t\t\t\t\t\t\t\t\t\t\t<div class=\"post-subtitle\" style=\"\">Kontakt osoba: Rita Tuljak<\/div>\r\n\t\t\t\t\t\t\t\t\t\t\t<\/div>\r\n\t\t\t\t<\/a>\r\n\t\t\t<\/div>\r\n\t\t\t\r\n\t\t\t\r\n\t\t\t\t\t\t<div class=\"item-text\">\r\n\t\t\t\t<div class=\"item-description\">\r\n\t\t\t\t\t<p>1 x APP \/ 3 +1 (app for 4 people)<\/p>\r\n\t\t\t\t\t<a href=\"https:\/\/kastelir-labinci.com\/de\/item\/app-tuljak\/\" class=\"more\">Mehr sehen<\/a>\r\n\t\t\t\t<\/div>\r\n\t\t\t<\/div>\r\n\t\t\t\t\t\t<div class=\"item-footer\" style=\"\">\r\n\t\t\t\t\t\t\t\t\t\t\t\t<div class=\"item-data address\" style=\"\">\r\n\t\t\t\t\t<span class=\"label\">Adresse<\/span>\r\n\t\t\t\t\t<span class=\"values\">Ka\u0161telir 122, 52464 Ka\u0161telir<\/span>\r\n\t\t\t\t<\/div>\r\n\t\t\t\t\t\t\t\t\t\t\t\t\t\t\t\t<div class=\"item-data categories\" style=\"\">\r\n\t\t\t\t\t<span class=\"label\">Kategorien<\/span>\r\n\t\t\t\t\t<span class=\"values\">\r\n\t\t\t\t\t\t\t\t\t\t\t\t<a href=\"https:\/\/kastelir-labinci.com\/de\/cat\/fewo\/\" class=\"value\" style=\"\">FeWo<\/a>\r\n\t\t\t\t\t\t\t\t\t\t\t<\/span>\r\n\t\t\t\t<\/div>\r\n\t\t\t\t\t\t\t<\/div>\r\n\t\t<\/div>\r\n\t<\/div>\r\n\r\n<\/article>\r\n\r\n\r\n\r\n<article class=\"citadela-article has-thumbnail has-subtitle has-description has-address has-web has-categories\">\r\n\r\n\t<div class=\"item-content\" style=\"\">\r\n\t\t\t\t<div class=\"item-thumbnail\" style=\"\">\r\n\t\t\t<a href=\"https:\/\/kastelir-labinci.com\/de\/item\/app-zugan\/\">\r\n\t\t\t\t<img loading=\"lazy\" decoding=\"async\" \r\n\t\t\t\t\tclass=\"item-image\"\r\n                    src=\"https:\/\/kastelir-labinci.com\/wp-content\/uploads\/2020\/08\/App_Zugan_prva-640x480.jpg\"\r\n                    width=\"640\"\r\n                    height=\"480\"\r\n                    srcset=\"https:\/\/kastelir-labinci.com\/wp-content\/uploads\/2020\/08\/App_Zugan_prva-640x480.jpg 640w, https:\/\/kastelir-labinci.com\/wp-content\/uploads\/2020\/08\/App_Zugan_prva-480x360.jpg 480w\"\r\n                    sizes=\"(max-width: 640px) 100vw, 640px\"\r\n                    alt=\"APP Zugan\"\r\n                    style=\"\"                \/>\r\n\t\t\t<\/a>\r\n\t\t<\/div>\r\n\t\t\r\n\t\t<div class=\"item-body\">\r\n\t\t\t<div class=\"item-title\">\r\n\t\t\t\t<a href=\"https:\/\/kastelir-labinci.com\/de\/item\/app-zugan\/\">\r\n\t\t\t\t\t<div class=\"item-title-wrap\">\r\n\t\t\t\t\t\t<div class=\"post-title\">APP Zugan<\/div>\r\n\t\t\t\t\t\t\t\t\t\t\t\t<div class=\"post-subtitle\" style=\"\">Kontakt osoba: Sandra Zugan<\/div>\r\n\t\t\t\t\t\t\t\t\t\t\t<\/div>\r\n\t\t\t\t<\/a>\r\n\t\t\t<\/div>\r\n\t\t\t\r\n\t\t\t\r\n\t\t\t\t\t\t<div class=\"item-text\">\r\n\t\t\t\t<div class=\"item-description\">\r\n\t\t\t\t\t<p>3 apartments for 4 persons (4 + 1)\r\n1 apartment for 3 persons (3 + 2)<\/p>\r\n\t\t\t\t\t<a href=\"https:\/\/kastelir-labinci.com\/de\/item\/app-zugan\/\" class=\"more\">Mehr sehen<\/a>\r\n\t\t\t\t<\/div>\r\n\t\t\t<\/div>\r\n\t\t\t\t\t\t<div class=\"item-footer\" style=\"\">\r\n\t\t\t\t\t\t\t\t\t\t\t\t<div class=\"item-data address\" style=\"\">\r\n\t\t\t\t\t<span class=\"label\">Adresse<\/span>\r\n\t\t\t\t\t<span class=\"values\">Ka\u0161telir 59a, 52464 Ka\u0161telir <\/span>\r\n\t\t\t\t<\/div>\r\n\t\t\t\t\t\t\t\t\t\t\t\t<div class=\"item-data web\" style=\"\">\r\n\t\t\t\t\t<span class=\"label\">Web<\/span>\r\n\t\t\t\t\t<span class=\"values\">\r\n\t\t\t\t\t\t<a href=\"https:\/\/www.google.hr\/maps\/place\/Apartmani+Zugan\/@45.302322,13.6837801,17z\/data=!4m12!1m6!3m5!1s0x477ca207267650e3:0x78c219a89bab1ba!2sApartmani+Zugan!8m2!3d45.302322!4d13.6859688!3m4!1s0x477ca207267650e3:0x78c219a89bab1ba!8m2!3d45.302322!4d13.6859688?hl=hr\" class=\"value\" target=\"_blank\" rel=\"nofollow\" style=\"\">Google maps<\/a>\r\n\t\t\t\t\t<\/span>\r\n\t\t\t\t<\/div>\r\n\t\t\t\t\t\t\t\t\t\t\t\t<div class=\"item-data categories\" style=\"\">\r\n\t\t\t\t\t<span class=\"label\">Kategorien<\/span>\r\n\t\t\t\t\t<span class=\"values\">\r\n\t\t\t\t\t\t\t\t\t\t\t\t<a href=\"https:\/\/kastelir-labinci.com\/de\/cat\/fewo\/\" class=\"value\" style=\"\">FeWo<\/a>\r\n\t\t\t\t\t\t\t\t\t\t\t<\/span>\r\n\t\t\t\t<\/div>\r\n\t\t\t\t\t\t\t<\/div>\r\n\t\t<\/div>\r\n\t<\/div>\r\n\r\n<\/article>\r\n\r\n\r\n\r\n<article class=\"citadela-article has-thumbnail has-subtitle has-description has-address has-categories\">\r\n\r\n\t<div class=\"item-content\" style=\"\">\r\n\t\t\t\t<div class=\"item-thumbnail\" style=\"\">\r\n\t\t\t<a href=\"https:\/\/kastelir-labinci.com\/de\/item\/casa-eric\/\">\r\n\t\t\t\t<img loading=\"lazy\" decoding=\"async\" \r\n\t\t\t\t\tclass=\"item-image\"\r\n                    src=\"https:\/\/kastelir-labinci.com\/wp-content\/uploads\/2020\/08\/dino-169-640x480.jpg\"\r\n                    width=\"640\"\r\n                    height=\"480\"\r\n                    srcset=\"https:\/\/kastelir-labinci.com\/wp-content\/uploads\/2020\/08\/dino-169-640x480.jpg 640w, https:\/\/kastelir-labinci.com\/wp-content\/uploads\/2020\/08\/dino-169-480x360.jpg 480w\"\r\n                    sizes=\"(max-width: 640px) 100vw, 640px\"\r\n                    alt=\"Casa Eri\u0107\"\r\n                    style=\"\"                \/>\r\n\t\t\t<\/a>\r\n\t\t<\/div>\r\n\t\t\r\n\t\t<div class=\"item-body\">\r\n\t\t\t<div class=\"item-title\">\r\n\t\t\t\t<a href=\"https:\/\/kastelir-labinci.com\/de\/item\/casa-eric\/\">\r\n\t\t\t\t\t<div class=\"item-title-wrap\">\r\n\t\t\t\t\t\t<div class=\"post-title\">Casa Eri\u0107<\/div>\r\n\t\t\t\t\t\t\t\t\t\t\t\t<div class=\"post-subtitle\" style=\"\">Kontakt osoba: Fahira Eri\u0107<\/div>\r\n\t\t\t\t\t\t\t\t\t\t\t<\/div>\r\n\t\t\t\t<\/a>\r\n\t\t\t<\/div>\r\n\t\t\t\r\n\t\t\t\r\n\t\t\t\t\t\t<div class=\"item-text\">\r\n\t\t\t\t<div class=\"item-description\">\r\n\t\t\t\t\t<p>4 x APP \/ 4 (total 16 people)<\/p>\r\n\t\t\t\t\t<a href=\"https:\/\/kastelir-labinci.com\/de\/item\/casa-eric\/\" class=\"more\">Mehr sehen<\/a>\r\n\t\t\t\t<\/div>\r\n\t\t\t<\/div>\r\n\t\t\t\t\t\t<div class=\"item-footer\" style=\"\">\r\n\t\t\t\t\t\t\t\t\t\t\t\t<div class=\"item-data address\" style=\"\">\r\n\t\t\t\t\t<span class=\"label\">Adresse<\/span>\r\n\t\t\t\t\t<span class=\"values\">Brnobi\u0107i 84, 52464 Ka\u0161telir<\/span>\r\n\t\t\t\t<\/div>\r\n\t\t\t\t\t\t\t\t\t\t\t\t\t\t\t\t<div class=\"item-data categories\" style=\"\">\r\n\t\t\t\t\t<span class=\"label\">Kategorien<\/span>\r\n\t\t\t\t\t<span class=\"values\">\r\n\t\t\t\t\t\t\t\t\t\t\t\t<a href=\"https:\/\/kastelir-labinci.com\/de\/cat\/fewo\/\" class=\"value\" style=\"\">FeWo<\/a>\r\n\t\t\t\t\t\t\t\t\t\t\t<\/span>\r\n\t\t\t\t<\/div>\r\n\t\t\t\t\t\t\t<\/div>\r\n\t\t<\/div>\r\n\t<\/div>\r\n\r\n<\/article>\r\n\r\n\r\n\r\n<article class=\"citadela-article has-thumbnail has-subtitle has-description has-address has-categories\">\r\n\r\n\t<div class=\"item-content\" style=\"\">\r\n\t\t\t\t<div class=\"item-thumbnail\" style=\"\">\r\n\t\t\t<a href=\"https:\/\/kastelir-labinci.com\/de\/item\/casa-nadija\/\">\r\n\t\t\t\t<img loading=\"lazy\" decoding=\"async\" \r\n\t\t\t\t\tclass=\"item-image\"\r\n                    src=\"https:\/\/kastelir-labinci.com\/wp-content\/uploads\/2021\/04\/124668_99273954977351-640x480.jpg\"\r\n                    width=\"640\"\r\n                    height=\"480\"\r\n                    srcset=\"https:\/\/kastelir-labinci.com\/wp-content\/uploads\/2021\/04\/124668_99273954977351-640x480.jpg 640w, https:\/\/kastelir-labinci.com\/wp-content\/uploads\/2021\/04\/124668_99273954977351-480x360.jpg 480w\"\r\n                    sizes=\"(max-width: 640px) 100vw, 640px\"\r\n                    alt=\"Casa Nadija\"\r\n                    style=\"\"                \/>\r\n\t\t\t<\/a>\r\n\t\t<\/div>\r\n\t\t\r\n\t\t<div class=\"item-body\">\r\n\t\t\t<div class=\"item-title\">\r\n\t\t\t\t<a href=\"https:\/\/kastelir-labinci.com\/de\/item\/casa-nadija\/\">\r\n\t\t\t\t\t<div class=\"item-title-wrap\">\r\n\t\t\t\t\t\t<div class=\"post-title\">Casa Nadija<\/div>\r\n\t\t\t\t\t\t\t\t\t\t\t\t<div class=\"post-subtitle\" style=\"\">Kontakt:  Rado\u0161 Nadija <\/div>\r\n\t\t\t\t\t\t\t\t\t\t\t<\/div>\r\n\t\t\t\t<\/a>\r\n\t\t\t<\/div>\r\n\t\t\t\r\n\t\t\t\r\n\t\t\t\t\t\t<div class=\"item-text\">\r\n\t\t\t\t<div class=\"item-description\">\r\n\t\t\t\t\t<p>Holiday house \/ 4 persons, 2 bedrooms<\/p>\r\n\t\t\t\t\t<a href=\"https:\/\/kastelir-labinci.com\/de\/item\/casa-nadija\/\" class=\"more\">Mehr sehen<\/a>\r\n\t\t\t\t<\/div>\r\n\t\t\t<\/div>\r\n\t\t\t\t\t\t<div class=\"item-footer\" style=\"\">\r\n\t\t\t\t\t\t\t\t\t\t\t\t<div class=\"item-data address\" style=\"\">\r\n\t\t\t\t\t<span class=\"label\">Adresse<\/span>\r\n\t\t\t\t\t<span class=\"values\">Ka\u0161telir, Tadini 16<\/span>\r\n\t\t\t\t<\/div>\r\n\t\t\t\t\t\t\t\t\t\t\t\t\t\t\t\t<div class=\"item-data categories\" style=\"\">\r\n\t\t\t\t\t<span class=\"label\">Kategorien<\/span>\r\n\t\t\t\t\t<span class=\"values\">\r\n\t\t\t\t\t\t\t\t\t\t\t\t<a href=\"https:\/\/kastelir-labinci.com\/de\/cat\/ferienhausern\/\" class=\"value\" style=\"\">Ferienh\u00e4usern<\/a>\r\n\t\t\t\t\t\t\t\t\t\t\t<\/span>\r\n\t\t\t\t<\/div>\r\n\t\t\t\t\t\t\t<\/div>\r\n\t\t<\/div>\r\n\t<\/div>\r\n\r\n<\/article>\r\n\r\n\r\n\r\n<article class=\"citadela-article has-thumbnail has-subtitle has-description has-address has-categories\">\r\n\r\n\t<div class=\"item-content\" style=\"\">\r\n\t\t\t\t<div class=\"item-thumbnail\" style=\"\">\r\n\t\t\t<a href=\"https:\/\/kastelir-labinci.com\/de\/item\/casa-pina\/\">\r\n\t\t\t\t<img loading=\"lazy\" decoding=\"async\" \r\n\t\t\t\t\tclass=\"item-image\"\r\n                    src=\"https:\/\/kastelir-labinci.com\/wp-content\/uploads\/2020\/08\/Casa_Pina_glavna-640x480.jpg\"\r\n                    width=\"640\"\r\n                    height=\"480\"\r\n                    srcset=\"https:\/\/kastelir-labinci.com\/wp-content\/uploads\/2020\/08\/Casa_Pina_glavna-640x480.jpg 640w, https:\/\/kastelir-labinci.com\/wp-content\/uploads\/2020\/08\/Casa_Pina_glavna-480x360.jpg 480w\"\r\n                    sizes=\"(max-width: 640px) 100vw, 640px\"\r\n                    alt=\"Casa Pina\"\r\n                    style=\"\"                \/>\r\n\t\t\t<\/a>\r\n\t\t<\/div>\r\n\t\t\r\n\t\t<div class=\"item-body\">\r\n\t\t\t<div class=\"item-title\">\r\n\t\t\t\t<a href=\"https:\/\/kastelir-labinci.com\/de\/item\/casa-pina\/\">\r\n\t\t\t\t\t<div class=\"item-title-wrap\">\r\n\t\t\t\t\t\t<div class=\"post-title\">Casa Pina<\/div>\r\n\t\t\t\t\t\t\t\t\t\t\t\t<div class=\"post-subtitle\" style=\"\">Kontakt osoba: Silvia Butkovi\u0107<\/div>\r\n\t\t\t\t\t\t\t\t\t\t\t<\/div>\r\n\t\t\t\t<\/a>\r\n\t\t\t<\/div>\r\n\t\t\t\r\n\t\t\t\r\n\t\t\t\t\t\t<div class=\"item-text\">\r\n\t\t\t\t<div class=\"item-description\">\r\n\t\t\t\t\t<p>Ku\u0107a za odmor za 4 osobe<\/p>\r\n\t\t\t\t\t<a href=\"https:\/\/kastelir-labinci.com\/de\/item\/casa-pina\/\" class=\"more\">Mehr sehen<\/a>\r\n\t\t\t\t<\/div>\r\n\t\t\t<\/div>\r\n\t\t\t\t\t\t<div class=\"item-footer\" style=\"\">\r\n\t\t\t\t\t\t\t\t\t\t\t\t<div class=\"item-data address\" style=\"\">\r\n\t\t\t\t\t<span class=\"label\">Adresse<\/span>\r\n\t\t\t\t\t<span class=\"values\">Dvori 12, 52464 Ka\u0161telir<\/span>\r\n\t\t\t\t<\/div>\r\n\t\t\t\t\t\t\t\t\t\t\t\t\t\t\t\t<div class=\"item-data categories\" style=\"\">\r\n\t\t\t\t\t<span class=\"label\">Kategorien<\/span>\r\n\t\t\t\t\t<span class=\"values\">\r\n\t\t\t\t\t\t\t\t\t\t\t\t<a href=\"https:\/\/kastelir-labinci.com\/de\/cat\/ferienhausern\/\" class=\"value\" style=\"\">Ferienh\u00e4usern<\/a>\r\n\t\t\t\t\t\t\t\t\t\t\t<\/span>\r\n\t\t\t\t<\/div>\r\n\t\t\t\t\t\t\t<\/div>\r\n\t\t<\/div>\r\n\t<\/div>\r\n\r\n<\/article>\r\n\r\n\r\n\r\n<article class=\"citadela-article has-thumbnail has-description has-categories\">\r\n\r\n\t<div class=\"item-content\" style=\"\">\r\n\t\t\t\t<div class=\"item-thumbnail\" style=\"\">\r\n\t\t\t<a href=\"https:\/\/kastelir-labinci.com\/de\/item\/haus-petar\/\">\r\n\t\t\t\t<img loading=\"lazy\" decoding=\"async\" \r\n\t\t\t\t\tclass=\"item-image\"\r\n                    src=\"https:\/\/kastelir-labinci.com\/wp-content\/uploads\/2020\/08\/c854543-640x480.jpg\"\r\n                    width=\"640\"\r\n                    height=\"480\"\r\n                    srcset=\"https:\/\/kastelir-labinci.com\/wp-content\/uploads\/2020\/08\/c854543-640x480.jpg 640w, https:\/\/kastelir-labinci.com\/wp-content\/uploads\/2020\/08\/c854543-300x225.jpg 300w, https:\/\/kastelir-labinci.com\/wp-content\/uploads\/2020\/08\/c854543-768x576.jpg 768w, https:\/\/kastelir-labinci.com\/wp-content\/uploads\/2020\/08\/c854543-480x360.jpg 480w, https:\/\/kastelir-labinci.com\/wp-content\/uploads\/2020\/08\/c854543.jpg 1024w\"\r\n                    sizes=\"(max-width: 640px) 100vw, 640px\"\r\n                    alt=\"Haus Petar\"\r\n                    style=\"\"                \/>\r\n\t\t\t<\/a>\r\n\t\t<\/div>\r\n\t\t\r\n\t\t<div class=\"item-body\">\r\n\t\t\t<div class=\"item-title\">\r\n\t\t\t\t<a href=\"https:\/\/kastelir-labinci.com\/de\/item\/haus-petar\/\">\r\n\t\t\t\t\t<div class=\"item-title-wrap\">\r\n\t\t\t\t\t\t<div class=\"post-title\">Haus Petar<\/div>\r\n\t\t\t\t\t\t\t\t\t\t\t<\/div>\r\n\t\t\t\t<\/a>\r\n\t\t\t<\/div>\r\n\t\t\t\r\n\t\t\t\r\n\t\t\t\t\t\t<div class=\"item-text\">\r\n\t\t\t\t<div class=\"item-description\">\r\n\t\t\t\t\t<p>app \/4, app\/5  ukupno 9 osoba<\/p>\r\n\t\t\t\t\t<a href=\"https:\/\/kastelir-labinci.com\/de\/item\/haus-petar\/\" class=\"more\">Mehr sehen<\/a>\r\n\t\t\t\t<\/div>\r\n\t\t\t<\/div>\r\n\t\t\t\t\t\t<div class=\"item-footer\" style=\"\">\r\n\t\t\t\t\t\t\t\t\t\t\t\t\t\t\t\t\t\t\t\t<div class=\"item-data categories\" style=\"\">\r\n\t\t\t\t\t<span class=\"label\">Kategorien<\/span>\r\n\t\t\t\t\t<span class=\"values\">\r\n\t\t\t\t\t\t\t\t\t\t\t\t<a href=\"https:\/\/kastelir-labinci.com\/de\/cat\/ferienhausern\/\" class=\"value\" style=\"\">Ferienh\u00e4usern<\/a>\r\n\t\t\t\t\t\t\t\t\t\t\t<\/span>\r\n\t\t\t\t<\/div>\r\n\t\t\t\t\t\t\t<\/div>\r\n\t\t<\/div>\r\n\t<\/div>\r\n\r\n<\/article>\r\n\r\n\r\n\r\n<article class=\"citadela-article has-thumbnail has-subtitle has-description has-address has-categories\">\r\n\r\n\t<div class=\"item-content\" style=\"\">\r\n\t\t\t\t<div class=\"item-thumbnail\" style=\"\">\r\n\t\t\t<a href=\"https:\/\/kastelir-labinci.com\/de\/item\/kuca-legovic\/\">\r\n\t\t\t\t<img loading=\"lazy\" decoding=\"async\" \r\n\t\t\t\t\tclass=\"item-image\"\r\n                    src=\"https:\/\/kastelir-labinci.com\/wp-content\/uploads\/2021\/04\/F2D993D000D51EE9A7950B957C8B2651.jpeg\"\r\n                    width=\"340\"\r\n                    height=\"225\"\r\n                    srcset=\"https:\/\/kastelir-labinci.com\/wp-content\/uploads\/2021\/04\/F2D993D000D51EE9A7950B957C8B2651.jpeg 340w, https:\/\/kastelir-labinci.com\/wp-content\/uploads\/2021\/04\/F2D993D000D51EE9A7950B957C8B2651-300x199.jpeg 300w\"\r\n                    sizes=\"(max-width: 340px) 100vw, 340px\"\r\n                    alt=\"Ku\u0107a LEGOVI\u0106\"\r\n                    style=\"\"                \/>\r\n\t\t\t<\/a>\r\n\t\t<\/div>\r\n\t\t\r\n\t\t<div class=\"item-body\">\r\n\t\t\t<div class=\"item-title\">\r\n\t\t\t\t<a href=\"https:\/\/kastelir-labinci.com\/de\/item\/kuca-legovic\/\">\r\n\t\t\t\t\t<div class=\"item-title-wrap\">\r\n\t\t\t\t\t\t<div class=\"post-title\">Ku\u0107a LEGOVI\u0106<\/div>\r\n\t\t\t\t\t\t\t\t\t\t\t\t<div class=\"post-subtitle\" style=\"\">Kontakt: Marijano Legovi\u0107<\/div>\r\n\t\t\t\t\t\t\t\t\t\t\t<\/div>\r\n\t\t\t\t<\/a>\r\n\t\t\t<\/div>\r\n\t\t\t\r\n\t\t\t\r\n\t\t\t\t\t\t<div class=\"item-text\">\r\n\t\t\t\t<div class=\"item-description\">\r\n\t\t\t\t\t<p>4 -sobna ku\u0107a 130 m2 na 1. katu<\/p>\r\n\t\t\t\t\t<a href=\"https:\/\/kastelir-labinci.com\/de\/item\/kuca-legovic\/\" class=\"more\">Mehr sehen<\/a>\r\n\t\t\t\t<\/div>\r\n\t\t\t<\/div>\r\n\t\t\t\t\t\t<div class=\"item-footer\" style=\"\">\r\n\t\t\t\t\t\t\t\t\t\t\t\t<div class=\"item-data address\" style=\"\">\r\n\t\t\t\t\t<span class=\"label\">Adresse<\/span>\r\n\t\t\t\t\t<span class=\"values\">Ka\u0161telir, Rojci 12 a<\/span>\r\n\t\t\t\t<\/div>\r\n\t\t\t\t\t\t\t\t\t\t\t\t\t\t\t\t<div class=\"item-data categories\" style=\"\">\r\n\t\t\t\t\t<span class=\"label\">Kategorien<\/span>\r\n\t\t\t\t\t<span class=\"values\">\r\n\t\t\t\t\t\t\t\t\t\t\t\t<a href=\"https:\/\/kastelir-labinci.com\/de\/cat\/ferienhausern\/\" class=\"value\" style=\"\">Ferienh\u00e4usern<\/a>\r\n\t\t\t\t\t\t\t\t\t\t\t<\/span>\r\n\t\t\t\t<\/div>\r\n\t\t\t\t\t\t\t<\/div>\r\n\t\t<\/div>\r\n\t<\/div>\r\n\r\n<\/article>\r\n\r\n\r\n\r\n<article class=\"citadela-article has-thumbnail has-subtitle has-description has-address has-categories\">\r\n\r\n\t<div class=\"item-content\" style=\"\">\r\n\t\t\t\t<div class=\"item-thumbnail\" style=\"\">\r\n\t\t\t<a href=\"https:\/\/kastelir-labinci.com\/de\/item\/kuca-za-odmor-petrovic\/\">\r\n\t\t\t\t<img loading=\"lazy\" decoding=\"async\" \r\n\t\t\t\t\tclass=\"item-image\"\r\n                    src=\"https:\/\/kastelir-labinci.com\/wp-content\/uploads\/2020\/08\/Image00003-640x480.jpg\"\r\n                    width=\"640\"\r\n                    height=\"480\"\r\n                    srcset=\"https:\/\/kastelir-labinci.com\/wp-content\/uploads\/2020\/08\/Image00003-640x480.jpg 640w, https:\/\/kastelir-labinci.com\/wp-content\/uploads\/2020\/08\/Image00003-480x360.jpg 480w\"\r\n                    sizes=\"(max-width: 640px) 100vw, 640px\"\r\n                    alt=\"Ku\u0107a za odmor Petrovi\u0107\"\r\n                    style=\"\"                \/>\r\n\t\t\t<\/a>\r\n\t\t<\/div>\r\n\t\t\r\n\t\t<div class=\"item-body\">\r\n\t\t\t<div class=\"item-title\">\r\n\t\t\t\t<a href=\"https:\/\/kastelir-labinci.com\/de\/item\/kuca-za-odmor-petrovic\/\">\r\n\t\t\t\t\t<div class=\"item-title-wrap\">\r\n\t\t\t\t\t\t<div class=\"post-title\">Ku\u0107a za odmor Petrovi\u0107<\/div>\r\n\t\t\t\t\t\t\t\t\t\t\t\t<div class=\"post-subtitle\" style=\"\">Kontakt osoba: Lino Petrovi\u0107<\/div>\r\n\t\t\t\t\t\t\t\t\t\t\t<\/div>\r\n\t\t\t\t<\/a>\r\n\t\t\t<\/div>\r\n\t\t\t\r\n\t\t\t\r\n\t\t\t\t\t\t<div class=\"item-text\">\r\n\t\t\t\t<div class=\"item-description\">\r\n\t\t\t\t\t<p>Holiday house 7 persons<\/p>\r\n\t\t\t\t\t<a href=\"https:\/\/kastelir-labinci.com\/de\/item\/kuca-za-odmor-petrovic\/\" class=\"more\">Mehr sehen<\/a>\r\n\t\t\t\t<\/div>\r\n\t\t\t<\/div>\r\n\t\t\t\t\t\t<div class=\"item-footer\" style=\"\">\r\n\t\t\t\t\t\t\t\t\t\t\t\t<div class=\"item-data address\" style=\"\">\r\n\t\t\t\t\t<span class=\"label\">Adresse<\/span>\r\n\t\t\t\t\t<span class=\"values\">Rogovi\u0107i 11a, 52464 Ka\u0161telir<\/span>\r\n\t\t\t\t<\/div>\r\n\t\t\t\t\t\t\t\t\t\t\t\t\t\t\t\t<div class=\"item-data categories\" style=\"\">\r\n\t\t\t\t\t<span class=\"label\">Kategorien<\/span>\r\n\t\t\t\t\t<span class=\"values\">\r\n\t\t\t\t\t\t\t\t\t\t\t\t<a href=\"https:\/\/kastelir-labinci.com\/de\/cat\/ferienhausern\/\" class=\"value\" style=\"\">Ferienh\u00e4usern<\/a>\r\n\t\t\t\t\t\t\t\t\t\t\t<\/span>\r\n\t\t\t\t<\/div>\r\n\t\t\t\t\t\t\t<\/div>\r\n\t\t<\/div>\r\n\t<\/div>\r\n\r\n<\/article>\r\n\r\n\r\n\r\n<article class=\"citadela-article has-thumbnail has-subtitle has-description has-address has-web has-categories\">\r\n\r\n\t<div class=\"item-content\" style=\"\">\r\n\t\t\t\t<div class=\"item-thumbnail\" style=\"\">\r\n\t\t\t<a href=\"https:\/\/kastelir-labinci.com\/de\/item\/natura-kamp-carli\/\">\r\n\t\t\t\t<img loading=\"lazy\" decoding=\"async\" \r\n\t\t\t\t\tclass=\"item-image\"\r\n                    src=\"https:\/\/kastelir-labinci.com\/wp-content\/uploads\/2021\/04\/DSC_2384-640x480.jpg\"\r\n                    width=\"640\"\r\n                    height=\"480\"\r\n                    srcset=\"https:\/\/kastelir-labinci.com\/wp-content\/uploads\/2021\/04\/DSC_2384-640x480.jpg 640w, https:\/\/kastelir-labinci.com\/wp-content\/uploads\/2021\/04\/DSC_2384-480x360.jpg 480w\"\r\n                    sizes=\"(max-width: 640px) 100vw, 640px\"\r\n                    alt=\"Natura camp KARLI\"\r\n                    style=\"\"                \/>\r\n\t\t\t<\/a>\r\n\t\t<\/div>\r\n\t\t\r\n\t\t<div class=\"item-body\">\r\n\t\t\t<div class=\"item-title\">\r\n\t\t\t\t<a href=\"https:\/\/kastelir-labinci.com\/de\/item\/natura-kamp-carli\/\">\r\n\t\t\t\t\t<div class=\"item-title-wrap\">\r\n\t\t\t\t\t\t<div class=\"post-title\">Natura camp KARLI<\/div>\r\n\t\t\t\t\t\t\t\t\t\t\t\t<div class=\"post-subtitle\" style=\"\">Contact: Valter i Antonia Kocijan\u010di\u0107<\/div>\r\n\t\t\t\t\t\t\t\t\t\t\t<\/div>\r\n\t\t\t\t<\/a>\r\n\t\t\t<\/div>\r\n\t\t\t\r\n\t\t\t\r\n\t\t\t\t\t\t<div class=\"item-text\">\r\n\t\t\t\t<div class=\"item-description\">\r\n\t\t\t\t\t<p>3 H\u00fctten f\u00fcr 4 Personen 1 Zelt Glamping 2 + 2 Wohnmobilstellplatz, 7 Stellpl\u00e4tze mit Schlie\u00dffach f\u00fcr Strom und Wasser Wir akzeptieren Tiere &nbsp;<\/p>\r\n\t\t\t\t\t<a href=\"https:\/\/kastelir-labinci.com\/de\/item\/natura-kamp-carli\/\" class=\"more\">Mehr sehen<\/a>\r\n\t\t\t\t<\/div>\r\n\t\t\t<\/div>\r\n\t\t\t\t\t\t<div class=\"item-footer\" style=\"\">\r\n\t\t\t\t\t\t\t\t\t\t\t\t<div class=\"item-data address\" style=\"\">\r\n\t\t\t\t\t<span class=\"label\">Adresse<\/span>\r\n\t\t\t\t\t<span class=\"values\">Kran\u010di\u0107i 27, 52474 Ka\u0161telir<\/span>\r\n\t\t\t\t<\/div>\r\n\t\t\t\t\t\t\t\t\t\t\t\t<div class=\"item-data web\" style=\"\">\r\n\t\t\t\t\t<span class=\"label\">Web<\/span>\r\n\t\t\t\t\t<span class=\"values\">\r\n\t\t\t\t\t\t<a href=\"http:\/\/www.naturacamp-karli.com\" class=\"value\" target=\"_blank\" rel=\"nofollow\" style=\"\">www.naturacamp-karli.com<\/a>\r\n\t\t\t\t\t<\/span>\r\n\t\t\t\t<\/div>\r\n\t\t\t\t\t\t\t\t\t\t\t\t<div class=\"item-data categories\" style=\"\">\r\n\t\t\t\t\t<span class=\"label\">Kategorien<\/span>\r\n\t\t\t\t\t<span class=\"values\">\r\n\t\t\t\t\t\t\t\t\t\t\t\t<a href=\"https:\/\/kastelir-labinci.com\/de\/cat\/camping-de\/\" class=\"value\" style=\"\">Camping<\/a>\r\n\t\t\t\t\t\t\t\t\t\t\t<\/span>\r\n\t\t\t\t<\/div>\r\n\t\t\t\t\t\t\t<\/div>\r\n\t\t<\/div>\r\n\t<\/div>\r\n\r\n<\/article>\r\n\r\n\r\n\r\n<article class=\"citadela-article has-thumbnail has-description has-categories\">\r\n\r\n\t<div class=\"item-content\" style=\"\">\r\n\t\t\t\t<div class=\"item-thumbnail\" style=\"\">\r\n\t\t\t<a href=\"https:\/\/kastelir-labinci.com\/de\/item\/sobe-anton-bernobic\/\">\r\n\t\t\t\t<img loading=\"lazy\" decoding=\"async\" \r\n\t\t\t\t\tclass=\"item-image\"\r\n                    src=\"https:\/\/kastelir-labinci.com\/wp-content\/uploads\/2020\/08\/2021-05-09_12h53_15-640x480.jpg\"\r\n                    width=\"640\"\r\n                    height=\"480\"\r\n                    srcset=\"https:\/\/kastelir-labinci.com\/wp-content\/uploads\/2020\/08\/2021-05-09_12h53_15-640x480.jpg 640w, https:\/\/kastelir-labinci.com\/wp-content\/uploads\/2020\/08\/2021-05-09_12h53_15-480x360.jpg 480w\"\r\n                    sizes=\"(max-width: 640px) 100vw, 640px\"\r\n                    alt=\"Restaurant and pansion Toni\"\r\n                    style=\"\"                \/>\r\n\t\t\t<\/a>\r\n\t\t<\/div>\r\n\t\t\r\n\t\t<div class=\"item-body\">\r\n\t\t\t<div class=\"item-title\">\r\n\t\t\t\t<a href=\"https:\/\/kastelir-labinci.com\/de\/item\/sobe-anton-bernobic\/\">\r\n\t\t\t\t\t<div class=\"item-title-wrap\">\r\n\t\t\t\t\t\t<div class=\"post-title\">Restaurant and pansion Toni<\/div>\r\n\t\t\t\t\t\t\t\t\t\t\t<\/div>\r\n\t\t\t\t<\/a>\r\n\t\t\t<\/div>\r\n\t\t\t\r\n\t\t\t\r\n\t\t\t\t\t\t<div class=\"item-text\">\r\n\t\t\t\t<div class=\"item-description\">\r\n\t\t\t\t\t<p>1 x app 2 + 1, 1 x app 2 + 2, 1 x room 2+ 1, 2 x room 2, total 14 people<\/p>\r\n\t\t\t\t\t<a href=\"https:\/\/kastelir-labinci.com\/de\/item\/sobe-anton-bernobic\/\" class=\"more\">Mehr sehen<\/a>\r\n\t\t\t\t<\/div>\r\n\t\t\t<\/div>\r\n\t\t\t\t\t\t<div class=\"item-footer\" style=\"\">\r\n\t\t\t\t\t\t\t\t\t\t\t\t\t\t\t\t\t\t\t\t<div class=\"item-data categories\" style=\"\">\r\n\t\t\t\t\t<span class=\"label\">Kategorien<\/span>\r\n\t\t\t\t\t<span class=\"values\">\r\n\t\t\t\t\t\t\t\t\t\t\t\t<a href=\"https:\/\/kastelir-labinci.com\/de\/cat\/fewo\/\" class=\"value\" style=\"\">FeWo<\/a>\r\n\t\t\t\t\t\t\t\t\t\t\t\t<a href=\"https:\/\/kastelir-labinci.com\/de\/cat\/restaurants-und-taverne\/\" class=\"value\" style=\"\">Restaurants und Taverne<\/a>\r\n\t\t\t\t\t\t\t\t\t\t\t<\/span>\r\n\t\t\t\t<\/div>\r\n\t\t\t\t\t\t\t<\/div>\r\n\t\t<\/div>\r\n\t<\/div>\r\n\r\n<\/article>\r\n\r\n\r\n\r\n<article class=\"citadela-article has-thumbnail has-subtitle has-description has-address has-categories\">\r\n\r\n\t<div class=\"item-content\" style=\"\">\r\n\t\t\t\t<div class=\"item-thumbnail\" style=\"\">\r\n\t\t\t<a href=\"https:\/\/kastelir-labinci.com\/de\/item\/seljacko-domacinstvo\/\">\r\n\t\t\t\t<img loading=\"lazy\" decoding=\"async\" \r\n\t\t\t\t\tclass=\"item-image\"\r\n                    src=\"https:\/\/kastelir-labinci.com\/wp-content\/uploads\/2020\/08\/OSE6776-640x480.jpg\"\r\n                    width=\"640\"\r\n                    height=\"480\"\r\n                    srcset=\"https:\/\/kastelir-labinci.com\/wp-content\/uploads\/2020\/08\/OSE6776-640x480.jpg 640w, https:\/\/kastelir-labinci.com\/wp-content\/uploads\/2020\/08\/OSE6776-480x360.jpg 480w\"\r\n                    sizes=\"(max-width: 640px) 100vw, 640px\"\r\n                    alt=\"Selja\u010dko doma\u0107instvo Cerjani\"\r\n                    style=\"\"                \/>\r\n\t\t\t<\/a>\r\n\t\t<\/div>\r\n\t\t\r\n\t\t<div class=\"item-body\">\r\n\t\t\t<div class=\"item-title\">\r\n\t\t\t\t<a href=\"https:\/\/kastelir-labinci.com\/de\/item\/seljacko-domacinstvo\/\">\r\n\t\t\t\t\t<div class=\"item-title-wrap\">\r\n\t\t\t\t\t\t<div class=\"post-title\">Selja\u010dko doma\u0107instvo Cerjani<\/div>\r\n\t\t\t\t\t\t\t\t\t\t\t\t<div class=\"post-subtitle\" style=\"\">Contact: Mirjana Legovi\u0107<\/div>\r\n\t\t\t\t\t\t\t\t\t\t\t<\/div>\r\n\t\t\t\t<\/a>\r\n\t\t\t<\/div>\r\n\t\t\t\r\n\t\t\t\r\n\t\t\t\t\t\t<div class=\"item-text\">\r\n\t\t\t\t<div class=\"item-description\">\r\n\t\t\t\t\t<p>rooms 6 x 1\/2, 2 x 1\/1, a total of 14 beds<\/p>\r\n\t\t\t\t\t<a href=\"https:\/\/kastelir-labinci.com\/de\/item\/seljacko-domacinstvo\/\" class=\"more\">Mehr sehen<\/a>\r\n\t\t\t\t<\/div>\r\n\t\t\t<\/div>\r\n\t\t\t\t\t\t<div class=\"item-footer\" style=\"\">\r\n\t\t\t\t\t\t\t\t\t\t\t\t<div class=\"item-data address\" style=\"\">\r\n\t\t\t\t\t<span class=\"label\">Adresse<\/span>\r\n\t\t\t\t\t<span class=\"values\">Cerjani 1, 52464 Ka\u0161telir <\/span>\r\n\t\t\t\t<\/div>\r\n\t\t\t\t\t\t\t\t\t\t\t\t\t\t\t\t<div class=\"item-data categories\" style=\"\">\r\n\t\t\t\t\t<span class=\"label\">Kategorien<\/span>\r\n\t\t\t\t\t<span class=\"values\">\r\n\t\t\t\t\t\t\t\t\t\t\t\t<a href=\"https:\/\/kastelir-labinci.com\/de\/cat\/ferienhausern\/\" class=\"value\" style=\"\">Ferienh\u00e4usern<\/a>\r\n\t\t\t\t\t\t\t\t\t\t\t\t<a href=\"https:\/\/kastelir-labinci.com\/de\/cat\/zimmer\/\" class=\"value\" style=\"\">Zimmer<\/a>\r\n\t\t\t\t\t\t\t\t\t\t\t<\/span>\r\n\t\t\t\t<\/div>\r\n\t\t\t\t\t\t\t<\/div>\r\n\t\t<\/div>\r\n\t<\/div>\r\n\r\n<\/article>\r\n\r\n\r\n\r\n<article class=\"citadela-article has-thumbnail has-subtitle has-description has-address has-web has-categories\">\r\n\r\n\t<div class=\"item-content\" style=\"\">\r\n\t\t\t\t<div class=\"item-thumbnail\" style=\"\">\r\n\t\t\t<a href=\"https:\/\/kastelir-labinci.com\/de\/item\/villa-grebac\/\">\r\n\t\t\t\t<img loading=\"lazy\" decoding=\"async\" \r\n\t\t\t\t\tclass=\"item-image\"\r\n                    src=\"https:\/\/kastelir-labinci.com\/wp-content\/uploads\/2020\/08\/1-2-640x480.jpg\"\r\n                    width=\"640\"\r\n                    height=\"480\"\r\n                    srcset=\"https:\/\/kastelir-labinci.com\/wp-content\/uploads\/2020\/08\/1-2-640x480.jpg 640w, https:\/\/kastelir-labinci.com\/wp-content\/uploads\/2020\/08\/1-2-480x360.jpg 480w\"\r\n                    sizes=\"(max-width: 640px) 100vw, 640px\"\r\n                    alt=\"Villa Grebac\"\r\n                    style=\"\"                \/>\r\n\t\t\t<\/a>\r\n\t\t<\/div>\r\n\t\t\r\n\t\t<div class=\"item-body\">\r\n\t\t\t<div class=\"item-title\">\r\n\t\t\t\t<a href=\"https:\/\/kastelir-labinci.com\/de\/item\/villa-grebac\/\">\r\n\t\t\t\t\t<div class=\"item-title-wrap\">\r\n\t\t\t\t\t\t<div class=\"post-title\">Villa Grebac<\/div>\r\n\t\t\t\t\t\t\t\t\t\t\t\t<div class=\"post-subtitle\" style=\"\">Kontakt osoba: Karlo Grebac<\/div>\r\n\t\t\t\t\t\t\t\t\t\t\t<\/div>\r\n\t\t\t\t<\/a>\r\n\t\t\t<\/div>\r\n\t\t\t\r\n\t\t\t\r\n\t\t\t\t\t\t<div class=\"item-text\">\r\n\t\t\t\t<div class=\"item-description\">\r\n\t\t\t\t\t<p>2 X APP\/4<\/p>\r\n\t\t\t\t\t<a href=\"https:\/\/kastelir-labinci.com\/de\/item\/villa-grebac\/\" class=\"more\">Mehr sehen<\/a>\r\n\t\t\t\t<\/div>\r\n\t\t\t<\/div>\r\n\t\t\t\t\t\t<div class=\"item-footer\" style=\"\">\r\n\t\t\t\t\t\t\t\t\t\t\t\t<div class=\"item-data address\" style=\"\">\r\n\t\t\t\t\t<span class=\"label\">Adresse<\/span>\r\n\t\t\t\t\t<span class=\"values\">Valenti\u0107i 29, 52464 Ka\u0161telir<\/span>\r\n\t\t\t\t<\/div>\r\n\t\t\t\t\t\t\t\t\t\t\t\t<div class=\"item-data web\" style=\"\">\r\n\t\t\t\t\t<span class=\"label\">Web<\/span>\r\n\t\t\t\t\t<span class=\"values\">\r\n\t\t\t\t\t\t<a href=\"http:\/\/www.grebac-apartmani.hr\/villa-grebac\" class=\"value\" target=\"_blank\" rel=\"nofollow\" style=\"\">http:\/\/www.grebac-apartmani.hr\/villa-grebac<\/a>\r\n\t\t\t\t\t<\/span>\r\n\t\t\t\t<\/div>\r\n\t\t\t\t\t\t\t\t\t\t\t\t<div class=\"item-data categories\" style=\"\">\r\n\t\t\t\t\t<span class=\"label\">Kategorien<\/span>\r\n\t\t\t\t\t<span class=\"values\">\r\n\t\t\t\t\t\t\t\t\t\t\t\t<a href=\"https:\/\/kastelir-labinci.com\/de\/cat\/ferienhausern\/\" class=\"value\" style=\"\">Ferienh\u00e4usern<\/a>\r\n\t\t\t\t\t\t\t\t\t\t\t<\/span>\r\n\t\t\t\t<\/div>\r\n\t\t\t\t\t\t\t<\/div>\r\n\t\t<\/div>\r\n\t<\/div>\r\n\r\n<\/article>\r\n\r\n\r\n\r\n<article class=\"citadela-article has-thumbnail has-subtitle has-description has-address has-categories\">\r\n\r\n\t<div class=\"item-content\" style=\"\">\r\n\t\t\t\t<div class=\"item-thumbnail\" style=\"\">\r\n\t\t\t<a href=\"https:\/\/kastelir-labinci.com\/de\/item\/villa-henne\/\">\r\n\t\t\t\t<img loading=\"lazy\" decoding=\"async\" \r\n\t\t\t\t\tclass=\"item-image\"\r\n                    src=\"https:\/\/kastelir-labinci.com\/wp-content\/uploads\/2020\/08\/1-640x480.jpg\"\r\n                    width=\"640\"\r\n                    height=\"480\"\r\n                    srcset=\"https:\/\/kastelir-labinci.com\/wp-content\/uploads\/2020\/08\/1-640x480.jpg 640w, https:\/\/kastelir-labinci.com\/wp-content\/uploads\/2020\/08\/1-480x360.jpg 480w\"\r\n                    sizes=\"(max-width: 640px) 100vw, 640px\"\r\n                    alt=\"Villa Henne\"\r\n                    style=\"\"                \/>\r\n\t\t\t<\/a>\r\n\t\t<\/div>\r\n\t\t\r\n\t\t<div class=\"item-body\">\r\n\t\t\t<div class=\"item-title\">\r\n\t\t\t\t<a href=\"https:\/\/kastelir-labinci.com\/de\/item\/villa-henne\/\">\r\n\t\t\t\t\t<div class=\"item-title-wrap\">\r\n\t\t\t\t\t\t<div class=\"post-title\">Villa Henne<\/div>\r\n\t\t\t\t\t\t\t\t\t\t\t\t<div class=\"post-subtitle\" style=\"\">Kontakt osoba: Sanja Dupli\u0107<\/div>\r\n\t\t\t\t\t\t\t\t\t\t\t<\/div>\r\n\t\t\t\t<\/a>\r\n\t\t\t<\/div>\r\n\t\t\t\r\n\t\t\t\r\n\t\t\t\t\t\t<div class=\"item-text\">\r\n\t\t\t\t<div class=\"item-description\">\r\n\t\t\t\t\t<p>Ku\u0107a za odmor \/ 6 osoba<\/p>\r\n\t\t\t\t\t<a href=\"https:\/\/kastelir-labinci.com\/de\/item\/villa-henne\/\" class=\"more\">Mehr sehen<\/a>\r\n\t\t\t\t<\/div>\r\n\t\t\t<\/div>\r\n\t\t\t\t\t\t<div class=\"item-footer\" style=\"\">\r\n\t\t\t\t\t\t\t\t\t\t\t\t<div class=\"item-data address\" style=\"\">\r\n\t\t\t\t\t<span class=\"label\">Adresse<\/span>\r\n\t\t\t\t\t<span class=\"values\">Rogovi\u0107i 36, 52464 Ka\u0161telir <\/span>\r\n\t\t\t\t<\/div>\r\n\t\t\t\t\t\t\t\t\t\t\t\t\t\t\t\t<div class=\"item-data categories\" style=\"\">\r\n\t\t\t\t\t<span class=\"label\">Kategorien<\/span>\r\n\t\t\t\t\t<span class=\"values\">\r\n\t\t\t\t\t\t\t\t\t\t\t\t<a href=\"https:\/\/kastelir-labinci.com\/de\/cat\/ferienhausern\/\" class=\"value\" style=\"\">Ferienh\u00e4usern<\/a>\r\n\t\t\t\t\t\t\t\t\t\t\t<\/span>\r\n\t\t\t\t<\/div>\r\n\t\t\t\t\t\t\t<\/div>\r\n\t\t<\/div>\r\n\t<\/div>\r\n\r\n<\/article>\r\n\r\n\r\n\r\n<article class=\"citadela-article has-thumbnail has-subtitle has-description has-address has-categories\">\r\n\r\n\t<div class=\"item-content\" style=\"\">\r\n\t\t\t\t<div class=\"item-thumbnail\" style=\"\">\r\n\t\t\t<a href=\"https:\/\/kastelir-labinci.com\/de\/item\/villa-jolanda\/\">\r\n\t\t\t\t<img loading=\"lazy\" decoding=\"async\" \r\n\t\t\t\t\tclass=\"item-image\"\r\n                    src=\"https:\/\/kastelir-labinci.com\/wp-content\/uploads\/2020\/08\/Villa_Jolanda_glavna-640x480.jpg\"\r\n                    width=\"640\"\r\n                    height=\"480\"\r\n                    srcset=\"https:\/\/kastelir-labinci.com\/wp-content\/uploads\/2020\/08\/Villa_Jolanda_glavna-640x480.jpg 640w, https:\/\/kastelir-labinci.com\/wp-content\/uploads\/2020\/08\/Villa_Jolanda_glavna-480x360.jpg 480w\"\r\n                    sizes=\"(max-width: 640px) 100vw, 640px\"\r\n                    alt=\"Villa Jolanda\"\r\n                    style=\"\"                \/>\r\n\t\t\t<\/a>\r\n\t\t<\/div>\r\n\t\t\r\n\t\t<div class=\"item-body\">\r\n\t\t\t<div class=\"item-title\">\r\n\t\t\t\t<a href=\"https:\/\/kastelir-labinci.com\/de\/item\/villa-jolanda\/\">\r\n\t\t\t\t\t<div class=\"item-title-wrap\">\r\n\t\t\t\t\t\t<div class=\"post-title\">Villa Jolanda<\/div>\r\n\t\t\t\t\t\t\t\t\t\t\t\t<div class=\"post-subtitle\" style=\"\">Kontakt osoba: Sabina Poropat<\/div>\r\n\t\t\t\t\t\t\t\t\t\t\t<\/div>\r\n\t\t\t\t<\/a>\r\n\t\t\t<\/div>\r\n\t\t\t\r\n\t\t\t\r\n\t\t\t\t\t\t<div class=\"item-text\">\r\n\t\t\t\t<div class=\"item-description\">\r\n\t\t\t\t\t<p>2 app za 4 osobe, iznajmljuje se kao jedna cijelina<\/p>\r\n\t\t\t\t\t<a href=\"https:\/\/kastelir-labinci.com\/de\/item\/villa-jolanda\/\" class=\"more\">Mehr sehen<\/a>\r\n\t\t\t\t<\/div>\r\n\t\t\t<\/div>\r\n\t\t\t\t\t\t<div class=\"item-footer\" style=\"\">\r\n\t\t\t\t\t\t\t\t\t\t\t\t<div class=\"item-data address\" style=\"\">\r\n\t\t\t\t\t<span class=\"label\">Adresse<\/span>\r\n\t\t\t\t\t<span class=\"values\">Brnobi\u0107i 19a, 52464 Ka\u0161telir <\/span>\r\n\t\t\t\t<\/div>\r\n\t\t\t\t\t\t\t\t\t\t\t\t\t\t\t\t<div class=\"item-data categories\" style=\"\">\r\n\t\t\t\t\t<span class=\"label\">Kategorien<\/span>\r\n\t\t\t\t\t<span class=\"values\">\r\n\t\t\t\t\t\t\t\t\t\t\t\t<a href=\"https:\/\/kastelir-labinci.com\/de\/cat\/ferienhausern\/\" class=\"value\" style=\"\">Ferienh\u00e4usern<\/a>\r\n\t\t\t\t\t\t\t\t\t\t\t<\/span>\r\n\t\t\t\t<\/div>\r\n\t\t\t\t\t\t\t<\/div>\r\n\t\t<\/div>\r\n\t<\/div>\r\n\r\n<\/article>\r\n\r\n\r\n\r\n<article class=\"citadela-article has-thumbnail has-subtitle has-description has-address has-categories\">\r\n\r\n\t<div class=\"item-content\" style=\"\">\r\n\t\t\t\t<div class=\"item-thumbnail\" style=\"\">\r\n\t\t\t<a href=\"https:\/\/kastelir-labinci.com\/de\/item\/villa-kalina\/\">\r\n\t\t\t\t<img loading=\"lazy\" decoding=\"async\" \r\n\t\t\t\t\tclass=\"item-image\"\r\n                    src=\"https:\/\/kastelir-labinci.com\/wp-content\/uploads\/2020\/08\/Villa_Kalina_Glavna-640x480.jpg\"\r\n                    width=\"640\"\r\n                    height=\"480\"\r\n                    srcset=\"https:\/\/kastelir-labinci.com\/wp-content\/uploads\/2020\/08\/Villa_Kalina_Glavna-640x480.jpg 640w, https:\/\/kastelir-labinci.com\/wp-content\/uploads\/2020\/08\/Villa_Kalina_Glavna-300x225.jpg 300w, https:\/\/kastelir-labinci.com\/wp-content\/uploads\/2020\/08\/Villa_Kalina_Glavna-1024x768.jpg 1024w, https:\/\/kastelir-labinci.com\/wp-content\/uploads\/2020\/08\/Villa_Kalina_Glavna-768x576.jpg 768w, https:\/\/kastelir-labinci.com\/wp-content\/uploads\/2020\/08\/Villa_Kalina_Glavna-480x360.jpg 480w, https:\/\/kastelir-labinci.com\/wp-content\/uploads\/2020\/08\/Villa_Kalina_Glavna.jpg 1040w\"\r\n                    sizes=\"(max-width: 640px) 100vw, 640px\"\r\n                    alt=\"Villa Kalina\"\r\n                    style=\"\"                \/>\r\n\t\t\t<\/a>\r\n\t\t<\/div>\r\n\t\t\r\n\t\t<div class=\"item-body\">\r\n\t\t\t<div class=\"item-title\">\r\n\t\t\t\t<a href=\"https:\/\/kastelir-labinci.com\/de\/item\/villa-kalina\/\">\r\n\t\t\t\t\t<div class=\"item-title-wrap\">\r\n\t\t\t\t\t\t<div class=\"post-title\">Villa Kalina<\/div>\r\n\t\t\t\t\t\t\t\t\t\t\t\t<div class=\"post-subtitle\" style=\"\">Kontakt osoba: Patricia Baf <\/div>\r\n\t\t\t\t\t\t\t\t\t\t\t<\/div>\r\n\t\t\t\t<\/a>\r\n\t\t\t<\/div>\r\n\t\t\t\r\n\t\t\t\r\n\t\t\t\t\t\t<div class=\"item-text\">\r\n\t\t\t\t<div class=\"item-description\">\r\n\t\t\t\t\t<p>5+1 ( ku\u0107a za 6 osoba)<\/p>\r\n\t\t\t\t\t<a href=\"https:\/\/kastelir-labinci.com\/de\/item\/villa-kalina\/\" class=\"more\">Mehr sehen<\/a>\r\n\t\t\t\t<\/div>\r\n\t\t\t<\/div>\r\n\t\t\t\t\t\t<div class=\"item-footer\" style=\"\">\r\n\t\t\t\t\t\t\t\t\t\t\t\t<div class=\"item-data address\" style=\"\">\r\n\t\t\t\t\t<span class=\"label\">Adresse<\/span>\r\n\t\t\t\t\t<span class=\"values\">Brnobi\u0107i 63, 52464 Ka\u0161telir <\/span>\r\n\t\t\t\t<\/div>\r\n\t\t\t\t\t\t\t\t\t\t\t\t\t\t\t\t<div class=\"item-data categories\" style=\"\">\r\n\t\t\t\t\t<span class=\"label\">Kategorien<\/span>\r\n\t\t\t\t\t<span class=\"values\">\r\n\t\t\t\t\t\t\t\t\t\t\t\t<a href=\"https:\/\/kastelir-labinci.com\/de\/cat\/ferienhausern\/\" class=\"value\" style=\"\">Ferienh\u00e4usern<\/a>\r\n\t\t\t\t\t\t\t\t\t\t\t<\/span>\r\n\t\t\t\t<\/div>\r\n\t\t\t\t\t\t\t<\/div>\r\n\t\t<\/div>\r\n\t<\/div>\r\n\r\n<\/article>\r\n\r\n\r\n\r\n<article class=\"citadela-article has-thumbnail has-subtitle has-description has-address has-categories\">\r\n\r\n\t<div class=\"item-content\" style=\"\">\r\n\t\t\t\t<div class=\"item-thumbnail\" style=\"\">\r\n\t\t\t<a href=\"https:\/\/kastelir-labinci.com\/de\/item\/villa-palma\/\">\r\n\t\t\t\t<img loading=\"lazy\" decoding=\"async\" \r\n\t\t\t\t\tclass=\"item-image\"\r\n                    src=\"https:\/\/kastelir-labinci.com\/wp-content\/uploads\/2020\/08\/Villa_Palma_glavna-640x480.jpg\"\r\n                    width=\"640\"\r\n                    height=\"480\"\r\n                    srcset=\"https:\/\/kastelir-labinci.com\/wp-content\/uploads\/2020\/08\/Villa_Palma_glavna-640x480.jpg 640w, https:\/\/kastelir-labinci.com\/wp-content\/uploads\/2020\/08\/Villa_Palma_glavna-300x225.jpg 300w, https:\/\/kastelir-labinci.com\/wp-content\/uploads\/2020\/08\/Villa_Palma_glavna-768x576.jpg 768w, https:\/\/kastelir-labinci.com\/wp-content\/uploads\/2020\/08\/Villa_Palma_glavna-480x360.jpg 480w, https:\/\/kastelir-labinci.com\/wp-content\/uploads\/2020\/08\/Villa_Palma_glavna.jpg 800w\"\r\n                    sizes=\"(max-width: 640px) 100vw, 640px\"\r\n                    alt=\"Villa Ka\u0161telir (Palma)\"\r\n                    style=\"\"                \/>\r\n\t\t\t<\/a>\r\n\t\t<\/div>\r\n\t\t\r\n\t\t<div class=\"item-body\">\r\n\t\t\t<div class=\"item-title\">\r\n\t\t\t\t<a href=\"https:\/\/kastelir-labinci.com\/de\/item\/villa-palma\/\">\r\n\t\t\t\t\t<div class=\"item-title-wrap\">\r\n\t\t\t\t\t\t<div class=\"post-title\">Villa Ka\u0161telir (Palma)<\/div>\r\n\t\t\t\t\t\t\t\t\t\t\t\t<div class=\"post-subtitle\" style=\"\">Kontakt osoba: Simona Perhat Beleti\u0107<\/div>\r\n\t\t\t\t\t\t\t\t\t\t\t<\/div>\r\n\t\t\t\t<\/a>\r\n\t\t\t<\/div>\r\n\t\t\t\r\n\t\t\t\r\n\t\t\t\t\t\t<div class=\"item-text\">\r\n\t\t\t\t<div class=\"item-description\">\r\n\t\t\t\t\t<p>Ku\u0107a za odmor 6+2<\/p>\r\n\t\t\t\t\t<a href=\"https:\/\/kastelir-labinci.com\/de\/item\/villa-palma\/\" class=\"more\">Mehr sehen<\/a>\r\n\t\t\t\t<\/div>\r\n\t\t\t<\/div>\r\n\t\t\t\t\t\t<div class=\"item-footer\" style=\"\">\r\n\t\t\t\t\t\t\t\t\t\t\t\t<div class=\"item-data address\" style=\"\">\r\n\t\t\t\t\t<span class=\"label\">Adresse<\/span>\r\n\t\t\t\t\t<span class=\"values\">Kran\u010di\u0107i 78, 52464 Ka\u0161telir <\/span>\r\n\t\t\t\t<\/div>\r\n\t\t\t\t\t\t\t\t\t\t\t\t\t\t\t\t<div class=\"item-data categories\" style=\"\">\r\n\t\t\t\t\t<span class=\"label\">Kategorien<\/span>\r\n\t\t\t\t\t<span class=\"values\">\r\n\t\t\t\t\t\t\t\t\t\t\t\t<a href=\"https:\/\/kastelir-labinci.com\/de\/cat\/ferienhausern\/\" class=\"value\" style=\"\">Ferienh\u00e4usern<\/a>\r\n\t\t\t\t\t\t\t\t\t\t\t<\/span>\r\n\t\t\t\t<\/div>\r\n\t\t\t\t\t\t\t<\/div>\r\n\t\t<\/div>\r\n\t<\/div>\r\n\r\n<\/article>\r\n\r\n\r\n\r\n<article class=\"citadela-article has-thumbnail has-subtitle has-description has-address has-categories\">\r\n\r\n\t<div class=\"item-content\" style=\"\">\r\n\t\t\t\t<div class=\"item-thumbnail\" style=\"\">\r\n\t\t\t<a href=\"https:\/\/kastelir-labinci.com\/de\/item\/villa-landa\/\">\r\n\t\t\t\t<img loading=\"lazy\" decoding=\"async\" \r\n\t\t\t\t\tclass=\"item-image\"\r\n                    src=\"https:\/\/kastelir-labinci.com\/wp-content\/uploads\/2020\/08\/Villa_Landa_glavna-640x480.jpg\"\r\n                    width=\"640\"\r\n                    height=\"480\"\r\n                    srcset=\"https:\/\/kastelir-labinci.com\/wp-content\/uploads\/2020\/08\/Villa_Landa_glavna-640x480.jpg 640w, https:\/\/kastelir-labinci.com\/wp-content\/uploads\/2020\/08\/Villa_Landa_glavna-480x360.jpg 480w\"\r\n                    sizes=\"(max-width: 640px) 100vw, 640px\"\r\n                    alt=\"Villa Landa\"\r\n                    style=\"\"                \/>\r\n\t\t\t<\/a>\r\n\t\t<\/div>\r\n\t\t\r\n\t\t<div class=\"item-body\">\r\n\t\t\t<div class=\"item-title\">\r\n\t\t\t\t<a href=\"https:\/\/kastelir-labinci.com\/de\/item\/villa-landa\/\">\r\n\t\t\t\t\t<div class=\"item-title-wrap\">\r\n\t\t\t\t\t\t<div class=\"post-title\">Villa Landa<\/div>\r\n\t\t\t\t\t\t\t\t\t\t\t\t<div class=\"post-subtitle\" style=\"\">Kontakt osoba: Silvana Ba\u017eon<\/div>\r\n\t\t\t\t\t\t\t\t\t\t\t<\/div>\r\n\t\t\t\t<\/a>\r\n\t\t\t<\/div>\r\n\t\t\t\r\n\t\t\t\r\n\t\t\t\t\t\t<div class=\"item-text\">\r\n\t\t\t\t<div class=\"item-description\">\r\n\t\t\t\t\t<p>Ku\u0107a za odmor \/ 6 osoba<\/p>\r\n\t\t\t\t\t<a href=\"https:\/\/kastelir-labinci.com\/de\/item\/villa-landa\/\" class=\"more\">Mehr sehen<\/a>\r\n\t\t\t\t<\/div>\r\n\t\t\t<\/div>\r\n\t\t\t\t\t\t<div class=\"item-footer\" style=\"\">\r\n\t\t\t\t\t\t\t\t\t\t\t\t<div class=\"item-data address\" style=\"\">\r\n\t\t\t\t\t<span class=\"label\">Adresse<\/span>\r\n\t\t\t\t\t<span class=\"values\">Labinci 151, 52464 Ka\u0161telir <\/span>\r\n\t\t\t\t<\/div>\r\n\t\t\t\t\t\t\t\t\t\t\t\t\t\t\t\t<div class=\"item-data categories\" style=\"\">\r\n\t\t\t\t\t<span class=\"label\">Kategorien<\/span>\r\n\t\t\t\t\t<span class=\"values\">\r\n\t\t\t\t\t\t\t\t\t\t\t\t<a href=\"https:\/\/kastelir-labinci.com\/de\/cat\/ferienhausern\/\" class=\"value\" style=\"\">Ferienh\u00e4usern<\/a>\r\n\t\t\t\t\t\t\t\t\t\t\t<\/span>\r\n\t\t\t\t<\/div>\r\n\t\t\t\t\t\t\t<\/div>\r\n\t\t<\/div>\r\n\t<\/div>\r\n\r\n<\/article>\r\n\r\n\r\n\r\n<article class=\"citadela-article has-thumbnail has-subtitle has-description has-address has-web has-categories\">\r\n\r\n\t<div class=\"item-content\" style=\"\">\r\n\t\t\t\t<div class=\"item-thumbnail\" style=\"\">\r\n\t\t\t<a href=\"https:\/\/kastelir-labinci.com\/de\/item\/villa-margerita\/\">\r\n\t\t\t\t<img loading=\"lazy\" decoding=\"async\" \r\n\t\t\t\t\tclass=\"item-image\"\r\n                    src=\"https:\/\/kastelir-labinci.com\/wp-content\/uploads\/2021\/04\/DSC_7740-copy-640x480.jpg\"\r\n                    width=\"640\"\r\n                    height=\"480\"\r\n                    srcset=\"https:\/\/kastelir-labinci.com\/wp-content\/uploads\/2021\/04\/DSC_7740-copy-640x480.jpg 640w, https:\/\/kastelir-labinci.com\/wp-content\/uploads\/2021\/04\/DSC_7740-copy-480x360.jpg 480w\"\r\n                    sizes=\"(max-width: 640px) 100vw, 640px\"\r\n                    alt=\"Villa Margerita\"\r\n                    style=\"\"                \/>\r\n\t\t\t<\/a>\r\n\t\t<\/div>\r\n\t\t\r\n\t\t<div class=\"item-body\">\r\n\t\t\t<div class=\"item-title\">\r\n\t\t\t\t<a href=\"https:\/\/kastelir-labinci.com\/de\/item\/villa-margerita\/\">\r\n\t\t\t\t\t<div class=\"item-title-wrap\">\r\n\t\t\t\t\t\t<div class=\"post-title\">Villa Margerita<\/div>\r\n\t\t\t\t\t\t\t\t\t\t\t\t<div class=\"post-subtitle\" style=\"\">Kontakt: Ana Bratovi\u0107<\/div>\r\n\t\t\t\t\t\t\t\t\t\t\t<\/div>\r\n\t\t\t\t<\/a>\r\n\t\t\t<\/div>\r\n\t\t\t\r\n\t\t\t\r\n\t\t\t\t\t\t<div class=\"item-text\">\r\n\t\t\t\t<div class=\"item-description\">\r\n\t\t\t\t\t<p>Ku\u0107a s 4 spava\u0107e sobe (8 osoba)<\/p>\r\n\t\t\t\t\t<a href=\"https:\/\/kastelir-labinci.com\/de\/item\/villa-margerita\/\" class=\"more\">Mehr sehen<\/a>\r\n\t\t\t\t<\/div>\r\n\t\t\t<\/div>\r\n\t\t\t\t\t\t<div class=\"item-footer\" style=\"\">\r\n\t\t\t\t\t\t\t\t\t\t\t\t<div class=\"item-data address\" style=\"\">\r\n\t\t\t\t\t<span class=\"label\">Adresse<\/span>\r\n\t\t\t\t\t<span class=\"values\">Kova\u010di 20, Ka\u0161telir <\/span>\r\n\t\t\t\t<\/div>\r\n\t\t\t\t\t\t\t\t\t\t\t\t<div class=\"item-data web\" style=\"\">\r\n\t\t\t\t\t<span class=\"label\">Web<\/span>\r\n\t\t\t\t\t<span class=\"values\">\r\n\t\t\t\t\t\t<a href=\"https:\/\/airbnb.com\/h\/villamargeritakastelir\" class=\"value\" target=\"_blank\" rel=\"nofollow\" style=\"\">https:\/\/airbnb.com\/h\/villamargeritakastelir<\/a>\r\n\t\t\t\t\t<\/span>\r\n\t\t\t\t<\/div>\r\n\t\t\t\t\t\t\t\t\t\t\t\t<div class=\"item-data categories\" style=\"\">\r\n\t\t\t\t\t<span class=\"label\">Kategorien<\/span>\r\n\t\t\t\t\t<span class=\"values\">\r\n\t\t\t\t\t\t\t\t\t\t\t\t<a href=\"https:\/\/kastelir-labinci.com\/de\/cat\/ferienhausern\/\" class=\"value\" style=\"\">Ferienh\u00e4usern<\/a>\r\n\t\t\t\t\t\t\t\t\t\t\t<\/span>\r\n\t\t\t\t<\/div>\r\n\t\t\t\t\t\t\t<\/div>\r\n\t\t<\/div>\r\n\t<\/div>\r\n\r\n<\/article>\r\n\r\n\r\n\r\n<article class=\"citadela-article has-thumbnail has-subtitle has-description has-address has-categories\">\r\n\r\n\t<div class=\"item-content\" style=\"\">\r\n\t\t\t\t<div class=\"item-thumbnail\" style=\"\">\r\n\t\t\t<a href=\"https:\/\/kastelir-labinci.com\/de\/item\/villa-olivia\/\">\r\n\t\t\t\t<img loading=\"lazy\" decoding=\"async\" \r\n\t\t\t\t\tclass=\"item-image\"\r\n                    src=\"https:\/\/kastelir-labinci.com\/wp-content\/uploads\/2020\/08\/villa-rinaldis4-640x480.jpg\"\r\n                    width=\"640\"\r\n                    height=\"480\"\r\n                    srcset=\"https:\/\/kastelir-labinci.com\/wp-content\/uploads\/2020\/08\/villa-rinaldis4-640x480.jpg 640w, https:\/\/kastelir-labinci.com\/wp-content\/uploads\/2020\/08\/villa-rinaldis4-480x360.jpg 480w\"\r\n                    sizes=\"(max-width: 640px) 100vw, 640px\"\r\n                    alt=\"Villa Olivia\"\r\n                    style=\"\"                \/>\r\n\t\t\t<\/a>\r\n\t\t<\/div>\r\n\t\t\r\n\t\t<div class=\"item-body\">\r\n\t\t\t<div class=\"item-title\">\r\n\t\t\t\t<a href=\"https:\/\/kastelir-labinci.com\/de\/item\/villa-olivia\/\">\r\n\t\t\t\t\t<div class=\"item-title-wrap\">\r\n\t\t\t\t\t\t<div class=\"post-title\">Villa Olivia<\/div>\r\n\t\t\t\t\t\t\t\t\t\t\t\t<div class=\"post-subtitle\" style=\"\">Kontakt osoba: IRENA RINALDIS<\/div>\r\n\t\t\t\t\t\t\t\t\t\t\t<\/div>\r\n\t\t\t\t<\/a>\r\n\t\t\t<\/div>\r\n\t\t\t\r\n\t\t\t\r\n\t\t\t\t\t\t<div class=\"item-text\">\r\n\t\t\t\t<div class=\"item-description\">\r\n\t\t\t\t\t<p>APP\/2, 4 X APP\/4<\/p>\r\n\t\t\t\t\t<a href=\"https:\/\/kastelir-labinci.com\/de\/item\/villa-olivia\/\" class=\"more\">Mehr sehen<\/a>\r\n\t\t\t\t<\/div>\r\n\t\t\t<\/div>\r\n\t\t\t\t\t\t<div class=\"item-footer\" style=\"\">\r\n\t\t\t\t\t\t\t\t\t\t\t\t<div class=\"item-data address\" style=\"\">\r\n\t\t\t\t\t<span class=\"label\">Adresse<\/span>\r\n\t\t\t\t\t<span class=\"values\">Kastelir, Brnobi\u0107i 18A<\/span>\r\n\t\t\t\t<\/div>\r\n\t\t\t\t\t\t\t\t\t\t\t\t\t\t\t\t<div class=\"item-data categories\" style=\"\">\r\n\t\t\t\t\t<span class=\"label\">Kategorien<\/span>\r\n\t\t\t\t\t<span class=\"values\">\r\n\t\t\t\t\t\t\t\t\t\t\t\t<a href=\"https:\/\/kastelir-labinci.com\/de\/cat\/ferienhausern\/\" class=\"value\" style=\"\">Ferienh\u00e4usern<\/a>\r\n\t\t\t\t\t\t\t\t\t\t\t<\/span>\r\n\t\t\t\t<\/div>\r\n\t\t\t\t\t\t\t<\/div>\r\n\t\t<\/div>\r\n\t<\/div>\r\n\r\n<\/article>\r\n\r\n\r\n\r\n<article class=\"citadela-article has-thumbnail has-subtitle has-description has-address has-categories\">\r\n\r\n\t<div class=\"item-content\" style=\"\">\r\n\t\t\t\t<div class=\"item-thumbnail\" style=\"\">\r\n\t\t\t<a href=\"https:\/\/kastelir-labinci.com\/de\/item\/villa-paola\/\">\r\n\t\t\t\t<img loading=\"lazy\" decoding=\"async\" \r\n\t\t\t\t\tclass=\"item-image\"\r\n                    src=\"https:\/\/kastelir-labinci.com\/wp-content\/uploads\/2020\/08\/Villa_Paola-640x480.jpg\"\r\n                    width=\"640\"\r\n                    height=\"480\"\r\n                    srcset=\"https:\/\/kastelir-labinci.com\/wp-content\/uploads\/2020\/08\/Villa_Paola-640x480.jpg 640w, https:\/\/kastelir-labinci.com\/wp-content\/uploads\/2020\/08\/Villa_Paola-480x360.jpg 480w\"\r\n                    sizes=\"(max-width: 640px) 100vw, 640px\"\r\n                    alt=\"Villa Paola\"\r\n                    style=\"\"                \/>\r\n\t\t\t<\/a>\r\n\t\t<\/div>\r\n\t\t\r\n\t\t<div class=\"item-body\">\r\n\t\t\t<div class=\"item-title\">\r\n\t\t\t\t<a href=\"https:\/\/kastelir-labinci.com\/de\/item\/villa-paola\/\">\r\n\t\t\t\t\t<div class=\"item-title-wrap\">\r\n\t\t\t\t\t\t<div class=\"post-title\">Villa Paola<\/div>\r\n\t\t\t\t\t\t\t\t\t\t\t\t<div class=\"post-subtitle\" style=\"\">Kontakt osoba: Mario Kova\u0107<\/div>\r\n\t\t\t\t\t\t\t\t\t\t\t<\/div>\r\n\t\t\t\t<\/a>\r\n\t\t\t<\/div>\r\n\t\t\t\r\n\t\t\t\r\n\t\t\t\t\t\t<div class=\"item-text\">\r\n\t\t\t\t<div class=\"item-description\">\r\n\t\t\t\t\t<p>Ku\u0107a za odmor za 6 osoba<\/p>\r\n\t\t\t\t\t<a href=\"https:\/\/kastelir-labinci.com\/de\/item\/villa-paola\/\" class=\"more\">Mehr sehen<\/a>\r\n\t\t\t\t<\/div>\r\n\t\t\t<\/div>\r\n\t\t\t\t\t\t<div class=\"item-footer\" style=\"\">\r\n\t\t\t\t\t\t\t\t\t\t\t\t<div class=\"item-data address\" style=\"\">\r\n\t\t\t\t\t<span class=\"label\">Adresse<\/span>\r\n\t\t\t\t\t<span class=\"values\">Ka\u0161telir 32, 52464 Ka\u0161telir <\/span>\r\n\t\t\t\t<\/div>\r\n\t\t\t\t\t\t\t\t\t\t\t\t\t\t\t\t<div class=\"item-data categories\" style=\"\">\r\n\t\t\t\t\t<span class=\"label\">Kategorien<\/span>\r\n\t\t\t\t\t<span class=\"values\">\r\n\t\t\t\t\t\t\t\t\t\t\t\t<a href=\"https:\/\/kastelir-labinci.com\/de\/cat\/ferienhausern\/\" class=\"value\" style=\"\">Ferienh\u00e4usern<\/a>\r\n\t\t\t\t\t\t\t\t\t\t\t<\/span>\r\n\t\t\t\t<\/div>\r\n\t\t\t\t\t\t\t<\/div>\r\n\t\t<\/div>\r\n\t<\/div>\r\n\r\n<\/article>\r\n\r\n\r\n\r\n<article class=\"citadela-article has-thumbnail has-subtitle has-description has-address has-web has-categories\">\r\n\r\n\t<div class=\"item-content\" style=\"\">\r\n\t\t\t\t<div class=\"item-thumbnail\" style=\"\">\r\n\t\t\t<a href=\"https:\/\/kastelir-labinci.com\/de\/item\/villa-petra\/\">\r\n\t\t\t\t<img loading=\"lazy\" decoding=\"async\" \r\n\t\t\t\t\tclass=\"item-image\"\r\n                    src=\"https:\/\/kastelir-labinci.com\/wp-content\/uploads\/2021\/04\/158435087_767836873869119_3523305860627280276_n-640x480.jpg\"\r\n                    width=\"640\"\r\n                    height=\"480\"\r\n                    srcset=\"https:\/\/kastelir-labinci.com\/wp-content\/uploads\/2021\/04\/158435087_767836873869119_3523305860627280276_n-640x480.jpg 640w, https:\/\/kastelir-labinci.com\/wp-content\/uploads\/2021\/04\/158435087_767836873869119_3523305860627280276_n-480x360.jpg 480w\"\r\n                    sizes=\"(max-width: 640px) 100vw, 640px\"\r\n                    alt=\"Villa Petra\"\r\n                    style=\"\"                \/>\r\n\t\t\t<\/a>\r\n\t\t<\/div>\r\n\t\t\r\n\t\t<div class=\"item-body\">\r\n\t\t\t<div class=\"item-title\">\r\n\t\t\t\t<a href=\"https:\/\/kastelir-labinci.com\/de\/item\/villa-petra\/\">\r\n\t\t\t\t\t<div class=\"item-title-wrap\">\r\n\t\t\t\t\t\t<div class=\"post-title\">Villa Petra<\/div>\r\n\t\t\t\t\t\t\t\t\t\t\t\t<div class=\"post-subtitle\" style=\"\">Kontakt: Mirko Bernobi\u0107<\/div>\r\n\t\t\t\t\t\t\t\t\t\t\t<\/div>\r\n\t\t\t\t<\/a>\r\n\t\t\t<\/div>\r\n\t\t\t\r\n\t\t\t\r\n\t\t\t\t\t\t<div class=\"item-text\">\r\n\t\t\t\t<div class=\"item-description\">\r\n\t\t\t\t\t<p>ku\u0107a za odmor za 6 osoba<\/p>\r\n\t\t\t\t\t<a href=\"https:\/\/kastelir-labinci.com\/de\/item\/villa-petra\/\" class=\"more\">Mehr sehen<\/a>\r\n\t\t\t\t<\/div>\r\n\t\t\t<\/div>\r\n\t\t\t\t\t\t<div class=\"item-footer\" style=\"\">\r\n\t\t\t\t\t\t\t\t\t\t\t\t<div class=\"item-data address\" style=\"\">\r\n\t\t\t\t\t<span class=\"label\">Adresse<\/span>\r\n\t\t\t\t\t<span class=\"values\">Brnobi\u0107i 21, 52464 Ka\u0161telir<\/span>\r\n\t\t\t\t<\/div>\r\n\t\t\t\t\t\t\t\t\t\t\t\t<div class=\"item-data web\" style=\"\">\r\n\t\t\t\t\t<span class=\"label\">Web<\/span>\r\n\t\t\t\t\t<span class=\"values\">\r\n\t\t\t\t\t\t<a href=\"https:\/\/www.facebook.com\/villapetrakastelir\" class=\"value\" target=\"_blank\" rel=\"nofollow\" style=\"\">https:\/\/www.facebook.com\/villapetrakastelir<\/a>\r\n\t\t\t\t\t<\/span>\r\n\t\t\t\t<\/div>\r\n\t\t\t\t\t\t\t\t\t\t\t\t<div class=\"item-data categories\" style=\"\">\r\n\t\t\t\t\t<span class=\"label\">Kategorien<\/span>\r\n\t\t\t\t\t<span class=\"values\">\r\n\t\t\t\t\t\t\t\t\t\t\t\t<a href=\"https:\/\/kastelir-labinci.com\/de\/cat\/ferienhausern\/\" class=\"value\" style=\"\">Ferienh\u00e4usern<\/a>\r\n\t\t\t\t\t\t\t\t\t\t\t<\/span>\r\n\t\t\t\t<\/div>\r\n\t\t\t\t\t\t\t<\/div>\r\n\t\t<\/div>\r\n\t<\/div>\r\n\r\n<\/article>\r\n\r\n\r\n\r\n<article class=\"citadela-article has-thumbnail has-subtitle has-description has-address has-categories\">\r\n\r\n\t<div class=\"item-content\" style=\"\">\r\n\t\t\t\t<div class=\"item-thumbnail\" style=\"\">\r\n\t\t\t<a href=\"https:\/\/kastelir-labinci.com\/de\/item\/villa-ruzmarin\/\">\r\n\t\t\t\t<img loading=\"lazy\" decoding=\"async\" \r\n\t\t\t\t\tclass=\"item-image\"\r\n                    src=\"https:\/\/kastelir-labinci.com\/wp-content\/uploads\/2020\/08\/Villa_Ruzmarin_01_glavna-640x480.jpg\"\r\n                    width=\"640\"\r\n                    height=\"480\"\r\n                    srcset=\"https:\/\/kastelir-labinci.com\/wp-content\/uploads\/2020\/08\/Villa_Ruzmarin_01_glavna-640x480.jpg 640w, https:\/\/kastelir-labinci.com\/wp-content\/uploads\/2020\/08\/Villa_Ruzmarin_01_glavna-480x360.jpg 480w\"\r\n                    sizes=\"(max-width: 640px) 100vw, 640px\"\r\n                    alt=\"Villa Ruzmarin\"\r\n                    style=\"\"                \/>\r\n\t\t\t<\/a>\r\n\t\t<\/div>\r\n\t\t\r\n\t\t<div class=\"item-body\">\r\n\t\t\t<div class=\"item-title\">\r\n\t\t\t\t<a href=\"https:\/\/kastelir-labinci.com\/de\/item\/villa-ruzmarin\/\">\r\n\t\t\t\t\t<div class=\"item-title-wrap\">\r\n\t\t\t\t\t\t<div class=\"post-title\">Villa Ruzmarin<\/div>\r\n\t\t\t\t\t\t\t\t\t\t\t\t<div class=\"post-subtitle\" style=\"\">Kontakt osoba: Drago Majdandzic<\/div>\r\n\t\t\t\t\t\t\t\t\t\t\t<\/div>\r\n\t\t\t\t<\/a>\r\n\t\t\t<\/div>\r\n\t\t\t\r\n\t\t\t\r\n\t\t\t\t\t\t<div class=\"item-text\">\r\n\t\t\t\t<div class=\"item-description\">\r\n\t\t\t\t\t<p>Ku\u0107a za odmor ili 2 app \/ 6 osoba<\/p>\r\n\t\t\t\t\t<a href=\"https:\/\/kastelir-labinci.com\/de\/item\/villa-ruzmarin\/\" class=\"more\">Mehr sehen<\/a>\r\n\t\t\t\t<\/div>\r\n\t\t\t<\/div>\r\n\t\t\t\t\t\t<div class=\"item-footer\" style=\"\">\r\n\t\t\t\t\t\t\t\t\t\t\t\t<div class=\"item-data address\" style=\"\">\r\n\t\t\t\t\t<span class=\"label\">Adresse<\/span>\r\n\t\t\t\t\t<span class=\"values\">Brnobici 82A, 52464 Ka\u0161telir <\/span>\r\n\t\t\t\t<\/div>\r\n\t\t\t\t\t\t\t\t\t\t\t\t\t\t\t\t<div class=\"item-data categories\" style=\"\">\r\n\t\t\t\t\t<span class=\"label\">Kategorien<\/span>\r\n\t\t\t\t\t<span class=\"values\">\r\n\t\t\t\t\t\t\t\t\t\t\t\t<a href=\"https:\/\/kastelir-labinci.com\/de\/cat\/ferienhausern\/\" class=\"value\" style=\"\">Ferienh\u00e4usern<\/a>\r\n\t\t\t\t\t\t\t\t\t\t\t\t<a href=\"https:\/\/kastelir-labinci.com\/de\/cat\/fewo\/\" class=\"value\" style=\"\">FeWo<\/a>\r\n\t\t\t\t\t\t\t\t\t\t\t<\/span>\r\n\t\t\t\t<\/div>\r\n\t\t\t\t\t\t\t<\/div>\r\n\t\t<\/div>\r\n\t<\/div>\r\n\r\n<\/article>\r\n\r\n\r\n\r\n<article class=\"citadela-article has-thumbnail has-subtitle has-description has-address has-categories\">\r\n\r\n\t<div class=\"item-content\" style=\"\">\r\n\t\t\t\t<div class=\"item-thumbnail\" style=\"\">\r\n\t\t\t<a href=\"https:\/\/kastelir-labinci.com\/de\/item\/villa-vera\/\">\r\n\t\t\t\t<img loading=\"lazy\" decoding=\"async\" \r\n\t\t\t\t\tclass=\"item-image\"\r\n                    src=\"https:\/\/kastelir-labinci.com\/wp-content\/uploads\/2020\/08\/Villa_Vera_glavna-640x480.jpg\"\r\n                    width=\"640\"\r\n                    height=\"480\"\r\n                    srcset=\"https:\/\/kastelir-labinci.com\/wp-content\/uploads\/2020\/08\/Villa_Vera_glavna-640x480.jpg 640w, https:\/\/kastelir-labinci.com\/wp-content\/uploads\/2020\/08\/Villa_Vera_glavna-480x360.jpg 480w\"\r\n                    sizes=\"(max-width: 640px) 100vw, 640px\"\r\n                    alt=\"Villa Vera\"\r\n                    style=\"\"                \/>\r\n\t\t\t<\/a>\r\n\t\t<\/div>\r\n\t\t\r\n\t\t<div class=\"item-body\">\r\n\t\t\t<div class=\"item-title\">\r\n\t\t\t\t<a href=\"https:\/\/kastelir-labinci.com\/de\/item\/villa-vera\/\">\r\n\t\t\t\t\t<div class=\"item-title-wrap\">\r\n\t\t\t\t\t\t<div class=\"post-title\">Villa Vera<\/div>\r\n\t\t\t\t\t\t\t\t\t\t\t\t<div class=\"post-subtitle\" style=\"\">Kontakt osoba: Petar Sin\u010di\u0107<\/div>\r\n\t\t\t\t\t\t\t\t\t\t\t<\/div>\r\n\t\t\t\t<\/a>\r\n\t\t\t<\/div>\r\n\t\t\t\r\n\t\t\t\r\n\t\t\t\t\t\t<div class=\"item-text\">\r\n\t\t\t\t<div class=\"item-description\">\r\n\t\t\t\t\t<p>ku\u0107a za odmor 6+2 osoba<\/p>\r\n\t\t\t\t\t<a href=\"https:\/\/kastelir-labinci.com\/de\/item\/villa-vera\/\" class=\"more\">Mehr sehen<\/a>\r\n\t\t\t\t<\/div>\r\n\t\t\t<\/div>\r\n\t\t\t\t\t\t<div class=\"item-footer\" style=\"\">\r\n\t\t\t\t\t\t\t\t\t\t\t\t<div class=\"item-data address\" style=\"\">\r\n\t\t\t\t\t<span class=\"label\">Adresse<\/span>\r\n\t\t\t\t\t<span class=\"values\">Bernobi\u0107i 59A, 52464 Ka\u0161telir <\/span>\r\n\t\t\t\t<\/div>\r\n\t\t\t\t\t\t\t\t\t\t\t\t\t\t\t\t<div class=\"item-data categories\" style=\"\">\r\n\t\t\t\t\t<span class=\"label\">Kategorien<\/span>\r\n\t\t\t\t\t<span class=\"values\">\r\n\t\t\t\t\t\t\t\t\t\t\t\t<a href=\"https:\/\/kastelir-labinci.com\/de\/cat\/ferienhausern\/\" class=\"value\" style=\"\">Ferienh\u00e4usern<\/a>\r\n\t\t\t\t\t\t\t\t\t\t\t<\/span>\r\n\t\t\t\t<\/div>\r\n\t\t\t\t\t\t\t<\/div>\r\n\t\t<\/div>\r\n\t<\/div>\r\n\r\n<\/article>\r\n\r\n\r\n\r\n<article class=\"citadela-article has-thumbnail has-subtitle has-description has-address has-web has-categories\">\r\n\r\n\t<div class=\"item-content\" style=\"\">\r\n\t\t\t\t<div class=\"item-thumbnail\" style=\"\">\r\n\t\t\t<a href=\"https:\/\/kastelir-labinci.com\/de\/item\/villa-vial-2\/\">\r\n\t\t\t\t<img loading=\"lazy\" decoding=\"async\" \r\n\t\t\t\t\tclass=\"item-image\"\r\n                    src=\"https:\/\/kastelir-labinci.com\/wp-content\/uploads\/2020\/08\/WhatsApp-Slika-2024-05-07-u-14.42.53_0b5e367a-640x480.jpg\"\r\n                    width=\"640\"\r\n                    height=\"480\"\r\n                    srcset=\"https:\/\/kastelir-labinci.com\/wp-content\/uploads\/2020\/08\/WhatsApp-Slika-2024-05-07-u-14.42.53_0b5e367a-640x480.jpg 640w, https:\/\/kastelir-labinci.com\/wp-content\/uploads\/2020\/08\/WhatsApp-Slika-2024-05-07-u-14.42.53_0b5e367a-300x225.jpg 300w, https:\/\/kastelir-labinci.com\/wp-content\/uploads\/2020\/08\/WhatsApp-Slika-2024-05-07-u-14.42.53_0b5e367a-1024x768.jpg 1024w, https:\/\/kastelir-labinci.com\/wp-content\/uploads\/2020\/08\/WhatsApp-Slika-2024-05-07-u-14.42.53_0b5e367a-768x576.jpg 768w, https:\/\/kastelir-labinci.com\/wp-content\/uploads\/2020\/08\/WhatsApp-Slika-2024-05-07-u-14.42.53_0b5e367a-1536x1152.jpg 1536w, https:\/\/kastelir-labinci.com\/wp-content\/uploads\/2020\/08\/WhatsApp-Slika-2024-05-07-u-14.42.53_0b5e367a-480x360.jpg 480w, https:\/\/kastelir-labinci.com\/wp-content\/uploads\/2020\/08\/WhatsApp-Slika-2024-05-07-u-14.42.53_0b5e367a.jpg 1600w\"\r\n                    sizes=\"(max-width: 640px) 100vw, 640px\"\r\n                    alt=\"Villa Vial\"\r\n                    style=\"\"                \/>\r\n\t\t\t<\/a>\r\n\t\t<\/div>\r\n\t\t\r\n\t\t<div class=\"item-body\">\r\n\t\t\t<div class=\"item-title\">\r\n\t\t\t\t<a href=\"https:\/\/kastelir-labinci.com\/de\/item\/villa-vial-2\/\">\r\n\t\t\t\t\t<div class=\"item-title-wrap\">\r\n\t\t\t\t\t\t<div class=\"post-title\">Villa Vial<\/div>\r\n\t\t\t\t\t\t\t\t\t\t\t\t<div class=\"post-subtitle\" style=\"\">Kontakt osoba: Katica Vi\u0161i\u0107 &#8211; Bo\u0161njak<\/div>\r\n\t\t\t\t\t\t\t\t\t\t\t<\/div>\r\n\t\t\t\t<\/a>\r\n\t\t\t<\/div>\r\n\t\t\t\r\n\t\t\t\r\n\t\t\t\t\t\t<div class=\"item-text\">\r\n\t\t\t\t<div class=\"item-description\">\r\n\t\t\t\t\t<p>Ku\u0107a za odmor 12+2 osobe<\/p>\r\n\t\t\t\t\t<a href=\"https:\/\/kastelir-labinci.com\/de\/item\/villa-vial-2\/\" class=\"more\">Mehr sehen<\/a>\r\n\t\t\t\t<\/div>\r\n\t\t\t<\/div>\r\n\t\t\t\t\t\t<div class=\"item-footer\" style=\"\">\r\n\t\t\t\t\t\t\t\t\t\t\t\t<div class=\"item-data address\" style=\"\">\r\n\t\t\t\t\t<span class=\"label\">Adresse<\/span>\r\n\t\t\t\t\t<span class=\"values\">Labinci 101 d 52464 Ka\u0161telir <\/span>\r\n\t\t\t\t<\/div>\r\n\t\t\t\t\t\t\t\t\t\t\t\t<div class=\"item-data web\" style=\"\">\r\n\t\t\t\t\t<span class=\"label\">Web<\/span>\r\n\t\t\t\t\t<span class=\"values\">\r\n\t\t\t\t\t\t<a href=\"http:\/\/www.villa-vial.com\/\" class=\"value\" target=\"_blank\" rel=\"nofollow\" style=\"\">http:\/\/www.villa-vial.com\/<\/a>\r\n\t\t\t\t\t<\/span>\r\n\t\t\t\t<\/div>\r\n\t\t\t\t\t\t\t\t\t\t\t\t<div class=\"item-data categories\" style=\"\">\r\n\t\t\t\t\t<span class=\"label\">Kategorien<\/span>\r\n\t\t\t\t\t<span class=\"values\">\r\n\t\t\t\t\t\t\t\t\t\t\t\t<a href=\"https:\/\/kastelir-labinci.com\/de\/cat\/ferienhausern\/\" class=\"value\" style=\"\">Ferienh\u00e4usern<\/a>\r\n\t\t\t\t\t\t\t\t\t\t\t<\/span>\r\n\t\t\t\t<\/div>\r\n\t\t\t\t\t\t\t<\/div>\r\n\t\t<\/div>\r\n\t<\/div>\r\n\r\n<\/article>\r\n\r\n\r\n\r\n<article class=\"citadela-article has-thumbnail has-subtitle has-description has-address has-web has-categories\">\r\n\r\n\t<div class=\"item-content\" style=\"\">\r\n\t\t\t\t<div class=\"item-thumbnail\" style=\"\">\r\n\t\t\t<a href=\"https:\/\/kastelir-labinci.com\/de\/item\/villa-vito\/\">\r\n\t\t\t\t<img loading=\"lazy\" decoding=\"async\" \r\n\t\t\t\t\tclass=\"item-image\"\r\n                    src=\"https:\/\/kastelir-labinci.com\/wp-content\/uploads\/2020\/08\/1-3-640x480.jpg\"\r\n                    width=\"640\"\r\n                    height=\"480\"\r\n                    srcset=\"https:\/\/kastelir-labinci.com\/wp-content\/uploads\/2020\/08\/1-3-640x480.jpg 640w, https:\/\/kastelir-labinci.com\/wp-content\/uploads\/2020\/08\/1-3-480x360.jpg 480w\"\r\n                    sizes=\"(max-width: 640px) 100vw, 640px\"\r\n                    alt=\"Villa Vito\"\r\n                    style=\"\"                \/>\r\n\t\t\t<\/a>\r\n\t\t<\/div>\r\n\t\t\r\n\t\t<div class=\"item-body\">\r\n\t\t\t<div class=\"item-title\">\r\n\t\t\t\t<a href=\"https:\/\/kastelir-labinci.com\/de\/item\/villa-vito\/\">\r\n\t\t\t\t\t<div class=\"item-title-wrap\">\r\n\t\t\t\t\t\t<div class=\"post-title\">Villa Vito<\/div>\r\n\t\t\t\t\t\t\t\t\t\t\t\t<div class=\"post-subtitle\" style=\"\">Kontakt osoba: Karlo Grebac<\/div>\r\n\t\t\t\t\t\t\t\t\t\t\t<\/div>\r\n\t\t\t\t<\/a>\r\n\t\t\t<\/div>\r\n\t\t\t\r\n\t\t\t\r\n\t\t\t\t\t\t<div class=\"item-text\">\r\n\t\t\t\t<div class=\"item-description\">\r\n\t\t\t\t\t<p>1 x APP \/ 3 1 x APP \/ 4 Inhalt \u2713 Schwimmbad \u2713 Klima \u2713 WLAN &nbsp; \u00a0<\/p>\r\n\t\t\t\t\t<a href=\"https:\/\/kastelir-labinci.com\/de\/item\/villa-vito\/\" class=\"more\">Mehr sehen<\/a>\r\n\t\t\t\t<\/div>\r\n\t\t\t<\/div>\r\n\t\t\t\t\t\t<div class=\"item-footer\" style=\"\">\r\n\t\t\t\t\t\t\t\t\t\t\t\t<div class=\"item-data address\" style=\"\">\r\n\t\t\t\t\t<span class=\"label\">Adresse<\/span>\r\n\t\t\t\t\t<span class=\"values\">Valenti\u0107i 29, 52464 Ka\u0161telir<\/span>\r\n\t\t\t\t<\/div>\r\n\t\t\t\t\t\t\t\t\t\t\t\t<div class=\"item-data web\" style=\"\">\r\n\t\t\t\t\t<span class=\"label\">Web<\/span>\r\n\t\t\t\t\t<span class=\"values\">\r\n\t\t\t\t\t\t<a href=\"http:\/\/www.grebac-apartmani.hr\/villa-vito\" class=\"value\" target=\"_blank\" rel=\"nofollow\" style=\"\">http:\/\/www.grebac-apartmani.hr\/villa-vito<\/a>\r\n\t\t\t\t\t<\/span>\r\n\t\t\t\t<\/div>\r\n\t\t\t\t\t\t\t\t\t\t\t\t<div class=\"item-data categories\" style=\"\">\r\n\t\t\t\t\t<span class=\"label\">Kategorien<\/span>\r\n\t\t\t\t\t<span class=\"values\">\r\n\t\t\t\t\t\t\t\t\t\t\t\t<a href=\"https:\/\/kastelir-labinci.com\/de\/cat\/ferienhausern\/\" class=\"value\" style=\"\">Ferienh\u00e4usern<\/a>\r\n\t\t\t\t\t\t\t\t\t\t\t<\/span>\r\n\t\t\t\t<\/div>\r\n\t\t\t\t\t\t\t<\/div>\r\n\t\t<\/div>\r\n\t<\/div>\r\n\r\n<\/article>\r\n\r\n\r\n                <\/div>\r\n                \r\n                \r\n            <\/div>\r\n            \r\n                        \r\n        <\/div>\r\n        \n\n\r\n        <div \r\n            class=\"wp-block-citadela-blocks ctdl-directory-items-list layout-box size-small grid-type-1 image-size-citadela_item_thumbnail image-position-center-center default-image-height show-item-featured-image show-item-subtitle show-item-description show-item-address show-item-web show-item-categories show-item-rating border-thin\"\r\n                        \t\r\n                        >\r\n            \r\n            \r\n            \r\n            <div class=\"citadela-block-articles \">\r\n               \r\n                <div class=\"citadela-block-articles-wrap \">\r\n                \r\n<article class=\"citadela-article has-thumbnail has-subtitle has-description has-address has-categories\">\r\n\r\n\t<div class=\"item-content\" style=\"\">\r\n\t\t\t\t<div class=\"item-thumbnail\" style=\"\">\r\n\t\t\t<a href=\"https:\/\/kastelir-labinci.com\/de\/item\/casa-bonita\/\">\r\n\t\t\t\t<img loading=\"lazy\" decoding=\"async\" \r\n\t\t\t\t\tclass=\"item-image\"\r\n                    src=\"https:\/\/kastelir-labinci.com\/wp-content\/uploads\/2021\/04\/IMG_20170709_151507-640x480.jpg\"\r\n                    width=\"640\"\r\n                    height=\"480\"\r\n                    srcset=\"https:\/\/kastelir-labinci.com\/wp-content\/uploads\/2021\/04\/IMG_20170709_151507-640x480.jpg 640w, https:\/\/kastelir-labinci.com\/wp-content\/uploads\/2021\/04\/IMG_20170709_151507-300x225.jpg 300w, https:\/\/kastelir-labinci.com\/wp-content\/uploads\/2021\/04\/IMG_20170709_151507-1024x768.jpg 1024w, https:\/\/kastelir-labinci.com\/wp-content\/uploads\/2021\/04\/IMG_20170709_151507-768x576.jpg 768w, https:\/\/kastelir-labinci.com\/wp-content\/uploads\/2021\/04\/IMG_20170709_151507-1536x1152.jpg 1536w, https:\/\/kastelir-labinci.com\/wp-content\/uploads\/2021\/04\/IMG_20170709_151507-480x360.jpg 480w, https:\/\/kastelir-labinci.com\/wp-content\/uploads\/2021\/04\/IMG_20170709_151507.jpg 1920w\"\r\n                    sizes=\"(max-width: 640px) 100vw, 640px\"\r\n                    alt=\"Casa BONITA\"\r\n                    style=\"\"                \/>\r\n\t\t\t<\/a>\r\n\t\t<\/div>\r\n\t\t\r\n\t\t<div class=\"item-body\">\r\n\t\t\t<div class=\"item-title\">\r\n\t\t\t\t<a href=\"https:\/\/kastelir-labinci.com\/de\/item\/casa-bonita\/\">\r\n\t\t\t\t\t<div class=\"item-title-wrap\">\r\n\t\t\t\t\t\t<div class=\"post-title\">Casa BONITA<\/div>\r\n\t\t\t\t\t\t\t\t\t\t\t\t<div class=\"post-subtitle\" style=\"\">Kontakt: Idnir Jahi\u0107<\/div>\r\n\t\t\t\t\t\t\t\t\t\t\t<\/div>\r\n\t\t\t\t<\/a>\r\n\t\t\t<\/div>\r\n\t\t\t\r\n\t\t\t\r\n\t\t\t\t\t\t<div class=\"item-text\">\r\n\t\t\t\t<div class=\"item-description\">\r\n\t\t\t\t\t<p>Ku\u0107a za odmor 4+2 osobe<\/p>\r\n\t\t\t\t\t<a href=\"https:\/\/kastelir-labinci.com\/de\/item\/casa-bonita\/\" class=\"more\">Mehr sehen<\/a>\r\n\t\t\t\t<\/div>\r\n\t\t\t<\/div>\r\n\t\t\t\t\t\t<div class=\"item-footer\" style=\"\">\r\n\t\t\t\t\t\t\t\t\t\t\t\t<div class=\"item-data address\" style=\"\">\r\n\t\t\t\t\t<span class=\"label\">Adresse<\/span>\r\n\t\t\t\t\t<span class=\"values\">Rogovi\u0107i 17b<\/span>\r\n\t\t\t\t<\/div>\r\n\t\t\t\t\t\t\t\t\t\t\t\t\t\t\t\t<div class=\"item-data categories\" style=\"\">\r\n\t\t\t\t\t<span class=\"label\">Kategorien<\/span>\r\n\t\t\t\t\t<span class=\"values\">\r\n\t\t\t\t\t\t\t\t\t\t\t\t<a href=\"https:\/\/kastelir-labinci.com\/de\/cat\/ferienhausern\/\" class=\"value\" style=\"\">Ferienh\u00e4usern<\/a>\r\n\t\t\t\t\t\t\t\t\t\t\t<\/span>\r\n\t\t\t\t<\/div>\r\n\t\t\t\t\t\t\t<\/div>\r\n\t\t<\/div>\r\n\t<\/div>\r\n\r\n<\/article>\r\n\r\n\r\n\r\n<article class=\"citadela-article has-thumbnail has-subtitle has-description has-address has-web has-categories\">\r\n\r\n\t<div class=\"item-content\" style=\"\">\r\n\t\t\t\t<div class=\"item-thumbnail\" style=\"\">\r\n\t\t\t<a href=\"https:\/\/kastelir-labinci.com\/de\/item\/villa-gabrijela\/\">\r\n\t\t\t\t<img loading=\"lazy\" decoding=\"async\" \r\n\t\t\t\t\tclass=\"item-image\"\r\n                    src=\"https:\/\/kastelir-labinci.com\/wp-content\/uploads\/2021\/04\/gabriela-4-640x474.jpg\"\r\n                    width=\"640\"\r\n                    height=\"474\"\r\n                    srcset=\"\"\r\n                    sizes=\"(max-width: 640px) 100vw, 640px\"\r\n                    alt=\"Villa Gabrijela\"\r\n                    style=\"\"                \/>\r\n\t\t\t<\/a>\r\n\t\t<\/div>\r\n\t\t\r\n\t\t<div class=\"item-body\">\r\n\t\t\t<div class=\"item-title\">\r\n\t\t\t\t<a href=\"https:\/\/kastelir-labinci.com\/de\/item\/villa-gabrijela\/\">\r\n\t\t\t\t\t<div class=\"item-title-wrap\">\r\n\t\t\t\t\t\t<div class=\"post-title\">Villa Gabrijela<\/div>\r\n\t\t\t\t\t\t\t\t\t\t\t\t<div class=\"post-subtitle\" style=\"\">Kontakt: Zvonimir Guci\u0107<\/div>\r\n\t\t\t\t\t\t\t\t\t\t\t<\/div>\r\n\t\t\t\t<\/a>\r\n\t\t\t<\/div>\r\n\t\t\t\r\n\t\t\t\r\n\t\t\t\t\t\t<div class=\"item-text\">\r\n\t\t\t\t<div class=\"item-description\">\r\n\t\t\t\t\t<p>ku\u0107a za 10 osoba, 5 kreveta<\/p>\r\n\t\t\t\t\t<a href=\"https:\/\/kastelir-labinci.com\/de\/item\/villa-gabrijela\/\" class=\"more\">Mehr sehen<\/a>\r\n\t\t\t\t<\/div>\r\n\t\t\t<\/div>\r\n\t\t\t\t\t\t<div class=\"item-footer\" style=\"\">\r\n\t\t\t\t\t\t\t\t\t\t\t\t<div class=\"item-data address\" style=\"\">\r\n\t\t\t\t\t<span class=\"label\">Adresse<\/span>\r\n\t\t\t\t\t<span class=\"values\">Valenti\u0107i 23 c<\/span>\r\n\t\t\t\t<\/div>\r\n\t\t\t\t\t\t\t\t\t\t\t\t<div class=\"item-data web\" style=\"\">\r\n\t\t\t\t\t<span class=\"label\">Web<\/span>\r\n\t\t\t\t\t<span class=\"values\">\r\n\t\t\t\t\t\t<a href=\"https:\/\/www.villa-gabrijela.com\/\" class=\"value\" target=\"_blank\" rel=\"nofollow\" style=\"\">https:\/\/www.villa-gabrijela.com\/<\/a>\r\n\t\t\t\t\t<\/span>\r\n\t\t\t\t<\/div>\r\n\t\t\t\t\t\t\t\t\t\t\t\t<div class=\"item-data categories\" style=\"\">\r\n\t\t\t\t\t<span class=\"label\">Kategorien<\/span>\r\n\t\t\t\t\t<span class=\"values\">\r\n\t\t\t\t\t\t\t\t\t\t\t\t<a href=\"https:\/\/kastelir-labinci.com\/de\/cat\/ferienhausern\/\" class=\"value\" style=\"\">Ferienh\u00e4usern<\/a>\r\n\t\t\t\t\t\t\t\t\t\t\t<\/span>\r\n\t\t\t\t<\/div>\r\n\t\t\t\t\t\t\t<\/div>\r\n\t\t<\/div>\r\n\t<\/div>\r\n\r\n<\/article>\r\n\r\n\r\n\r\n<article class=\"citadela-article has-thumbnail has-subtitle has-description has-address has-categories\">\r\n\r\n\t<div class=\"item-content\" style=\"\">\r\n\t\t\t\t<div class=\"item-thumbnail\" style=\"\">\r\n\t\t\t<a href=\"https:\/\/kastelir-labinci.com\/de\/item\/villa-girasole\/\">\r\n\t\t\t\t<img loading=\"lazy\" decoding=\"async\" \r\n\t\t\t\t\tclass=\"item-image\"\r\n                    src=\"https:\/\/kastelir-labinci.com\/wp-content\/uploads\/2021\/04\/Djusto-39-640x480.jpg\"\r\n                    width=\"640\"\r\n                    height=\"480\"\r\n                    srcset=\"https:\/\/kastelir-labinci.com\/wp-content\/uploads\/2021\/04\/Djusto-39-640x480.jpg 640w, https:\/\/kastelir-labinci.com\/wp-content\/uploads\/2021\/04\/Djusto-39-480x360.jpg 480w\"\r\n                    sizes=\"(max-width: 640px) 100vw, 640px\"\r\n                    alt=\"Villa Girasole\"\r\n                    style=\"\"                \/>\r\n\t\t\t<\/a>\r\n\t\t<\/div>\r\n\t\t\r\n\t\t<div class=\"item-body\">\r\n\t\t\t<div class=\"item-title\">\r\n\t\t\t\t<a href=\"https:\/\/kastelir-labinci.com\/de\/item\/villa-girasole\/\">\r\n\t\t\t\t\t<div class=\"item-title-wrap\">\r\n\t\t\t\t\t\t<div class=\"post-title\">Villa Girasole<\/div>\r\n\t\t\t\t\t\t\t\t\t\t\t\t<div class=\"post-subtitle\" style=\"\">Kontakt: Karla \u0110usti<\/div>\r\n\t\t\t\t\t\t\t\t\t\t\t<\/div>\r\n\t\t\t\t<\/a>\r\n\t\t\t<\/div>\r\n\t\t\t\r\n\t\t\t\r\n\t\t\t\t\t\t<div class=\"item-text\">\r\n\t\t\t\t<div class=\"item-description\">\r\n\t\t\t\t\t<p>Ku\u0107a za odmor 4 sobe \/8 osoba<\/p>\r\n\t\t\t\t\t<a href=\"https:\/\/kastelir-labinci.com\/de\/item\/villa-girasole\/\" class=\"more\">Mehr sehen<\/a>\r\n\t\t\t\t<\/div>\r\n\t\t\t<\/div>\r\n\t\t\t\t\t\t<div class=\"item-footer\" style=\"\">\r\n\t\t\t\t\t\t\t\t\t\t\t\t<div class=\"item-data address\" style=\"\">\r\n\t\t\t\t\t<span class=\"label\">Adresse<\/span>\r\n\t\t\t\t\t<span class=\"values\">Brnobi\u0107i 59b<\/span>\r\n\t\t\t\t<\/div>\r\n\t\t\t\t\t\t\t\t\t\t\t\t\t\t\t\t<div class=\"item-data categories\" style=\"\">\r\n\t\t\t\t\t<span class=\"label\">Kategorien<\/span>\r\n\t\t\t\t\t<span class=\"values\">\r\n\t\t\t\t\t\t\t\t\t\t\t\t<a href=\"https:\/\/kastelir-labinci.com\/de\/cat\/ferienhausern\/\" class=\"value\" style=\"\">Ferienh\u00e4usern<\/a>\r\n\t\t\t\t\t\t\t\t\t\t\t<\/span>\r\n\t\t\t\t<\/div>\r\n\t\t\t\t\t\t\t<\/div>\r\n\t\t<\/div>\r\n\t<\/div>\r\n\r\n<\/article>\r\n\r\n\r\n\r\n<article class=\"citadela-article has-thumbnail has-subtitle has-description has-address has-web has-categories\">\r\n\r\n\t<div class=\"item-content\" style=\"\">\r\n\t\t\t\t<div class=\"item-thumbnail\" style=\"\">\r\n\t\t\t<a href=\"https:\/\/kastelir-labinci.com\/de\/item\/villa-grande\/\">\r\n\t\t\t\t<img loading=\"lazy\" decoding=\"async\" \r\n\t\t\t\t\tclass=\"item-image\"\r\n                    src=\"https:\/\/kastelir-labinci.com\/wp-content\/uploads\/2021\/04\/MB-ROG-101_2500x1667-640x480.jpg\"\r\n                    width=\"640\"\r\n                    height=\"480\"\r\n                    srcset=\"https:\/\/kastelir-labinci.com\/wp-content\/uploads\/2021\/04\/MB-ROG-101_2500x1667-640x480.jpg 640w, https:\/\/kastelir-labinci.com\/wp-content\/uploads\/2021\/04\/MB-ROG-101_2500x1667-480x360.jpg 480w\"\r\n                    sizes=\"(max-width: 640px) 100vw, 640px\"\r\n                    alt=\"Villa Grande\"\r\n                    style=\"\"                \/>\r\n\t\t\t<\/a>\r\n\t\t<\/div>\r\n\t\t\r\n\t\t<div class=\"item-body\">\r\n\t\t\t<div class=\"item-title\">\r\n\t\t\t\t<a href=\"https:\/\/kastelir-labinci.com\/de\/item\/villa-grande\/\">\r\n\t\t\t\t\t<div class=\"item-title-wrap\">\r\n\t\t\t\t\t\t<div class=\"post-title\">Villa Grande<\/div>\r\n\t\t\t\t\t\t\t\t\t\t\t\t<div class=\"post-subtitle\" style=\"\">Kontakt: Mladen Br\u010di\u0107<\/div>\r\n\t\t\t\t\t\t\t\t\t\t\t<\/div>\r\n\t\t\t\t<\/a>\r\n\t\t\t<\/div>\r\n\t\t\t\r\n\t\t\t\r\n\t\t\t\t\t\t<div class=\"item-text\">\r\n\t\t\t\t<div class=\"item-description\">\r\n\t\t\t\t\t<p>villa ( 5 kreveta = 8 osoba )<\/p>\r\n\t\t\t\t\t<a href=\"https:\/\/kastelir-labinci.com\/de\/item\/villa-grande\/\" class=\"more\">Mehr sehen<\/a>\r\n\t\t\t\t<\/div>\r\n\t\t\t<\/div>\r\n\t\t\t\t\t\t<div class=\"item-footer\" style=\"\">\r\n\t\t\t\t\t\t\t\t\t\t\t\t<div class=\"item-data address\" style=\"\">\r\n\t\t\t\t\t<span class=\"label\">Adresse<\/span>\r\n\t\t\t\t\t<span class=\"values\">Rogovi\u0107i 9c<\/span>\r\n\t\t\t\t<\/div>\r\n\t\t\t\t\t\t\t\t\t\t\t\t<div class=\"item-data web\" style=\"\">\r\n\t\t\t\t\t<span class=\"label\">Web<\/span>\r\n\t\t\t\t\t<span class=\"values\">\r\n\t\t\t\t\t\t<a href=\"http:\/\/www.grande.com.hr\" class=\"value\" target=\"_blank\" rel=\"nofollow\" style=\"\">http:\/\/www.grande.com.hr<\/a>\r\n\t\t\t\t\t<\/span>\r\n\t\t\t\t<\/div>\r\n\t\t\t\t\t\t\t\t\t\t\t\t<div class=\"item-data categories\" style=\"\">\r\n\t\t\t\t\t<span class=\"label\">Kategorien<\/span>\r\n\t\t\t\t\t<span class=\"values\">\r\n\t\t\t\t\t\t\t\t\t\t\t\t<a href=\"https:\/\/kastelir-labinci.com\/de\/cat\/ferienhausern\/\" class=\"value\" style=\"\">Ferienh\u00e4usern<\/a>\r\n\t\t\t\t\t\t\t\t\t\t\t<\/span>\r\n\t\t\t\t<\/div>\r\n\t\t\t\t\t\t\t<\/div>\r\n\t\t<\/div>\r\n\t<\/div>\r\n\r\n<\/article>\r\n\r\n\r\n\r\n<article class=\"citadela-article has-thumbnail has-subtitle has-description has-address has-categories\">\r\n\r\n\t<div class=\"item-content\" style=\"\">\r\n\t\t\t\t<div class=\"item-thumbnail\" style=\"\">\r\n\t\t\t<a href=\"https:\/\/kastelir-labinci.com\/de\/item\/villa-manuela\/\">\r\n\t\t\t\t<img loading=\"lazy\" decoding=\"async\" \r\n\t\t\t\t\tclass=\"item-image\"\r\n                    src=\"https:\/\/kastelir-labinci.com\/wp-content\/uploads\/2021\/04\/1-640x480.jpg\"\r\n                    width=\"640\"\r\n                    height=\"480\"\r\n                    srcset=\"https:\/\/kastelir-labinci.com\/wp-content\/uploads\/2021\/04\/1-640x480.jpg 640w, https:\/\/kastelir-labinci.com\/wp-content\/uploads\/2021\/04\/1-480x360.jpg 480w\"\r\n                    sizes=\"(max-width: 640px) 100vw, 640px\"\r\n                    alt=\"Villa Manuela\"\r\n                    style=\"\"                \/>\r\n\t\t\t<\/a>\r\n\t\t<\/div>\r\n\t\t\r\n\t\t<div class=\"item-body\">\r\n\t\t\t<div class=\"item-title\">\r\n\t\t\t\t<a href=\"https:\/\/kastelir-labinci.com\/de\/item\/villa-manuela\/\">\r\n\t\t\t\t\t<div class=\"item-title-wrap\">\r\n\t\t\t\t\t\t<div class=\"post-title\">Villa Manuela<\/div>\r\n\t\t\t\t\t\t\t\t\t\t\t\t<div class=\"post-subtitle\" style=\"\">Kontakt: Tajana Robert<\/div>\r\n\t\t\t\t\t\t\t\t\t\t\t<\/div>\r\n\t\t\t\t<\/a>\r\n\t\t\t<\/div>\r\n\t\t\t\r\n\t\t\t\r\n\t\t\t\t\t\t<div class=\"item-text\">\r\n\t\t\t\t<div class=\"item-description\">\r\n\t\t\t\t\t<p>Ku\u0107a za odmor\/6 + 2 osoba<\/p>\r\n\t\t\t\t\t<a href=\"https:\/\/kastelir-labinci.com\/de\/item\/villa-manuela\/\" class=\"more\">Mehr sehen<\/a>\r\n\t\t\t\t<\/div>\r\n\t\t\t<\/div>\r\n\t\t\t\t\t\t<div class=\"item-footer\" style=\"\">\r\n\t\t\t\t\t\t\t\t\t\t\t\t<div class=\"item-data address\" style=\"\">\r\n\t\t\t\t\t<span class=\"label\">Adresse<\/span>\r\n\t\t\t\t\t<span class=\"values\">Valenti\u0107i 22, Ka\u0161telir<\/span>\r\n\t\t\t\t<\/div>\r\n\t\t\t\t\t\t\t\t\t\t\t\t\t\t\t\t<div class=\"item-data categories\" style=\"\">\r\n\t\t\t\t\t<span class=\"label\">Kategorien<\/span>\r\n\t\t\t\t\t<span class=\"values\">\r\n\t\t\t\t\t\t\t\t\t\t\t\t<a href=\"https:\/\/kastelir-labinci.com\/de\/cat\/ferienhausern\/\" class=\"value\" style=\"\">Ferienh\u00e4usern<\/a>\r\n\t\t\t\t\t\t\t\t\t\t\t<\/span>\r\n\t\t\t\t<\/div>\r\n\t\t\t\t\t\t\t<\/div>\r\n\t\t<\/div>\r\n\t<\/div>\r\n\r\n<\/article>\r\n\r\n\r\n\r\n<article class=\"citadela-article has-thumbnail has-subtitle has-description has-address has-categories\">\r\n\r\n\t<div class=\"item-content\" style=\"\">\r\n\t\t\t\t<div class=\"item-thumbnail\" style=\"\">\r\n\t\t\t<a href=\"https:\/\/kastelir-labinci.com\/de\/item\/villa-olea\/\">\r\n\t\t\t\t<img loading=\"lazy\" decoding=\"async\" \r\n\t\t\t\t\tclass=\"item-image\"\r\n                    src=\"https:\/\/kastelir-labinci.com\/wp-content\/uploads\/2021\/04\/villa-olea16-640x480.jpg\"\r\n                    width=\"640\"\r\n                    height=\"480\"\r\n                    srcset=\"https:\/\/kastelir-labinci.com\/wp-content\/uploads\/2021\/04\/villa-olea16-640x480.jpg 640w, https:\/\/kastelir-labinci.com\/wp-content\/uploads\/2021\/04\/villa-olea16-480x360.jpg 480w\"\r\n                    sizes=\"(max-width: 640px) 100vw, 640px\"\r\n                    alt=\"Villa OLEA\"\r\n                    style=\"\"                \/>\r\n\t\t\t<\/a>\r\n\t\t<\/div>\r\n\t\t\r\n\t\t<div class=\"item-body\">\r\n\t\t\t<div class=\"item-title\">\r\n\t\t\t\t<a href=\"https:\/\/kastelir-labinci.com\/de\/item\/villa-olea\/\">\r\n\t\t\t\t\t<div class=\"item-title-wrap\">\r\n\t\t\t\t\t\t<div class=\"post-title\">Villa OLEA<\/div>\r\n\t\t\t\t\t\t\t\t\t\t\t\t<div class=\"post-subtitle\" style=\"\">Kontakt: Kova\u010d Dino i Danica<\/div>\r\n\t\t\t\t\t\t\t\t\t\t\t<\/div>\r\n\t\t\t\t<\/a>\r\n\t\t\t<\/div>\r\n\t\t\t\r\n\t\t\t\r\n\t\t\t\t\t\t<div class=\"item-text\">\r\n\t\t\t\t<div class=\"item-description\">\r\n\t\t\t\t\t<p>Holiday house, 6 persons<\/p>\r\n\t\t\t\t\t<a href=\"https:\/\/kastelir-labinci.com\/de\/item\/villa-olea\/\" class=\"more\">Mehr sehen<\/a>\r\n\t\t\t\t<\/div>\r\n\t\t\t<\/div>\r\n\t\t\t\t\t\t<div class=\"item-footer\" style=\"\">\r\n\t\t\t\t\t\t\t\t\t\t\t\t<div class=\"item-data address\" style=\"\">\r\n\t\t\t\t\t<span class=\"label\">Adresse<\/span>\r\n\t\t\t\t\t<span class=\"values\">Kova\u010di 3a, Ka\u0161telir<\/span>\r\n\t\t\t\t<\/div>\r\n\t\t\t\t\t\t\t\t\t\t\t\t\t\t\t\t<div class=\"item-data categories\" style=\"\">\r\n\t\t\t\t\t<span class=\"label\">Kategorien<\/span>\r\n\t\t\t\t\t<span class=\"values\">\r\n\t\t\t\t\t\t\t\t\t\t\t\t<a href=\"https:\/\/kastelir-labinci.com\/de\/cat\/ferienhausern\/\" class=\"value\" style=\"\">Ferienh\u00e4usern<\/a>\r\n\t\t\t\t\t\t\t\t\t\t\t<\/span>\r\n\t\t\t\t<\/div>\r\n\t\t\t\t\t\t\t<\/div>\r\n\t\t<\/div>\r\n\t<\/div>\r\n\r\n<\/article>\r\n\r\n\r\n\r\n<article class=\"citadela-article has-thumbnail has-subtitle has-description has-address has-categories\">\r\n\r\n\t<div class=\"item-content\" style=\"\">\r\n\t\t\t\t<div class=\"item-thumbnail\" style=\"\">\r\n\t\t\t<a href=\"https:\/\/kastelir-labinci.com\/de\/item\/villa-ruzic\/\">\r\n\t\t\t\t<img loading=\"lazy\" decoding=\"async\" \r\n\t\t\t\t\tclass=\"item-image\"\r\n                    src=\"https:\/\/kastelir-labinci.com\/wp-content\/uploads\/2021\/04\/villa_ruzic145-640x480.jpg\"\r\n                    width=\"640\"\r\n                    height=\"480\"\r\n                    srcset=\"https:\/\/kastelir-labinci.com\/wp-content\/uploads\/2021\/04\/villa_ruzic145-640x480.jpg 640w, https:\/\/kastelir-labinci.com\/wp-content\/uploads\/2021\/04\/villa_ruzic145-480x360.jpg 480w\"\r\n                    sizes=\"(max-width: 640px) 100vw, 640px\"\r\n                    alt=\"Villa Ru\u017ei\u0107\"\r\n                    style=\"\"                \/>\r\n\t\t\t<\/a>\r\n\t\t<\/div>\r\n\t\t\r\n\t\t<div class=\"item-body\">\r\n\t\t\t<div class=\"item-title\">\r\n\t\t\t\t<a href=\"https:\/\/kastelir-labinci.com\/de\/item\/villa-ruzic\/\">\r\n\t\t\t\t\t<div class=\"item-title-wrap\">\r\n\t\t\t\t\t\t<div class=\"post-title\">Villa Ru\u017ei\u0107<\/div>\r\n\t\t\t\t\t\t\t\t\t\t\t\t<div class=\"post-subtitle\" style=\"\">Kontakt: Lara Ru\u017ei\u0107<\/div>\r\n\t\t\t\t\t\t\t\t\t\t\t<\/div>\r\n\t\t\t\t<\/a>\r\n\t\t\t<\/div>\r\n\t\t\t\r\n\t\t\t\r\n\t\t\t\t\t\t<div class=\"item-text\">\r\n\t\t\t\t<div class=\"item-description\">\r\n\t\t\t\t\t<p>Ku\u0107a za odmor\/max.8 osoba<\/p>\r\n\t\t\t\t\t<a href=\"https:\/\/kastelir-labinci.com\/de\/item\/villa-ruzic\/\" class=\"more\">Mehr sehen<\/a>\r\n\t\t\t\t<\/div>\r\n\t\t\t<\/div>\r\n\t\t\t\t\t\t<div class=\"item-footer\" style=\"\">\r\n\t\t\t\t\t\t\t\t\t\t\t\t<div class=\"item-data address\" style=\"\">\r\n\t\t\t\t\t<span class=\"label\">Adresse<\/span>\r\n\t\t\t\t\t<span class=\"values\">Kran\u010di\u0107i 108<\/span>\r\n\t\t\t\t<\/div>\r\n\t\t\t\t\t\t\t\t\t\t\t\t\t\t\t\t<div class=\"item-data categories\" style=\"\">\r\n\t\t\t\t\t<span class=\"label\">Kategorien<\/span>\r\n\t\t\t\t\t<span class=\"values\">\r\n\t\t\t\t\t\t\t\t\t\t\t\t<a href=\"https:\/\/kastelir-labinci.com\/de\/cat\/ferienhausern\/\" class=\"value\" style=\"\">Ferienh\u00e4usern<\/a>\r\n\t\t\t\t\t\t\t\t\t\t\t<\/span>\r\n\t\t\t\t<\/div>\r\n\t\t\t\t\t\t\t<\/div>\r\n\t\t<\/div>\r\n\t<\/div>\r\n\r\n<\/article>\r\n\r\n\r\n\r\n<article class=\"citadela-article has-thumbnail has-subtitle has-description has-address has-web has-categories\">\r\n\r\n\t<div class=\"item-content\" style=\"\">\r\n\t\t\t\t<div class=\"item-thumbnail\" style=\"\">\r\n\t\t\t<a href=\"https:\/\/kastelir-labinci.com\/de\/item\/villa-sara\/\">\r\n\t\t\t\t<img loading=\"lazy\" decoding=\"async\" \r\n\t\t\t\t\tclass=\"item-image\"\r\n                    src=\"https:\/\/kastelir-labinci.com\/wp-content\/uploads\/2021\/04\/sara-4-640x454.jpg\"\r\n                    width=\"640\"\r\n                    height=\"454\"\r\n                    srcset=\"\"\r\n                    sizes=\"(max-width: 640px) 100vw, 640px\"\r\n                    alt=\"Villa Sara\"\r\n                    style=\"\"                \/>\r\n\t\t\t<\/a>\r\n\t\t<\/div>\r\n\t\t\r\n\t\t<div class=\"item-body\">\r\n\t\t\t<div class=\"item-title\">\r\n\t\t\t\t<a href=\"https:\/\/kastelir-labinci.com\/de\/item\/villa-sara\/\">\r\n\t\t\t\t\t<div class=\"item-title-wrap\">\r\n\t\t\t\t\t\t<div class=\"post-title\">Villa Sara<\/div>\r\n\t\t\t\t\t\t\t\t\t\t\t\t<div class=\"post-subtitle\" style=\"\">Kontakt: Zvonimir Guci\u0107<\/div>\r\n\t\t\t\t\t\t\t\t\t\t\t<\/div>\r\n\t\t\t\t<\/a>\r\n\t\t\t<\/div>\r\n\t\t\t\r\n\t\t\t\r\n\t\t\t\t\t\t<div class=\"item-text\">\r\n\t\t\t\t<div class=\"item-description\">\r\n\t\t\t\t\t<p>ku\u0107a za 10 osoba, 5 kreveta<\/p>\r\n\t\t\t\t\t<a href=\"https:\/\/kastelir-labinci.com\/de\/item\/villa-sara\/\" class=\"more\">Mehr sehen<\/a>\r\n\t\t\t\t<\/div>\r\n\t\t\t<\/div>\r\n\t\t\t\t\t\t<div class=\"item-footer\" style=\"\">\r\n\t\t\t\t\t\t\t\t\t\t\t\t<div class=\"item-data address\" style=\"\">\r\n\t\t\t\t\t<span class=\"label\">Adresse<\/span>\r\n\t\t\t\t\t<span class=\"values\">Valenti\u0107i 23 c<\/span>\r\n\t\t\t\t<\/div>\r\n\t\t\t\t\t\t\t\t\t\t\t\t<div class=\"item-data web\" style=\"\">\r\n\t\t\t\t\t<span class=\"label\">Web<\/span>\r\n\t\t\t\t\t<span class=\"values\">\r\n\t\t\t\t\t\t<a href=\"https:\/\/www.villa-gabrijela.com\/\" class=\"value\" target=\"_blank\" rel=\"nofollow\" style=\"\">https:\/\/www.villa-gabrijela.com\/<\/a>\r\n\t\t\t\t\t<\/span>\r\n\t\t\t\t<\/div>\r\n\t\t\t\t\t\t\t\t\t\t\t\t<div class=\"item-data categories\" style=\"\">\r\n\t\t\t\t\t<span class=\"label\">Kategorien<\/span>\r\n\t\t\t\t\t<span class=\"values\">\r\n\t\t\t\t\t\t\t\t\t\t\t\t<a href=\"https:\/\/kastelir-labinci.com\/de\/cat\/ferienhausern\/\" class=\"value\" style=\"\">Ferienh\u00e4usern<\/a>\r\n\t\t\t\t\t\t\t\t\t\t\t<\/span>\r\n\t\t\t\t<\/div>\r\n\t\t\t\t\t\t\t<\/div>\r\n\t\t<\/div>\r\n\t<\/div>\r\n\r\n<\/article>\r\n\r\n\r\n\r\n<article class=\"citadela-article has-thumbnail has-subtitle has-description has-address has-categories\">\r\n\r\n\t<div class=\"item-content\" style=\"\">\r\n\t\t\t\t<div class=\"item-thumbnail\" style=\"\">\r\n\t\t\t<a href=\"https:\/\/kastelir-labinci.com\/de\/item\/villa-silvia\/\">\r\n\t\t\t\t<img loading=\"lazy\" decoding=\"async\" \r\n\t\t\t\t\tclass=\"item-image\"\r\n                    src=\"https:\/\/kastelir-labinci.com\/wp-content\/uploads\/2021\/04\/20181116_163529-640x480.jpg\"\r\n                    width=\"640\"\r\n                    height=\"480\"\r\n                    srcset=\"https:\/\/kastelir-labinci.com\/wp-content\/uploads\/2021\/04\/20181116_163529-640x480.jpg 640w, https:\/\/kastelir-labinci.com\/wp-content\/uploads\/2021\/04\/20181116_163529-300x225.jpg 300w, https:\/\/kastelir-labinci.com\/wp-content\/uploads\/2021\/04\/20181116_163529-1024x768.jpg 1024w, https:\/\/kastelir-labinci.com\/wp-content\/uploads\/2021\/04\/20181116_163529-768x576.jpg 768w, https:\/\/kastelir-labinci.com\/wp-content\/uploads\/2021\/04\/20181116_163529-1536x1152.jpg 1536w, https:\/\/kastelir-labinci.com\/wp-content\/uploads\/2021\/04\/20181116_163529-480x360.jpg 480w, https:\/\/kastelir-labinci.com\/wp-content\/uploads\/2021\/04\/20181116_163529.jpg 1920w\"\r\n                    sizes=\"(max-width: 640px) 100vw, 640px\"\r\n                    alt=\"Villa Silvia\"\r\n                    style=\"\"                \/>\r\n\t\t\t<\/a>\r\n\t\t<\/div>\r\n\t\t\r\n\t\t<div class=\"item-body\">\r\n\t\t\t<div class=\"item-title\">\r\n\t\t\t\t<a href=\"https:\/\/kastelir-labinci.com\/de\/item\/villa-silvia\/\">\r\n\t\t\t\t\t<div class=\"item-title-wrap\">\r\n\t\t\t\t\t\t<div class=\"post-title\">Villa Silvia<\/div>\r\n\t\t\t\t\t\t\t\t\t\t\t\t<div class=\"post-subtitle\" style=\"\">Kontakt: Silvia Dekli\u0107<\/div>\r\n\t\t\t\t\t\t\t\t\t\t\t<\/div>\r\n\t\t\t\t<\/a>\r\n\t\t\t<\/div>\r\n\t\t\t\r\n\t\t\t\r\n\t\t\t\t\t\t<div class=\"item-text\">\r\n\t\t\t\t<div class=\"item-description\">\r\n\t\t\t\t\t<p>ku\u0107a za odmor, 10 osoba<\/p>\r\n\t\t\t\t\t<a href=\"https:\/\/kastelir-labinci.com\/de\/item\/villa-silvia\/\" class=\"more\">Mehr sehen<\/a>\r\n\t\t\t\t<\/div>\r\n\t\t\t<\/div>\r\n\t\t\t\t\t\t<div class=\"item-footer\" style=\"\">\r\n\t\t\t\t\t\t\t\t\t\t\t\t<div class=\"item-data address\" style=\"\">\r\n\t\t\t\t\t<span class=\"label\">Adresse<\/span>\r\n\t\t\t\t\t<span class=\"values\">Kran\u010di\u0107i 94<\/span>\r\n\t\t\t\t<\/div>\r\n\t\t\t\t\t\t\t\t\t\t\t\t\t\t\t\t<div class=\"item-data categories\" style=\"\">\r\n\t\t\t\t\t<span class=\"label\">Kategorien<\/span>\r\n\t\t\t\t\t<span class=\"values\">\r\n\t\t\t\t\t\t\t\t\t\t\t\t<a href=\"https:\/\/kastelir-labinci.com\/de\/cat\/ferienhausern\/\" class=\"value\" style=\"\">Ferienh\u00e4usern<\/a>\r\n\t\t\t\t\t\t\t\t\t\t\t<\/span>\r\n\t\t\t\t<\/div>\r\n\t\t\t\t\t\t\t<\/div>\r\n\t\t<\/div>\r\n\t<\/div>\r\n\r\n<\/article>\r\n\r\n\r\n\r\n<article class=\"citadela-article has-thumbnail has-subtitle has-description has-address has-categories\">\r\n\r\n\t<div class=\"item-content\" style=\"\">\r\n\t\t\t\t<div class=\"item-thumbnail\" style=\"\">\r\n\t\t\t<a href=\"https:\/\/kastelir-labinci.com\/de\/item\/villa-tina\/\">\r\n\t\t\t\t<img loading=\"lazy\" decoding=\"async\" \r\n\t\t\t\t\tclass=\"item-image\"\r\n                    src=\"https:\/\/kastelir-labinci.com\/wp-content\/uploads\/2021\/04\/slika-1-640x480.jpg\"\r\n                    width=\"640\"\r\n                    height=\"480\"\r\n                    srcset=\"https:\/\/kastelir-labinci.com\/wp-content\/uploads\/2021\/04\/slika-1-640x480.jpg 640w, https:\/\/kastelir-labinci.com\/wp-content\/uploads\/2021\/04\/slika-1-480x360.jpg 480w\"\r\n                    sizes=\"(max-width: 640px) 100vw, 640px\"\r\n                    alt=\"Villa Tina\"\r\n                    style=\"\"                \/>\r\n\t\t\t<\/a>\r\n\t\t<\/div>\r\n\t\t\r\n\t\t<div class=\"item-body\">\r\n\t\t\t<div class=\"item-title\">\r\n\t\t\t\t<a href=\"https:\/\/kastelir-labinci.com\/de\/item\/villa-tina\/\">\r\n\t\t\t\t\t<div class=\"item-title-wrap\">\r\n\t\t\t\t\t\t<div class=\"post-title\">Villa Tina<\/div>\r\n\t\t\t\t\t\t\t\t\t\t\t\t<div class=\"post-subtitle\" style=\"\">Kontakt: Tina Kova\u010d De Faveri<\/div>\r\n\t\t\t\t\t\t\t\t\t\t\t<\/div>\r\n\t\t\t\t<\/a>\r\n\t\t\t<\/div>\r\n\t\t\t\r\n\t\t\t\r\n\t\t\t\t\t\t<div class=\"item-text\">\r\n\t\t\t\t<div class=\"item-description\">\r\n\t\t\t\t\t<p>Ku\u0107a za odmor \/ 6+2 osobe<\/p>\r\n\t\t\t\t\t<a href=\"https:\/\/kastelir-labinci.com\/de\/item\/villa-tina\/\" class=\"more\">Mehr sehen<\/a>\r\n\t\t\t\t<\/div>\r\n\t\t\t<\/div>\r\n\t\t\t\t\t\t<div class=\"item-footer\" style=\"\">\r\n\t\t\t\t\t\t\t\t\t\t\t\t<div class=\"item-data address\" style=\"\">\r\n\t\t\t\t\t<span class=\"label\">Adresse<\/span>\r\n\t\t\t\t\t<span class=\"values\">Ka\u0161telir 71<\/span>\r\n\t\t\t\t<\/div>\r\n\t\t\t\t\t\t\t\t\t\t\t\t\t\t\t\t<div class=\"item-data categories\" style=\"\">\r\n\t\t\t\t\t<span class=\"label\">Kategorien<\/span>\r\n\t\t\t\t\t<span class=\"values\">\r\n\t\t\t\t\t\t\t\t\t\t\t\t<a href=\"https:\/\/kastelir-labinci.com\/de\/cat\/ferienhausern\/\" class=\"value\" style=\"\">Ferienh\u00e4usern<\/a>\r\n\t\t\t\t\t\t\t\t\t\t\t<\/span>\r\n\t\t\t\t<\/div>\r\n\t\t\t\t\t\t\t<\/div>\r\n\t\t<\/div>\r\n\t<\/div>\r\n\r\n<\/article>\r\n\r\n\r\n\r\n<article class=\"citadela-article has-thumbnail has-subtitle has-description has-address has-categories\">\r\n\r\n\t<div class=\"item-content\" style=\"\">\r\n\t\t\t\t<div class=\"item-thumbnail\" style=\"\">\r\n\t\t\t<a href=\"https:\/\/kastelir-labinci.com\/de\/item\/villa-zaneta\/\">\r\n\t\t\t\t<img loading=\"lazy\" decoding=\"async\" \r\n\t\t\t\t\tclass=\"item-image\"\r\n                    src=\"https:\/\/kastelir-labinci.com\/wp-content\/uploads\/2021\/04\/004_manuel_paljuh-640x480.jpg\"\r\n                    width=\"640\"\r\n                    height=\"480\"\r\n                    srcset=\"https:\/\/kastelir-labinci.com\/wp-content\/uploads\/2021\/04\/004_manuel_paljuh-640x480.jpg 640w, https:\/\/kastelir-labinci.com\/wp-content\/uploads\/2021\/04\/004_manuel_paljuh-480x360.jpg 480w\"\r\n                    sizes=\"(max-width: 640px) 100vw, 640px\"\r\n                    alt=\"Villa Zaneta\"\r\n                    style=\"\"                \/>\r\n\t\t\t<\/a>\r\n\t\t<\/div>\r\n\t\t\r\n\t\t<div class=\"item-body\">\r\n\t\t\t<div class=\"item-title\">\r\n\t\t\t\t<a href=\"https:\/\/kastelir-labinci.com\/de\/item\/villa-zaneta\/\">\r\n\t\t\t\t\t<div class=\"item-title-wrap\">\r\n\t\t\t\t\t\t<div class=\"post-title\">Villa Zaneta<\/div>\r\n\t\t\t\t\t\t\t\t\t\t\t\t<div class=\"post-subtitle\" style=\"\">Kontakt: Sonja Legovi\u0107<\/div>\r\n\t\t\t\t\t\t\t\t\t\t\t<\/div>\r\n\t\t\t\t<\/a>\r\n\t\t\t<\/div>\r\n\t\t\t\r\n\t\t\t\r\n\t\t\t\t\t\t<div class=\"item-text\">\r\n\t\t\t\t<div class=\"item-description\">\r\n\t\t\t\t\t<p>Ku\u0107a za odmor 8 osoba<\/p>\r\n\t\t\t\t\t<a href=\"https:\/\/kastelir-labinci.com\/de\/item\/villa-zaneta\/\" class=\"more\">Mehr sehen<\/a>\r\n\t\t\t\t<\/div>\r\n\t\t\t<\/div>\r\n\t\t\t\t\t\t<div class=\"item-footer\" style=\"\">\r\n\t\t\t\t\t\t\t\t\t\t\t\t<div class=\"item-data address\" style=\"\">\r\n\t\t\t\t\t<span class=\"label\">Adresse<\/span>\r\n\t\t\t\t\t<span class=\"values\">Ka\u0161telir, Tadini 16a<\/span>\r\n\t\t\t\t<\/div>\r\n\t\t\t\t\t\t\t\t\t\t\t\t\t\t\t\t<div class=\"item-data categories\" style=\"\">\r\n\t\t\t\t\t<span class=\"label\">Kategorien<\/span>\r\n\t\t\t\t\t<span class=\"values\">\r\n\t\t\t\t\t\t\t\t\t\t\t\t<a href=\"https:\/\/kastelir-labinci.com\/de\/cat\/ferienhausern\/\" class=\"value\" style=\"\">Ferienh\u00e4usern<\/a>\r\n\t\t\t\t\t\t\t\t\t\t\t<\/span>\r\n\t\t\t\t<\/div>\r\n\t\t\t\t\t\t\t<\/div>\r\n\t\t<\/div>\r\n\t<\/div>\r\n\r\n<\/article>\r\n\r\n\r\n                <\/div>\r\n                \r\n                \r\n            <\/div>\r\n            \r\n                        \r\n        <\/div>\r\n        \n\n\n<div class=\"wp-block-buttons is-layout-flex wp-block-buttons-is-layout-flex\"><\/div>\n\n\n\n<div style=\"height:52px\" aria-hidden=\"true\" class=\"wp-block-spacer\"><\/div>\n\n\n\r\n        <div class='wp-block-citadela-blocks ctdl-directory-google-map loading-content custom-height'>\r\n            <div class='citadela-google-map provider-wrapper'>\r\n                <div data-endpoint=\"https:\/\/kastelir-labinci.com\/wp-json\/citadela-directory\/map-data\/points\/citadela-item?dataType=markers&amp;category=4&amp;location=32&amp;only_featured=0\"data-theme=\"citadela\"data-custom-theme=\"[]\"data-map-height=\"500px\"data-cluster=\"80\" class='component-container'><\/div>\r\n                \r\n            <\/div>\r\n            <div class='citadela-loader'>\r\n                <div class='inner-wrapper'>\r\n                    <i class='fas fa-circle-notch fa-spin'><\/i>\r\n                <\/div>\r\n            <\/div>\r\n        <\/div>\r\n        <\/div><\/div>\n\n\n\n<div class=\"wp-block-citadela-blocks-spacer citadela-block-spacer\"><div class=\"inner-holder\" style=\"padding-top:5vw\"><\/div><\/div>\n\n\n\n<div class=\"wp-block-citadela-blocks-spacer citadela-block-spacer\"><div class=\"inner-holder\" style=\"padding-top:4vw\"><\/div><\/div>\n\n\n\n<div class=\"wp-block-citadela-blocks-spacer citadela-block-spacer negative-height\"><div class=\"inner-holder\" style=\"margin-top:-8em\"><\/div><\/div>\n","protected":false},"excerpt":{"rendered":"","protected":false},"author":1,"featured_media":0,"parent":0,"menu_order":0,"comment_status":"closed","ping_status":"closed","template":"","meta":{"_citadela_hide_page_title":"1","_citadela_remove_header_space":"1","_citadela_custom_class":"","_citadela_half_map_provider":"","_citadela_half_map_theme":"","_citadela_half_map_themeOSM":"","_citadela_half_map_customTheme":"","_citadela_half_map_dataType":"","_citadela_half_map_dynamicTrack":false,"_citadela_half_map_trackColor":"","_citadela_half_map_trackEndpointsColor":"","_citadela_half_map_filterCategory":"","_citadela_half_map_filterLocation":"","_citadela_half_map_filterFeatured":false,"_citadela_half_map_noDataBehavior":"empty-map","_citadela_half_map_noDataText":"","_citadela_half_map_clusterGridSize":80,"_citadela_header":true,"_citadela_header_over_content":true,"_citadela_header_text_color":"","_citadela_header_logo":[],"_citadela_header_bg_image":[],"_citadela_header_bg_position":{"x":0.5,"y":0.5},"_citadela_header_bg_size":"cover","_citadela_header_bg_repeat":"no-repeat","_citadela_header_bg_fixed":false,"_citadela_header_bg_color":"","_citadela_header_bg_image_overlay":"","_citadela_header_transparent_bg":true,"_citadela_content_width":"","_citadela_half_layout_position":"","footnotes":""},"class_list":["post-5371","page","type-page","status-publish","hentry"],"yoast_head":"<!-- This site is optimized with the Yoast SEO plugin v25.2 - https:\/\/yoast.com\/wordpress\/plugins\/seo\/ -->\n<title>Unterkunft in Ka\u0161telir-Labinci - Together in<\/title>\n<meta name=\"description\" content=\"Together in Ka\u0161telir Labinci\" \/>\n<meta name=\"robots\" content=\"index, follow, max-snippet:-1, max-image-preview:large, max-video-preview:-1\" \/>\n<link rel=\"canonical\" href=\"https:\/\/kastelir-labinci.com\/de\/accommodation\/\" \/>\n<meta property=\"og:locale\" content=\"de_DE\" \/>\n<meta property=\"og:type\" content=\"article\" \/>\n<meta property=\"og:title\" content=\"Unterkunft in Ka\u0161telir-Labinci - Together in\" \/>\n<meta property=\"og:description\" content=\"Together in Ka\u0161telir Labinci\" \/>\n<meta property=\"og:url\" content=\"https:\/\/kastelir-labinci.com\/de\/accommodation\/\" \/>\n<meta property=\"og:site_name\" content=\"Together in\" \/>\n<meta property=\"article:modified_time\" content=\"2021-08-05T20:16:57+00:00\" \/>\n<meta property=\"og:image\" content=\"https:\/\/kastelir-labinci.com\/wp-content\/uploads\/2020\/08\/2020-08-09_18h53_08.jpg\" \/>\n<meta name=\"twitter:card\" content=\"summary_large_image\" \/>\n<meta name=\"twitter:label1\" content=\"Gesch\u00e4tzte Lesezeit\" \/>\n\t<meta name=\"twitter:data1\" content=\"1\u00a0Minute\" \/>\n<script type=\"application\/ld+json\" class=\"yoast-schema-graph\">{\"@context\":\"https:\/\/schema.org\",\"@graph\":[{\"@type\":\"WebPage\",\"@id\":\"https:\/\/kastelir-labinci.com\/de\/accommodation\/\",\"url\":\"https:\/\/kastelir-labinci.com\/de\/accommodation\/\",\"name\":\"Unterkunft in Ka\u0161telir-Labinci - Together in\",\"isPartOf\":{\"@id\":\"https:\/\/kastelir-labinci.com\/de\/#website\"},\"primaryImageOfPage\":{\"@id\":\"https:\/\/kastelir-labinci.com\/de\/accommodation\/#primaryimage\"},\"image\":{\"@id\":\"https:\/\/kastelir-labinci.com\/de\/accommodation\/#primaryimage\"},\"thumbnailUrl\":\"https:\/\/kastelir-labinci.com\/wp-content\/uploads\/2020\/08\/2020-08-09_18h53_08.jpg\",\"datePublished\":\"2020-06-01T14:36:40+00:00\",\"dateModified\":\"2021-08-05T20:16:57+00:00\",\"description\":\"Together in Ka\u0161telir Labinci\",\"breadcrumb\":{\"@id\":\"https:\/\/kastelir-labinci.com\/de\/accommodation\/#breadcrumb\"},\"inLanguage\":\"de\",\"potentialAction\":[{\"@type\":\"ReadAction\",\"target\":[\"https:\/\/kastelir-labinci.com\/de\/accommodation\/\"]}]},{\"@type\":\"ImageObject\",\"inLanguage\":\"de\",\"@id\":\"https:\/\/kastelir-labinci.com\/de\/accommodation\/#primaryimage\",\"url\":\"https:\/\/kastelir-labinci.com\/wp-content\/uploads\/2020\/08\/2020-08-09_18h53_08.jpg\",\"contentUrl\":\"https:\/\/kastelir-labinci.com\/wp-content\/uploads\/2020\/08\/2020-08-09_18h53_08.jpg\"},{\"@type\":\"BreadcrumbList\",\"@id\":\"https:\/\/kastelir-labinci.com\/de\/accommodation\/#breadcrumb\",\"itemListElement\":[{\"@type\":\"ListItem\",\"position\":1,\"name\":\"Home\",\"item\":\"https:\/\/kastelir-labinci.com\/de\/\"},{\"@type\":\"ListItem\",\"position\":2,\"name\":\"Unterkunft in Ka\u0161telir-Labinci\"}]},{\"@type\":\"WebSite\",\"@id\":\"https:\/\/kastelir-labinci.com\/de\/#website\",\"url\":\"https:\/\/kastelir-labinci.com\/de\/\",\"name\":\"Together in\",\"description\":\"- Ka\u0161telir-Labinci\",\"publisher\":{\"@id\":\"https:\/\/kastelir-labinci.com\/de\/#organization\"},\"potentialAction\":[{\"@type\":\"SearchAction\",\"target\":{\"@type\":\"EntryPoint\",\"urlTemplate\":\"https:\/\/kastelir-labinci.com\/de\/?s={search_term_string}\"},\"query-input\":{\"@type\":\"PropertyValueSpecification\",\"valueRequired\":true,\"valueName\":\"search_term_string\"}}],\"inLanguage\":\"de\"},{\"@type\":\"Organization\",\"@id\":\"https:\/\/kastelir-labinci.com\/de\/#organization\",\"name\":\"TOGETHER IN Ka\u0161telir - Labinci, turisti\u010dka zajednica\",\"url\":\"https:\/\/kastelir-labinci.com\/de\/\",\"logo\":{\"@type\":\"ImageObject\",\"inLanguage\":\"de\",\"@id\":\"https:\/\/kastelir-labinci.com\/de\/#\/schema\/logo\/image\/\",\"url\":\"https:\/\/kastelir-labinci.com\/wp-content\/uploads\/2020\/08\/logotip-3.png\",\"contentUrl\":\"https:\/\/kastelir-labinci.com\/wp-content\/uploads\/2020\/08\/logotip-3.png\",\"width\":512,\"height\":326,\"caption\":\"TOGETHER IN Ka\u0161telir - Labinci, turisti\u010dka zajednica\"},\"image\":{\"@id\":\"https:\/\/kastelir-labinci.com\/de\/#\/schema\/logo\/image\/\"}}]}<\/script>\n<!-- \/ Yoast SEO plugin. -->","yoast_head_json":{"title":"Unterkunft in Ka\u0161telir-Labinci - Together in","description":"Together in Ka\u0161telir Labinci","robots":{"index":"index","follow":"follow","max-snippet":"max-snippet:-1","max-image-preview":"max-image-preview:large","max-video-preview":"max-video-preview:-1"},"canonical":"https:\/\/kastelir-labinci.com\/de\/accommodation\/","og_locale":"de_DE","og_type":"article","og_title":"Unterkunft in Ka\u0161telir-Labinci - Together in","og_description":"Together in Ka\u0161telir Labinci","og_url":"https:\/\/kastelir-labinci.com\/de\/accommodation\/","og_site_name":"Together in","article_modified_time":"2021-08-05T20:16:57+00:00","og_image":[{"url":"https:\/\/kastelir-labinci.com\/wp-content\/uploads\/2020\/08\/2020-08-09_18h53_08.jpg","type":"","width":"","height":""}],"twitter_card":"summary_large_image","twitter_misc":{"Gesch\u00e4tzte Lesezeit":"1\u00a0Minute"},"schema":{"@context":"https:\/\/schema.org","@graph":[{"@type":"WebPage","@id":"https:\/\/kastelir-labinci.com\/de\/accommodation\/","url":"https:\/\/kastelir-labinci.com\/de\/accommodation\/","name":"Unterkunft in Ka\u0161telir-Labinci - Together in","isPartOf":{"@id":"https:\/\/kastelir-labinci.com\/de\/#website"},"primaryImageOfPage":{"@id":"https:\/\/kastelir-labinci.com\/de\/accommodation\/#primaryimage"},"image":{"@id":"https:\/\/kastelir-labinci.com\/de\/accommodation\/#primaryimage"},"thumbnailUrl":"https:\/\/kastelir-labinci.com\/wp-content\/uploads\/2020\/08\/2020-08-09_18h53_08.jpg","datePublished":"2020-06-01T14:36:40+00:00","dateModified":"2021-08-05T20:16:57+00:00","description":"Together in Ka\u0161telir Labinci","breadcrumb":{"@id":"https:\/\/kastelir-labinci.com\/de\/accommodation\/#breadcrumb"},"inLanguage":"de","potentialAction":[{"@type":"ReadAction","target":["https:\/\/kastelir-labinci.com\/de\/accommodation\/"]}]},{"@type":"ImageObject","inLanguage":"de","@id":"https:\/\/kastelir-labinci.com\/de\/accommodation\/#primaryimage","url":"https:\/\/kastelir-labinci.com\/wp-content\/uploads\/2020\/08\/2020-08-09_18h53_08.jpg","contentUrl":"https:\/\/kastelir-labinci.com\/wp-content\/uploads\/2020\/08\/2020-08-09_18h53_08.jpg"},{"@type":"BreadcrumbList","@id":"https:\/\/kastelir-labinci.com\/de\/accommodation\/#breadcrumb","itemListElement":[{"@type":"ListItem","position":1,"name":"Home","item":"https:\/\/kastelir-labinci.com\/de\/"},{"@type":"ListItem","position":2,"name":"Unterkunft in Ka\u0161telir-Labinci"}]},{"@type":"WebSite","@id":"https:\/\/kastelir-labinci.com\/de\/#website","url":"https:\/\/kastelir-labinci.com\/de\/","name":"Together in","description":"- Ka\u0161telir-Labinci","publisher":{"@id":"https:\/\/kastelir-labinci.com\/de\/#organization"},"potentialAction":[{"@type":"SearchAction","target":{"@type":"EntryPoint","urlTemplate":"https:\/\/kastelir-labinci.com\/de\/?s={search_term_string}"},"query-input":{"@type":"PropertyValueSpecification","valueRequired":true,"valueName":"search_term_string"}}],"inLanguage":"de"},{"@type":"Organization","@id":"https:\/\/kastelir-labinci.com\/de\/#organization","name":"TOGETHER IN Ka\u0161telir - Labinci, turisti\u010dka zajednica","url":"https:\/\/kastelir-labinci.com\/de\/","logo":{"@type":"ImageObject","inLanguage":"de","@id":"https:\/\/kastelir-labinci.com\/de\/#\/schema\/logo\/image\/","url":"https:\/\/kastelir-labinci.com\/wp-content\/uploads\/2020\/08\/logotip-3.png","contentUrl":"https:\/\/kastelir-labinci.com\/wp-content\/uploads\/2020\/08\/logotip-3.png","width":512,"height":326,"caption":"TOGETHER IN Ka\u0161telir - Labinci, turisti\u010dka zajednica"},"image":{"@id":"https:\/\/kastelir-labinci.com\/de\/#\/schema\/logo\/image\/"}}]}},"_links":{"self":[{"href":"https:\/\/kastelir-labinci.com\/de\/wp-json\/wp\/v2\/pages\/5371"}],"collection":[{"href":"https:\/\/kastelir-labinci.com\/de\/wp-json\/wp\/v2\/pages"}],"about":[{"href":"https:\/\/kastelir-labinci.com\/de\/wp-json\/wp\/v2\/types\/page"}],"author":[{"embeddable":true,"href":"https:\/\/kastelir-labinci.com\/de\/wp-json\/wp\/v2\/users\/1"}],"replies":[{"embeddable":true,"href":"https:\/\/kastelir-labinci.com\/de\/wp-json\/wp\/v2\/comments?post=5371"}],"version-history":[{"count":4,"href":"https:\/\/kastelir-labinci.com\/de\/wp-json\/wp\/v2\/pages\/5371\/revisions"}],"predecessor-version":[{"id":6852,"href":"https:\/\/kastelir-labinci.com\/de\/wp-json\/wp\/v2\/pages\/5371\/revisions\/6852"}],"wp:attachment":[{"href":"https:\/\/kastelir-labinci.com\/de\/wp-json\/wp\/v2\/media?parent=5371"}],"curies":[{"name":"wp","href":"https:\/\/api.w.org\/{rel}","templated":true}]}}