{"id":11360,"date":"2022-08-05T13:13:18","date_gmt":"2022-08-05T13:13:18","guid":{"rendered":"https:\/\/kastelir-labinci.com\/?post_type=citadela-item&#038;p=11360"},"modified":"2022-08-05T13:25:07","modified_gmt":"2022-08-05T13:25:07","slug":"free-kastelir-vizinada-mtb-tour-26km","status":"publish","type":"citadela-item","link":"https:\/\/kastelir-labinci.com\/en\/item\/free-kastelir-vizinada-mtb-tour-26km\/","title":{"rendered":"FREE KA\u0160TELIR &#038; VI\u017dINADA MTB TOUR, 26km"},"content":{"rendered":"<p>From the centre of Ka\u0161telir, we will cycle through the deep forest shade towards Vi\u017einada where at 10:15AM we will join our fellow cyclists. We will continue together along the attractive Parenzana cycling trail towards Pore\u010d and then turn towards the famous Ti\u0107an bservatory led by Korado Korlevi\u0107, one of the most renown world astronomers. This observatory is also the highest peak of our route. Following the narrow forest trails, we will descend to Vi\u0161njan, and then back to Ka\u0161telir where we will leave the first group of cyclists. Those who joined us in Vi\u017einada, continue the ride through the forest for about 45 minutes before reaching our final destination.<\/p>\n<p>&nbsp;<\/p>\n<p><iframe loading=\"lazy\" class=\"alltrails\" title=\"AllTrails: Trail Guides and Maps for Hiking, Camping, and Running\" src=\"https:\/\/www.alltrails.com\/de\/widget\/map\/karte-6-juli-2022-10-14-uhr-a19744e?u=m\" width=\"100%\" height=\"600\" frameborder=\"0\" marginwidth=\"0\" marginheight=\"0\" scrolling=\"no\"><\/iframe><\/p>\n<p><strong>Technical description<\/strong><\/p>\n<ul>\n<li>Type of cycling trail: MTB trail<\/li>\n<li>Length of trail: 26km<\/li>\n<li>Highest point: 320m<\/li>\n<li>Cumulative elevation gain: 300m<\/li>\n<li>Ride time: 3.5 hours<\/li>\n<li>Difficulty: easy<\/li>\n<\/ul>\n<p><strong>Details<\/strong><\/p>\n<ul>\n<li>Available: every Friday from 26 August to 30 September 2022<\/li>\n<li>Meeting time: 9:30AM Ka\u0161telir \/ 10:30AM Vi\u017einada<\/li>\n<li>Planned end time: around 1:00PM Ka\u0161telir \/ around 2:00PM Vi\u017einada<\/li>\n<li>Start and finish 1: centre of Ka\u0161telir, by the church<\/li>\n<li>Start and finish 2: at the entrance of Vi\u017enada, by the locomotive model<\/li>\n<li>Guide: one guide per 20 cyclists<\/li>\n<li>Languages: Croatian, English and German<\/li>\n<\/ul>\n<p><strong>Download GPX file<\/strong><\/p>\n<p><img loading=\"lazy\" decoding=\"async\" src=\"https:\/\/www.myporec.com\/uploads\/imgcache\/large\/articles\/Kastelir-i-Vizinada.png\" alt=\"\" width=\"250\" height=\"250\" \/><\/p>\n<p><strong>Notes on the free MTB tours<\/strong><\/p>\n<ul>\n<li>The tours are completely free, and do not include beverages, food or entry tickets.<\/li>\n<li>Bike, helmet, and bike equipment rental is available (at extra charge).<\/li>\n<li>Helmets are required.<\/li>\n<li>Not recommended for children younger than 14 years of age.<\/li>\n<li>You must know how to ride a bike and be in good enough shape to ride between 20<br \/>\nand 50 km per day.<\/li>\n<li>An emergency vehicle is available in case of need.<\/li>\n<li>The guide has the right to change the route according to weather and guest abilities.<\/li>\n<\/ul>\n<p><strong>Bookings are free, but required at least 12 hours prior to departure.<\/strong><\/p>\n<p><a href=\"https:\/\/kastelir-labinci.com\/wp-content\/uploads\/2020\/05\/pogled-na-Motovun.jpg\"><img loading=\"lazy\" decoding=\"async\" class=\"alignleft size-full wp-image-1891\" src=\"https:\/\/kastelir-labinci.com\/wp-content\/uploads\/2020\/05\/pogled-na-Motovun.jpg\" alt=\"\" width=\"1453\" height=\"967\" srcset=\"https:\/\/kastelir-labinci.com\/wp-content\/uploads\/2020\/05\/pogled-na-Motovun.jpg 1453w, https:\/\/kastelir-labinci.com\/wp-content\/uploads\/2020\/05\/pogled-na-Motovun-300x200.jpg 300w, https:\/\/kastelir-labinci.com\/wp-content\/uploads\/2020\/05\/pogled-na-Motovun-1024x681.jpg 1024w, https:\/\/kastelir-labinci.com\/wp-content\/uploads\/2020\/05\/pogled-na-Motovun-768x511.jpg 768w\" sizes=\"(max-width: 1453px) 100vw, 1453px\" \/><\/a><\/p>\n","protected":false},"excerpt":{"rendered":"<p>From the centre of Ka\u0161telir, we will cycle through the deep forest shade towards Vi\u017einada where at 10:15AM we will join our fellow cyclists. We will continue together along the [&hellip;]<\/p>\n","protected":false},"author":1,"featured_media":1899,"menu_order":0,"comment_status":"closed","ping_status":"closed","template":"","citadela-item-category":[8,279],"citadela-item-location":[],"class_list":["post-11360","citadela-item","type-citadela-item","status-publish","has-post-thumbnail","hentry","citadela-item-category-biking","citadela-item-category-free-bike"],"yoast_head":"<!-- This site is optimized with the Yoast SEO plugin v25.2 - https:\/\/yoast.com\/wordpress\/plugins\/seo\/ -->\n<title>FREE KA\u0160TELIR &amp; VI\u017dINADA MTB TOUR, 26km - Together in<\/title>\n<meta name=\"description\" content=\"Together in Ka\u0161telir Labinci\" \/>\n<meta name=\"robots\" content=\"index, follow, max-snippet:-1, max-image-preview:large, max-video-preview:-1\" \/>\n<link rel=\"canonical\" href=\"https:\/\/kastelir-labinci.com\/en\/item\/free-kastelir-vizinada-mtb-tour-26km\/\" \/>\n<meta property=\"og:locale\" content=\"en_US\" \/>\n<meta property=\"og:type\" content=\"article\" \/>\n<meta property=\"og:title\" content=\"FREE KA\u0160TELIR &amp; VI\u017dINADA MTB TOUR, 26km - Together in\" \/>\n<meta property=\"og:description\" content=\"Together in Ka\u0161telir Labinci\" \/>\n<meta property=\"og:url\" content=\"https:\/\/kastelir-labinci.com\/en\/item\/free-kastelir-vizinada-mtb-tour-26km\/\" \/>\n<meta property=\"og:site_name\" content=\"Together in\" \/>\n<meta property=\"article:modified_time\" content=\"2022-08-05T13:25:07+00:00\" \/>\n<meta property=\"og:image\" content=\"https:\/\/kastelir-labinci.com\/wp-content\/uploads\/2020\/05\/Teambuilding-Istra-scaled.jpg\" \/>\n\t<meta property=\"og:image:width\" content=\"2560\" \/>\n\t<meta property=\"og:image:height\" content=\"1704\" \/>\n\t<meta property=\"og:image:type\" content=\"image\/jpeg\" \/>\n<meta name=\"twitter:card\" content=\"summary_large_image\" \/>\n<meta name=\"twitter:label1\" content=\"Est. reading time\" \/>\n\t<meta name=\"twitter:data1\" content=\"2 minutes\" \/>\n<script type=\"application\/ld+json\" class=\"yoast-schema-graph\">{\"@context\":\"https:\/\/schema.org\",\"@graph\":[{\"@type\":\"WebPage\",\"@id\":\"https:\/\/kastelir-labinci.com\/en\/item\/free-kastelir-vizinada-mtb-tour-26km\/\",\"url\":\"https:\/\/kastelir-labinci.com\/en\/item\/free-kastelir-vizinada-mtb-tour-26km\/\",\"name\":\"FREE KA\u0160TELIR & VI\u017dINADA MTB TOUR, 26km - Together in\",\"isPartOf\":{\"@id\":\"https:\/\/kastelir-labinci.com\/en\/#website\"},\"primaryImageOfPage\":{\"@id\":\"https:\/\/kastelir-labinci.com\/en\/item\/free-kastelir-vizinada-mtb-tour-26km\/#primaryimage\"},\"image\":{\"@id\":\"https:\/\/kastelir-labinci.com\/en\/item\/free-kastelir-vizinada-mtb-tour-26km\/#primaryimage\"},\"thumbnailUrl\":\"https:\/\/kastelir-labinci.com\/wp-content\/uploads\/2020\/05\/Teambuilding-Istra-scaled.jpg\",\"datePublished\":\"2022-08-05T13:13:18+00:00\",\"dateModified\":\"2022-08-05T13:25:07+00:00\",\"description\":\"Together in Ka\u0161telir Labinci\",\"breadcrumb\":{\"@id\":\"https:\/\/kastelir-labinci.com\/en\/item\/free-kastelir-vizinada-mtb-tour-26km\/#breadcrumb\"},\"inLanguage\":\"en-US\",\"potentialAction\":[{\"@type\":\"ReadAction\",\"target\":[\"https:\/\/kastelir-labinci.com\/en\/item\/free-kastelir-vizinada-mtb-tour-26km\/\"]}]},{\"@type\":\"ImageObject\",\"inLanguage\":\"en-US\",\"@id\":\"https:\/\/kastelir-labinci.com\/en\/item\/free-kastelir-vizinada-mtb-tour-26km\/#primaryimage\",\"url\":\"https:\/\/kastelir-labinci.com\/wp-content\/uploads\/2020\/05\/Teambuilding-Istra-scaled.jpg\",\"contentUrl\":\"https:\/\/kastelir-labinci.com\/wp-content\/uploads\/2020\/05\/Teambuilding-Istra-scaled.jpg\",\"width\":2560,\"height\":1704},{\"@type\":\"BreadcrumbList\",\"@id\":\"https:\/\/kastelir-labinci.com\/en\/item\/free-kastelir-vizinada-mtb-tour-26km\/#breadcrumb\",\"itemListElement\":[{\"@type\":\"ListItem\",\"position\":1,\"name\":\"Home\",\"item\":\"https:\/\/kastelir-labinci.com\/en\/\"},{\"@type\":\"ListItem\",\"position\":2,\"name\":\"FREE KA\u0160TELIR &#038; VI\u017dINADA MTB TOUR, 26km\"}]},{\"@type\":\"WebSite\",\"@id\":\"https:\/\/kastelir-labinci.com\/en\/#website\",\"url\":\"https:\/\/kastelir-labinci.com\/en\/\",\"name\":\"Together in\",\"description\":\"- Ka\u0161telir-Labinci\",\"publisher\":{\"@id\":\"https:\/\/kastelir-labinci.com\/en\/#organization\"},\"potentialAction\":[{\"@type\":\"SearchAction\",\"target\":{\"@type\":\"EntryPoint\",\"urlTemplate\":\"https:\/\/kastelir-labinci.com\/en\/?s={search_term_string}\"},\"query-input\":{\"@type\":\"PropertyValueSpecification\",\"valueRequired\":true,\"valueName\":\"search_term_string\"}}],\"inLanguage\":\"en-US\"},{\"@type\":\"Organization\",\"@id\":\"https:\/\/kastelir-labinci.com\/en\/#organization\",\"name\":\"TOGETHER IN Ka\u0161telir - Labinci, turisti\u010dka zajednica\",\"url\":\"https:\/\/kastelir-labinci.com\/en\/\",\"logo\":{\"@type\":\"ImageObject\",\"inLanguage\":\"en-US\",\"@id\":\"https:\/\/kastelir-labinci.com\/en\/#\/schema\/logo\/image\/\",\"url\":\"https:\/\/kastelir-labinci.com\/wp-content\/uploads\/2020\/08\/logotip-3.png\",\"contentUrl\":\"https:\/\/kastelir-labinci.com\/wp-content\/uploads\/2020\/08\/logotip-3.png\",\"width\":512,\"height\":326,\"caption\":\"TOGETHER IN Ka\u0161telir - Labinci, turisti\u010dka zajednica\"},\"image\":{\"@id\":\"https:\/\/kastelir-labinci.com\/en\/#\/schema\/logo\/image\/\"}}]}<\/script>\n<!-- \/ Yoast SEO plugin. -->","yoast_head_json":{"title":"FREE KA\u0160TELIR & VI\u017dINADA MTB TOUR, 26km - Together in","description":"Together in Ka\u0161telir Labinci","robots":{"index":"index","follow":"follow","max-snippet":"max-snippet:-1","max-image-preview":"max-image-preview:large","max-video-preview":"max-video-preview:-1"},"canonical":"https:\/\/kastelir-labinci.com\/en\/item\/free-kastelir-vizinada-mtb-tour-26km\/","og_locale":"en_US","og_type":"article","og_title":"FREE KA\u0160TELIR & VI\u017dINADA MTB TOUR, 26km - Together in","og_description":"Together in Ka\u0161telir Labinci","og_url":"https:\/\/kastelir-labinci.com\/en\/item\/free-kastelir-vizinada-mtb-tour-26km\/","og_site_name":"Together in","article_modified_time":"2022-08-05T13:25:07+00:00","og_image":[{"width":2560,"height":1704,"url":"https:\/\/kastelir-labinci.com\/wp-content\/uploads\/2020\/05\/Teambuilding-Istra-scaled.jpg","type":"image\/jpeg"}],"twitter_card":"summary_large_image","twitter_misc":{"Est. reading time":"2 minutes"},"schema":{"@context":"https:\/\/schema.org","@graph":[{"@type":"WebPage","@id":"https:\/\/kastelir-labinci.com\/en\/item\/free-kastelir-vizinada-mtb-tour-26km\/","url":"https:\/\/kastelir-labinci.com\/en\/item\/free-kastelir-vizinada-mtb-tour-26km\/","name":"FREE KA\u0160TELIR & VI\u017dINADA MTB TOUR, 26km - Together in","isPartOf":{"@id":"https:\/\/kastelir-labinci.com\/en\/#website"},"primaryImageOfPage":{"@id":"https:\/\/kastelir-labinci.com\/en\/item\/free-kastelir-vizinada-mtb-tour-26km\/#primaryimage"},"image":{"@id":"https:\/\/kastelir-labinci.com\/en\/item\/free-kastelir-vizinada-mtb-tour-26km\/#primaryimage"},"thumbnailUrl":"https:\/\/kastelir-labinci.com\/wp-content\/uploads\/2020\/05\/Teambuilding-Istra-scaled.jpg","datePublished":"2022-08-05T13:13:18+00:00","dateModified":"2022-08-05T13:25:07+00:00","description":"Together in Ka\u0161telir Labinci","breadcrumb":{"@id":"https:\/\/kastelir-labinci.com\/en\/item\/free-kastelir-vizinada-mtb-tour-26km\/#breadcrumb"},"inLanguage":"en-US","potentialAction":[{"@type":"ReadAction","target":["https:\/\/kastelir-labinci.com\/en\/item\/free-kastelir-vizinada-mtb-tour-26km\/"]}]},{"@type":"ImageObject","inLanguage":"en-US","@id":"https:\/\/kastelir-labinci.com\/en\/item\/free-kastelir-vizinada-mtb-tour-26km\/#primaryimage","url":"https:\/\/kastelir-labinci.com\/wp-content\/uploads\/2020\/05\/Teambuilding-Istra-scaled.jpg","contentUrl":"https:\/\/kastelir-labinci.com\/wp-content\/uploads\/2020\/05\/Teambuilding-Istra-scaled.jpg","width":2560,"height":1704},{"@type":"BreadcrumbList","@id":"https:\/\/kastelir-labinci.com\/en\/item\/free-kastelir-vizinada-mtb-tour-26km\/#breadcrumb","itemListElement":[{"@type":"ListItem","position":1,"name":"Home","item":"https:\/\/kastelir-labinci.com\/en\/"},{"@type":"ListItem","position":2,"name":"FREE KA\u0160TELIR &#038; VI\u017dINADA MTB TOUR, 26km"}]},{"@type":"WebSite","@id":"https:\/\/kastelir-labinci.com\/en\/#website","url":"https:\/\/kastelir-labinci.com\/en\/","name":"Together in","description":"- Ka\u0161telir-Labinci","publisher":{"@id":"https:\/\/kastelir-labinci.com\/en\/#organization"},"potentialAction":[{"@type":"SearchAction","target":{"@type":"EntryPoint","urlTemplate":"https:\/\/kastelir-labinci.com\/en\/?s={search_term_string}"},"query-input":{"@type":"PropertyValueSpecification","valueRequired":true,"valueName":"search_term_string"}}],"inLanguage":"en-US"},{"@type":"Organization","@id":"https:\/\/kastelir-labinci.com\/en\/#organization","name":"TOGETHER IN Ka\u0161telir - Labinci, turisti\u010dka zajednica","url":"https:\/\/kastelir-labinci.com\/en\/","logo":{"@type":"ImageObject","inLanguage":"en-US","@id":"https:\/\/kastelir-labinci.com\/en\/#\/schema\/logo\/image\/","url":"https:\/\/kastelir-labinci.com\/wp-content\/uploads\/2020\/08\/logotip-3.png","contentUrl":"https:\/\/kastelir-labinci.com\/wp-content\/uploads\/2020\/08\/logotip-3.png","width":512,"height":326,"caption":"TOGETHER IN Ka\u0161telir - Labinci, turisti\u010dka zajednica"},"image":{"@id":"https:\/\/kastelir-labinci.com\/en\/#\/schema\/logo\/image\/"}}]}},"_links":{"self":[{"href":"https:\/\/kastelir-labinci.com\/en\/wp-json\/wp\/v2\/citadela-item\/11360"}],"collection":[{"href":"https:\/\/kastelir-labinci.com\/en\/wp-json\/wp\/v2\/citadela-item"}],"about":[{"href":"https:\/\/kastelir-labinci.com\/en\/wp-json\/wp\/v2\/types\/citadela-item"}],"author":[{"embeddable":true,"href":"https:\/\/kastelir-labinci.com\/en\/wp-json\/wp\/v2\/users\/1"}],"replies":[{"embeddable":true,"href":"https:\/\/kastelir-labinci.com\/en\/wp-json\/wp\/v2\/comments?post=11360"}],"version-history":[{"count":1,"href":"https:\/\/kastelir-labinci.com\/en\/wp-json\/wp\/v2\/citadela-item\/11360\/revisions"}],"predecessor-version":[{"id":11361,"href":"https:\/\/kastelir-labinci.com\/en\/wp-json\/wp\/v2\/citadela-item\/11360\/revisions\/11361"}],"wp:featuredmedia":[{"embeddable":true,"href":"https:\/\/kastelir-labinci.com\/en\/wp-json\/wp\/v2\/media\/1899"}],"wp:attachment":[{"href":"https:\/\/kastelir-labinci.com\/en\/wp-json\/wp\/v2\/media?parent=11360"}],"wp:term":[{"taxonomy":"citadela-item-category","embeddable":true,"href":"https:\/\/kastelir-labinci.com\/en\/wp-json\/wp\/v2\/citadela-item-category?post=11360"},{"taxonomy":"citadela-item-location","embeddable":true,"href":"https:\/\/kastelir-labinci.com\/en\/wp-json\/wp\/v2\/citadela-item-location?post=11360"}],"curies":[{"name":"wp","href":"https:\/\/api.w.org\/{rel}","templated":true}]}}