{"id":11411,"date":"2022-08-06T17:02:51","date_gmt":"2022-08-06T17:02:51","guid":{"rendered":"https:\/\/kastelir-labinci.com\/item\/free-kastelir-vizinada-mtb-tour-26km\/"},"modified":"2022-08-06T17:08:57","modified_gmt":"2022-08-06T17:08:57","slug":"free-kastelir-vizinada-mtb-tour-26km","status":"publish","type":"citadela-item","link":"https:\/\/kastelir-labinci.com\/it\/item\/free-kastelir-vizinada-mtb-tour-26km\/","title":{"rendered":"FREE KA\u0160TELIR &#038; VI\u017dINADA MTB TOUR, 26km"},"content":{"rendered":"<p>Questo tour parte dal centro di Castellier e conduce, attraverso fitti boschi, verso Visinada, dove l\u2019altro gruppo di ciclisti ci aspetta alle 10:15. Insieme si prosegue lungo l\u2019affascinante percorso ciclistico Parenzana in direzione di Parenzo per poi svoltare verso il famoso osservatorio di Tizzano, gestito da uno degli astronomi pi\u00f9 famosi, Korado Korlevi\u0107. L\u2019osservatorio \u00e8 anche il punto pi\u00f9 alto di questo percorso. Seguendo gli stretti sentieri di bosco si scende fino alla localit\u00e0 di Visignano, da dove la strada ci riporta indietro a Castellier. Qui termina il tour per una parte del gruppo, mentre gli altri proseguono per altri 45 minuti attraverso fitti boschi fino ad arrivare a Visinada.<\/p>\n<p>&nbsp;<\/p>\n<p><iframe loading=\"lazy\" class=\"alltrails\" title=\"AllTrails: Trail Guides and Maps for Hiking, Camping, and Running\" src=\"https:\/\/www.alltrails.com\/de\/widget\/map\/karte-6-juli-2022-10-14-uhr-a19744e?u=m\" width=\"100%\" height=\"400\" frameborder=\"0\" marginwidth=\"0\" marginheight=\"0\" scrolling=\"no\"><\/iframe><\/p>\n<p><strong>Descrizione tecnica<\/strong><\/p>\n<ul>\n<li>Tipo di percorso ciclistico: MTB<\/li>\n<li>Lunghezza: 26 km<\/li>\n<li>Punto pi\u00f9 alto: 320 m s.l.m.<\/li>\n<li>Dislivello accumulato in salita: 300 m<\/li>\n<li>Tempo di percorrenza: 3,5 ore<\/li>\n<li>Difficolt\u00e0: facile<\/li>\n<\/ul>\n<p>\n<strong>Dettagli<\/strong><\/p>\n<ul>\n<li>Disponibile: ogni venerd\u00ec dal 26\/08 al 30\/09\/2022<\/li>\n<li>Orario d\u2019incontro: alle 9:30 Castellier \/ alle 10:30 Visinada<\/li>\n<li>Ritorno previsto: verso le 13:00 Castellier \/ verso le 14:00 Visinada<\/li>\n<li>Punto di partenza e di arrivo 1: centro di Castellier vicino alla chiesa<\/li>\n<li>Punto di partenza e di arrivo 2: all\u2019ingresso di Visinada vicino alla replica della locomotiva<\/li>\n<li>Guida: una guida per ogni 20 ciclisti<\/li>\n<li>Lingue: croato, inglese e tedesco<\/li>\n<\/ul>\n<p>\n<strong>Scarica la traccia GPX<\/strong><\/p>\n<p><img loading=\"lazy\" decoding=\"async\" src=\"https:\/\/www.myporec.com\/uploads\/imgcache\/large\/articles\/Kastelir-i-Vizinada_1.png\" alt=\"\" width=\"250\" height=\"250\" \/><\/p>\n<p><strong>Diagramma di altitudine<\/strong><\/p>\n<p><img loading=\"lazy\" decoding=\"async\" src=\"https:\/\/www.myporec.com\/uploads\/imgcache\/large\/articles\/Visinski-dijagram-Kastelir-Vizinada_1.png\" alt=\"\" width=\"448\" height=\"226\" \/><\/p>\n<p><strong>Note relative ai tour MTB gratuiti<\/strong><\/p>\n<ul>\n<li>I tour sono completamente gratuiti e non includono bibite, cibo n\u00e9 biglietti d\u2019ingresso<br \/>\nper le attrazioni.<\/li>\n<li>\u00c8 possibile noleggiare bici, caschi e altre attrezzature per ciclisti (dietro pagamento).<\/li>\n<li>Il casco \u00e8 obbligatorio.<\/li>\n<li>I tour non sono consigliati per bambini di et\u00e0 inferiore ai 14 anni.<\/li>\n<li>\u00c8 indispensabile sapere andare in bici e avere le preparazioni fisiche di base per<br \/>\npercorrere dai 20 ai 50 km al giorno.<\/li>\n<li>In caso di necessit\u00e0 \u00e8 assicurato un veicolo di assistenza.<\/li>\n<li>La guida si riserva il diritto di modificare il percorso secondo le condizioni meteo e la<br \/>\npreparazione fisica dei partecipanti.<\/p>\n<p><strong>Le prenotazioni dei tour gratuiti si possono effettuare fino a 12 ore prima della partenza.<\/strong><\/li>\n<\/ul>\n<p>&nbsp;<\/p>\n<p><strong><a href=\"https:\/\/www.myporec.com\/downloadf\/free_mtb_tours_2022_01_-_za_web.pdf\">FREE MTB TOUR<\/a><\/strong>\u00a0<\/p>\n","protected":false},"excerpt":{"rendered":"<p>Questo tour parte dal centro di Castellier e conduce, attraverso fitti boschi, verso Visinada, dove l\u2019altro gruppo di ciclisti ci aspetta alle 10:15. Insieme si prosegue lungo l\u2019affascinante percorso ciclistico [&hellip;]<\/p>\n","protected":false},"author":1,"featured_media":11412,"menu_order":0,"comment_status":"closed","ping_status":"closed","template":"","citadela-item-category":[282,246],"citadela-item-location":[],"class_list":["post-11411","citadela-item","type-citadela-item","status-publish","has-post-thumbnail","hentry","citadela-item-category-free-bike-tours-it","citadela-item-category-percorsi-in-bici"],"yoast_head":"<!-- This site is optimized with the Yoast SEO plugin v25.2 - https:\/\/yoast.com\/wordpress\/plugins\/seo\/ -->\n<title>FREE KA\u0160TELIR &amp; VI\u017dINADA MTB TOUR, 26km - Together in<\/title>\n<meta name=\"description\" content=\"Together in Ka\u0161telir Labinci\" \/>\n<meta name=\"robots\" content=\"index, follow, max-snippet:-1, max-image-preview:large, max-video-preview:-1\" \/>\n<link rel=\"canonical\" href=\"https:\/\/kastelir-labinci.com\/it\/item\/free-kastelir-vizinada-mtb-tour-26km\/\" \/>\n<meta property=\"og:locale\" content=\"it_IT\" \/>\n<meta property=\"og:type\" content=\"article\" \/>\n<meta property=\"og:title\" content=\"FREE KA\u0160TELIR &amp; VI\u017dINADA MTB TOUR, 26km - Together in\" \/>\n<meta property=\"og:description\" content=\"Together in Ka\u0161telir Labinci\" \/>\n<meta property=\"og:url\" content=\"https:\/\/kastelir-labinci.com\/it\/item\/free-kastelir-vizinada-mtb-tour-26km\/\" \/>\n<meta property=\"og:site_name\" content=\"Together in\" \/>\n<meta property=\"article:modified_time\" content=\"2022-08-06T17:08:57+00:00\" \/>\n<meta property=\"og:image\" content=\"https:\/\/kastelir-labinci.com\/wp-content\/uploads\/2020\/05\/Teambuilding-Istra-scaled.jpg\" \/>\n\t<meta property=\"og:image:width\" content=\"2560\" \/>\n\t<meta property=\"og:image:height\" content=\"1704\" \/>\n\t<meta property=\"og:image:type\" content=\"image\/jpeg\" \/>\n<meta name=\"twitter:card\" content=\"summary_large_image\" \/>\n<meta name=\"twitter:label1\" content=\"Tempo di lettura stimato\" \/>\n\t<meta name=\"twitter:data1\" content=\"2 minuti\" \/>\n<script type=\"application\/ld+json\" class=\"yoast-schema-graph\">{\"@context\":\"https:\/\/schema.org\",\"@graph\":[{\"@type\":\"WebPage\",\"@id\":\"https:\/\/kastelir-labinci.com\/it\/item\/free-kastelir-vizinada-mtb-tour-26km\/\",\"url\":\"https:\/\/kastelir-labinci.com\/it\/item\/free-kastelir-vizinada-mtb-tour-26km\/\",\"name\":\"FREE KA\u0160TELIR & VI\u017dINADA MTB TOUR, 26km - Together in\",\"isPartOf\":{\"@id\":\"https:\/\/kastelir-labinci.com\/it\/#website\"},\"primaryImageOfPage\":{\"@id\":\"https:\/\/kastelir-labinci.com\/it\/item\/free-kastelir-vizinada-mtb-tour-26km\/#primaryimage\"},\"image\":{\"@id\":\"https:\/\/kastelir-labinci.com\/it\/item\/free-kastelir-vizinada-mtb-tour-26km\/#primaryimage\"},\"thumbnailUrl\":\"https:\/\/kastelir-labinci.com\/wp-content\/uploads\/2020\/05\/Teambuilding-Istra-scaled.jpg\",\"datePublished\":\"2022-08-06T17:02:51+00:00\",\"dateModified\":\"2022-08-06T17:08:57+00:00\",\"description\":\"Together in Ka\u0161telir Labinci\",\"breadcrumb\":{\"@id\":\"https:\/\/kastelir-labinci.com\/it\/item\/free-kastelir-vizinada-mtb-tour-26km\/#breadcrumb\"},\"inLanguage\":\"it-IT\",\"potentialAction\":[{\"@type\":\"ReadAction\",\"target\":[\"https:\/\/kastelir-labinci.com\/it\/item\/free-kastelir-vizinada-mtb-tour-26km\/\"]}]},{\"@type\":\"ImageObject\",\"inLanguage\":\"it-IT\",\"@id\":\"https:\/\/kastelir-labinci.com\/it\/item\/free-kastelir-vizinada-mtb-tour-26km\/#primaryimage\",\"url\":\"https:\/\/kastelir-labinci.com\/wp-content\/uploads\/2020\/05\/Teambuilding-Istra-scaled.jpg\",\"contentUrl\":\"https:\/\/kastelir-labinci.com\/wp-content\/uploads\/2020\/05\/Teambuilding-Istra-scaled.jpg\",\"width\":2560,\"height\":1704},{\"@type\":\"BreadcrumbList\",\"@id\":\"https:\/\/kastelir-labinci.com\/it\/item\/free-kastelir-vizinada-mtb-tour-26km\/#breadcrumb\",\"itemListElement\":[{\"@type\":\"ListItem\",\"position\":1,\"name\":\"Home\",\"item\":\"https:\/\/kastelir-labinci.com\/it\/\"},{\"@type\":\"ListItem\",\"position\":2,\"name\":\"FREE KA\u0160TELIR &#038; VI\u017dINADA MTB TOUR, 26km\"}]},{\"@type\":\"WebSite\",\"@id\":\"https:\/\/kastelir-labinci.com\/it\/#website\",\"url\":\"https:\/\/kastelir-labinci.com\/it\/\",\"name\":\"Together in\",\"description\":\"- Ka\u0161telir-Labinci\",\"publisher\":{\"@id\":\"https:\/\/kastelir-labinci.com\/it\/#organization\"},\"potentialAction\":[{\"@type\":\"SearchAction\",\"target\":{\"@type\":\"EntryPoint\",\"urlTemplate\":\"https:\/\/kastelir-labinci.com\/it\/?s={search_term_string}\"},\"query-input\":{\"@type\":\"PropertyValueSpecification\",\"valueRequired\":true,\"valueName\":\"search_term_string\"}}],\"inLanguage\":\"it-IT\"},{\"@type\":\"Organization\",\"@id\":\"https:\/\/kastelir-labinci.com\/it\/#organization\",\"name\":\"TOGETHER IN Ka\u0161telir - Labinci, turisti\u010dka zajednica\",\"url\":\"https:\/\/kastelir-labinci.com\/it\/\",\"logo\":{\"@type\":\"ImageObject\",\"inLanguage\":\"it-IT\",\"@id\":\"https:\/\/kastelir-labinci.com\/it\/#\/schema\/logo\/image\/\",\"url\":\"https:\/\/kastelir-labinci.com\/wp-content\/uploads\/2020\/08\/logotip-3.png\",\"contentUrl\":\"https:\/\/kastelir-labinci.com\/wp-content\/uploads\/2020\/08\/logotip-3.png\",\"width\":512,\"height\":326,\"caption\":\"TOGETHER IN Ka\u0161telir - Labinci, turisti\u010dka zajednica\"},\"image\":{\"@id\":\"https:\/\/kastelir-labinci.com\/it\/#\/schema\/logo\/image\/\"}}]}<\/script>\n<!-- \/ Yoast SEO plugin. -->","yoast_head_json":{"title":"FREE KA\u0160TELIR & VI\u017dINADA MTB TOUR, 26km - Together in","description":"Together in Ka\u0161telir Labinci","robots":{"index":"index","follow":"follow","max-snippet":"max-snippet:-1","max-image-preview":"max-image-preview:large","max-video-preview":"max-video-preview:-1"},"canonical":"https:\/\/kastelir-labinci.com\/it\/item\/free-kastelir-vizinada-mtb-tour-26km\/","og_locale":"it_IT","og_type":"article","og_title":"FREE KA\u0160TELIR & VI\u017dINADA MTB TOUR, 26km - Together in","og_description":"Together in Ka\u0161telir Labinci","og_url":"https:\/\/kastelir-labinci.com\/it\/item\/free-kastelir-vizinada-mtb-tour-26km\/","og_site_name":"Together in","article_modified_time":"2022-08-06T17:08:57+00:00","og_image":[{"width":2560,"height":1704,"url":"https:\/\/kastelir-labinci.com\/wp-content\/uploads\/2020\/05\/Teambuilding-Istra-scaled.jpg","type":"image\/jpeg"}],"twitter_card":"summary_large_image","twitter_misc":{"Tempo di lettura stimato":"2 minuti"},"schema":{"@context":"https:\/\/schema.org","@graph":[{"@type":"WebPage","@id":"https:\/\/kastelir-labinci.com\/it\/item\/free-kastelir-vizinada-mtb-tour-26km\/","url":"https:\/\/kastelir-labinci.com\/it\/item\/free-kastelir-vizinada-mtb-tour-26km\/","name":"FREE KA\u0160TELIR & VI\u017dINADA MTB TOUR, 26km - Together in","isPartOf":{"@id":"https:\/\/kastelir-labinci.com\/it\/#website"},"primaryImageOfPage":{"@id":"https:\/\/kastelir-labinci.com\/it\/item\/free-kastelir-vizinada-mtb-tour-26km\/#primaryimage"},"image":{"@id":"https:\/\/kastelir-labinci.com\/it\/item\/free-kastelir-vizinada-mtb-tour-26km\/#primaryimage"},"thumbnailUrl":"https:\/\/kastelir-labinci.com\/wp-content\/uploads\/2020\/05\/Teambuilding-Istra-scaled.jpg","datePublished":"2022-08-06T17:02:51+00:00","dateModified":"2022-08-06T17:08:57+00:00","description":"Together in Ka\u0161telir Labinci","breadcrumb":{"@id":"https:\/\/kastelir-labinci.com\/it\/item\/free-kastelir-vizinada-mtb-tour-26km\/#breadcrumb"},"inLanguage":"it-IT","potentialAction":[{"@type":"ReadAction","target":["https:\/\/kastelir-labinci.com\/it\/item\/free-kastelir-vizinada-mtb-tour-26km\/"]}]},{"@type":"ImageObject","inLanguage":"it-IT","@id":"https:\/\/kastelir-labinci.com\/it\/item\/free-kastelir-vizinada-mtb-tour-26km\/#primaryimage","url":"https:\/\/kastelir-labinci.com\/wp-content\/uploads\/2020\/05\/Teambuilding-Istra-scaled.jpg","contentUrl":"https:\/\/kastelir-labinci.com\/wp-content\/uploads\/2020\/05\/Teambuilding-Istra-scaled.jpg","width":2560,"height":1704},{"@type":"BreadcrumbList","@id":"https:\/\/kastelir-labinci.com\/it\/item\/free-kastelir-vizinada-mtb-tour-26km\/#breadcrumb","itemListElement":[{"@type":"ListItem","position":1,"name":"Home","item":"https:\/\/kastelir-labinci.com\/it\/"},{"@type":"ListItem","position":2,"name":"FREE KA\u0160TELIR &#038; VI\u017dINADA MTB TOUR, 26km"}]},{"@type":"WebSite","@id":"https:\/\/kastelir-labinci.com\/it\/#website","url":"https:\/\/kastelir-labinci.com\/it\/","name":"Together in","description":"- Ka\u0161telir-Labinci","publisher":{"@id":"https:\/\/kastelir-labinci.com\/it\/#organization"},"potentialAction":[{"@type":"SearchAction","target":{"@type":"EntryPoint","urlTemplate":"https:\/\/kastelir-labinci.com\/it\/?s={search_term_string}"},"query-input":{"@type":"PropertyValueSpecification","valueRequired":true,"valueName":"search_term_string"}}],"inLanguage":"it-IT"},{"@type":"Organization","@id":"https:\/\/kastelir-labinci.com\/it\/#organization","name":"TOGETHER IN Ka\u0161telir - Labinci, turisti\u010dka zajednica","url":"https:\/\/kastelir-labinci.com\/it\/","logo":{"@type":"ImageObject","inLanguage":"it-IT","@id":"https:\/\/kastelir-labinci.com\/it\/#\/schema\/logo\/image\/","url":"https:\/\/kastelir-labinci.com\/wp-content\/uploads\/2020\/08\/logotip-3.png","contentUrl":"https:\/\/kastelir-labinci.com\/wp-content\/uploads\/2020\/08\/logotip-3.png","width":512,"height":326,"caption":"TOGETHER IN Ka\u0161telir - Labinci, turisti\u010dka zajednica"},"image":{"@id":"https:\/\/kastelir-labinci.com\/it\/#\/schema\/logo\/image\/"}}]}},"_links":{"self":[{"href":"https:\/\/kastelir-labinci.com\/it\/wp-json\/wp\/v2\/citadela-item\/11411"}],"collection":[{"href":"https:\/\/kastelir-labinci.com\/it\/wp-json\/wp\/v2\/citadela-item"}],"about":[{"href":"https:\/\/kastelir-labinci.com\/it\/wp-json\/wp\/v2\/types\/citadela-item"}],"author":[{"embeddable":true,"href":"https:\/\/kastelir-labinci.com\/it\/wp-json\/wp\/v2\/users\/1"}],"replies":[{"embeddable":true,"href":"https:\/\/kastelir-labinci.com\/it\/wp-json\/wp\/v2\/comments?post=11411"}],"version-history":[{"count":2,"href":"https:\/\/kastelir-labinci.com\/it\/wp-json\/wp\/v2\/citadela-item\/11411\/revisions"}],"predecessor-version":[{"id":11417,"href":"https:\/\/kastelir-labinci.com\/it\/wp-json\/wp\/v2\/citadela-item\/11411\/revisions\/11417"}],"wp:featuredmedia":[{"embeddable":true,"href":"https:\/\/kastelir-labinci.com\/it\/wp-json\/wp\/v2\/media\/11412"}],"wp:attachment":[{"href":"https:\/\/kastelir-labinci.com\/it\/wp-json\/wp\/v2\/media?parent=11411"}],"wp:term":[{"taxonomy":"citadela-item-category","embeddable":true,"href":"https:\/\/kastelir-labinci.com\/it\/wp-json\/wp\/v2\/citadela-item-category?post=11411"},{"taxonomy":"citadela-item-location","embeddable":true,"href":"https:\/\/kastelir-labinci.com\/it\/wp-json\/wp\/v2\/citadela-item-location?post=11411"}],"curies":[{"name":"wp","href":"https:\/\/api.w.org\/{rel}","templated":true}]}}