{"id":11877,"date":"2022-11-10T20:58:40","date_gmt":"2022-11-10T20:58:40","guid":{"rendered":"https:\/\/kastelir-labinci.com\/item\/pjesacka-staza-512-dva-mlina\/"},"modified":"2022-11-10T21:40:44","modified_gmt":"2022-11-10T21:40:44","slug":"percorso-pedonale-512-due-mulini","status":"publish","type":"citadela-item","link":"https:\/\/kastelir-labinci.com\/it\/item\/percorso-pedonale-512-due-mulini\/","title":{"rendered":"Percorso pedonale 512 &#8220;Due Mulini&#8221;"},"content":{"rendered":"<p>Dislivello: \u00b7<\/p>\n<ul>\n<li>Punto pi\u00f9 alto alla partenza \/arrivo (240m s.l.m.).<\/li>\n<li>Punto pi\u00f9 basso 10m s.l.m. tra il 6. e il 9. kilometro.<\/li>\n<\/ul>\n<p>Fondo:<\/p>\n<ul>\n<li>Asfalto 1,8 km\u00a0<\/li>\n<li>Sterrato 13,7 km\u00a0<\/li>\n<\/ul>\n<p>L&#8217; inizio di questo percorso si trova nel centro storico di Ka\u0161telir &#8211; Castelliere. I primi 400m del percorso conducono dal centro verso al campo da calcio, dietro al quale il percorso prosegue su una strada sterrata tra pittoreschi vigneti e uliveti. Dopo 2 km di sterrato il percorso passa attraverso al sottopassaggio dell\u2019autostrada e subito dopo di ci\u00f2 gira a sinistra e prosegue per 3 km lungo l\u2019autostrada. Durante il cammino si gode di una vista sul lungo ponte dell\u2019autostrada e sulla valle del Fiume Mirna &#8220;Quieto&#8221; il fiume pi\u00f9 lungo d&#8217; Istia.<\/p>\n<p>Dopo i 3 km lungo l\u2019autostrada il percorso gira a destra e scende ripidamente verso la valle. In fondo attraversiamo un piccolo ponte sopra al vecchio letto del Quieto. Nelle vicinanze si trovano anche due vecchi mulini dai quali questo percorso prende il nome.<\/p>\n<p><a href=\"https:\/\/kastelir-labinci.com\/wp-content\/uploads\/2022\/11\/Dva-Mlina-Karta-Sat-scaled.jpg\"><img loading=\"lazy\" decoding=\"async\" class=\"wp-image-11849 aligncenter\" src=\"https:\/\/kastelir-labinci.com\/wp-content\/uploads\/2022\/11\/Dva-Mlina-Karta-Sat-scaled.jpg\" alt=\"\" width=\"1003\" height=\"1231\" srcset=\"https:\/\/kastelir-labinci.com\/wp-content\/uploads\/2022\/11\/Dva-Mlina-Karta-Sat-scaled.jpg 2087w, https:\/\/kastelir-labinci.com\/wp-content\/uploads\/2022\/11\/Dva-Mlina-Karta-Sat-245x300.jpg 245w, https:\/\/kastelir-labinci.com\/wp-content\/uploads\/2022\/11\/Dva-Mlina-Karta-Sat-835x1024.jpg 835w, https:\/\/kastelir-labinci.com\/wp-content\/uploads\/2022\/11\/Dva-Mlina-Karta-Sat-768x942.jpg 768w, https:\/\/kastelir-labinci.com\/wp-content\/uploads\/2022\/11\/Dva-Mlina-Karta-Sat-1252x1536.jpg 1252w, https:\/\/kastelir-labinci.com\/wp-content\/uploads\/2022\/11\/Dva-Mlina-Karta-Sat-1669x2048.jpg 1669w\" sizes=\"(max-width: 1003px) 100vw, 1003px\" \/><\/a><\/p>\n<p>Il Fiume Mirna \u00e8 lungo 53 km e nel suo corso si versano anche alcuni ruscelli e cascate. La parte centrale del fiume che scorre lungo la Foresta di Montona \u00e8 nota per il famoso tartufo Istriano.<\/p>\n<p>Il Quieto scorre lungo la valle davanti a voi, passa sotto al ponte e si versa nell&#8217; Adriatico nei pressi del paese di Antenal vicino a Novigrad &#8211; Cittanova. Guardando la valle noterete i numerosi canali che forniscono acqua per irrigare i campi ma anche impediscono lo straripamento del fiume.<\/p>\n<p>Dopo aver passato il ponte il percorso gira a destra e prosegue per 3 km lungo il vecchio letto del fiume sulla destra. Passiamo accanto ad una &#8220;\u010ceka&#8221; casetta di legno per la caccia e accanto ad un piccolo ponticello. Giunti ad un ponte un po&#8217; pi\u00f9 grande lo attraversiamo e seguiamo lo sterrato che in 2 km sale di 200m di dislivello verso al monte dal quale \u00e8 possibile fare parapendio. Passiamo poi accanto ad un impianto di pannelli solari e dopo meno di 1 km arriviamo di nuovo al sottopassaggio dell\u2019autostrada che \u00e8 l\u2019unico modo per attraversarla. Attraversato il sottopassaggio seguiamo la strada sterrata di mezzo fino ad arrivare a Valenti\u0107i, dove si trova il famoso ristorante \u017dardin. Proseguendo per la strada che attraversa il paese ritorniamo al punto di partenza a Ka\u0161telir &#8211; Castelliere.<\/p>\n<p><iframe loading=\"lazy\" class=\"alltrails\" title=\"AllTrails: Trail Guides and Maps for Hiking, Camping, and Running\" src=\"https:\/\/www.alltrails.com\/widget\/map\/map-ca8155f--59?u=m\" width=\"100%\" height=\"400\" frameborder=\"0\" marginwidth=\"0\" marginheight=\"0\" scrolling=\"no\"><\/iframe><\/p>\n<p>&nbsp;<\/p>\n<div id='gallery-1' class='gallery galleryid-11877 gallery-columns-2 gallery-size-large'><figure class='gallery-item'>\n\t\t\t<div class='gallery-icon landscape'>\n\t\t\t\t<a href='https:\/\/kastelir-labinci.com\/wp-content\/uploads\/2021\/05\/KAST-PARAG-3.jpg'><img loading=\"lazy\" decoding=\"async\" width=\"1024\" height=\"683\" src=\"https:\/\/kastelir-labinci.com\/wp-content\/uploads\/2021\/05\/KAST-PARAG-3-1024x683.jpg\" class=\"attachment-large size-large\" alt=\"\" srcset=\"https:\/\/kastelir-labinci.com\/wp-content\/uploads\/2021\/05\/KAST-PARAG-3-1024x683.jpg 1024w, https:\/\/kastelir-labinci.com\/wp-content\/uploads\/2021\/05\/KAST-PARAG-3-300x200.jpg 300w, https:\/\/kastelir-labinci.com\/wp-content\/uploads\/2021\/05\/KAST-PARAG-3-768x512.jpg 768w, https:\/\/kastelir-labinci.com\/wp-content\/uploads\/2021\/05\/KAST-PARAG-3-1536x1024.jpg 1536w, https:\/\/kastelir-labinci.com\/wp-content\/uploads\/2021\/05\/KAST-PARAG-3.jpg 1920w\" sizes=\"(max-width: 1024px) 100vw, 1024px\" \/><\/a>\n\t\t\t<\/div><\/figure><figure class='gallery-item'>\n\t\t\t<div class='gallery-icon landscape'>\n\t\t\t\t<a href='https:\/\/kastelir-labinci.com\/wp-content\/uploads\/2021\/05\/KASTELIR-5MJ-7-LOKVA-mak.jpg'><img loading=\"lazy\" decoding=\"async\" width=\"1024\" height=\"683\" src=\"https:\/\/kastelir-labinci.com\/wp-content\/uploads\/2021\/05\/KASTELIR-5MJ-7-LOKVA-mak-1024x683.jpg\" class=\"attachment-large size-large\" alt=\"\" srcset=\"https:\/\/kastelir-labinci.com\/wp-content\/uploads\/2021\/05\/KASTELIR-5MJ-7-LOKVA-mak-1024x683.jpg 1024w, https:\/\/kastelir-labinci.com\/wp-content\/uploads\/2021\/05\/KASTELIR-5MJ-7-LOKVA-mak-300x200.jpg 300w, https:\/\/kastelir-labinci.com\/wp-content\/uploads\/2021\/05\/KASTELIR-5MJ-7-LOKVA-mak-768x512.jpg 768w, https:\/\/kastelir-labinci.com\/wp-content\/uploads\/2021\/05\/KASTELIR-5MJ-7-LOKVA-mak-1536x1024.jpg 1536w, https:\/\/kastelir-labinci.com\/wp-content\/uploads\/2021\/05\/KASTELIR-5MJ-7-LOKVA-mak.jpg 1920w\" sizes=\"(max-width: 1024px) 100vw, 1024px\" \/><\/a>\n\t\t\t<\/div><\/figure><figure class='gallery-item'>\n\t\t\t<div class='gallery-icon landscape'>\n\t\t\t\t<a href='https:\/\/kastelir-labinci.com\/wp-content\/uploads\/2020\/08\/KAST-PARAG-2.jpg'><img loading=\"lazy\" decoding=\"async\" width=\"1024\" height=\"633\" src=\"https:\/\/kastelir-labinci.com\/wp-content\/uploads\/2020\/08\/KAST-PARAG-2-1024x633.jpg\" class=\"attachment-large size-large\" alt=\"\" srcset=\"https:\/\/kastelir-labinci.com\/wp-content\/uploads\/2020\/08\/KAST-PARAG-2-1024x633.jpg 1024w, https:\/\/kastelir-labinci.com\/wp-content\/uploads\/2020\/08\/KAST-PARAG-2-300x185.jpg 300w, https:\/\/kastelir-labinci.com\/wp-content\/uploads\/2020\/08\/KAST-PARAG-2-768x475.jpg 768w, https:\/\/kastelir-labinci.com\/wp-content\/uploads\/2020\/08\/KAST-PARAG-2-1536x950.jpg 1536w, https:\/\/kastelir-labinci.com\/wp-content\/uploads\/2020\/08\/KAST-PARAG-2.jpg 1920w\" sizes=\"(max-width: 1024px) 100vw, 1024px\" \/><\/a>\n\t\t\t<\/div><\/figure><figure class='gallery-item'>\n\t\t\t<div class='gallery-icon landscape'>\n\t\t\t\t<a href='https:\/\/kastelir-labinci.com\/wp-content\/uploads\/2020\/08\/KASTELIR-5MJ-3-LOKVA.jpg'><img loading=\"lazy\" decoding=\"async\" width=\"1024\" height=\"659\" src=\"https:\/\/kastelir-labinci.com\/wp-content\/uploads\/2020\/08\/KASTELIR-5MJ-3-LOKVA-1024x659.jpg\" class=\"attachment-large size-large\" alt=\"\" srcset=\"https:\/\/kastelir-labinci.com\/wp-content\/uploads\/2020\/08\/KASTELIR-5MJ-3-LOKVA-1024x659.jpg 1024w, https:\/\/kastelir-labinci.com\/wp-content\/uploads\/2020\/08\/KASTELIR-5MJ-3-LOKVA-300x193.jpg 300w, https:\/\/kastelir-labinci.com\/wp-content\/uploads\/2020\/08\/KASTELIR-5MJ-3-LOKVA-768x494.jpg 768w, https:\/\/kastelir-labinci.com\/wp-content\/uploads\/2020\/08\/KASTELIR-5MJ-3-LOKVA-1536x988.jpg 1536w, https:\/\/kastelir-labinci.com\/wp-content\/uploads\/2020\/08\/KASTELIR-5MJ-3-LOKVA.jpg 1920w\" sizes=\"(max-width: 1024px) 100vw, 1024px\" \/><\/a>\n\t\t\t<\/div><\/figure>\n\t\t<\/div>\n\n<div id='gallery-2' class='gallery galleryid-11877 gallery-columns-3 gallery-size-large'><figure class='gallery-item'>\n\t\t\t<div class='gallery-icon landscape'>\n\t\t\t\t<a href='https:\/\/kastelir-labinci.com\/wp-content\/uploads\/2022\/11\/512-Dva-Mlina-Pjesacka-ruta-TZ-Kastelir_Labinci-.png'><img loading=\"lazy\" decoding=\"async\" width=\"343\" height=\"343\" src=\"https:\/\/kastelir-labinci.com\/wp-content\/uploads\/2022\/11\/512-Dva-Mlina-Pjesacka-ruta-TZ-Kastelir_Labinci-.png\" class=\"attachment-large size-large\" alt=\"\" srcset=\"https:\/\/kastelir-labinci.com\/wp-content\/uploads\/2022\/11\/512-Dva-Mlina-Pjesacka-ruta-TZ-Kastelir_Labinci-.png 343w, https:\/\/kastelir-labinci.com\/wp-content\/uploads\/2022\/11\/512-Dva-Mlina-Pjesacka-ruta-TZ-Kastelir_Labinci--300x300.png 300w, https:\/\/kastelir-labinci.com\/wp-content\/uploads\/2022\/11\/512-Dva-Mlina-Pjesacka-ruta-TZ-Kastelir_Labinci--150x150.png 150w\" sizes=\"(max-width: 343px) 100vw, 343px\" \/><\/a>\n\t\t\t<\/div><\/figure><figure class='gallery-item'>\n\t\t\t<div class='gallery-icon portrait'>\n\t\t\t\t<a href='https:\/\/kastelir-labinci.com\/wp-content\/uploads\/2022\/11\/Dva-Mlina-Karta-AllTrails-scaled.jpg'><img loading=\"lazy\" decoding=\"async\" width=\"835\" height=\"1024\" src=\"https:\/\/kastelir-labinci.com\/wp-content\/uploads\/2022\/11\/Dva-Mlina-Karta-AllTrails-835x1024.jpg\" class=\"attachment-large size-large\" alt=\"\" srcset=\"https:\/\/kastelir-labinci.com\/wp-content\/uploads\/2022\/11\/Dva-Mlina-Karta-AllTrails-835x1024.jpg 835w, https:\/\/kastelir-labinci.com\/wp-content\/uploads\/2022\/11\/Dva-Mlina-Karta-AllTrails-245x300.jpg 245w, https:\/\/kastelir-labinci.com\/wp-content\/uploads\/2022\/11\/Dva-Mlina-Karta-AllTrails-768x942.jpg 768w, https:\/\/kastelir-labinci.com\/wp-content\/uploads\/2022\/11\/Dva-Mlina-Karta-AllTrails-1252x1536.jpg 1252w, https:\/\/kastelir-labinci.com\/wp-content\/uploads\/2022\/11\/Dva-Mlina-Karta-AllTrails-1669x2048.jpg 1669w\" sizes=\"(max-width: 835px) 100vw, 835px\" \/><\/a>\n\t\t\t<\/div><\/figure><figure class='gallery-item'>\n\t\t\t<div class='gallery-icon portrait'>\n\t\t\t\t<a href='https:\/\/kastelir-labinci.com\/wp-content\/uploads\/2022\/11\/Dva-Mlina-Karta-Topo-scaled.jpg'><img loading=\"lazy\" decoding=\"async\" width=\"835\" height=\"1024\" src=\"https:\/\/kastelir-labinci.com\/wp-content\/uploads\/2022\/11\/Dva-Mlina-Karta-Topo-835x1024.jpg\" class=\"attachment-large size-large\" alt=\"\" srcset=\"https:\/\/kastelir-labinci.com\/wp-content\/uploads\/2022\/11\/Dva-Mlina-Karta-Topo-835x1024.jpg 835w, https:\/\/kastelir-labinci.com\/wp-content\/uploads\/2022\/11\/Dva-Mlina-Karta-Topo-245x300.jpg 245w, https:\/\/kastelir-labinci.com\/wp-content\/uploads\/2022\/11\/Dva-Mlina-Karta-Topo-768x942.jpg 768w, https:\/\/kastelir-labinci.com\/wp-content\/uploads\/2022\/11\/Dva-Mlina-Karta-Topo-1252x1536.jpg 1252w, https:\/\/kastelir-labinci.com\/wp-content\/uploads\/2022\/11\/Dva-Mlina-Karta-Topo-1669x2048.jpg 1669w\" sizes=\"(max-width: 835px) 100vw, 835px\" \/><\/a>\n\t\t\t<\/div><\/figure>\n\t\t<\/div>\n\n","protected":false},"excerpt":{"rendered":"<p>Dislivello: \u00b7 Punto pi\u00f9 alto alla partenza \/arrivo (240m s.l.m.). Punto pi\u00f9 basso 10m s.l.m. tra il 6. e il 9. kilometro. Fondo: Asfalto 1,8 km\u00a0 Sterrato 13,7 km\u00a0 L&#8217; [&hellip;]<\/p>\n","protected":false},"author":1,"featured_media":7482,"menu_order":0,"comment_status":"closed","ping_status":"closed","template":"","citadela-item-category":[247],"citadela-item-location":[205],"class_list":["post-11877","citadela-item","type-citadela-item","status-publish","has-post-thumbnail","hentry","citadela-item-category-trail-it","citadela-item-location-kastelir-it"],"yoast_head":"<!-- This site is optimized with the Yoast SEO plugin v25.2 - https:\/\/yoast.com\/wordpress\/plugins\/seo\/ -->\n<title>Percorso pedonale 512 &quot;Due Mulini&quot; - Together in<\/title>\n<meta name=\"description\" content=\"Together in Ka\u0161telir Labinci\" \/>\n<meta name=\"robots\" content=\"index, follow, max-snippet:-1, max-image-preview:large, max-video-preview:-1\" \/>\n<link rel=\"canonical\" href=\"https:\/\/kastelir-labinci.com\/it\/item\/percorso-pedonale-512-due-mulini\/\" \/>\n<meta property=\"og:locale\" content=\"it_IT\" \/>\n<meta property=\"og:type\" content=\"article\" \/>\n<meta property=\"og:title\" content=\"Percorso pedonale 512 &quot;Due Mulini&quot; - Together in\" \/>\n<meta property=\"og:description\" content=\"Together in Ka\u0161telir Labinci\" \/>\n<meta property=\"og:url\" content=\"https:\/\/kastelir-labinci.com\/it\/item\/percorso-pedonale-512-due-mulini\/\" \/>\n<meta property=\"og:site_name\" content=\"Together in\" \/>\n<meta property=\"article:modified_time\" content=\"2022-11-10T21:40:44+00:00\" \/>\n<meta property=\"og:image\" content=\"https:\/\/kastelir-labinci.com\/wp-content\/uploads\/2020\/08\/KAST-PARAG-4.jpg\" \/>\n\t<meta property=\"og:image:width\" content=\"1920\" \/>\n\t<meta property=\"og:image:height\" content=\"1280\" \/>\n\t<meta property=\"og:image:type\" content=\"image\/jpeg\" \/>\n<meta name=\"twitter:card\" content=\"summary_large_image\" \/>\n<meta name=\"twitter:label1\" content=\"Tempo di lettura stimato\" \/>\n\t<meta name=\"twitter:data1\" content=\"2 minuti\" \/>\n<script type=\"application\/ld+json\" class=\"yoast-schema-graph\">{\"@context\":\"https:\/\/schema.org\",\"@graph\":[{\"@type\":\"WebPage\",\"@id\":\"https:\/\/kastelir-labinci.com\/it\/item\/percorso-pedonale-512-due-mulini\/\",\"url\":\"https:\/\/kastelir-labinci.com\/it\/item\/percorso-pedonale-512-due-mulini\/\",\"name\":\"Percorso pedonale 512 \\\"Due Mulini\\\" - Together in\",\"isPartOf\":{\"@id\":\"https:\/\/kastelir-labinci.com\/it\/#website\"},\"primaryImageOfPage\":{\"@id\":\"https:\/\/kastelir-labinci.com\/it\/item\/percorso-pedonale-512-due-mulini\/#primaryimage\"},\"image\":{\"@id\":\"https:\/\/kastelir-labinci.com\/it\/item\/percorso-pedonale-512-due-mulini\/#primaryimage\"},\"thumbnailUrl\":\"https:\/\/kastelir-labinci.com\/wp-content\/uploads\/2020\/08\/KAST-PARAG-4.jpg\",\"datePublished\":\"2022-11-10T20:58:40+00:00\",\"dateModified\":\"2022-11-10T21:40:44+00:00\",\"description\":\"Together in Ka\u0161telir Labinci\",\"breadcrumb\":{\"@id\":\"https:\/\/kastelir-labinci.com\/it\/item\/percorso-pedonale-512-due-mulini\/#breadcrumb\"},\"inLanguage\":\"it-IT\",\"potentialAction\":[{\"@type\":\"ReadAction\",\"target\":[\"https:\/\/kastelir-labinci.com\/it\/item\/percorso-pedonale-512-due-mulini\/\"]}]},{\"@type\":\"ImageObject\",\"inLanguage\":\"it-IT\",\"@id\":\"https:\/\/kastelir-labinci.com\/it\/item\/percorso-pedonale-512-due-mulini\/#primaryimage\",\"url\":\"https:\/\/kastelir-labinci.com\/wp-content\/uploads\/2020\/08\/KAST-PARAG-4.jpg\",\"contentUrl\":\"https:\/\/kastelir-labinci.com\/wp-content\/uploads\/2020\/08\/KAST-PARAG-4.jpg\",\"width\":1920,\"height\":1280},{\"@type\":\"BreadcrumbList\",\"@id\":\"https:\/\/kastelir-labinci.com\/it\/item\/percorso-pedonale-512-due-mulini\/#breadcrumb\",\"itemListElement\":[{\"@type\":\"ListItem\",\"position\":1,\"name\":\"Home\",\"item\":\"https:\/\/kastelir-labinci.com\/it\/\"},{\"@type\":\"ListItem\",\"position\":2,\"name\":\"Percorso pedonale 512 &#8220;Due Mulini&#8221;\"}]},{\"@type\":\"WebSite\",\"@id\":\"https:\/\/kastelir-labinci.com\/it\/#website\",\"url\":\"https:\/\/kastelir-labinci.com\/it\/\",\"name\":\"Together in\",\"description\":\"- Ka\u0161telir-Labinci\",\"publisher\":{\"@id\":\"https:\/\/kastelir-labinci.com\/it\/#organization\"},\"potentialAction\":[{\"@type\":\"SearchAction\",\"target\":{\"@type\":\"EntryPoint\",\"urlTemplate\":\"https:\/\/kastelir-labinci.com\/it\/?s={search_term_string}\"},\"query-input\":{\"@type\":\"PropertyValueSpecification\",\"valueRequired\":true,\"valueName\":\"search_term_string\"}}],\"inLanguage\":\"it-IT\"},{\"@type\":\"Organization\",\"@id\":\"https:\/\/kastelir-labinci.com\/it\/#organization\",\"name\":\"TOGETHER IN Ka\u0161telir - Labinci, turisti\u010dka zajednica\",\"url\":\"https:\/\/kastelir-labinci.com\/it\/\",\"logo\":{\"@type\":\"ImageObject\",\"inLanguage\":\"it-IT\",\"@id\":\"https:\/\/kastelir-labinci.com\/it\/#\/schema\/logo\/image\/\",\"url\":\"https:\/\/kastelir-labinci.com\/wp-content\/uploads\/2020\/08\/logotip-3.png\",\"contentUrl\":\"https:\/\/kastelir-labinci.com\/wp-content\/uploads\/2020\/08\/logotip-3.png\",\"width\":512,\"height\":326,\"caption\":\"TOGETHER IN Ka\u0161telir - Labinci, turisti\u010dka zajednica\"},\"image\":{\"@id\":\"https:\/\/kastelir-labinci.com\/it\/#\/schema\/logo\/image\/\"}}]}<\/script>\n<!-- \/ Yoast SEO plugin. -->","yoast_head_json":{"title":"Percorso pedonale 512 \"Due Mulini\" - Together in","description":"Together in Ka\u0161telir Labinci","robots":{"index":"index","follow":"follow","max-snippet":"max-snippet:-1","max-image-preview":"max-image-preview:large","max-video-preview":"max-video-preview:-1"},"canonical":"https:\/\/kastelir-labinci.com\/it\/item\/percorso-pedonale-512-due-mulini\/","og_locale":"it_IT","og_type":"article","og_title":"Percorso pedonale 512 \"Due Mulini\" - Together in","og_description":"Together in Ka\u0161telir Labinci","og_url":"https:\/\/kastelir-labinci.com\/it\/item\/percorso-pedonale-512-due-mulini\/","og_site_name":"Together in","article_modified_time":"2022-11-10T21:40:44+00:00","og_image":[{"width":1920,"height":1280,"url":"https:\/\/kastelir-labinci.com\/wp-content\/uploads\/2020\/08\/KAST-PARAG-4.jpg","type":"image\/jpeg"}],"twitter_card":"summary_large_image","twitter_misc":{"Tempo di lettura stimato":"2 minuti"},"schema":{"@context":"https:\/\/schema.org","@graph":[{"@type":"WebPage","@id":"https:\/\/kastelir-labinci.com\/it\/item\/percorso-pedonale-512-due-mulini\/","url":"https:\/\/kastelir-labinci.com\/it\/item\/percorso-pedonale-512-due-mulini\/","name":"Percorso pedonale 512 \"Due Mulini\" - Together in","isPartOf":{"@id":"https:\/\/kastelir-labinci.com\/it\/#website"},"primaryImageOfPage":{"@id":"https:\/\/kastelir-labinci.com\/it\/item\/percorso-pedonale-512-due-mulini\/#primaryimage"},"image":{"@id":"https:\/\/kastelir-labinci.com\/it\/item\/percorso-pedonale-512-due-mulini\/#primaryimage"},"thumbnailUrl":"https:\/\/kastelir-labinci.com\/wp-content\/uploads\/2020\/08\/KAST-PARAG-4.jpg","datePublished":"2022-11-10T20:58:40+00:00","dateModified":"2022-11-10T21:40:44+00:00","description":"Together in Ka\u0161telir Labinci","breadcrumb":{"@id":"https:\/\/kastelir-labinci.com\/it\/item\/percorso-pedonale-512-due-mulini\/#breadcrumb"},"inLanguage":"it-IT","potentialAction":[{"@type":"ReadAction","target":["https:\/\/kastelir-labinci.com\/it\/item\/percorso-pedonale-512-due-mulini\/"]}]},{"@type":"ImageObject","inLanguage":"it-IT","@id":"https:\/\/kastelir-labinci.com\/it\/item\/percorso-pedonale-512-due-mulini\/#primaryimage","url":"https:\/\/kastelir-labinci.com\/wp-content\/uploads\/2020\/08\/KAST-PARAG-4.jpg","contentUrl":"https:\/\/kastelir-labinci.com\/wp-content\/uploads\/2020\/08\/KAST-PARAG-4.jpg","width":1920,"height":1280},{"@type":"BreadcrumbList","@id":"https:\/\/kastelir-labinci.com\/it\/item\/percorso-pedonale-512-due-mulini\/#breadcrumb","itemListElement":[{"@type":"ListItem","position":1,"name":"Home","item":"https:\/\/kastelir-labinci.com\/it\/"},{"@type":"ListItem","position":2,"name":"Percorso pedonale 512 &#8220;Due Mulini&#8221;"}]},{"@type":"WebSite","@id":"https:\/\/kastelir-labinci.com\/it\/#website","url":"https:\/\/kastelir-labinci.com\/it\/","name":"Together in","description":"- Ka\u0161telir-Labinci","publisher":{"@id":"https:\/\/kastelir-labinci.com\/it\/#organization"},"potentialAction":[{"@type":"SearchAction","target":{"@type":"EntryPoint","urlTemplate":"https:\/\/kastelir-labinci.com\/it\/?s={search_term_string}"},"query-input":{"@type":"PropertyValueSpecification","valueRequired":true,"valueName":"search_term_string"}}],"inLanguage":"it-IT"},{"@type":"Organization","@id":"https:\/\/kastelir-labinci.com\/it\/#organization","name":"TOGETHER IN Ka\u0161telir - Labinci, turisti\u010dka zajednica","url":"https:\/\/kastelir-labinci.com\/it\/","logo":{"@type":"ImageObject","inLanguage":"it-IT","@id":"https:\/\/kastelir-labinci.com\/it\/#\/schema\/logo\/image\/","url":"https:\/\/kastelir-labinci.com\/wp-content\/uploads\/2020\/08\/logotip-3.png","contentUrl":"https:\/\/kastelir-labinci.com\/wp-content\/uploads\/2020\/08\/logotip-3.png","width":512,"height":326,"caption":"TOGETHER IN Ka\u0161telir - Labinci, turisti\u010dka zajednica"},"image":{"@id":"https:\/\/kastelir-labinci.com\/it\/#\/schema\/logo\/image\/"}}]}},"_links":{"self":[{"href":"https:\/\/kastelir-labinci.com\/it\/wp-json\/wp\/v2\/citadela-item\/11877"}],"collection":[{"href":"https:\/\/kastelir-labinci.com\/it\/wp-json\/wp\/v2\/citadela-item"}],"about":[{"href":"https:\/\/kastelir-labinci.com\/it\/wp-json\/wp\/v2\/types\/citadela-item"}],"author":[{"embeddable":true,"href":"https:\/\/kastelir-labinci.com\/it\/wp-json\/wp\/v2\/users\/1"}],"replies":[{"embeddable":true,"href":"https:\/\/kastelir-labinci.com\/it\/wp-json\/wp\/v2\/comments?post=11877"}],"version-history":[{"count":2,"href":"https:\/\/kastelir-labinci.com\/it\/wp-json\/wp\/v2\/citadela-item\/11877\/revisions"}],"predecessor-version":[{"id":11884,"href":"https:\/\/kastelir-labinci.com\/it\/wp-json\/wp\/v2\/citadela-item\/11877\/revisions\/11884"}],"wp:featuredmedia":[{"embeddable":true,"href":"https:\/\/kastelir-labinci.com\/it\/wp-json\/wp\/v2\/media\/7482"}],"wp:attachment":[{"href":"https:\/\/kastelir-labinci.com\/it\/wp-json\/wp\/v2\/media?parent=11877"}],"wp:term":[{"taxonomy":"citadela-item-category","embeddable":true,"href":"https:\/\/kastelir-labinci.com\/it\/wp-json\/wp\/v2\/citadela-item-category?post=11877"},{"taxonomy":"citadela-item-location","embeddable":true,"href":"https:\/\/kastelir-labinci.com\/it\/wp-json\/wp\/v2\/citadela-item-location?post=11877"}],"curies":[{"name":"wp","href":"https:\/\/api.w.org\/{rel}","templated":true}]}}