{"id":6185,"date":"2020-08-12T10:17:59","date_gmt":"2020-08-12T10:17:59","guid":{"rendered":"https:\/\/kastelir-labinci.com\/item\/o-p-g-mahne\/"},"modified":"2021-08-15T15:14:58","modified_gmt":"2021-08-15T15:14:58","slug":"o-p-g-mahne","status":"publish","type":"citadela-item","link":"https:\/\/kastelir-labinci.com\/it\/item\/o-p-g-mahne\/","title":{"rendered":"l&#8217;olio extra vergine di oliva"},"content":{"rendered":"<div class=\"\">\n<p>Siamo un&#8217;azienda olearia fondata nel 1999 da Paolo Mahne, che continua a gestirla. Abbiamo pi\u00f9 di 6 ettari di uliveto specializzato con 1600 piante di variet\u00e0 tipiche. Nell&#8217;ultimo raccolto sono stati prodotti 100 quintali (10.000 kg) di olive, con una resa di circa 12 ettolitri (1200 litri) di olio.<\/p>\n<p>I nostri oli di oliva sono intensi, trasparenti, di colore giallo dorato con calde sfumature verdi. I profumi sono fini e delicati, dotati di miscele erbacee di lattuga e cicoria, una nota speziata di pepe nero e un finale di mandorla dolce. Il gusto \u00e8 delicato e armonico, caratterizzato da note di erbe aromatiche, in particolare menta e rosmarino. L&#8217;amarezza \u00e8 presente e la nitidezza \u00e8 limitata e benvenuta.<\/p>\n<p>Potete venirci a trovare a Labinci, dove potrete degustare e acquistare i nostri oli di oliva.<\/p>\n<p>Se vuoi goderti l&#8217;edonismo completo, puoi provare gli oli con antipasti di fagioli, carpaccio di salmone, insalata di pollo, verdure marinate, con finferli, pasta al pomodoro, cozze in umido, pollame o agnello arrosto, formaggio di capra. ..<\/p>\n<\/div>\n<div id='gallery-1' class='gallery galleryid-6185 gallery-columns-3 gallery-size-citadela_service'><figure class='gallery-item'>\n\t\t\t<div class='gallery-icon landscape'>\n\t\t\t\t<a href='https:\/\/kastelir-labinci.com\/wp-content\/uploads\/2020\/08\/OPG-MAHNE-ULJE-2-1.jpg'><img loading=\"lazy\" decoding=\"async\" width=\"480\" height=\"360\" src=\"https:\/\/kastelir-labinci.com\/wp-content\/uploads\/2020\/08\/OPG-MAHNE-ULJE-2-1-480x360.jpg\" class=\"attachment-citadela_service size-citadela_service\" alt=\"\" srcset=\"https:\/\/kastelir-labinci.com\/wp-content\/uploads\/2020\/08\/OPG-MAHNE-ULJE-2-1-480x360.jpg 480w, https:\/\/kastelir-labinci.com\/wp-content\/uploads\/2020\/08\/OPG-MAHNE-ULJE-2-1-640x480.jpg 640w\" sizes=\"(max-width: 480px) 100vw, 480px\" \/><\/a>\n\t\t\t<\/div><\/figure><figure class='gallery-item'>\n\t\t\t<div class='gallery-icon portrait'>\n\t\t\t\t<a href='https:\/\/kastelir-labinci.com\/wp-content\/uploads\/2020\/08\/OPG-MAHNE-ULJE-3-1.jpg'><img loading=\"lazy\" decoding=\"async\" width=\"480\" height=\"360\" src=\"https:\/\/kastelir-labinci.com\/wp-content\/uploads\/2020\/08\/OPG-MAHNE-ULJE-3-1-480x360.jpg\" class=\"attachment-citadela_service size-citadela_service\" alt=\"\" srcset=\"https:\/\/kastelir-labinci.com\/wp-content\/uploads\/2020\/08\/OPG-MAHNE-ULJE-3-1-480x360.jpg 480w, https:\/\/kastelir-labinci.com\/wp-content\/uploads\/2020\/08\/OPG-MAHNE-ULJE-3-1-640x480.jpg 640w\" sizes=\"(max-width: 480px) 100vw, 480px\" \/><\/a>\n\t\t\t<\/div><\/figure><figure class='gallery-item'>\n\t\t\t<div class='gallery-icon portrait'>\n\t\t\t\t<a href='https:\/\/kastelir-labinci.com\/wp-content\/uploads\/2020\/08\/OPG-MAHNE-ULJE-4-1.jpg'><img loading=\"lazy\" decoding=\"async\" width=\"480\" height=\"360\" src=\"https:\/\/kastelir-labinci.com\/wp-content\/uploads\/2020\/08\/OPG-MAHNE-ULJE-4-1-480x360.jpg\" class=\"attachment-citadela_service size-citadela_service\" alt=\"\" srcset=\"https:\/\/kastelir-labinci.com\/wp-content\/uploads\/2020\/08\/OPG-MAHNE-ULJE-4-1-480x360.jpg 480w, https:\/\/kastelir-labinci.com\/wp-content\/uploads\/2020\/08\/OPG-MAHNE-ULJE-4-1-640x480.jpg 640w\" sizes=\"(max-width: 480px) 100vw, 480px\" \/><\/a>\n\t\t\t<\/div><\/figure><figure class='gallery-item'>\n\t\t\t<div class='gallery-icon landscape'>\n\t\t\t\t<a href='https:\/\/kastelir-labinci.com\/wp-content\/uploads\/2020\/08\/OPG-MAHNE-ULJE-1-1.jpg'><img loading=\"lazy\" decoding=\"async\" width=\"480\" height=\"360\" src=\"https:\/\/kastelir-labinci.com\/wp-content\/uploads\/2020\/08\/OPG-MAHNE-ULJE-1-1-480x360.jpg\" class=\"attachment-citadela_service size-citadela_service\" alt=\"\" srcset=\"https:\/\/kastelir-labinci.com\/wp-content\/uploads\/2020\/08\/OPG-MAHNE-ULJE-1-1-480x360.jpg 480w, https:\/\/kastelir-labinci.com\/wp-content\/uploads\/2020\/08\/OPG-MAHNE-ULJE-1-1-640x480.jpg 640w\" sizes=\"(max-width: 480px) 100vw, 480px\" \/><\/a>\n\t\t\t<\/div><\/figure><figure class='gallery-item'>\n\t\t\t<div class='gallery-icon landscape'>\n\t\t\t\t<a href='https:\/\/kastelir-labinci.com\/wp-content\/uploads\/2020\/08\/OPG-MEDALJE-2-1.jpg'><img loading=\"lazy\" decoding=\"async\" width=\"480\" height=\"360\" src=\"https:\/\/kastelir-labinci.com\/wp-content\/uploads\/2020\/08\/OPG-MEDALJE-2-1-480x360.jpg\" class=\"attachment-citadela_service size-citadela_service\" alt=\"\" srcset=\"https:\/\/kastelir-labinci.com\/wp-content\/uploads\/2020\/08\/OPG-MEDALJE-2-1-480x360.jpg 480w, https:\/\/kastelir-labinci.com\/wp-content\/uploads\/2020\/08\/OPG-MEDALJE-2-1-640x480.jpg 640w\" sizes=\"(max-width: 480px) 100vw, 480px\" \/><\/a>\n\t\t\t<\/div><\/figure><figure class='gallery-item'>\n\t\t\t<div class='gallery-icon landscape'>\n\t\t\t\t<a href='https:\/\/kastelir-labinci.com\/wp-content\/uploads\/2020\/08\/OPG-MEDALJE-1.jpg'><img loading=\"lazy\" decoding=\"async\" width=\"480\" height=\"360\" src=\"https:\/\/kastelir-labinci.com\/wp-content\/uploads\/2020\/08\/OPG-MEDALJE-1-480x360.jpg\" class=\"attachment-citadela_service size-citadela_service\" alt=\"\" srcset=\"https:\/\/kastelir-labinci.com\/wp-content\/uploads\/2020\/08\/OPG-MEDALJE-1-480x360.jpg 480w, https:\/\/kastelir-labinci.com\/wp-content\/uploads\/2020\/08\/OPG-MEDALJE-1-640x480.jpg 640w\" sizes=\"(max-width: 480px) 100vw, 480px\" \/><\/a>\n\t\t\t<\/div><\/figure>\n\t\t<\/div>\n\n","protected":false},"excerpt":{"rendered":"<p>Siamo un&#8217;azienda olearia fondata nel 1999 da Paolo Mahne, che continua a gestirla. Abbiamo pi\u00f9 di 6 ettari di uliveto specializzato con 1600 piante di variet\u00e0 tipiche. Nell&#8217;ultimo raccolto sono [&hellip;]<\/p>\n","protected":false},"author":1,"featured_media":6187,"menu_order":0,"comment_status":"closed","ping_status":"closed","template":"","citadela-item-category":[212],"citadela-item-location":[205],"class_list":["post-6185","citadela-item","type-citadela-item","status-publish","has-post-thumbnail","hentry","citadela-item-category-oli-di-oliva","citadela-item-location-kastelir-it"],"yoast_head":"<!-- This site is optimized with the Yoast SEO plugin v25.2 - https:\/\/yoast.com\/wordpress\/plugins\/seo\/ -->\n<title>l&#039;olio extra vergine di oliva - Together in<\/title>\n<meta name=\"description\" content=\"Together in Ka\u0161telir Labinci\" \/>\n<meta name=\"robots\" content=\"index, follow, max-snippet:-1, max-image-preview:large, max-video-preview:-1\" \/>\n<link rel=\"canonical\" href=\"https:\/\/kastelir-labinci.com\/it\/item\/o-p-g-mahne\/\" \/>\n<meta property=\"og:locale\" content=\"it_IT\" \/>\n<meta property=\"og:type\" content=\"article\" \/>\n<meta property=\"og:title\" content=\"l&#039;olio extra vergine di oliva - Together in\" \/>\n<meta property=\"og:description\" content=\"Together in Ka\u0161telir Labinci\" \/>\n<meta property=\"og:url\" content=\"https:\/\/kastelir-labinci.com\/it\/item\/o-p-g-mahne\/\" \/>\n<meta property=\"og:site_name\" content=\"Together in\" \/>\n<meta property=\"article:modified_time\" content=\"2021-08-15T15:14:58+00:00\" \/>\n<meta property=\"og:image\" content=\"https:\/\/kastelir-labinci.com\/wp-content\/uploads\/2020\/08\/OPG-MAHNE-ULJE-.jpg\" \/>\n\t<meta property=\"og:image:width\" content=\"1920\" \/>\n\t<meta property=\"og:image:height\" content=\"1503\" \/>\n\t<meta property=\"og:image:type\" content=\"image\/jpeg\" \/>\n<meta name=\"twitter:card\" content=\"summary_large_image\" \/>\n<meta name=\"twitter:label1\" content=\"Tempo di lettura stimato\" \/>\n\t<meta name=\"twitter:data1\" content=\"1 minuto\" \/>\n<script type=\"application\/ld+json\" class=\"yoast-schema-graph\">{\"@context\":\"https:\/\/schema.org\",\"@graph\":[{\"@type\":\"WebPage\",\"@id\":\"https:\/\/kastelir-labinci.com\/it\/item\/o-p-g-mahne\/\",\"url\":\"https:\/\/kastelir-labinci.com\/it\/item\/o-p-g-mahne\/\",\"name\":\"l'olio extra vergine di oliva - Together in\",\"isPartOf\":{\"@id\":\"https:\/\/kastelir-labinci.com\/it\/#website\"},\"primaryImageOfPage\":{\"@id\":\"https:\/\/kastelir-labinci.com\/it\/item\/o-p-g-mahne\/#primaryimage\"},\"image\":{\"@id\":\"https:\/\/kastelir-labinci.com\/it\/item\/o-p-g-mahne\/#primaryimage\"},\"thumbnailUrl\":\"https:\/\/kastelir-labinci.com\/wp-content\/uploads\/2020\/08\/OPG-MAHNE-ULJE-.jpg\",\"datePublished\":\"2020-08-12T10:17:59+00:00\",\"dateModified\":\"2021-08-15T15:14:58+00:00\",\"description\":\"Together in Ka\u0161telir Labinci\",\"breadcrumb\":{\"@id\":\"https:\/\/kastelir-labinci.com\/it\/item\/o-p-g-mahne\/#breadcrumb\"},\"inLanguage\":\"it-IT\",\"potentialAction\":[{\"@type\":\"ReadAction\",\"target\":[\"https:\/\/kastelir-labinci.com\/it\/item\/o-p-g-mahne\/\"]}]},{\"@type\":\"ImageObject\",\"inLanguage\":\"it-IT\",\"@id\":\"https:\/\/kastelir-labinci.com\/it\/item\/o-p-g-mahne\/#primaryimage\",\"url\":\"https:\/\/kastelir-labinci.com\/wp-content\/uploads\/2020\/08\/OPG-MAHNE-ULJE-.jpg\",\"contentUrl\":\"https:\/\/kastelir-labinci.com\/wp-content\/uploads\/2020\/08\/OPG-MAHNE-ULJE-.jpg\",\"width\":1920,\"height\":1503},{\"@type\":\"BreadcrumbList\",\"@id\":\"https:\/\/kastelir-labinci.com\/it\/item\/o-p-g-mahne\/#breadcrumb\",\"itemListElement\":[{\"@type\":\"ListItem\",\"position\":1,\"name\":\"Home\",\"item\":\"https:\/\/kastelir-labinci.com\/it\/\"},{\"@type\":\"ListItem\",\"position\":2,\"name\":\"l&#8217;olio extra vergine di oliva\"}]},{\"@type\":\"WebSite\",\"@id\":\"https:\/\/kastelir-labinci.com\/it\/#website\",\"url\":\"https:\/\/kastelir-labinci.com\/it\/\",\"name\":\"Together in\",\"description\":\"- Ka\u0161telir-Labinci\",\"publisher\":{\"@id\":\"https:\/\/kastelir-labinci.com\/it\/#organization\"},\"potentialAction\":[{\"@type\":\"SearchAction\",\"target\":{\"@type\":\"EntryPoint\",\"urlTemplate\":\"https:\/\/kastelir-labinci.com\/it\/?s={search_term_string}\"},\"query-input\":{\"@type\":\"PropertyValueSpecification\",\"valueRequired\":true,\"valueName\":\"search_term_string\"}}],\"inLanguage\":\"it-IT\"},{\"@type\":\"Organization\",\"@id\":\"https:\/\/kastelir-labinci.com\/it\/#organization\",\"name\":\"TOGETHER IN Ka\u0161telir - Labinci, turisti\u010dka zajednica\",\"url\":\"https:\/\/kastelir-labinci.com\/it\/\",\"logo\":{\"@type\":\"ImageObject\",\"inLanguage\":\"it-IT\",\"@id\":\"https:\/\/kastelir-labinci.com\/it\/#\/schema\/logo\/image\/\",\"url\":\"https:\/\/kastelir-labinci.com\/wp-content\/uploads\/2020\/08\/logotip-3.png\",\"contentUrl\":\"https:\/\/kastelir-labinci.com\/wp-content\/uploads\/2020\/08\/logotip-3.png\",\"width\":512,\"height\":326,\"caption\":\"TOGETHER IN Ka\u0161telir - Labinci, turisti\u010dka zajednica\"},\"image\":{\"@id\":\"https:\/\/kastelir-labinci.com\/it\/#\/schema\/logo\/image\/\"}}]}<\/script>\n<!-- \/ Yoast SEO plugin. -->","yoast_head_json":{"title":"l'olio extra vergine di oliva - Together in","description":"Together in Ka\u0161telir Labinci","robots":{"index":"index","follow":"follow","max-snippet":"max-snippet:-1","max-image-preview":"max-image-preview:large","max-video-preview":"max-video-preview:-1"},"canonical":"https:\/\/kastelir-labinci.com\/it\/item\/o-p-g-mahne\/","og_locale":"it_IT","og_type":"article","og_title":"l'olio extra vergine di oliva - Together in","og_description":"Together in Ka\u0161telir Labinci","og_url":"https:\/\/kastelir-labinci.com\/it\/item\/o-p-g-mahne\/","og_site_name":"Together in","article_modified_time":"2021-08-15T15:14:58+00:00","og_image":[{"width":1920,"height":1503,"url":"https:\/\/kastelir-labinci.com\/wp-content\/uploads\/2020\/08\/OPG-MAHNE-ULJE-.jpg","type":"image\/jpeg"}],"twitter_card":"summary_large_image","twitter_misc":{"Tempo di lettura stimato":"1 minuto"},"schema":{"@context":"https:\/\/schema.org","@graph":[{"@type":"WebPage","@id":"https:\/\/kastelir-labinci.com\/it\/item\/o-p-g-mahne\/","url":"https:\/\/kastelir-labinci.com\/it\/item\/o-p-g-mahne\/","name":"l'olio extra vergine di oliva - Together in","isPartOf":{"@id":"https:\/\/kastelir-labinci.com\/it\/#website"},"primaryImageOfPage":{"@id":"https:\/\/kastelir-labinci.com\/it\/item\/o-p-g-mahne\/#primaryimage"},"image":{"@id":"https:\/\/kastelir-labinci.com\/it\/item\/o-p-g-mahne\/#primaryimage"},"thumbnailUrl":"https:\/\/kastelir-labinci.com\/wp-content\/uploads\/2020\/08\/OPG-MAHNE-ULJE-.jpg","datePublished":"2020-08-12T10:17:59+00:00","dateModified":"2021-08-15T15:14:58+00:00","description":"Together in Ka\u0161telir Labinci","breadcrumb":{"@id":"https:\/\/kastelir-labinci.com\/it\/item\/o-p-g-mahne\/#breadcrumb"},"inLanguage":"it-IT","potentialAction":[{"@type":"ReadAction","target":["https:\/\/kastelir-labinci.com\/it\/item\/o-p-g-mahne\/"]}]},{"@type":"ImageObject","inLanguage":"it-IT","@id":"https:\/\/kastelir-labinci.com\/it\/item\/o-p-g-mahne\/#primaryimage","url":"https:\/\/kastelir-labinci.com\/wp-content\/uploads\/2020\/08\/OPG-MAHNE-ULJE-.jpg","contentUrl":"https:\/\/kastelir-labinci.com\/wp-content\/uploads\/2020\/08\/OPG-MAHNE-ULJE-.jpg","width":1920,"height":1503},{"@type":"BreadcrumbList","@id":"https:\/\/kastelir-labinci.com\/it\/item\/o-p-g-mahne\/#breadcrumb","itemListElement":[{"@type":"ListItem","position":1,"name":"Home","item":"https:\/\/kastelir-labinci.com\/it\/"},{"@type":"ListItem","position":2,"name":"l&#8217;olio extra vergine di oliva"}]},{"@type":"WebSite","@id":"https:\/\/kastelir-labinci.com\/it\/#website","url":"https:\/\/kastelir-labinci.com\/it\/","name":"Together in","description":"- Ka\u0161telir-Labinci","publisher":{"@id":"https:\/\/kastelir-labinci.com\/it\/#organization"},"potentialAction":[{"@type":"SearchAction","target":{"@type":"EntryPoint","urlTemplate":"https:\/\/kastelir-labinci.com\/it\/?s={search_term_string}"},"query-input":{"@type":"PropertyValueSpecification","valueRequired":true,"valueName":"search_term_string"}}],"inLanguage":"it-IT"},{"@type":"Organization","@id":"https:\/\/kastelir-labinci.com\/it\/#organization","name":"TOGETHER IN Ka\u0161telir - Labinci, turisti\u010dka zajednica","url":"https:\/\/kastelir-labinci.com\/it\/","logo":{"@type":"ImageObject","inLanguage":"it-IT","@id":"https:\/\/kastelir-labinci.com\/it\/#\/schema\/logo\/image\/","url":"https:\/\/kastelir-labinci.com\/wp-content\/uploads\/2020\/08\/logotip-3.png","contentUrl":"https:\/\/kastelir-labinci.com\/wp-content\/uploads\/2020\/08\/logotip-3.png","width":512,"height":326,"caption":"TOGETHER IN Ka\u0161telir - Labinci, turisti\u010dka zajednica"},"image":{"@id":"https:\/\/kastelir-labinci.com\/it\/#\/schema\/logo\/image\/"}}]}},"_links":{"self":[{"href":"https:\/\/kastelir-labinci.com\/it\/wp-json\/wp\/v2\/citadela-item\/6185"}],"collection":[{"href":"https:\/\/kastelir-labinci.com\/it\/wp-json\/wp\/v2\/citadela-item"}],"about":[{"href":"https:\/\/kastelir-labinci.com\/it\/wp-json\/wp\/v2\/types\/citadela-item"}],"author":[{"embeddable":true,"href":"https:\/\/kastelir-labinci.com\/it\/wp-json\/wp\/v2\/users\/1"}],"replies":[{"embeddable":true,"href":"https:\/\/kastelir-labinci.com\/it\/wp-json\/wp\/v2\/comments?post=6185"}],"version-history":[{"count":3,"href":"https:\/\/kastelir-labinci.com\/it\/wp-json\/wp\/v2\/citadela-item\/6185\/revisions"}],"predecessor-version":[{"id":7714,"href":"https:\/\/kastelir-labinci.com\/it\/wp-json\/wp\/v2\/citadela-item\/6185\/revisions\/7714"}],"wp:featuredmedia":[{"embeddable":true,"href":"https:\/\/kastelir-labinci.com\/it\/wp-json\/wp\/v2\/media\/6187"}],"wp:attachment":[{"href":"https:\/\/kastelir-labinci.com\/it\/wp-json\/wp\/v2\/media?parent=6185"}],"wp:term":[{"taxonomy":"citadela-item-category","embeddable":true,"href":"https:\/\/kastelir-labinci.com\/it\/wp-json\/wp\/v2\/citadela-item-category?post=6185"},{"taxonomy":"citadela-item-location","embeddable":true,"href":"https:\/\/kastelir-labinci.com\/it\/wp-json\/wp\/v2\/citadela-item-location?post=6185"}],"curies":[{"name":"wp","href":"https:\/\/api.w.org\/{rel}","templated":true}]}}