{"id":6205,"date":"2020-08-24T11:35:29","date_gmt":"2020-08-24T11:35:29","guid":{"rendered":"https:\/\/kastelir-labinci.com\/item\/o-p-g-lucia-venier-2\/"},"modified":"2021-08-16T16:26:43","modified_gmt":"2021-08-16T16:26:43","slug":"o-p-g-lucia-venier-2","status":"publish","type":"citadela-item","link":"https:\/\/kastelir-labinci.com\/it\/item\/o-p-g-lucia-venier-2\/","title":{"rendered":"O.P.G. Lucia Venier"},"content":{"rendered":"<p>Se vuoi vivere una parte dell&#8217;atmosfera autoctona locale e partecipare a un laboratorio di pasta e dolci fatti in casa (gnocchi, \u017ebiri\u0107i, fritule, kro\u0161tuli (). Tutto preparato con le nostre materie prime fatte in casa e condito con olio extra vergine di oliva della nostra propria produzione.<\/p>\n<p>Fissa un appuntamento e vieni a trovarci, saremo molto felici di ospitarti presso la nostra casa.<\/p>\n<div id='gallery-1' class='gallery galleryid-6205 gallery-columns-3 gallery-size-citadela_service'><figure class='gallery-item'>\n\t\t\t<div class='gallery-icon landscape'>\n\t\t\t\t<a href='https:\/\/kastelir-labinci.com\/wp-content\/uploads\/2020\/08\/IMG-20190628-WA0002.jpg'><img loading=\"lazy\" decoding=\"async\" width=\"480\" height=\"360\" src=\"https:\/\/kastelir-labinci.com\/wp-content\/uploads\/2020\/08\/IMG-20190628-WA0002-480x360.jpg\" class=\"attachment-citadela_service size-citadela_service\" alt=\"\" srcset=\"https:\/\/kastelir-labinci.com\/wp-content\/uploads\/2020\/08\/IMG-20190628-WA0002-480x360.jpg 480w, https:\/\/kastelir-labinci.com\/wp-content\/uploads\/2020\/08\/IMG-20190628-WA0002-300x225.jpg 300w, https:\/\/kastelir-labinci.com\/wp-content\/uploads\/2020\/08\/IMG-20190628-WA0002-1024x768.jpg 1024w, https:\/\/kastelir-labinci.com\/wp-content\/uploads\/2020\/08\/IMG-20190628-WA0002-768x576.jpg 768w, https:\/\/kastelir-labinci.com\/wp-content\/uploads\/2020\/08\/IMG-20190628-WA0002-640x480.jpg 640w, https:\/\/kastelir-labinci.com\/wp-content\/uploads\/2020\/08\/IMG-20190628-WA0002-1536x1152.jpg 1536w, https:\/\/kastelir-labinci.com\/wp-content\/uploads\/2020\/08\/IMG-20190628-WA0002.jpg 1600w\" sizes=\"(max-width: 480px) 100vw, 480px\" \/><\/a>\n\t\t\t<\/div><\/figure><figure class='gallery-item'>\n\t\t\t<div class='gallery-icon landscape'>\n\t\t\t\t<a href='https:\/\/kastelir-labinci.com\/wp-content\/uploads\/2020\/08\/IMG-20190919-WA0000.jpg'><img loading=\"lazy\" decoding=\"async\" width=\"480\" height=\"360\" src=\"https:\/\/kastelir-labinci.com\/wp-content\/uploads\/2020\/08\/IMG-20190919-WA0000-480x360.jpg\" class=\"attachment-citadela_service size-citadela_service\" alt=\"\" srcset=\"https:\/\/kastelir-labinci.com\/wp-content\/uploads\/2020\/08\/IMG-20190919-WA0000-480x360.jpg 480w, https:\/\/kastelir-labinci.com\/wp-content\/uploads\/2020\/08\/IMG-20190919-WA0000-300x225.jpg 300w, https:\/\/kastelir-labinci.com\/wp-content\/uploads\/2020\/08\/IMG-20190919-WA0000-1024x768.jpg 1024w, https:\/\/kastelir-labinci.com\/wp-content\/uploads\/2020\/08\/IMG-20190919-WA0000-768x576.jpg 768w, https:\/\/kastelir-labinci.com\/wp-content\/uploads\/2020\/08\/IMG-20190919-WA0000-640x480.jpg 640w, https:\/\/kastelir-labinci.com\/wp-content\/uploads\/2020\/08\/IMG-20190919-WA0000-1536x1152.jpg 1536w, https:\/\/kastelir-labinci.com\/wp-content\/uploads\/2020\/08\/IMG-20190919-WA0000.jpg 1600w\" sizes=\"(max-width: 480px) 100vw, 480px\" \/><\/a>\n\t\t\t<\/div><\/figure><figure class='gallery-item'>\n\t\t\t<div class='gallery-icon landscape'>\n\t\t\t\t<a href='https:\/\/kastelir-labinci.com\/wp-content\/uploads\/2020\/08\/IMG-20190919-WA0001.jpg'><img loading=\"lazy\" decoding=\"async\" width=\"480\" height=\"360\" src=\"https:\/\/kastelir-labinci.com\/wp-content\/uploads\/2020\/08\/IMG-20190919-WA0001-480x360.jpg\" class=\"attachment-citadela_service size-citadela_service\" alt=\"\" srcset=\"https:\/\/kastelir-labinci.com\/wp-content\/uploads\/2020\/08\/IMG-20190919-WA0001-480x360.jpg 480w, https:\/\/kastelir-labinci.com\/wp-content\/uploads\/2020\/08\/IMG-20190919-WA0001-300x225.jpg 300w, https:\/\/kastelir-labinci.com\/wp-content\/uploads\/2020\/08\/IMG-20190919-WA0001-1024x768.jpg 1024w, https:\/\/kastelir-labinci.com\/wp-content\/uploads\/2020\/08\/IMG-20190919-WA0001-768x576.jpg 768w, https:\/\/kastelir-labinci.com\/wp-content\/uploads\/2020\/08\/IMG-20190919-WA0001-640x480.jpg 640w, https:\/\/kastelir-labinci.com\/wp-content\/uploads\/2020\/08\/IMG-20190919-WA0001-1536x1152.jpg 1536w, https:\/\/kastelir-labinci.com\/wp-content\/uploads\/2020\/08\/IMG-20190919-WA0001.jpg 1600w\" sizes=\"(max-width: 480px) 100vw, 480px\" \/><\/a>\n\t\t\t<\/div><\/figure><figure class='gallery-item'>\n\t\t\t<div class='gallery-icon landscape'>\n\t\t\t\t<a href='https:\/\/kastelir-labinci.com\/wp-content\/uploads\/2020\/08\/IMG-20200405-WA0002.jpg'><img loading=\"lazy\" decoding=\"async\" width=\"480\" height=\"360\" src=\"https:\/\/kastelir-labinci.com\/wp-content\/uploads\/2020\/08\/IMG-20200405-WA0002-480x360.jpg\" class=\"attachment-citadela_service size-citadela_service\" alt=\"\" srcset=\"https:\/\/kastelir-labinci.com\/wp-content\/uploads\/2020\/08\/IMG-20200405-WA0002-480x360.jpg 480w, https:\/\/kastelir-labinci.com\/wp-content\/uploads\/2020\/08\/IMG-20200405-WA0002-300x225.jpg 300w, https:\/\/kastelir-labinci.com\/wp-content\/uploads\/2020\/08\/IMG-20200405-WA0002-1024x768.jpg 1024w, https:\/\/kastelir-labinci.com\/wp-content\/uploads\/2020\/08\/IMG-20200405-WA0002-768x576.jpg 768w, https:\/\/kastelir-labinci.com\/wp-content\/uploads\/2020\/08\/IMG-20200405-WA0002-640x480.jpg 640w, https:\/\/kastelir-labinci.com\/wp-content\/uploads\/2020\/08\/IMG-20200405-WA0002-1536x1152.jpg 1536w, https:\/\/kastelir-labinci.com\/wp-content\/uploads\/2020\/08\/IMG-20200405-WA0002.jpg 1600w\" sizes=\"(max-width: 480px) 100vw, 480px\" \/><\/a>\n\t\t\t<\/div><\/figure><figure class='gallery-item'>\n\t\t\t<div class='gallery-icon landscape'>\n\t\t\t\t<a href='https:\/\/kastelir-labinci.com\/wp-content\/uploads\/2020\/08\/IMG-20210415-WA0004.jpg'><img loading=\"lazy\" decoding=\"async\" width=\"480\" height=\"360\" src=\"https:\/\/kastelir-labinci.com\/wp-content\/uploads\/2020\/08\/IMG-20210415-WA0004-480x360.jpg\" class=\"attachment-citadela_service size-citadela_service\" alt=\"\" srcset=\"https:\/\/kastelir-labinci.com\/wp-content\/uploads\/2020\/08\/IMG-20210415-WA0004-480x360.jpg 480w, https:\/\/kastelir-labinci.com\/wp-content\/uploads\/2020\/08\/IMG-20210415-WA0004-300x225.jpg 300w, https:\/\/kastelir-labinci.com\/wp-content\/uploads\/2020\/08\/IMG-20210415-WA0004-1024x768.jpg 1024w, https:\/\/kastelir-labinci.com\/wp-content\/uploads\/2020\/08\/IMG-20210415-WA0004-768x576.jpg 768w, https:\/\/kastelir-labinci.com\/wp-content\/uploads\/2020\/08\/IMG-20210415-WA0004-640x480.jpg 640w, https:\/\/kastelir-labinci.com\/wp-content\/uploads\/2020\/08\/IMG-20210415-WA0004-1536x1152.jpg 1536w, https:\/\/kastelir-labinci.com\/wp-content\/uploads\/2020\/08\/IMG-20210415-WA0004.jpg 1600w\" sizes=\"(max-width: 480px) 100vw, 480px\" \/><\/a>\n\t\t\t<\/div><\/figure><figure class='gallery-item'>\n\t\t\t<div class='gallery-icon landscape'>\n\t\t\t\t<a href='https:\/\/kastelir-labinci.com\/wp-content\/uploads\/2020\/08\/lavanda.jpg'><img loading=\"lazy\" decoding=\"async\" width=\"480\" height=\"360\" src=\"https:\/\/kastelir-labinci.com\/wp-content\/uploads\/2020\/08\/lavanda-480x360.jpg\" class=\"attachment-citadela_service size-citadela_service\" alt=\"\" srcset=\"https:\/\/kastelir-labinci.com\/wp-content\/uploads\/2020\/08\/lavanda-480x360.jpg 480w, https:\/\/kastelir-labinci.com\/wp-content\/uploads\/2020\/08\/lavanda-640x480.jpg 640w\" sizes=\"(max-width: 480px) 100vw, 480px\" \/><\/a>\n\t\t\t<\/div><\/figure>\n\t\t<\/div>\n\n<p>I turisti nazionali e stranieri che soggiornano in alcune delle numerose ville di Kastela o che passano qui in tour in bicicletta dell&#8217;agenzia vengono a casa di Lucija Venier per imparare a lavorare. Laboratori di pasta e dolci fatti in casa fanno parte dell&#8217;offerta turistica dell&#8217;azienda agricola di famiglia Lucija Venier e della sua famiglia. Riceve gli ospiti e insegna loro a cucinare a casa in uno spazio molto carino, rustico e familiare che potrebbe tranquillamente passare per ristorante o osteria, almeno agriturismo. Ma ancora no. La signora Lucija voleva registrare l&#8217;agriturismo, ma questo si \u00e8 rivelato troppo complicato e troppo burocratico per la sua famiglia, che \u00e8 principalmente agricola.<\/p>\n<p>Su sei ettari della campagna coltivano viti, olivi, lavanda, grano, ortaggi e cibo per i loro polli e conigli, che di per s\u00e9 \u00e8 molto lavoro per Lucija Venier e suo marito Ecija, figlio Andrea, figlia Erika e figlio- cognato Ales. Pertanto, ha registrato laboratori culinari come attivit\u00e0 integrativa della sua azienda agricola di famiglia. Qui su appuntamento puoi venire con un gruppo organizzato e imparare ad impastare la pasta fatta in casa e preparare i dolci fatti in casa, e poi quello che hai fatto in laboratorio lo puoi cucinare e degustare insieme alla padrona di casa.<\/p>\n<p>Oltre ai famosi \u017ebiri\u0107i, Lucija Venier insegna ai suoi ospiti nei laboratori come preparare gnocchi, posutice, lasagne o fu\u017ei fatti in casa. Una volta cotti, vengono conditi con la rogna di manzo preparata o con salsa di pomodoro e zucchine fatta in casa. Quest&#8217;ultima combinazione ha dovuto essere introdotta da \u0160jora Lucija a causa dei numerosi vegetariani tra i suoi precedenti ospiti.<\/p>\n<p>&nbsp;<\/p>\n","protected":false},"excerpt":{"rendered":"<p>Se vuoi vivere una parte dell&#8217;atmosfera autoctona locale e partecipare a un laboratorio di pasta e dolci fatti in casa (gnocchi, \u017ebiri\u0107i, fritule, kro\u0161tuli (). Tutto preparato con le nostre [&hellip;]<\/p>\n","protected":false},"author":1,"featured_media":6207,"menu_order":0,"comment_status":"closed","ping_status":"closed","template":"","citadela-item-category":[216,212,201],"citadela-item-location":[205],"class_list":["post-6205","citadela-item","type-citadela-item","status-publish","has-post-thumbnail","hentry","citadela-item-category-lavanda","citadela-item-category-oli-di-oliva","citadela-item-category-pasta-e-dolci","citadela-item-location-kastelir-it"],"yoast_head":"<!-- This site is optimized with the Yoast SEO plugin v25.2 - https:\/\/yoast.com\/wordpress\/plugins\/seo\/ -->\n<title>O.P.G. Lucia Venier - Together in<\/title>\n<meta name=\"description\" content=\"Together in Ka\u0161telir Labinci\" \/>\n<meta name=\"robots\" content=\"index, follow, max-snippet:-1, max-image-preview:large, max-video-preview:-1\" \/>\n<link rel=\"canonical\" href=\"https:\/\/kastelir-labinci.com\/it\/item\/o-p-g-lucia-venier-2\/\" \/>\n<meta property=\"og:locale\" content=\"it_IT\" \/>\n<meta property=\"og:type\" content=\"article\" \/>\n<meta property=\"og:title\" content=\"O.P.G. Lucia Venier - Together in\" \/>\n<meta property=\"og:description\" content=\"Together in Ka\u0161telir Labinci\" \/>\n<meta property=\"og:url\" content=\"https:\/\/kastelir-labinci.com\/it\/item\/o-p-g-lucia-venier-2\/\" \/>\n<meta property=\"og:site_name\" content=\"Together in\" \/>\n<meta property=\"article:modified_time\" content=\"2021-08-16T16:26:43+00:00\" \/>\n<meta property=\"og:image\" content=\"https:\/\/kastelir-labinci.com\/wp-content\/uploads\/2020\/08\/IMG-20190919-WA0001.jpg\" \/>\n\t<meta property=\"og:image:width\" content=\"1600\" \/>\n\t<meta property=\"og:image:height\" content=\"1200\" \/>\n\t<meta property=\"og:image:type\" content=\"image\/jpeg\" \/>\n<meta name=\"twitter:card\" content=\"summary_large_image\" \/>\n<meta name=\"twitter:label1\" content=\"Tempo di lettura stimato\" \/>\n\t<meta name=\"twitter:data1\" content=\"2 minuti\" \/>\n<script type=\"application\/ld+json\" class=\"yoast-schema-graph\">{\"@context\":\"https:\/\/schema.org\",\"@graph\":[{\"@type\":\"WebPage\",\"@id\":\"https:\/\/kastelir-labinci.com\/it\/item\/o-p-g-lucia-venier-2\/\",\"url\":\"https:\/\/kastelir-labinci.com\/it\/item\/o-p-g-lucia-venier-2\/\",\"name\":\"O.P.G. Lucia Venier - Together in\",\"isPartOf\":{\"@id\":\"https:\/\/kastelir-labinci.com\/it\/#website\"},\"primaryImageOfPage\":{\"@id\":\"https:\/\/kastelir-labinci.com\/it\/item\/o-p-g-lucia-venier-2\/#primaryimage\"},\"image\":{\"@id\":\"https:\/\/kastelir-labinci.com\/it\/item\/o-p-g-lucia-venier-2\/#primaryimage\"},\"thumbnailUrl\":\"https:\/\/kastelir-labinci.com\/wp-content\/uploads\/2020\/08\/IMG-20190919-WA0001.jpg\",\"datePublished\":\"2020-08-24T11:35:29+00:00\",\"dateModified\":\"2021-08-16T16:26:43+00:00\",\"description\":\"Together in Ka\u0161telir Labinci\",\"breadcrumb\":{\"@id\":\"https:\/\/kastelir-labinci.com\/it\/item\/o-p-g-lucia-venier-2\/#breadcrumb\"},\"inLanguage\":\"it-IT\",\"potentialAction\":[{\"@type\":\"ReadAction\",\"target\":[\"https:\/\/kastelir-labinci.com\/it\/item\/o-p-g-lucia-venier-2\/\"]}]},{\"@type\":\"ImageObject\",\"inLanguage\":\"it-IT\",\"@id\":\"https:\/\/kastelir-labinci.com\/it\/item\/o-p-g-lucia-venier-2\/#primaryimage\",\"url\":\"https:\/\/kastelir-labinci.com\/wp-content\/uploads\/2020\/08\/IMG-20190919-WA0001.jpg\",\"contentUrl\":\"https:\/\/kastelir-labinci.com\/wp-content\/uploads\/2020\/08\/IMG-20190919-WA0001.jpg\",\"width\":1600,\"height\":1200},{\"@type\":\"BreadcrumbList\",\"@id\":\"https:\/\/kastelir-labinci.com\/it\/item\/o-p-g-lucia-venier-2\/#breadcrumb\",\"itemListElement\":[{\"@type\":\"ListItem\",\"position\":1,\"name\":\"Home\",\"item\":\"https:\/\/kastelir-labinci.com\/it\/\"},{\"@type\":\"ListItem\",\"position\":2,\"name\":\"O.P.G. Lucia Venier\"}]},{\"@type\":\"WebSite\",\"@id\":\"https:\/\/kastelir-labinci.com\/it\/#website\",\"url\":\"https:\/\/kastelir-labinci.com\/it\/\",\"name\":\"Together in\",\"description\":\"- Ka\u0161telir-Labinci\",\"publisher\":{\"@id\":\"https:\/\/kastelir-labinci.com\/it\/#organization\"},\"potentialAction\":[{\"@type\":\"SearchAction\",\"target\":{\"@type\":\"EntryPoint\",\"urlTemplate\":\"https:\/\/kastelir-labinci.com\/it\/?s={search_term_string}\"},\"query-input\":{\"@type\":\"PropertyValueSpecification\",\"valueRequired\":true,\"valueName\":\"search_term_string\"}}],\"inLanguage\":\"it-IT\"},{\"@type\":\"Organization\",\"@id\":\"https:\/\/kastelir-labinci.com\/it\/#organization\",\"name\":\"TOGETHER IN Ka\u0161telir - Labinci, turisti\u010dka zajednica\",\"url\":\"https:\/\/kastelir-labinci.com\/it\/\",\"logo\":{\"@type\":\"ImageObject\",\"inLanguage\":\"it-IT\",\"@id\":\"https:\/\/kastelir-labinci.com\/it\/#\/schema\/logo\/image\/\",\"url\":\"https:\/\/kastelir-labinci.com\/wp-content\/uploads\/2020\/08\/logotip-3.png\",\"contentUrl\":\"https:\/\/kastelir-labinci.com\/wp-content\/uploads\/2020\/08\/logotip-3.png\",\"width\":512,\"height\":326,\"caption\":\"TOGETHER IN Ka\u0161telir - Labinci, turisti\u010dka zajednica\"},\"image\":{\"@id\":\"https:\/\/kastelir-labinci.com\/it\/#\/schema\/logo\/image\/\"}}]}<\/script>\n<!-- \/ Yoast SEO plugin. -->","yoast_head_json":{"title":"O.P.G. Lucia Venier - Together in","description":"Together in Ka\u0161telir Labinci","robots":{"index":"index","follow":"follow","max-snippet":"max-snippet:-1","max-image-preview":"max-image-preview:large","max-video-preview":"max-video-preview:-1"},"canonical":"https:\/\/kastelir-labinci.com\/it\/item\/o-p-g-lucia-venier-2\/","og_locale":"it_IT","og_type":"article","og_title":"O.P.G. Lucia Venier - Together in","og_description":"Together in Ka\u0161telir Labinci","og_url":"https:\/\/kastelir-labinci.com\/it\/item\/o-p-g-lucia-venier-2\/","og_site_name":"Together in","article_modified_time":"2021-08-16T16:26:43+00:00","og_image":[{"width":1600,"height":1200,"url":"https:\/\/kastelir-labinci.com\/wp-content\/uploads\/2020\/08\/IMG-20190919-WA0001.jpg","type":"image\/jpeg"}],"twitter_card":"summary_large_image","twitter_misc":{"Tempo di lettura stimato":"2 minuti"},"schema":{"@context":"https:\/\/schema.org","@graph":[{"@type":"WebPage","@id":"https:\/\/kastelir-labinci.com\/it\/item\/o-p-g-lucia-venier-2\/","url":"https:\/\/kastelir-labinci.com\/it\/item\/o-p-g-lucia-venier-2\/","name":"O.P.G. Lucia Venier - Together in","isPartOf":{"@id":"https:\/\/kastelir-labinci.com\/it\/#website"},"primaryImageOfPage":{"@id":"https:\/\/kastelir-labinci.com\/it\/item\/o-p-g-lucia-venier-2\/#primaryimage"},"image":{"@id":"https:\/\/kastelir-labinci.com\/it\/item\/o-p-g-lucia-venier-2\/#primaryimage"},"thumbnailUrl":"https:\/\/kastelir-labinci.com\/wp-content\/uploads\/2020\/08\/IMG-20190919-WA0001.jpg","datePublished":"2020-08-24T11:35:29+00:00","dateModified":"2021-08-16T16:26:43+00:00","description":"Together in Ka\u0161telir Labinci","breadcrumb":{"@id":"https:\/\/kastelir-labinci.com\/it\/item\/o-p-g-lucia-venier-2\/#breadcrumb"},"inLanguage":"it-IT","potentialAction":[{"@type":"ReadAction","target":["https:\/\/kastelir-labinci.com\/it\/item\/o-p-g-lucia-venier-2\/"]}]},{"@type":"ImageObject","inLanguage":"it-IT","@id":"https:\/\/kastelir-labinci.com\/it\/item\/o-p-g-lucia-venier-2\/#primaryimage","url":"https:\/\/kastelir-labinci.com\/wp-content\/uploads\/2020\/08\/IMG-20190919-WA0001.jpg","contentUrl":"https:\/\/kastelir-labinci.com\/wp-content\/uploads\/2020\/08\/IMG-20190919-WA0001.jpg","width":1600,"height":1200},{"@type":"BreadcrumbList","@id":"https:\/\/kastelir-labinci.com\/it\/item\/o-p-g-lucia-venier-2\/#breadcrumb","itemListElement":[{"@type":"ListItem","position":1,"name":"Home","item":"https:\/\/kastelir-labinci.com\/it\/"},{"@type":"ListItem","position":2,"name":"O.P.G. Lucia Venier"}]},{"@type":"WebSite","@id":"https:\/\/kastelir-labinci.com\/it\/#website","url":"https:\/\/kastelir-labinci.com\/it\/","name":"Together in","description":"- Ka\u0161telir-Labinci","publisher":{"@id":"https:\/\/kastelir-labinci.com\/it\/#organization"},"potentialAction":[{"@type":"SearchAction","target":{"@type":"EntryPoint","urlTemplate":"https:\/\/kastelir-labinci.com\/it\/?s={search_term_string}"},"query-input":{"@type":"PropertyValueSpecification","valueRequired":true,"valueName":"search_term_string"}}],"inLanguage":"it-IT"},{"@type":"Organization","@id":"https:\/\/kastelir-labinci.com\/it\/#organization","name":"TOGETHER IN Ka\u0161telir - Labinci, turisti\u010dka zajednica","url":"https:\/\/kastelir-labinci.com\/it\/","logo":{"@type":"ImageObject","inLanguage":"it-IT","@id":"https:\/\/kastelir-labinci.com\/it\/#\/schema\/logo\/image\/","url":"https:\/\/kastelir-labinci.com\/wp-content\/uploads\/2020\/08\/logotip-3.png","contentUrl":"https:\/\/kastelir-labinci.com\/wp-content\/uploads\/2020\/08\/logotip-3.png","width":512,"height":326,"caption":"TOGETHER IN Ka\u0161telir - Labinci, turisti\u010dka zajednica"},"image":{"@id":"https:\/\/kastelir-labinci.com\/it\/#\/schema\/logo\/image\/"}}]}},"_links":{"self":[{"href":"https:\/\/kastelir-labinci.com\/it\/wp-json\/wp\/v2\/citadela-item\/6205"}],"collection":[{"href":"https:\/\/kastelir-labinci.com\/it\/wp-json\/wp\/v2\/citadela-item"}],"about":[{"href":"https:\/\/kastelir-labinci.com\/it\/wp-json\/wp\/v2\/types\/citadela-item"}],"author":[{"embeddable":true,"href":"https:\/\/kastelir-labinci.com\/it\/wp-json\/wp\/v2\/users\/1"}],"replies":[{"embeddable":true,"href":"https:\/\/kastelir-labinci.com\/it\/wp-json\/wp\/v2\/comments?post=6205"}],"version-history":[{"count":2,"href":"https:\/\/kastelir-labinci.com\/it\/wp-json\/wp\/v2\/citadela-item\/6205\/revisions"}],"predecessor-version":[{"id":8009,"href":"https:\/\/kastelir-labinci.com\/it\/wp-json\/wp\/v2\/citadela-item\/6205\/revisions\/8009"}],"wp:featuredmedia":[{"embeddable":true,"href":"https:\/\/kastelir-labinci.com\/it\/wp-json\/wp\/v2\/media\/6207"}],"wp:attachment":[{"href":"https:\/\/kastelir-labinci.com\/it\/wp-json\/wp\/v2\/media?parent=6205"}],"wp:term":[{"taxonomy":"citadela-item-category","embeddable":true,"href":"https:\/\/kastelir-labinci.com\/it\/wp-json\/wp\/v2\/citadela-item-category?post=6205"},{"taxonomy":"citadela-item-location","embeddable":true,"href":"https:\/\/kastelir-labinci.com\/it\/wp-json\/wp\/v2\/citadela-item-location?post=6205"}],"curies":[{"name":"wp","href":"https:\/\/api.w.org\/{rel}","templated":true}]}}