{"id":8196,"date":"2020-08-14T10:39:06","date_gmt":"2020-08-14T10:39:06","guid":{"rendered":"https:\/\/kastelir-labinci.com\/item\/villa-palma\/"},"modified":"2021-08-19T11:00:49","modified_gmt":"2021-08-19T11:00:49","slug":"villa-palma","status":"publish","type":"citadela-item","link":"https:\/\/kastelir-labinci.com\/it\/item\/villa-palma\/","title":{"rendered":"Villa Ka\u0161telir (Palma)"},"content":{"rendered":"<p>Casa vacanze 6 + 2<\/p>\n<p>\nQuesta propriet\u00e0 si estende su 1400 m2 di terreno, con giardino e prato ben conservati. Vicino alla casa c&#8217;\u00e8 un garage di 58 m2 per 2 auto. Il piano terra \u00e8 composto da un ampio soggiorno con camino, sala da pranzo, cucina, dispensa e 2 camere da letto con bagno (una delle camere si trova vicino alla cucina ed ha un comodo divano per 2 persone). Al primo piano ci sono due camere da letto con bagno privato. Dalla camera da letto gli ospiti possono raggiungere facilmente la piscina di 40 mq. Al piano superiore ci sono le camere da letto e uno spazio intorno alla piscina che offre una bellissima vista sul mare in modo da poter godere della piscina e rilassare gli occhi sugli uliveti e sullo sfondo del mare Adriatico.<\/p>\n<h3>Contenuto<\/h3>\n<p>cortile recintato 1100 m2, parcheggio per 4 auto, grande piscina + piscina poco profonda, jacuzzi, barbecue, ping pong, badminton, lettino e mangiatoia per bambini, playstation 3, nintendo wii, wi-fi, servizi per disabili.<\/p>\n<p>&nbsp;<\/p>\n<div class=\"iconbox-side-container \">\n<div id='gallery-1' class='gallery galleryid-8196 gallery-columns-3 gallery-size-citadela_service'><figure class='gallery-item'>\n\t\t\t<div class='gallery-icon landscape'>\n\t\t\t\t<a href='https:\/\/kastelir-labinci.com\/wp-content\/uploads\/2020\/08\/1-4.jpg'><img loading=\"lazy\" decoding=\"async\" width=\"480\" height=\"360\" src=\"https:\/\/kastelir-labinci.com\/wp-content\/uploads\/2020\/08\/1-4-480x360.jpg\" class=\"attachment-citadela_service size-citadela_service\" alt=\"\" srcset=\"https:\/\/kastelir-labinci.com\/wp-content\/uploads\/2020\/08\/1-4-480x360.jpg 480w, https:\/\/kastelir-labinci.com\/wp-content\/uploads\/2020\/08\/1-4-300x225.jpg 300w, https:\/\/kastelir-labinci.com\/wp-content\/uploads\/2020\/08\/1-4-768x576.jpg 768w, https:\/\/kastelir-labinci.com\/wp-content\/uploads\/2020\/08\/1-4-640x480.jpg 640w, https:\/\/kastelir-labinci.com\/wp-content\/uploads\/2020\/08\/1-4.jpg 800w\" sizes=\"(max-width: 480px) 100vw, 480px\" \/><\/a>\n\t\t\t<\/div><\/figure><figure class='gallery-item'>\n\t\t\t<div class='gallery-icon landscape'>\n\t\t\t\t<a href='https:\/\/kastelir-labinci.com\/wp-content\/uploads\/2020\/08\/2-1.jpg'><img loading=\"lazy\" decoding=\"async\" width=\"480\" height=\"360\" src=\"https:\/\/kastelir-labinci.com\/wp-content\/uploads\/2020\/08\/2-1-480x360.jpg\" class=\"attachment-citadela_service size-citadela_service\" alt=\"\" srcset=\"https:\/\/kastelir-labinci.com\/wp-content\/uploads\/2020\/08\/2-1-480x360.jpg 480w, https:\/\/kastelir-labinci.com\/wp-content\/uploads\/2020\/08\/2-1-300x225.jpg 300w, https:\/\/kastelir-labinci.com\/wp-content\/uploads\/2020\/08\/2-1-768x576.jpg 768w, https:\/\/kastelir-labinci.com\/wp-content\/uploads\/2020\/08\/2-1-640x480.jpg 640w, https:\/\/kastelir-labinci.com\/wp-content\/uploads\/2020\/08\/2-1.jpg 800w\" sizes=\"(max-width: 480px) 100vw, 480px\" \/><\/a>\n\t\t\t<\/div><\/figure><figure class='gallery-item'>\n\t\t\t<div class='gallery-icon landscape'>\n\t\t\t\t<a href='https:\/\/kastelir-labinci.com\/wp-content\/uploads\/2020\/08\/3-4.jpg'><img loading=\"lazy\" decoding=\"async\" width=\"480\" height=\"360\" src=\"https:\/\/kastelir-labinci.com\/wp-content\/uploads\/2020\/08\/3-4-480x360.jpg\" class=\"attachment-citadela_service size-citadela_service\" alt=\"\" srcset=\"https:\/\/kastelir-labinci.com\/wp-content\/uploads\/2020\/08\/3-4-480x360.jpg 480w, https:\/\/kastelir-labinci.com\/wp-content\/uploads\/2020\/08\/3-4-300x225.jpg 300w, https:\/\/kastelir-labinci.com\/wp-content\/uploads\/2020\/08\/3-4-768x576.jpg 768w, https:\/\/kastelir-labinci.com\/wp-content\/uploads\/2020\/08\/3-4-640x480.jpg 640w, https:\/\/kastelir-labinci.com\/wp-content\/uploads\/2020\/08\/3-4.jpg 800w\" sizes=\"(max-width: 480px) 100vw, 480px\" \/><\/a>\n\t\t\t<\/div><\/figure><figure class='gallery-item'>\n\t\t\t<div class='gallery-icon landscape'>\n\t\t\t\t<a href='https:\/\/kastelir-labinci.com\/wp-content\/uploads\/2020\/08\/4.jpg'><img loading=\"lazy\" decoding=\"async\" width=\"480\" height=\"360\" src=\"https:\/\/kastelir-labinci.com\/wp-content\/uploads\/2020\/08\/4-480x360.jpg\" class=\"attachment-citadela_service size-citadela_service\" alt=\"\" srcset=\"https:\/\/kastelir-labinci.com\/wp-content\/uploads\/2020\/08\/4-480x360.jpg 480w, https:\/\/kastelir-labinci.com\/wp-content\/uploads\/2020\/08\/4-300x225.jpg 300w, https:\/\/kastelir-labinci.com\/wp-content\/uploads\/2020\/08\/4-768x576.jpg 768w, https:\/\/kastelir-labinci.com\/wp-content\/uploads\/2020\/08\/4-640x480.jpg 640w, https:\/\/kastelir-labinci.com\/wp-content\/uploads\/2020\/08\/4.jpg 800w\" sizes=\"(max-width: 480px) 100vw, 480px\" \/><\/a>\n\t\t\t<\/div><\/figure><figure class='gallery-item'>\n\t\t\t<div class='gallery-icon landscape'>\n\t\t\t\t<a href='https:\/\/kastelir-labinci.com\/wp-content\/uploads\/2020\/08\/5.jpg'><img loading=\"lazy\" decoding=\"async\" width=\"480\" height=\"360\" src=\"https:\/\/kastelir-labinci.com\/wp-content\/uploads\/2020\/08\/5-480x360.jpg\" class=\"attachment-citadela_service size-citadela_service\" alt=\"\" srcset=\"https:\/\/kastelir-labinci.com\/wp-content\/uploads\/2020\/08\/5-480x360.jpg 480w, https:\/\/kastelir-labinci.com\/wp-content\/uploads\/2020\/08\/5-300x225.jpg 300w, https:\/\/kastelir-labinci.com\/wp-content\/uploads\/2020\/08\/5-768x576.jpg 768w, https:\/\/kastelir-labinci.com\/wp-content\/uploads\/2020\/08\/5-640x480.jpg 640w, https:\/\/kastelir-labinci.com\/wp-content\/uploads\/2020\/08\/5.jpg 800w\" sizes=\"(max-width: 480px) 100vw, 480px\" \/><\/a>\n\t\t\t<\/div><\/figure><figure class='gallery-item'>\n\t\t\t<div class='gallery-icon landscape'>\n\t\t\t\t<a href='https:\/\/kastelir-labinci.com\/wp-content\/uploads\/2020\/08\/6.jpg'><img loading=\"lazy\" decoding=\"async\" width=\"480\" height=\"360\" src=\"https:\/\/kastelir-labinci.com\/wp-content\/uploads\/2020\/08\/6-480x360.jpg\" class=\"attachment-citadela_service size-citadela_service\" alt=\"\" srcset=\"https:\/\/kastelir-labinci.com\/wp-content\/uploads\/2020\/08\/6-480x360.jpg 480w, https:\/\/kastelir-labinci.com\/wp-content\/uploads\/2020\/08\/6-300x225.jpg 300w, https:\/\/kastelir-labinci.com\/wp-content\/uploads\/2020\/08\/6-768x576.jpg 768w, https:\/\/kastelir-labinci.com\/wp-content\/uploads\/2020\/08\/6-640x480.jpg 640w, https:\/\/kastelir-labinci.com\/wp-content\/uploads\/2020\/08\/6.jpg 800w\" sizes=\"(max-width: 480px) 100vw, 480px\" \/><\/a>\n\t\t\t<\/div><\/figure><figure class='gallery-item'>\n\t\t\t<div class='gallery-icon landscape'>\n\t\t\t\t<a href='https:\/\/kastelir-labinci.com\/wp-content\/uploads\/2020\/08\/7.jpg'><img loading=\"lazy\" decoding=\"async\" width=\"480\" height=\"360\" src=\"https:\/\/kastelir-labinci.com\/wp-content\/uploads\/2020\/08\/7-480x360.jpg\" class=\"attachment-citadela_service size-citadela_service\" alt=\"\" srcset=\"https:\/\/kastelir-labinci.com\/wp-content\/uploads\/2020\/08\/7-480x360.jpg 480w, https:\/\/kastelir-labinci.com\/wp-content\/uploads\/2020\/08\/7-300x225.jpg 300w, https:\/\/kastelir-labinci.com\/wp-content\/uploads\/2020\/08\/7-768x576.jpg 768w, https:\/\/kastelir-labinci.com\/wp-content\/uploads\/2020\/08\/7-640x480.jpg 640w, https:\/\/kastelir-labinci.com\/wp-content\/uploads\/2020\/08\/7.jpg 800w\" sizes=\"(max-width: 480px) 100vw, 480px\" \/><\/a>\n\t\t\t<\/div><\/figure><figure class='gallery-item'>\n\t\t\t<div class='gallery-icon landscape'>\n\t\t\t\t<a href='https:\/\/kastelir-labinci.com\/wp-content\/uploads\/2020\/08\/8.jpg'><img loading=\"lazy\" decoding=\"async\" width=\"480\" height=\"360\" src=\"https:\/\/kastelir-labinci.com\/wp-content\/uploads\/2020\/08\/8-480x360.jpg\" class=\"attachment-citadela_service size-citadela_service\" alt=\"\" srcset=\"https:\/\/kastelir-labinci.com\/wp-content\/uploads\/2020\/08\/8-480x360.jpg 480w, https:\/\/kastelir-labinci.com\/wp-content\/uploads\/2020\/08\/8-300x225.jpg 300w, https:\/\/kastelir-labinci.com\/wp-content\/uploads\/2020\/08\/8-768x576.jpg 768w, https:\/\/kastelir-labinci.com\/wp-content\/uploads\/2020\/08\/8-640x480.jpg 640w, https:\/\/kastelir-labinci.com\/wp-content\/uploads\/2020\/08\/8.jpg 800w\" sizes=\"(max-width: 480px) 100vw, 480px\" \/><\/a>\n\t\t\t<\/div><\/figure><figure class='gallery-item'>\n\t\t\t<div class='gallery-icon landscape'>\n\t\t\t\t<a href='https:\/\/kastelir-labinci.com\/wp-content\/uploads\/2020\/08\/vani-1.jpg'><img loading=\"lazy\" decoding=\"async\" width=\"480\" height=\"360\" src=\"https:\/\/kastelir-labinci.com\/wp-content\/uploads\/2020\/08\/vani-1-480x360.jpg\" class=\"attachment-citadela_service size-citadela_service\" alt=\"\" srcset=\"https:\/\/kastelir-labinci.com\/wp-content\/uploads\/2020\/08\/vani-1-480x360.jpg 480w, https:\/\/kastelir-labinci.com\/wp-content\/uploads\/2020\/08\/vani-1-300x225.jpg 300w, https:\/\/kastelir-labinci.com\/wp-content\/uploads\/2020\/08\/vani-1-768x576.jpg 768w, https:\/\/kastelir-labinci.com\/wp-content\/uploads\/2020\/08\/vani-1-640x480.jpg 640w, https:\/\/kastelir-labinci.com\/wp-content\/uploads\/2020\/08\/vani-1.jpg 800w\" sizes=\"(max-width: 480px) 100vw, 480px\" \/><\/a>\n\t\t\t<\/div><\/figure>\n\t\t<\/div>\n\n<\/div>\n<div id=\"md-live-text-5ee86859f01f5\" class=\"md-live-text gizmo-container 5ee86859f01f5 md-align-left\">\n<div class=\"live-text-container\">\n<div class=\"meditor meditor-responsive inline-md-editor meditor-responsive\" data-letterspace=\"0\" data-lineheight=\"1.2\">\u00a0<\/div>\n<\/div>\n<\/div>\n","protected":false},"excerpt":{"rendered":"<p>Casa vacanze 6 + 2<\/p>\n","protected":false},"author":1,"featured_media":6805,"menu_order":0,"comment_status":"closed","ping_status":"closed","template":"","citadela-item-category":[206],"citadela-item-location":[205],"class_list":["post-8196","citadela-item","type-citadela-item","status-publish","has-post-thumbnail","hentry","citadela-item-category-holiday-villa-it","citadela-item-location-kastelir-it"],"yoast_head":"<!-- This site is optimized with the Yoast SEO plugin v25.2 - https:\/\/yoast.com\/wordpress\/plugins\/seo\/ -->\n<title>Villa Ka\u0161telir (Palma) - Together in<\/title>\n<meta name=\"description\" content=\"Together in Ka\u0161telir Labinci\" \/>\n<meta name=\"robots\" content=\"index, follow, max-snippet:-1, max-image-preview:large, max-video-preview:-1\" \/>\n<link rel=\"canonical\" href=\"https:\/\/kastelir-labinci.com\/it\/item\/villa-palma\/\" \/>\n<meta property=\"og:locale\" content=\"it_IT\" \/>\n<meta property=\"og:type\" content=\"article\" \/>\n<meta property=\"og:title\" content=\"Villa Ka\u0161telir (Palma) - Together in\" \/>\n<meta property=\"og:description\" content=\"Together in Ka\u0161telir Labinci\" \/>\n<meta property=\"og:url\" content=\"https:\/\/kastelir-labinci.com\/it\/item\/villa-palma\/\" \/>\n<meta property=\"og:site_name\" content=\"Together in\" \/>\n<meta property=\"article:modified_time\" content=\"2021-08-19T11:00:49+00:00\" \/>\n<meta property=\"og:image\" content=\"https:\/\/kastelir-labinci.com\/wp-content\/uploads\/2020\/08\/Villa_Palma_glavna.jpg\" \/>\n\t<meta property=\"og:image:width\" content=\"800\" \/>\n\t<meta property=\"og:image:height\" content=\"600\" \/>\n\t<meta property=\"og:image:type\" content=\"image\/jpeg\" \/>\n<meta name=\"twitter:card\" content=\"summary_large_image\" \/>\n<meta name=\"twitter:label1\" content=\"Tempo di lettura stimato\" \/>\n\t<meta name=\"twitter:data1\" content=\"1 minuto\" \/>\n<script type=\"application\/ld+json\" class=\"yoast-schema-graph\">{\"@context\":\"https:\/\/schema.org\",\"@graph\":[{\"@type\":\"WebPage\",\"@id\":\"https:\/\/kastelir-labinci.com\/it\/item\/villa-palma\/\",\"url\":\"https:\/\/kastelir-labinci.com\/it\/item\/villa-palma\/\",\"name\":\"Villa Ka\u0161telir (Palma) - Together in\",\"isPartOf\":{\"@id\":\"https:\/\/kastelir-labinci.com\/it\/#website\"},\"primaryImageOfPage\":{\"@id\":\"https:\/\/kastelir-labinci.com\/it\/item\/villa-palma\/#primaryimage\"},\"image\":{\"@id\":\"https:\/\/kastelir-labinci.com\/it\/item\/villa-palma\/#primaryimage\"},\"thumbnailUrl\":\"https:\/\/kastelir-labinci.com\/wp-content\/uploads\/2020\/08\/Villa_Palma_glavna.jpg\",\"datePublished\":\"2020-08-14T10:39:06+00:00\",\"dateModified\":\"2021-08-19T11:00:49+00:00\",\"description\":\"Together in Ka\u0161telir Labinci\",\"breadcrumb\":{\"@id\":\"https:\/\/kastelir-labinci.com\/it\/item\/villa-palma\/#breadcrumb\"},\"inLanguage\":\"it-IT\",\"potentialAction\":[{\"@type\":\"ReadAction\",\"target\":[\"https:\/\/kastelir-labinci.com\/it\/item\/villa-palma\/\"]}]},{\"@type\":\"ImageObject\",\"inLanguage\":\"it-IT\",\"@id\":\"https:\/\/kastelir-labinci.com\/it\/item\/villa-palma\/#primaryimage\",\"url\":\"https:\/\/kastelir-labinci.com\/wp-content\/uploads\/2020\/08\/Villa_Palma_glavna.jpg\",\"contentUrl\":\"https:\/\/kastelir-labinci.com\/wp-content\/uploads\/2020\/08\/Villa_Palma_glavna.jpg\",\"width\":800,\"height\":600},{\"@type\":\"BreadcrumbList\",\"@id\":\"https:\/\/kastelir-labinci.com\/it\/item\/villa-palma\/#breadcrumb\",\"itemListElement\":[{\"@type\":\"ListItem\",\"position\":1,\"name\":\"Home\",\"item\":\"https:\/\/kastelir-labinci.com\/it\/\"},{\"@type\":\"ListItem\",\"position\":2,\"name\":\"Villa Ka\u0161telir (Palma)\"}]},{\"@type\":\"WebSite\",\"@id\":\"https:\/\/kastelir-labinci.com\/it\/#website\",\"url\":\"https:\/\/kastelir-labinci.com\/it\/\",\"name\":\"Together in\",\"description\":\"- Ka\u0161telir-Labinci\",\"publisher\":{\"@id\":\"https:\/\/kastelir-labinci.com\/it\/#organization\"},\"potentialAction\":[{\"@type\":\"SearchAction\",\"target\":{\"@type\":\"EntryPoint\",\"urlTemplate\":\"https:\/\/kastelir-labinci.com\/it\/?s={search_term_string}\"},\"query-input\":{\"@type\":\"PropertyValueSpecification\",\"valueRequired\":true,\"valueName\":\"search_term_string\"}}],\"inLanguage\":\"it-IT\"},{\"@type\":\"Organization\",\"@id\":\"https:\/\/kastelir-labinci.com\/it\/#organization\",\"name\":\"TOGETHER IN Ka\u0161telir - Labinci, turisti\u010dka zajednica\",\"url\":\"https:\/\/kastelir-labinci.com\/it\/\",\"logo\":{\"@type\":\"ImageObject\",\"inLanguage\":\"it-IT\",\"@id\":\"https:\/\/kastelir-labinci.com\/it\/#\/schema\/logo\/image\/\",\"url\":\"https:\/\/kastelir-labinci.com\/wp-content\/uploads\/2020\/08\/logotip-3.png\",\"contentUrl\":\"https:\/\/kastelir-labinci.com\/wp-content\/uploads\/2020\/08\/logotip-3.png\",\"width\":512,\"height\":326,\"caption\":\"TOGETHER IN Ka\u0161telir - Labinci, turisti\u010dka zajednica\"},\"image\":{\"@id\":\"https:\/\/kastelir-labinci.com\/it\/#\/schema\/logo\/image\/\"}}]}<\/script>\n<!-- \/ Yoast SEO plugin. -->","yoast_head_json":{"title":"Villa Ka\u0161telir (Palma) - Together in","description":"Together in Ka\u0161telir Labinci","robots":{"index":"index","follow":"follow","max-snippet":"max-snippet:-1","max-image-preview":"max-image-preview:large","max-video-preview":"max-video-preview:-1"},"canonical":"https:\/\/kastelir-labinci.com\/it\/item\/villa-palma\/","og_locale":"it_IT","og_type":"article","og_title":"Villa Ka\u0161telir (Palma) - Together in","og_description":"Together in Ka\u0161telir Labinci","og_url":"https:\/\/kastelir-labinci.com\/it\/item\/villa-palma\/","og_site_name":"Together in","article_modified_time":"2021-08-19T11:00:49+00:00","og_image":[{"width":800,"height":600,"url":"https:\/\/kastelir-labinci.com\/wp-content\/uploads\/2020\/08\/Villa_Palma_glavna.jpg","type":"image\/jpeg"}],"twitter_card":"summary_large_image","twitter_misc":{"Tempo di lettura stimato":"1 minuto"},"schema":{"@context":"https:\/\/schema.org","@graph":[{"@type":"WebPage","@id":"https:\/\/kastelir-labinci.com\/it\/item\/villa-palma\/","url":"https:\/\/kastelir-labinci.com\/it\/item\/villa-palma\/","name":"Villa Ka\u0161telir (Palma) - Together in","isPartOf":{"@id":"https:\/\/kastelir-labinci.com\/it\/#website"},"primaryImageOfPage":{"@id":"https:\/\/kastelir-labinci.com\/it\/item\/villa-palma\/#primaryimage"},"image":{"@id":"https:\/\/kastelir-labinci.com\/it\/item\/villa-palma\/#primaryimage"},"thumbnailUrl":"https:\/\/kastelir-labinci.com\/wp-content\/uploads\/2020\/08\/Villa_Palma_glavna.jpg","datePublished":"2020-08-14T10:39:06+00:00","dateModified":"2021-08-19T11:00:49+00:00","description":"Together in Ka\u0161telir Labinci","breadcrumb":{"@id":"https:\/\/kastelir-labinci.com\/it\/item\/villa-palma\/#breadcrumb"},"inLanguage":"it-IT","potentialAction":[{"@type":"ReadAction","target":["https:\/\/kastelir-labinci.com\/it\/item\/villa-palma\/"]}]},{"@type":"ImageObject","inLanguage":"it-IT","@id":"https:\/\/kastelir-labinci.com\/it\/item\/villa-palma\/#primaryimage","url":"https:\/\/kastelir-labinci.com\/wp-content\/uploads\/2020\/08\/Villa_Palma_glavna.jpg","contentUrl":"https:\/\/kastelir-labinci.com\/wp-content\/uploads\/2020\/08\/Villa_Palma_glavna.jpg","width":800,"height":600},{"@type":"BreadcrumbList","@id":"https:\/\/kastelir-labinci.com\/it\/item\/villa-palma\/#breadcrumb","itemListElement":[{"@type":"ListItem","position":1,"name":"Home","item":"https:\/\/kastelir-labinci.com\/it\/"},{"@type":"ListItem","position":2,"name":"Villa Ka\u0161telir (Palma)"}]},{"@type":"WebSite","@id":"https:\/\/kastelir-labinci.com\/it\/#website","url":"https:\/\/kastelir-labinci.com\/it\/","name":"Together in","description":"- Ka\u0161telir-Labinci","publisher":{"@id":"https:\/\/kastelir-labinci.com\/it\/#organization"},"potentialAction":[{"@type":"SearchAction","target":{"@type":"EntryPoint","urlTemplate":"https:\/\/kastelir-labinci.com\/it\/?s={search_term_string}"},"query-input":{"@type":"PropertyValueSpecification","valueRequired":true,"valueName":"search_term_string"}}],"inLanguage":"it-IT"},{"@type":"Organization","@id":"https:\/\/kastelir-labinci.com\/it\/#organization","name":"TOGETHER IN Ka\u0161telir - Labinci, turisti\u010dka zajednica","url":"https:\/\/kastelir-labinci.com\/it\/","logo":{"@type":"ImageObject","inLanguage":"it-IT","@id":"https:\/\/kastelir-labinci.com\/it\/#\/schema\/logo\/image\/","url":"https:\/\/kastelir-labinci.com\/wp-content\/uploads\/2020\/08\/logotip-3.png","contentUrl":"https:\/\/kastelir-labinci.com\/wp-content\/uploads\/2020\/08\/logotip-3.png","width":512,"height":326,"caption":"TOGETHER IN Ka\u0161telir - Labinci, turisti\u010dka zajednica"},"image":{"@id":"https:\/\/kastelir-labinci.com\/it\/#\/schema\/logo\/image\/"}}]}},"_links":{"self":[{"href":"https:\/\/kastelir-labinci.com\/it\/wp-json\/wp\/v2\/citadela-item\/8196"}],"collection":[{"href":"https:\/\/kastelir-labinci.com\/it\/wp-json\/wp\/v2\/citadela-item"}],"about":[{"href":"https:\/\/kastelir-labinci.com\/it\/wp-json\/wp\/v2\/types\/citadela-item"}],"author":[{"embeddable":true,"href":"https:\/\/kastelir-labinci.com\/it\/wp-json\/wp\/v2\/users\/1"}],"replies":[{"embeddable":true,"href":"https:\/\/kastelir-labinci.com\/it\/wp-json\/wp\/v2\/comments?post=8196"}],"version-history":[{"count":2,"href":"https:\/\/kastelir-labinci.com\/it\/wp-json\/wp\/v2\/citadela-item\/8196\/revisions"}],"predecessor-version":[{"id":8590,"href":"https:\/\/kastelir-labinci.com\/it\/wp-json\/wp\/v2\/citadela-item\/8196\/revisions\/8590"}],"wp:featuredmedia":[{"embeddable":true,"href":"https:\/\/kastelir-labinci.com\/it\/wp-json\/wp\/v2\/media\/6805"}],"wp:attachment":[{"href":"https:\/\/kastelir-labinci.com\/it\/wp-json\/wp\/v2\/media?parent=8196"}],"wp:term":[{"taxonomy":"citadela-item-category","embeddable":true,"href":"https:\/\/kastelir-labinci.com\/it\/wp-json\/wp\/v2\/citadela-item-category?post=8196"},{"taxonomy":"citadela-item-location","embeddable":true,"href":"https:\/\/kastelir-labinci.com\/it\/wp-json\/wp\/v2\/citadela-item-location?post=8196"}],"curies":[{"name":"wp","href":"https:\/\/api.w.org\/{rel}","templated":true}]}}