{"id":5324,"date":"2021-05-26T10:37:38","date_gmt":"2021-05-26T10:37:38","guid":{"rendered":"https:\/\/kastelir-labinci.com\/dozivljaj\/"},"modified":"2021-08-15T16:19:25","modified_gmt":"2021-08-15T16:19:25","slug":"lesperienza","status":"publish","type":"page","link":"https:\/\/kastelir-labinci.com\/it\/lesperienza\/","title":{"rendered":"Vivi l&#8217;esperienza"},"content":{"rendered":"\n<div class=\"wp-block-citadela-blocks-custom-container citadela-block-custom-container size-wide bg-type-image inside-space-none bg-size-auto has-overlay\" style=\"background-image:url(http:\/\/kastelir-labinci.com\/wp-content\/uploads\/2020\/06\/blank.png);background-repeat:no-repeat;background-position:50% 100%\"><div class=\"bg-image-overlay\" style=\"opacity:0.5\"><\/div><div class=\"inner-holder\">\n<div class=\"wp-block-citadela-blocks-spacer citadela-block-spacer\"><div class=\"inner-holder\" style=\"padding-top:200px\"><\/div><\/div>\n\n\n\n<div class=\"wp-block-group\"><div class=\"wp-block-group__inner-container is-layout-flow wp-block-group-is-layout-flow\">         <div \r\n            class=\"citadela-block-responsive-text align-left\"\r\n                                 >\r\n            <h1 class=\"inner-tag\" style=\"font-size: 49px;\"><strong><span class=\"has-inline-color has-luminous-vivid-amber-color\">Vivi l&#8217;esperienza<\/span><\/strong><\/h1>         <\/div>\r\n      \n\n\n<p>Partecipa al nostro stile di vita, incontra la nostra cultura e i nostri costumi.<\/p>\n\n\n\n<p>Il fatto che ci troviamo a soli cinquanta chilometri dalla rete stradale europea, e sette chilometri dal mare, rende interessante il nostro ambiente rurale anche in bassa stagione, quando puoi unirti alla raccolta di uva, olive, patate, asparagi e funghi. La vicinanza all&#8217;interno dell&#8217;Istria offre la possibilit\u00e0 di vivere avventure in piccole citt\u00e0 medievali che organizzano festival cinematografici, musicali e gastronomici, comprese le giornate del tartufo e del vino. Essendo circondati da una rigogliosa vegetazione mediterranea che si fonde con uliveti, vigneti e campi, potrai godere dei profumi della natura, dell&#8217;aria pulita e dell&#8217;ospitalit\u00e0 di persone che offrono un&#8217;atmosfera tranquilla della vita moderna.<\/p>\n\n\n\n<div class=\"wp-block-columns is-layout-flex wp-container-core-columns-is-layout-1 wp-block-columns-is-layout-flex\">\n<div class=\"wp-block-column is-layout-flow wp-block-column-is-layout-flow\">\n<figure class=\"wp-block-image size-citadela_service is-resized is-style-default\"><a href=\"https:\/\/kastelir-labinci.com\/it\/sapori\/\"><img decoding=\"async\" src=\"https:\/\/kastelir-labinci.com\/wp-content\/uploads\/2021\/06\/Kastelir-Vitis-fridays-fb-2-1-480x360.jpg\" alt=\"\" class=\"wp-image-4741\" width=\"500\" srcset=\"https:\/\/kastelir-labinci.com\/wp-content\/uploads\/2021\/06\/Kastelir-Vitis-fridays-fb-2-1-480x360.jpg 480w, https:\/\/kastelir-labinci.com\/wp-content\/uploads\/2021\/06\/Kastelir-Vitis-fridays-fb-2-1-640x480.jpg 640w\" sizes=\"(max-width: 480px) 100vw, 480px\" \/><\/a><\/figure>\n\n\n\n<p><strong>SAPORI<\/strong><\/p>\n\n\n\n<p>Assapora le prelibatezze della nostra regione e vivi indimenticabili esperienze gastronomiche.<\/p>\n\n\n\n<p>Numerosi agriturismi e aziende agricole familiari ti accoglieranno sempre a braccia aperte, regalandovi esperienze gastronomiche indimenticabili. Dato il gran numero di aziende a conduzione familiare che producono i propri prodotti e la necessit\u00e0 di presentare i risultati dei loro sforzi nel luogo in cui hanno avuto origine, viene organizzata la \u201cFiera estiva di Ka\u0161telir\u201d dove puoi degustare e acquistare i prodotti.<\/p>\n\n\n\n<p><strong><a href=\"https:\/\/kastelir-labinci.com\/2021\/06\/25\/together-in-free-friday-tasting\/\">Together In Tour<\/a><\/strong><\/p>\n\n\n\n<p>In collaborazione con l&#8217;Associazione Agricola Vitis, ti invitiamo ad unirti a noi per il &#8220;Together In Tour&#8221; e vivere di persona un\u2019esperienza speciale. Organizziamo un giro turistico settimanale degli agriturismi a Castellier &#8211; Santa Domenica durante il quale potrai scoprire il fascino dell&#8217;Istria rurale e degustare vino, grappa, olio d&#8217;oliva e altri prodotti autoctoni. Non perdere questa storia unica. Contatto: Associazione Vitis<\/p>\n<\/div>\n\n\n\n<div class=\"wp-block-column is-layout-flow wp-block-column-is-layout-flow\">\n<figure class=\"wp-block-image size-citadela_service is-resized is-style-default\"><a href=\"https:\/\/kastelir-labinci.com\/it\/2021\/06\/26\/eventi\/\"><img decoding=\"async\" src=\"https:\/\/kastelir-labinci.com\/wp-content\/uploads\/2021\/05\/20180804_210443-scaled-1-480x360.jpg\" alt=\"\" class=\"wp-image-6407\" width=\"500\" srcset=\"https:\/\/kastelir-labinci.com\/wp-content\/uploads\/2021\/05\/20180804_210443-scaled-1-480x360.jpg 480w, https:\/\/kastelir-labinci.com\/wp-content\/uploads\/2021\/05\/20180804_210443-scaled-1-300x225.jpg 300w, https:\/\/kastelir-labinci.com\/wp-content\/uploads\/2021\/05\/20180804_210443-scaled-1-1024x768.jpg 1024w, https:\/\/kastelir-labinci.com\/wp-content\/uploads\/2021\/05\/20180804_210443-scaled-1-768x576.jpg 768w, https:\/\/kastelir-labinci.com\/wp-content\/uploads\/2021\/05\/20180804_210443-scaled-1-640x480.jpg 640w, https:\/\/kastelir-labinci.com\/wp-content\/uploads\/2021\/05\/20180804_210443-scaled-1-1536x1152.jpg 1536w, https:\/\/kastelir-labinci.com\/wp-content\/uploads\/2021\/05\/20180804_210443-scaled-1-2048x1536.jpg 2048w\" sizes=\"(max-width: 480px) 100vw, 480px\" \/><\/a><\/figure>\n\n\n\n<p><strong><a href=\"https:\/\/kastelir-labinci.com\/it\/2021\/06\/26\/eventi\/\">EVENTI<\/a><\/strong><\/p>\n\n\n\n<p>Qui potrai vivere la gi\u00e0 famosa Gramperijada, un evento che celebra la patata come frutto della terra. Se ti stai chiedendo da dove deriva il nome di Gramperijada, ti diciamo che Ka\u0161telir \u00e8 l&#8217;unico posto in Istria dove la patata si chiama <em>gramper<\/em> e la sua qualit\u00e0 \u00e8 ampiamente conosciuta. La Gramperijada consiste in gare delle patate pi\u00f9 strane e pi\u00f9 grandi, mentre la sua parte inevitabile sono la preparazione di tutti i tipi di piatti di patate, musica e un&#8217;atmosfera gioiosa.<\/p>\n\n\n\n<p>Organizziamo anche la Festa dei SS Cosma e Damiano (Kuzminje), che rallegra sempre sia la gente del posto che i visitatori, soprattutto per la preparazione dal vivo di piatti tradizionali. Si sfidano spesso nella preparazione di leccornie squadre composte da membri di organi comunali, vigili del fuoco volontari, gruppi vocali, membri della comunit\u00e0 italiana o societ\u00e0 sportive. La festa di Kuzminje \u00e8 una celebrazione dei santi patroni di Ka\u0161telir, Santi Cosma e Damiano, tradizionalmente segnata da una processione in chiesa.<\/p>\n\n\n\n<p>La tradizionale festa di San Valentino va ricordato come un evento a cui prestiamo grande attenzione, dato che San Valentino \u00e8 il patrono di Ka\u0161telir. Ti invitiamo ad unirti a noi nella festa di San Giovanni, patrono di Labinci, celebrata ogni anno il 24 giugno.<\/p>\n<\/div>\n<\/div>\n\n\n\n<figure class=\"wp-block-gallery aligncenter columns-0 is-cropped wp-block-gallery-1 is-layout-flex wp-block-gallery-is-layout-flex\"><ul class=\"blocks-gallery-grid\"><\/ul><\/figure>\n\n\n\n<p><\/p>\n<\/div><\/div>\n\n\n\n<p><\/p>\n<\/div><\/div>\n\n\n\n<div class=\"wp-block-citadela-blocks-spacer citadela-block-spacer\"><div class=\"inner-holder\" style=\"padding-top:5vw\"><\/div><\/div>\n\n\n\n<div class=\"wp-block-citadela-blocks-spacer citadela-block-spacer\"><div class=\"inner-holder\" style=\"padding-top:4vw\"><\/div><\/div>\n\n\n\n<div class=\"wp-block-citadela-blocks-spacer citadela-block-spacer negative-height\"><div class=\"inner-holder\" style=\"margin-top:-8em\"><\/div><\/div>\n","protected":false},"excerpt":{"rendered":"","protected":false},"author":1,"featured_media":0,"parent":0,"menu_order":0,"comment_status":"closed","ping_status":"closed","template":"","meta":{"_citadela_hide_page_title":"1","_citadela_remove_header_space":"1","_citadela_custom_class":"","_citadela_half_map_provider":"","_citadela_half_map_theme":"","_citadela_half_map_themeOSM":"","_citadela_half_map_customTheme":"","_citadela_half_map_dataType":"","_citadela_half_map_dynamicTrack":false,"_citadela_half_map_trackColor":"","_citadela_half_map_trackEndpointsColor":"","_citadela_half_map_filterCategory":"","_citadela_half_map_filterLocation":"","_citadela_half_map_filterFeatured":false,"_citadela_half_map_noDataBehavior":"empty-map","_citadela_half_map_noDataText":"","_citadela_half_map_clusterGridSize":80,"_citadela_header":true,"_citadela_header_over_content":true,"_citadela_header_text_color":"","_citadela_header_logo":[],"_citadela_header_bg_image":[],"_citadela_header_bg_position":{"x":0.5,"y":0.5},"_citadela_header_bg_size":"cover","_citadela_header_bg_repeat":"no-repeat","_citadela_header_bg_fixed":false,"_citadela_header_bg_color":"","_citadela_header_bg_image_overlay":"","_citadela_header_transparent_bg":false,"_citadela_content_width":"","_citadela_half_layout_position":"","footnotes":""},"class_list":["post-5324","page","type-page","status-publish","hentry"],"yoast_head":"<!-- This site is optimized with the Yoast SEO plugin v25.2 - https:\/\/yoast.com\/wordpress\/plugins\/seo\/ -->\n<title>Vivi l&#039;esperienza - Together in<\/title>\n<meta name=\"description\" content=\"Together in Ka\u0161telir Labinci\" \/>\n<meta name=\"robots\" content=\"index, follow, max-snippet:-1, max-image-preview:large, max-video-preview:-1\" \/>\n<link rel=\"canonical\" href=\"https:\/\/kastelir-labinci.com\/it\/lesperienza\/\" \/>\n<meta property=\"og:locale\" content=\"it_IT\" \/>\n<meta property=\"og:type\" content=\"article\" \/>\n<meta property=\"og:title\" content=\"Vivi l&#039;esperienza - Together in\" \/>\n<meta property=\"og:description\" content=\"Together in Ka\u0161telir Labinci\" \/>\n<meta property=\"og:url\" content=\"https:\/\/kastelir-labinci.com\/it\/lesperienza\/\" \/>\n<meta property=\"og:site_name\" content=\"Together in\" \/>\n<meta property=\"article:modified_time\" content=\"2021-08-15T16:19:25+00:00\" \/>\n<meta property=\"og:image\" content=\"https:\/\/kastelir-labinci.com\/wp-content\/uploads\/2021\/06\/Kastelir-Vitis-fridays-fb-2-1-480x360.jpg\" \/>\n<meta name=\"twitter:card\" content=\"summary_large_image\" \/>\n<meta name=\"twitter:label1\" content=\"Tempo di lettura stimato\" \/>\n\t<meta name=\"twitter:data1\" content=\"3 minuti\" \/>\n<script type=\"application\/ld+json\" class=\"yoast-schema-graph\">{\"@context\":\"https:\/\/schema.org\",\"@graph\":[{\"@type\":\"WebPage\",\"@id\":\"https:\/\/kastelir-labinci.com\/it\/lesperienza\/\",\"url\":\"https:\/\/kastelir-labinci.com\/it\/lesperienza\/\",\"name\":\"Vivi l'esperienza - Together in\",\"isPartOf\":{\"@id\":\"https:\/\/kastelir-labinci.com\/it\/#website\"},\"primaryImageOfPage\":{\"@id\":\"https:\/\/kastelir-labinci.com\/it\/lesperienza\/#primaryimage\"},\"image\":{\"@id\":\"https:\/\/kastelir-labinci.com\/it\/lesperienza\/#primaryimage\"},\"thumbnailUrl\":\"https:\/\/kastelir-labinci.com\/wp-content\/uploads\/2021\/06\/Kastelir-Vitis-fridays-fb-2-1-480x360.jpg\",\"datePublished\":\"2021-05-26T10:37:38+00:00\",\"dateModified\":\"2021-08-15T16:19:25+00:00\",\"description\":\"Together in Ka\u0161telir Labinci\",\"breadcrumb\":{\"@id\":\"https:\/\/kastelir-labinci.com\/it\/lesperienza\/#breadcrumb\"},\"inLanguage\":\"it-IT\",\"potentialAction\":[{\"@type\":\"ReadAction\",\"target\":[\"https:\/\/kastelir-labinci.com\/it\/lesperienza\/\"]}]},{\"@type\":\"ImageObject\",\"inLanguage\":\"it-IT\",\"@id\":\"https:\/\/kastelir-labinci.com\/it\/lesperienza\/#primaryimage\",\"url\":\"https:\/\/kastelir-labinci.com\/wp-content\/uploads\/2021\/06\/Kastelir-Vitis-fridays-fb-2-1-480x360.jpg\",\"contentUrl\":\"https:\/\/kastelir-labinci.com\/wp-content\/uploads\/2021\/06\/Kastelir-Vitis-fridays-fb-2-1-480x360.jpg\"},{\"@type\":\"BreadcrumbList\",\"@id\":\"https:\/\/kastelir-labinci.com\/it\/lesperienza\/#breadcrumb\",\"itemListElement\":[{\"@type\":\"ListItem\",\"position\":1,\"name\":\"Home\",\"item\":\"https:\/\/kastelir-labinci.com\/it\/\"},{\"@type\":\"ListItem\",\"position\":2,\"name\":\"Vivi l&#8217;esperienza\"}]},{\"@type\":\"WebSite\",\"@id\":\"https:\/\/kastelir-labinci.com\/it\/#website\",\"url\":\"https:\/\/kastelir-labinci.com\/it\/\",\"name\":\"Together in\",\"description\":\"- Ka\u0161telir-Labinci\",\"publisher\":{\"@id\":\"https:\/\/kastelir-labinci.com\/it\/#organization\"},\"potentialAction\":[{\"@type\":\"SearchAction\",\"target\":{\"@type\":\"EntryPoint\",\"urlTemplate\":\"https:\/\/kastelir-labinci.com\/it\/?s={search_term_string}\"},\"query-input\":{\"@type\":\"PropertyValueSpecification\",\"valueRequired\":true,\"valueName\":\"search_term_string\"}}],\"inLanguage\":\"it-IT\"},{\"@type\":\"Organization\",\"@id\":\"https:\/\/kastelir-labinci.com\/it\/#organization\",\"name\":\"TOGETHER IN Ka\u0161telir - Labinci, turisti\u010dka zajednica\",\"url\":\"https:\/\/kastelir-labinci.com\/it\/\",\"logo\":{\"@type\":\"ImageObject\",\"inLanguage\":\"it-IT\",\"@id\":\"https:\/\/kastelir-labinci.com\/it\/#\/schema\/logo\/image\/\",\"url\":\"https:\/\/kastelir-labinci.com\/wp-content\/uploads\/2020\/08\/logotip-3.png\",\"contentUrl\":\"https:\/\/kastelir-labinci.com\/wp-content\/uploads\/2020\/08\/logotip-3.png\",\"width\":512,\"height\":326,\"caption\":\"TOGETHER IN Ka\u0161telir - Labinci, turisti\u010dka zajednica\"},\"image\":{\"@id\":\"https:\/\/kastelir-labinci.com\/it\/#\/schema\/logo\/image\/\"}}]}<\/script>\n<!-- \/ Yoast SEO plugin. -->","yoast_head_json":{"title":"Vivi l'esperienza - Together in","description":"Together in Ka\u0161telir Labinci","robots":{"index":"index","follow":"follow","max-snippet":"max-snippet:-1","max-image-preview":"max-image-preview:large","max-video-preview":"max-video-preview:-1"},"canonical":"https:\/\/kastelir-labinci.com\/it\/lesperienza\/","og_locale":"it_IT","og_type":"article","og_title":"Vivi l'esperienza - Together in","og_description":"Together in Ka\u0161telir Labinci","og_url":"https:\/\/kastelir-labinci.com\/it\/lesperienza\/","og_site_name":"Together in","article_modified_time":"2021-08-15T16:19:25+00:00","og_image":[{"url":"https:\/\/kastelir-labinci.com\/wp-content\/uploads\/2021\/06\/Kastelir-Vitis-fridays-fb-2-1-480x360.jpg","type":"","width":"","height":""}],"twitter_card":"summary_large_image","twitter_misc":{"Tempo di lettura stimato":"3 minuti"},"schema":{"@context":"https:\/\/schema.org","@graph":[{"@type":"WebPage","@id":"https:\/\/kastelir-labinci.com\/it\/lesperienza\/","url":"https:\/\/kastelir-labinci.com\/it\/lesperienza\/","name":"Vivi l'esperienza - Together in","isPartOf":{"@id":"https:\/\/kastelir-labinci.com\/it\/#website"},"primaryImageOfPage":{"@id":"https:\/\/kastelir-labinci.com\/it\/lesperienza\/#primaryimage"},"image":{"@id":"https:\/\/kastelir-labinci.com\/it\/lesperienza\/#primaryimage"},"thumbnailUrl":"https:\/\/kastelir-labinci.com\/wp-content\/uploads\/2021\/06\/Kastelir-Vitis-fridays-fb-2-1-480x360.jpg","datePublished":"2021-05-26T10:37:38+00:00","dateModified":"2021-08-15T16:19:25+00:00","description":"Together in Ka\u0161telir Labinci","breadcrumb":{"@id":"https:\/\/kastelir-labinci.com\/it\/lesperienza\/#breadcrumb"},"inLanguage":"it-IT","potentialAction":[{"@type":"ReadAction","target":["https:\/\/kastelir-labinci.com\/it\/lesperienza\/"]}]},{"@type":"ImageObject","inLanguage":"it-IT","@id":"https:\/\/kastelir-labinci.com\/it\/lesperienza\/#primaryimage","url":"https:\/\/kastelir-labinci.com\/wp-content\/uploads\/2021\/06\/Kastelir-Vitis-fridays-fb-2-1-480x360.jpg","contentUrl":"https:\/\/kastelir-labinci.com\/wp-content\/uploads\/2021\/06\/Kastelir-Vitis-fridays-fb-2-1-480x360.jpg"},{"@type":"BreadcrumbList","@id":"https:\/\/kastelir-labinci.com\/it\/lesperienza\/#breadcrumb","itemListElement":[{"@type":"ListItem","position":1,"name":"Home","item":"https:\/\/kastelir-labinci.com\/it\/"},{"@type":"ListItem","position":2,"name":"Vivi l&#8217;esperienza"}]},{"@type":"WebSite","@id":"https:\/\/kastelir-labinci.com\/it\/#website","url":"https:\/\/kastelir-labinci.com\/it\/","name":"Together in","description":"- Ka\u0161telir-Labinci","publisher":{"@id":"https:\/\/kastelir-labinci.com\/it\/#organization"},"potentialAction":[{"@type":"SearchAction","target":{"@type":"EntryPoint","urlTemplate":"https:\/\/kastelir-labinci.com\/it\/?s={search_term_string}"},"query-input":{"@type":"PropertyValueSpecification","valueRequired":true,"valueName":"search_term_string"}}],"inLanguage":"it-IT"},{"@type":"Organization","@id":"https:\/\/kastelir-labinci.com\/it\/#organization","name":"TOGETHER IN Ka\u0161telir - Labinci, turisti\u010dka zajednica","url":"https:\/\/kastelir-labinci.com\/it\/","logo":{"@type":"ImageObject","inLanguage":"it-IT","@id":"https:\/\/kastelir-labinci.com\/it\/#\/schema\/logo\/image\/","url":"https:\/\/kastelir-labinci.com\/wp-content\/uploads\/2020\/08\/logotip-3.png","contentUrl":"https:\/\/kastelir-labinci.com\/wp-content\/uploads\/2020\/08\/logotip-3.png","width":512,"height":326,"caption":"TOGETHER IN Ka\u0161telir - Labinci, turisti\u010dka zajednica"},"image":{"@id":"https:\/\/kastelir-labinci.com\/it\/#\/schema\/logo\/image\/"}}]}},"_links":{"self":[{"href":"https:\/\/kastelir-labinci.com\/it\/wp-json\/wp\/v2\/pages\/5324"}],"collection":[{"href":"https:\/\/kastelir-labinci.com\/it\/wp-json\/wp\/v2\/pages"}],"about":[{"href":"https:\/\/kastelir-labinci.com\/it\/wp-json\/wp\/v2\/types\/page"}],"author":[{"embeddable":true,"href":"https:\/\/kastelir-labinci.com\/it\/wp-json\/wp\/v2\/users\/1"}],"replies":[{"embeddable":true,"href":"https:\/\/kastelir-labinci.com\/it\/wp-json\/wp\/v2\/comments?post=5324"}],"version-history":[{"count":5,"href":"https:\/\/kastelir-labinci.com\/it\/wp-json\/wp\/v2\/pages\/5324\/revisions"}],"predecessor-version":[{"id":7996,"href":"https:\/\/kastelir-labinci.com\/it\/wp-json\/wp\/v2\/pages\/5324\/revisions\/7996"}],"wp:attachment":[{"href":"https:\/\/kastelir-labinci.com\/it\/wp-json\/wp\/v2\/media?parent=5324"}],"curies":[{"name":"wp","href":"https:\/\/api.w.org\/{rel}","templated":true}]}}