{"id":5328,"date":"2021-04-22T21:38:30","date_gmt":"2021-04-22T21:38:30","guid":{"rendered":"https:\/\/kastelir-labinci.com\/okusi\/"},"modified":"2021-08-15T21:25:17","modified_gmt":"2021-08-15T21:25:17","slug":"sapori","status":"publish","type":"page","link":"https:\/\/kastelir-labinci.com\/it\/sapori\/","title":{"rendered":"Sapori"},"content":{"rendered":"\n<div class=\"wp-block-citadela-blocks-custom-container citadela-block-custom-container size-wide bg-type-image inside-space-none bg-size-auto has-overlay\" style=\"background-image:url(http:\/\/kastelir-labinci.com\/wp-content\/uploads\/2020\/06\/blank.png);background-repeat:no-repeat;background-position:50% 100%\"><div class=\"bg-image-overlay\" style=\"opacity:0.5\"><\/div><div class=\"inner-holder\">\n<div class=\"wp-block-citadela-blocks-spacer citadela-block-spacer\"><div class=\"inner-holder\" style=\"padding-top:200px\"><\/div><\/div>\n\n\n\n<div class=\"wp-block-group\"><div class=\"wp-block-group__inner-container is-layout-flow wp-block-group-is-layout-flow\">         <div \r\n            class=\"citadela-block-responsive-text align-left\"\r\n                                 >\r\n            <h1 class=\"inner-tag\" style=\"font-size: 49px;\"><strong><span class=\"has-inline-color has-luminous-vivid-amber-color\">Sapori<\/span><\/strong><\/h1>         <\/div>\r\n      \n\n\n<p>Assapora le prelibatezze della nostra regione e vivi indimenticabili esperienze gastronomiche.<\/p>\n\n\n\n<p>La popolazione della nostra zona \u00e8 principalmente dedita alla piccola impresa e all&#8217;agricoltura, e queste persone laboriose sono noti produttori di vino, patate, olio d&#8217;oliva, miele e ortaggi. Hanno ricevuto spesso riconoscimenti e premi, e ogni visitatore ha l&#8217;opportunit\u00e0 di assaggiare i migliori prodotti autoctoni locali che l&#8217;Istria ha da offrire. Molte cantine sono segnate sulle mappe delle strade del vino della Regione istriana e visitarle \u00e8 un&#8217;esperienza speciale. Grazie al clima favorevole, le osterie della zona hanno sempre offerto buoni vini in quantit\u00e0, quindi ti invitiamo a visitare i nostri viticoltori percorrendo la &#8220;Strada del vino&#8221; e degustare i migliori vini della regione direttamente nelle loro cantine.<\/p>\n\n\n\n<figure class=\"wp-block-gallery columns-4 is-cropped wp-block-gallery-1 is-layout-flex wp-block-gallery-is-layout-flex\"><ul class=\"blocks-gallery-grid\"><li class=\"blocks-gallery-item\"><figure><a href=\"https:\/\/kastelir-labinci.com\/wp-content\/uploads\/2020\/08\/DJI_0223.jpg\"><img loading=\"lazy\" decoding=\"async\" width=\"480\" height=\"360\" src=\"https:\/\/kastelir-labinci.com\/wp-content\/uploads\/2020\/08\/DJI_0223-480x360.jpg\" alt=\"\" data-id=\"4105\" data-full-url=\"https:\/\/kastelir-labinci.com\/wp-content\/uploads\/2020\/08\/DJI_0223.jpg\" data-link=\"https:\/\/kastelir-labinci.com\/item\/o-p-g-oliveri\/dji_0223\/\" class=\"wp-image-7683\" srcset=\"https:\/\/kastelir-labinci.com\/wp-content\/uploads\/2020\/08\/DJI_0223-480x360.jpg 480w, https:\/\/kastelir-labinci.com\/wp-content\/uploads\/2020\/08\/DJI_0223-640x480.jpg 640w\" sizes=\"(max-width: 480px) 100vw, 480px\" \/><\/a><\/figure><\/li><li class=\"blocks-gallery-item\"><figure><a href=\"https:\/\/kastelir-labinci.com\/wp-content\/uploads\/2021\/04\/matkovic-pomidori-1.jpg\"><img loading=\"lazy\" decoding=\"async\" width=\"425\" height=\"314\" src=\"https:\/\/kastelir-labinci.com\/wp-content\/uploads\/2021\/04\/matkovic-pomidori-1.jpg\" alt=\"\" data-id=\"4089\" data-full-url=\"https:\/\/kastelir-labinci.com\/wp-content\/uploads\/2021\/04\/matkovic-pomidori-1.jpg\" data-link=\"https:\/\/kastelir-labinci.com\/item\/o-p-g-matkovic\/smart\/\" class=\"wp-image-4089\" srcset=\"https:\/\/kastelir-labinci.com\/wp-content\/uploads\/2021\/04\/matkovic-pomidori-1.jpg 425w, https:\/\/kastelir-labinci.com\/wp-content\/uploads\/2021\/04\/matkovic-pomidori-1-300x222.jpg 300w\" sizes=\"(max-width: 425px) 100vw, 425px\" \/><\/a><figcaption class=\"blocks-gallery-item__caption\">smart<\/figcaption><\/figure><\/li><li class=\"blocks-gallery-item\"><figure><a href=\"https:\/\/kastelir-labinci.com\/wp-content\/uploads\/2020\/08\/OPG-LOZA-5.jpg\"><img loading=\"lazy\" decoding=\"async\" width=\"480\" height=\"360\" src=\"https:\/\/kastelir-labinci.com\/wp-content\/uploads\/2020\/08\/OPG-LOZA-5-480x360.jpg\" alt=\"\" data-id=\"4024\" data-full-url=\"https:\/\/kastelir-labinci.com\/wp-content\/uploads\/2020\/08\/OPG-LOZA-5.jpg\" data-link=\"https:\/\/kastelir-labinci.com\/item\/o-p-g-edi-brcic\/opg-loza-5\/\" class=\"wp-image-7783\" srcset=\"https:\/\/kastelir-labinci.com\/wp-content\/uploads\/2020\/08\/OPG-LOZA-5-480x360.jpg 480w, https:\/\/kastelir-labinci.com\/wp-content\/uploads\/2020\/08\/OPG-LOZA-5-640x480.jpg 640w\" sizes=\"(max-width: 480px) 100vw, 480px\" \/><\/a><\/figure><\/li><li class=\"blocks-gallery-item\"><figure><a href=\"https:\/\/kastelir-labinci.com\/wp-content\/uploads\/2020\/08\/kocijancic-katalog-1-page-007-rotated.jpg\"><img loading=\"lazy\" decoding=\"async\" width=\"480\" height=\"360\" src=\"https:\/\/kastelir-labinci.com\/wp-content\/uploads\/2020\/08\/kocijancic-katalog-1-page-007-480x360.jpg\" alt=\"\" data-id=\"4042\" data-full-url=\"https:\/\/kastelir-labinci.com\/wp-content\/uploads\/2020\/08\/kocijancic-katalog-1-page-007-rotated.jpg\" data-link=\"https:\/\/kastelir-labinci.com\/item\/o-p-g-igor-kocijancic\/kocijancic-katalog-1-page-007\/\" class=\"wp-image-7851\" srcset=\"https:\/\/kastelir-labinci.com\/wp-content\/uploads\/2020\/08\/kocijancic-katalog-1-page-007-480x360.jpg 480w, https:\/\/kastelir-labinci.com\/wp-content\/uploads\/2020\/08\/kocijancic-katalog-1-page-007-640x480.jpg 640w\" sizes=\"(max-width: 480px) 100vw, 480px\" \/><\/a><\/figure><\/li><\/ul><\/figure>\n\n\n\n<p>Numerosi agriturismi e aziende agricole familiari ti accoglieranno sempre a braccia aperte, regalandovi esperienze gastronomiche indimenticabili. Dato il gran numero di aziende a conduzione familiare che producono i propri prodotti e la necessit\u00e0 di presentare i risultati dei loro sforzi nel luogo in cui hanno avuto origine, viene organizzata la \u201cFiera estiva di Ka\u0161telir\u201d dove puoi degustare e acquistare i prodotti.<\/p>\n\n\n\n<p><strong>Together In Tour<\/strong><\/p>\n\n\n\n<p>In collaborazione con l&#8217;Associazione Agricola Vitis, ti invitiamo ad unirti a noi per il &#8220;Together In Tour&#8221; e vivere di persona un\u2019esperienza speciale. Organizziamo un giro turistico settimanale degli agriturismi a Castellier &#8211; Santa Domenica durante il quale potrai scoprire il fascino dell&#8217;Istria rurale e degustare vino, grappa, olio d&#8217;oliva e altri prodotti autoctoni. Non perdere questa storia unica. <\/p>\n\n\n\n<p>Contatto: Associazione Vitis<\/p>\n<\/div><\/div>\n\n\n\n<p><\/p>\n\n\n\n<div class=\"wp-block-citadela-blocks-spacer citadela-block-spacer negative-height\"><div class=\"inner-holder\" style=\"margin-top:-62px\"><\/div><\/div>\n\n\n\n<div class=\"wp-block-citadela-blocks-spacer citadela-block-spacer\"><div class=\"inner-holder\" style=\"padding-top:50px\"><\/div><\/div>\n\n\n\n<div style=\"height:43px\" aria-hidden=\"true\" class=\"wp-block-spacer\"><\/div>\n\n\n\n<h5 class=\"wp-block-heading\"><strong>SCEGLIETE<\/strong><\/h5>\n\n\n\r\n        <div class=\"wp-block-citadela-blocks ctdl-directory-categories-list grid-type-2 layout-list size-small\"\r\n                    >\r\n            \r\n            \r\n            \r\n            <div class=\"citadela-block-articles \">\r\n                <div class=\"citadela-block-articles-wrap \">\r\n\r\n                                        \r\n                    <a href=\"https:\/\/kastelir-labinci.com\/it\/cat\/bevande-artigianali\/\" class=\"\">\r\n                        <article class=\"folder-card\">\r\n                            <div class=\"folder-header\">\r\n                                                                    <div class=\"folder-icon\">\r\n                                        <span class=\"icon-bg\" style=\"background-color: #0085ba;\"><\/span>\r\n                                        <i class=\"fas fa-circle\" style=\"color: #0085ba; border-color: #0085ba;\"><\/i>\r\n                                    <\/div>\r\n                                                            <\/div>\r\n                            <div class=\"folder-content\">\r\n                                    <div class=\"folder-content-wrap\">\r\n                                        <p class=\"folder-title\">Bevande artigianali<\/p>\r\n                                                                                <p class=\"folder-description\">Sei un amante delle bevande artigianali create utilizzando metodi naturali in piccole unit\u00e0 produttive? Possiamo offrire anche questo! Assapora gusti artigianali unici e rinfrescati con aromi che non hai mai provato prima. Credici, ti appassionerai.\n<\/p>\r\n                                                                            <\/div>\r\n                            <\/div>\r\n                        <\/article>\r\n                    <\/a>\r\n                                        \r\n                    <a href=\"https:\/\/kastelir-labinci.com\/it\/cat\/grappe-e-liquori\/\" class=\"\">\r\n                        <article class=\"folder-card\">\r\n                            <div class=\"folder-header\">\r\n                                                                    <div class=\"folder-icon\">\r\n                                        <span class=\"icon-bg\" style=\"background-color: #0085ba;\"><\/span>\r\n                                        <i class=\"fas fa-circle\" style=\"color: #0085ba; border-color: #0085ba;\"><\/i>\r\n                                    <\/div>\r\n                                                            <\/div>\r\n                            <div class=\"folder-content\">\r\n                                    <div class=\"folder-content-wrap\">\r\n                                        <p class=\"folder-title\">Grappe e liquori<\/p>\r\n                                                                                <p class=\"folder-description\">\u00c8 incredibile quanti aromi, tipi e sapori diversi puoi scegliere quando si tratta di grappe (distillati) e liquori di questi territori. Ogni prodotto \u00e8 un sorso di puro piacere e salute.\n<\/p>\r\n                                                                            <\/div>\r\n                            <\/div>\r\n                        <\/article>\r\n                    <\/a>\r\n                                        \r\n                    <a href=\"https:\/\/kastelir-labinci.com\/it\/cat\/lavanda\/\" class=\"\">\r\n                        <article class=\"folder-card\">\r\n                            <div class=\"folder-header\">\r\n                                                                    <div class=\"folder-icon\">\r\n                                        <span class=\"icon-bg\" style=\"background-color: #0085ba;\"><\/span>\r\n                                        <i class=\"fas fa-circle\" style=\"color: #0085ba; border-color: #0085ba;\"><\/i>\r\n                                    <\/div>\r\n                                                            <\/div>\r\n                            <div class=\"folder-content\">\r\n                                    <div class=\"folder-content-wrap\">\r\n                                        <p class=\"folder-title\">Lavanda<\/p>\r\n                                                                                <p class=\"folder-description\">La regina tra le piante, simbolo del Mediterraneo, prediletta nella cosmesi, nella medicina naturale, oltre che nella gastronomia. Apprezza i profumi sensuali e le caratteristiche dei prodotti alla lavanda di Ka\u0161telir.\n<\/p>\r\n                                                                            <\/div>\r\n                            <\/div>\r\n                        <\/article>\r\n                    <\/a>\r\n                                        \r\n                    <a href=\"https:\/\/kastelir-labinci.com\/it\/cat\/oli-di-oliva\/\" class=\"\">\r\n                        <article class=\"folder-card\">\r\n                            <div class=\"folder-header\">\r\n                                                                    <div class=\"folder-icon\">\r\n                                        <span class=\"icon-bg\" style=\"background-color: #0085ba;\"><\/span>\r\n                                        <i class=\"fas fa-circle\" style=\"color: #0085ba; border-color: #0085ba;\"><\/i>\r\n                                    <\/div>\r\n                                                            <\/div>\r\n                            <div class=\"folder-content\">\r\n                                    <div class=\"folder-content-wrap\">\r\n                                        <p class=\"folder-title\">Oli di oliva<\/p>\r\n                                                                                <p class=\"folder-description\">Sono oli di alta qualit\u00e0 e l\u2019orgoglio di questa regione in cui la tradizione viene preservata e coltivata. Visita i nostri produttori locali e assaggia l&#8217;oro liquido, il migliore al mondo.\n<\/p>\r\n                                                                            <\/div>\r\n                            <\/div>\r\n                        <\/article>\r\n                    <\/a>\r\n                                        \r\n                    <a href=\"https:\/\/kastelir-labinci.com\/it\/cat\/olio-di-semi-di-zucca\/\" class=\"\">\r\n                        <article class=\"folder-card\">\r\n                            <div class=\"folder-header\">\r\n                                                                    <div class=\"folder-icon\">\r\n                                        <span class=\"icon-bg\" style=\"background-color: #0085ba;\"><\/span>\r\n                                        <i class=\"fas fa-circle\" style=\"color: #0085ba; border-color: #0085ba;\"><\/i>\r\n                                    <\/div>\r\n                                                            <\/div>\r\n                            <div class=\"folder-content\">\r\n                                    <div class=\"folder-content-wrap\">\r\n                                        <p class=\"folder-title\">Olio di semi di zucca<\/p>\r\n                                                                                <p class=\"folder-description\">Questo prodotto \u00e8 fonte di salute e ricchezza di sapore. Ti invitiamo ad assaggiare l&#8217;unico olio di semi di zucca prodotto in Istria, nel villaggio di Rogovi\u0107i.\n<\/p>\r\n                                                                            <\/div>\r\n                            <\/div>\r\n                        <\/article>\r\n                    <\/a>\r\n                                        \r\n                    <a href=\"https:\/\/kastelir-labinci.com\/it\/cat\/pasta-e-dolci\/\" class=\"\">\r\n                        <article class=\"folder-card\">\r\n                            <div class=\"folder-header\">\r\n                                                                    <div class=\"folder-icon\">\r\n                                        <span class=\"icon-bg\" style=\"background-color: #ffd905;\"><\/span>\r\n                                        <i class=\"fas fa-birthday-cake\" style=\"color: #ffd905; border-color: #ffd905;\"><\/i>\r\n                                    <\/div>\r\n                                                            <\/div>\r\n                            <div class=\"folder-content\">\r\n                                    <div class=\"folder-content-wrap\">\r\n                                        <p class=\"folder-title\">Pasta e dolci<\/p>\r\n                                                                                <p class=\"folder-description\">Fu\u017ei, pljukanci, kro\u0161tule (prodotti tipici istriani) &#8230; Non c&#8217;\u00e8 Istria senza la sua pasta e i suoi dolci famosi. Entra nel mondo delle delizie gastronomiche, assaggiale e allo stesso tempo impara come prepararle.\n<\/p>\r\n                                                                            <\/div>\r\n                            <\/div>\r\n                        <\/article>\r\n                    <\/a>\r\n                                        \r\n                    <a href=\"https:\/\/kastelir-labinci.com\/it\/cat\/agricultural-products-it\/\" class=\"\">\r\n                        <article class=\"folder-card\">\r\n                            <div class=\"folder-header\">\r\n                                                                    <div class=\"folder-icon\">\r\n                                        <span class=\"icon-bg\" style=\"background-color: #0085ba;\"><\/span>\r\n                                        <i class=\"fas fa-circle\" style=\"color: #0085ba; border-color: #0085ba;\"><\/i>\r\n                                    <\/div>\r\n                                                            <\/div>\r\n                            <div class=\"folder-content\">\r\n                                    <div class=\"folder-content-wrap\">\r\n                                        <p class=\"folder-title\">Prodotti agricoli<\/p>\r\n                                                                                <p class=\"folder-description\">Esiste qualcosa di meglio degli ortaggi biologici nostrani, alimentati dalla pioggia e dal sole? Aggiungi un filo di olio d&#8217;oliva e raggiungi la perfezione. Dove trovare tutto? Clicca qui per scoprirlo\n<\/p>\r\n                                                                            <\/div>\r\n                            <\/div>\r\n                        <\/article>\r\n                    <\/a>\r\n                                        \r\n                    <a href=\"https:\/\/kastelir-labinci.com\/it\/cat\/souvenirs-it\/\" class=\"\">\r\n                        <article class=\"folder-card\">\r\n                            <div class=\"folder-header\">\r\n                                                                    <div class=\"folder-icon\">\r\n                                        <span class=\"icon-bg\" style=\"background-color: #ba7100;\"><\/span>\r\n                                        <i class=\"fas fa-gifts\" style=\"color: #ba7100; border-color: #ba7100;\"><\/i>\r\n                                    <\/div>\r\n                                                            <\/div>\r\n                            <div class=\"folder-content\">\r\n                                    <div class=\"folder-content-wrap\">\r\n                                        <p class=\"folder-title\">Souvenirs<\/p>\r\n                                                                            <\/div>\r\n                            <\/div>\r\n                        <\/article>\r\n                    <\/a>\r\n                                        \r\n                    <a href=\"https:\/\/kastelir-labinci.com\/it\/cat\/vini\/\" class=\"\">\r\n                        <article class=\"folder-card\">\r\n                            <div class=\"folder-header\">\r\n                                                                    <div class=\"folder-icon\">\r\n                                        <span class=\"icon-bg\" style=\"background-color: #ba0000;\"><\/span>\r\n                                        <i class=\"fas fa-glass-cheers\" style=\"color: #ba0000; border-color: #ba0000;\"><\/i>\r\n                                    <\/div>\r\n                                                            <\/div>\r\n                            <div class=\"folder-content\">\r\n                                    <div class=\"folder-content-wrap\">\r\n                                        <p class=\"folder-title\">Vino<\/p>\r\n                                                                                <p class=\"folder-description\">In vino veritas o &#8220;nel vino \u00e8 la verit\u00e0&#8221; \u00e8 un antico e noto detto. La verit\u00e0 \u00e8 che ti assicuriamo che assaggerai i migliori vini della tua vita dai nostri produttori di vino\n<\/p>\r\n                                                                            <\/div>\r\n                            <\/div>\r\n                        <\/article>\r\n                    <\/a>\r\n                    \r\n                <\/div>\r\n            <\/div>\r\n            \r\n            \r\n        <\/div>\r\n        \n\n\n<div class=\"wp-block-buttons is-layout-flex wp-block-buttons-is-layout-flex\"><\/div>\n\n\n\n<div style=\"height:52px\" aria-hidden=\"true\" class=\"wp-block-spacer\"><\/div>\n\n\n\r\n        <div class='wp-block-citadela-blocks ctdl-directory-google-map loading-content custom-height'>\r\n            <div class='citadela-google-map provider-wrapper'>\r\n                <div data-endpoint=\"https:\/\/kastelir-labinci.com\/wp-json\/citadela-directory\/map-data\/points\/citadela-item?dataType=markers&amp;category=4&amp;location=32&amp;only_featured=0\"data-theme=\"citadela\"data-custom-theme=\"[]\"data-map-height=\"500px\"data-cluster=\"80\" class='component-container'><\/div>\r\n                \r\n            <\/div>\r\n            <div class='citadela-loader'>\r\n                <div class='inner-wrapper'>\r\n                    <i class='fas fa-circle-notch fa-spin'><\/i>\r\n                <\/div>\r\n            <\/div>\r\n        <\/div>\r\n        <\/div><\/div>\n\n\n\n<div class=\"wp-block-citadela-blocks-spacer citadela-block-spacer\"><div class=\"inner-holder\" style=\"padding-top:5vw\"><\/div><\/div>\n\n\n\n<div class=\"wp-block-citadela-blocks-spacer citadela-block-spacer\"><div class=\"inner-holder\" style=\"padding-top:4vw\"><\/div><\/div>\n\n\n\n<div class=\"wp-block-citadela-blocks-spacer citadela-block-spacer negative-height\"><div class=\"inner-holder\" style=\"margin-top:-8em\"><\/div><\/div>\n","protected":false},"excerpt":{"rendered":"","protected":false},"author":1,"featured_media":0,"parent":0,"menu_order":0,"comment_status":"closed","ping_status":"closed","template":"","meta":{"_citadela_hide_page_title":"1","_citadela_remove_header_space":"1","_citadela_custom_class":"","_citadela_half_map_provider":"","_citadela_half_map_theme":"","_citadela_half_map_themeOSM":"","_citadela_half_map_customTheme":"","_citadela_half_map_dataType":"","_citadela_half_map_dynamicTrack":false,"_citadela_half_map_trackColor":"","_citadela_half_map_trackEndpointsColor":"","_citadela_half_map_filterCategory":"","_citadela_half_map_filterLocation":"","_citadela_half_map_filterFeatured":false,"_citadela_half_map_noDataBehavior":"empty-map","_citadela_half_map_noDataText":"","_citadela_half_map_clusterGridSize":80,"_citadela_header":true,"_citadela_header_over_content":true,"_citadela_header_text_color":"","_citadela_header_logo":[],"_citadela_header_bg_image":[],"_citadela_header_bg_position":{"x":0.5,"y":0.5},"_citadela_header_bg_size":"cover","_citadela_header_bg_repeat":"no-repeat","_citadela_header_bg_fixed":false,"_citadela_header_bg_color":"","_citadela_header_bg_image_overlay":"","_citadela_header_transparent_bg":false,"_citadela_content_width":"","_citadela_half_layout_position":"","footnotes":""},"class_list":["post-5328","page","type-page","status-publish","hentry"],"yoast_head":"<!-- This site is optimized with the Yoast SEO plugin v25.2 - https:\/\/yoast.com\/wordpress\/plugins\/seo\/ -->\n<title>Sapori - Together in<\/title>\n<meta name=\"description\" content=\"Together in Ka\u0161telir Labinci\" \/>\n<meta name=\"robots\" content=\"index, follow, max-snippet:-1, max-image-preview:large, max-video-preview:-1\" \/>\n<link rel=\"canonical\" href=\"https:\/\/kastelir-labinci.com\/it\/sapori\/\" \/>\n<meta property=\"og:locale\" content=\"it_IT\" \/>\n<meta property=\"og:type\" content=\"article\" \/>\n<meta property=\"og:title\" content=\"Sapori - Together in\" \/>\n<meta property=\"og:description\" content=\"Together in Ka\u0161telir Labinci\" \/>\n<meta property=\"og:url\" content=\"https:\/\/kastelir-labinci.com\/it\/sapori\/\" \/>\n<meta property=\"og:site_name\" content=\"Together in\" \/>\n<meta property=\"article:modified_time\" content=\"2021-08-15T21:25:17+00:00\" \/>\n<meta property=\"og:image\" content=\"https:\/\/kastelir-labinci.com\/wp-content\/uploads\/2020\/08\/DJI_0223-480x360.jpg\" \/>\n<meta name=\"twitter:card\" content=\"summary_large_image\" \/>\n<meta name=\"twitter:label1\" content=\"Tempo di lettura stimato\" \/>\n\t<meta name=\"twitter:data1\" content=\"2 minuti\" \/>\n<script type=\"application\/ld+json\" class=\"yoast-schema-graph\">{\"@context\":\"https:\/\/schema.org\",\"@graph\":[{\"@type\":\"WebPage\",\"@id\":\"https:\/\/kastelir-labinci.com\/it\/sapori\/\",\"url\":\"https:\/\/kastelir-labinci.com\/it\/sapori\/\",\"name\":\"Sapori - Together in\",\"isPartOf\":{\"@id\":\"https:\/\/kastelir-labinci.com\/it\/#website\"},\"primaryImageOfPage\":{\"@id\":\"https:\/\/kastelir-labinci.com\/it\/sapori\/#primaryimage\"},\"image\":{\"@id\":\"https:\/\/kastelir-labinci.com\/it\/sapori\/#primaryimage\"},\"thumbnailUrl\":\"https:\/\/kastelir-labinci.com\/wp-content\/uploads\/2020\/08\/DJI_0223-480x360.jpg\",\"datePublished\":\"2021-04-22T21:38:30+00:00\",\"dateModified\":\"2021-08-15T21:25:17+00:00\",\"description\":\"Together in Ka\u0161telir Labinci\",\"breadcrumb\":{\"@id\":\"https:\/\/kastelir-labinci.com\/it\/sapori\/#breadcrumb\"},\"inLanguage\":\"it-IT\",\"potentialAction\":[{\"@type\":\"ReadAction\",\"target\":[\"https:\/\/kastelir-labinci.com\/it\/sapori\/\"]}]},{\"@type\":\"ImageObject\",\"inLanguage\":\"it-IT\",\"@id\":\"https:\/\/kastelir-labinci.com\/it\/sapori\/#primaryimage\",\"url\":\"https:\/\/kastelir-labinci.com\/wp-content\/uploads\/2020\/08\/DJI_0223-480x360.jpg\",\"contentUrl\":\"https:\/\/kastelir-labinci.com\/wp-content\/uploads\/2020\/08\/DJI_0223-480x360.jpg\"},{\"@type\":\"BreadcrumbList\",\"@id\":\"https:\/\/kastelir-labinci.com\/it\/sapori\/#breadcrumb\",\"itemListElement\":[{\"@type\":\"ListItem\",\"position\":1,\"name\":\"Home\",\"item\":\"https:\/\/kastelir-labinci.com\/it\/\"},{\"@type\":\"ListItem\",\"position\":2,\"name\":\"Sapori\"}]},{\"@type\":\"WebSite\",\"@id\":\"https:\/\/kastelir-labinci.com\/it\/#website\",\"url\":\"https:\/\/kastelir-labinci.com\/it\/\",\"name\":\"Together in\",\"description\":\"- Ka\u0161telir-Labinci\",\"publisher\":{\"@id\":\"https:\/\/kastelir-labinci.com\/it\/#organization\"},\"potentialAction\":[{\"@type\":\"SearchAction\",\"target\":{\"@type\":\"EntryPoint\",\"urlTemplate\":\"https:\/\/kastelir-labinci.com\/it\/?s={search_term_string}\"},\"query-input\":{\"@type\":\"PropertyValueSpecification\",\"valueRequired\":true,\"valueName\":\"search_term_string\"}}],\"inLanguage\":\"it-IT\"},{\"@type\":\"Organization\",\"@id\":\"https:\/\/kastelir-labinci.com\/it\/#organization\",\"name\":\"TOGETHER IN Ka\u0161telir - Labinci, turisti\u010dka zajednica\",\"url\":\"https:\/\/kastelir-labinci.com\/it\/\",\"logo\":{\"@type\":\"ImageObject\",\"inLanguage\":\"it-IT\",\"@id\":\"https:\/\/kastelir-labinci.com\/it\/#\/schema\/logo\/image\/\",\"url\":\"https:\/\/kastelir-labinci.com\/wp-content\/uploads\/2020\/08\/logotip-3.png\",\"contentUrl\":\"https:\/\/kastelir-labinci.com\/wp-content\/uploads\/2020\/08\/logotip-3.png\",\"width\":512,\"height\":326,\"caption\":\"TOGETHER IN Ka\u0161telir - Labinci, turisti\u010dka zajednica\"},\"image\":{\"@id\":\"https:\/\/kastelir-labinci.com\/it\/#\/schema\/logo\/image\/\"}}]}<\/script>\n<!-- \/ Yoast SEO plugin. -->","yoast_head_json":{"title":"Sapori - Together in","description":"Together in Ka\u0161telir Labinci","robots":{"index":"index","follow":"follow","max-snippet":"max-snippet:-1","max-image-preview":"max-image-preview:large","max-video-preview":"max-video-preview:-1"},"canonical":"https:\/\/kastelir-labinci.com\/it\/sapori\/","og_locale":"it_IT","og_type":"article","og_title":"Sapori - Together in","og_description":"Together in Ka\u0161telir Labinci","og_url":"https:\/\/kastelir-labinci.com\/it\/sapori\/","og_site_name":"Together in","article_modified_time":"2021-08-15T21:25:17+00:00","og_image":[{"url":"https:\/\/kastelir-labinci.com\/wp-content\/uploads\/2020\/08\/DJI_0223-480x360.jpg","type":"","width":"","height":""}],"twitter_card":"summary_large_image","twitter_misc":{"Tempo di lettura stimato":"2 minuti"},"schema":{"@context":"https:\/\/schema.org","@graph":[{"@type":"WebPage","@id":"https:\/\/kastelir-labinci.com\/it\/sapori\/","url":"https:\/\/kastelir-labinci.com\/it\/sapori\/","name":"Sapori - Together in","isPartOf":{"@id":"https:\/\/kastelir-labinci.com\/it\/#website"},"primaryImageOfPage":{"@id":"https:\/\/kastelir-labinci.com\/it\/sapori\/#primaryimage"},"image":{"@id":"https:\/\/kastelir-labinci.com\/it\/sapori\/#primaryimage"},"thumbnailUrl":"https:\/\/kastelir-labinci.com\/wp-content\/uploads\/2020\/08\/DJI_0223-480x360.jpg","datePublished":"2021-04-22T21:38:30+00:00","dateModified":"2021-08-15T21:25:17+00:00","description":"Together in Ka\u0161telir Labinci","breadcrumb":{"@id":"https:\/\/kastelir-labinci.com\/it\/sapori\/#breadcrumb"},"inLanguage":"it-IT","potentialAction":[{"@type":"ReadAction","target":["https:\/\/kastelir-labinci.com\/it\/sapori\/"]}]},{"@type":"ImageObject","inLanguage":"it-IT","@id":"https:\/\/kastelir-labinci.com\/it\/sapori\/#primaryimage","url":"https:\/\/kastelir-labinci.com\/wp-content\/uploads\/2020\/08\/DJI_0223-480x360.jpg","contentUrl":"https:\/\/kastelir-labinci.com\/wp-content\/uploads\/2020\/08\/DJI_0223-480x360.jpg"},{"@type":"BreadcrumbList","@id":"https:\/\/kastelir-labinci.com\/it\/sapori\/#breadcrumb","itemListElement":[{"@type":"ListItem","position":1,"name":"Home","item":"https:\/\/kastelir-labinci.com\/it\/"},{"@type":"ListItem","position":2,"name":"Sapori"}]},{"@type":"WebSite","@id":"https:\/\/kastelir-labinci.com\/it\/#website","url":"https:\/\/kastelir-labinci.com\/it\/","name":"Together in","description":"- Ka\u0161telir-Labinci","publisher":{"@id":"https:\/\/kastelir-labinci.com\/it\/#organization"},"potentialAction":[{"@type":"SearchAction","target":{"@type":"EntryPoint","urlTemplate":"https:\/\/kastelir-labinci.com\/it\/?s={search_term_string}"},"query-input":{"@type":"PropertyValueSpecification","valueRequired":true,"valueName":"search_term_string"}}],"inLanguage":"it-IT"},{"@type":"Organization","@id":"https:\/\/kastelir-labinci.com\/it\/#organization","name":"TOGETHER IN Ka\u0161telir - Labinci, turisti\u010dka zajednica","url":"https:\/\/kastelir-labinci.com\/it\/","logo":{"@type":"ImageObject","inLanguage":"it-IT","@id":"https:\/\/kastelir-labinci.com\/it\/#\/schema\/logo\/image\/","url":"https:\/\/kastelir-labinci.com\/wp-content\/uploads\/2020\/08\/logotip-3.png","contentUrl":"https:\/\/kastelir-labinci.com\/wp-content\/uploads\/2020\/08\/logotip-3.png","width":512,"height":326,"caption":"TOGETHER IN Ka\u0161telir - Labinci, turisti\u010dka zajednica"},"image":{"@id":"https:\/\/kastelir-labinci.com\/it\/#\/schema\/logo\/image\/"}}]}},"_links":{"self":[{"href":"https:\/\/kastelir-labinci.com\/it\/wp-json\/wp\/v2\/pages\/5328"}],"collection":[{"href":"https:\/\/kastelir-labinci.com\/it\/wp-json\/wp\/v2\/pages"}],"about":[{"href":"https:\/\/kastelir-labinci.com\/it\/wp-json\/wp\/v2\/types\/page"}],"author":[{"embeddable":true,"href":"https:\/\/kastelir-labinci.com\/it\/wp-json\/wp\/v2\/users\/1"}],"replies":[{"embeddable":true,"href":"https:\/\/kastelir-labinci.com\/it\/wp-json\/wp\/v2\/comments?post=5328"}],"version-history":[{"count":5,"href":"https:\/\/kastelir-labinci.com\/it\/wp-json\/wp\/v2\/pages\/5328\/revisions"}],"predecessor-version":[{"id":8005,"href":"https:\/\/kastelir-labinci.com\/it\/wp-json\/wp\/v2\/pages\/5328\/revisions\/8005"}],"wp:attachment":[{"href":"https:\/\/kastelir-labinci.com\/it\/wp-json\/wp\/v2\/media?parent=5328"}],"curies":[{"name":"wp","href":"https:\/\/api.w.org\/{rel}","templated":true}]}}