{"id":5365,"date":"2020-06-01T14:36:40","date_gmt":"2020-06-01T14:36:40","guid":{"rendered":"https:\/\/kastelir-labinci.com\/activities\/"},"modified":"2021-08-29T16:30:51","modified_gmt":"2021-08-29T16:30:51","slug":"attivita","status":"publish","type":"page","link":"https:\/\/kastelir-labinci.com\/it\/attivita\/","title":{"rendered":"Attivita"},"content":{"rendered":"\n<div class=\"wp-block-citadela-blocks-custom-container citadela-block-custom-container size-wide bg-type-none inside-space-large\"><div class=\"inner-holder\">\n<div class=\"wp-block-citadela-blocks-spacer citadela-block-spacer responsive-options loading\" data-block-attr=\"{&quot;desktop&quot;:{&quot;height&quot;:&quot;180px&quot;},&quot;mobile&quot;:{&quot;height&quot;:&quot;200px&quot;}}\" data-block-mobile-breakpoint=\"600\"><div class=\"inner-holder\" style=\"padding-top:180px\"><\/div><\/div>\n\n\n\n<div class=\"wp-block-citadela-blocks-spacer citadela-block-spacer\"><div class=\"inner-holder\" style=\"padding-top:2.2vw\"><\/div><\/div>\n\n\n\n<div class=\"wp-block-columns is-layout-flex wp-container-core-columns-is-layout-1 wp-block-columns-is-layout-flex\">\n<div class=\"wp-block-column is-layout-flow wp-block-column-is-layout-flow\" style=\"flex-basis:50%\">         <div \r\n            class=\"citadela-block-responsive-text align-left\"\r\n                                 >\r\n            <h1 class=\"inner-tag\" style=\"font-size: 52px;\">ATTIVIT\u00c0 al  <strong>a<\/strong>perto<\/h1>         <\/div>\r\n      \n\n\n<p>Le bellezze naturali della nostra regione sono l&#8217;ideale per tutti gli appassionati di una vacanza attiva, che amano l&#8217;esplorazione, le escursioni e la ricreazione. Percorsi ciclistici ed escursionistici ti condurranno attraverso la storia idilliaca di uliveti e vigneti, mentre i nostri punti escursionistici sono l&#8217;ideale per vivere al meglio i tuoi momenti speciali.<\/p>\n\n\n\n<p>Durante l&#8217;estate viene organizzato il volo in mongolfiera, un&#8217;esperienza unica all&#8217;alba o al tramonto. Campi da tennis privati \u200b\u200b(con illuminazione per le partite in notturna), situati in mezzo agli uliveti, offrono agli ospiti la possibilit\u00e0 di divertirsi e giocare a tennis in qualsiasi momento da marzo a novembre.<\/p>\n\n\n\n<p>A nord, sopra la valle del fiume Quieto, si trova Vrbanovica, un&#8217;area picnic e memoriale, le cui piste ciclabili del parentino attirano ciclisti ed escursionisti. Pi\u00f9 a ovest, a 170 metri sopra il livello del mare, si pu\u00f2 godere di una vista spettacolare dalla disabitata Sabadin, punto escursionistico.<\/p>\n\n\n\n<p style=\"font-size:18px\"><\/p>\n\n\n\n<div class=\"wp-block-citadela-blocks-spacer citadela-block-spacer negative-height\"><div class=\"inner-holder\" style=\"margin-top:-25px\"><\/div><\/div>\n<\/div>\n\n\n\n<div class=\"wp-block-column is-layout-flow wp-block-column-is-layout-flow\" style=\"flex-basis:85.9%\">\n<div class=\"wp-block-cover alignfull has-background-dim-10 has-background-dim\"><img loading=\"lazy\" decoding=\"async\" width=\"2560\" height=\"1703\" class=\"wp-block-cover__image-background wp-image-7911\" alt=\"\" src=\"https:\/\/kastelir-labinci.com\/wp-content\/uploads\/2020\/05\/most-scaled.jpg\" data-object-fit=\"cover\" srcset=\"https:\/\/kastelir-labinci.com\/wp-content\/uploads\/2020\/05\/most-scaled.jpg 2560w, https:\/\/kastelir-labinci.com\/wp-content\/uploads\/2020\/05\/most-300x200.jpg 300w, https:\/\/kastelir-labinci.com\/wp-content\/uploads\/2020\/05\/most-1024x681.jpg 1024w, https:\/\/kastelir-labinci.com\/wp-content\/uploads\/2020\/05\/most-768x511.jpg 768w, https:\/\/kastelir-labinci.com\/wp-content\/uploads\/2020\/05\/most-1536x1022.jpg 1536w, https:\/\/kastelir-labinci.com\/wp-content\/uploads\/2020\/05\/most-2048x1363.jpg 2048w\" sizes=\"(max-width: 2560px) 100vw, 2560px\" \/><div class=\"wp-block-cover__inner-container is-layout-flow wp-block-cover-is-layout-flow\">\n<p class=\"has-text-align-center has-large-font-size\"><\/p>\n<\/div><\/div>\n\n\n\n<p><\/p>\n<\/div>\n<\/div>\n\n\n\n<div class=\"wp-block-citadela-blocks-spacer citadela-block-spacer negative-height\"><div class=\"inner-holder\" style=\"margin-top:-62px\"><\/div><\/div>\n<\/div><\/div>\n\n\n\n<div class=\"wp-block-citadela-blocks-spacer citadela-block-spacer\"><div class=\"inner-holder\" style=\"padding-top:20px\"><\/div><\/div>\n\n\n\n<div class=\"wp-block-citadela-blocks-spacer citadela-block-spacer\"><div class=\"inner-holder\" style=\"padding-top:2vw\"><\/div><\/div>\n\n\n\n<div class=\"wp-block-citadela-blocks-custom-container citadela-block-custom-container size-wide bg-type-none inside-space-small\"><div class=\"inner-holder\">\r\n        <div class=\"wp-block-citadela-blocks ctdl-directory-categories-list grid-type-2 layout-box size-large\"\r\n                    >\r\n            \r\n            \r\n            \r\n            <div class=\"citadela-block-articles \">\r\n                <div class=\"citadela-block-articles-wrap \">\r\n\r\n                                        \r\n                    <a href=\"https:\/\/kastelir-labinci.com\/it\/cat\/percorsi-in-bici\/\" class=\"\">\r\n                        <article class=\"folder-card\">\r\n                            <div class=\"folder-header\">\r\n                                                                    <div class=\"folder-icon\">\r\n                                        <span class=\"icon-bg\" style=\"background-color: #46c868;\"><\/span>\r\n                                        <i class=\"fas fa-bicycle\" style=\"color: #46c868; border-color: #46c868;\"><\/i>\r\n                                    <\/div>\r\n                                                            <\/div>\r\n                            <div class=\"folder-content\">\r\n                                    <div class=\"folder-content-wrap\">\r\n                                        <p class=\"folder-title\">Percorsi in bici<\/p>\r\n                                                                                <p class=\"folder-description\">Gli appassionati di bicicletta possono esplorare dieci piste ciclabili nell&#8217;area parentina, con una lunghezza totale di 250 chilometri\n<\/p>\r\n                                                                            <\/div>\r\n                            <\/div>\r\n                        <\/article>\r\n                    <\/a>\r\n                                        \r\n                    <a href=\"https:\/\/kastelir-labinci.com\/it\/cat\/trail-it\/\" class=\"\">\r\n                        <article class=\"folder-card\">\r\n                            <div class=\"folder-header\">\r\n                                                                    <div class=\"folder-icon\">\r\n                                        <span class=\"icon-bg\" style=\"background-color: #0085ba;\"><\/span>\r\n                                        <i class=\"fas fa-hiking\" style=\"color: #0085ba; border-color: #0085ba;\"><\/i>\r\n                                    <\/div>\r\n                                                            <\/div>\r\n                            <div class=\"folder-content\">\r\n                                    <div class=\"folder-content-wrap\">\r\n                                        <p class=\"folder-title\">Trail<\/p>\r\n                                                                                <p class=\"folder-description\">La costa occidentale dell&#8217;Istria vicino a Parenzo offre percorsi adatti agli appassionati di ricreazione e alle famiglie con bambini\n<\/p>\r\n                                                                            <\/div>\r\n                            <\/div>\r\n                        <\/article>\r\n                    <\/a>\r\n                    \r\n                <\/div>\r\n            <\/div>\r\n            \r\n            \r\n        <\/div>\r\n        <\/div><\/div>\n\n\n\n<div class=\"wp-block-citadela-blocks-spacer citadela-block-spacer\"><div class=\"inner-holder\" style=\"padding-top:3.5vw\"><\/div><\/div>\n\n\n\n<div class=\"wp-block-citadela-blocks-custom-container citadela-block-custom-container size-fullwidth bg-type-none inside-space-zero\"><div class=\"inner-holder\">\r\n        <div class='wp-block-citadela-blocks ctdl-directory-google-map loading-content custom-height'>\r\n            <div class='citadela-google-map provider-wrapper'>\r\n                <div data-endpoint=\"https:\/\/kastelir-labinci.com\/wp-json\/citadela-directory\/map-data\/points\/citadela-item?dataType=all&amp;category=66&amp;location=32&amp;only_featured=0\"data-theme=\"citadela\"data-custom-theme=\"[]\"data-map-height=\"500px\"data-cluster=\"80\" class='component-container'><\/div>\r\n                \r\n            <\/div>\r\n            <div class='citadela-loader'>\r\n                <div class='inner-wrapper'>\r\n                    <i class='fas fa-circle-notch fa-spin'><\/i>\r\n                <\/div>\r\n            <\/div>\r\n        <\/div>\r\n        <\/div><\/div>\n\n\n\n<div class=\"wp-block-citadela-blocks-spacer citadela-block-spacer\"><div class=\"inner-holder\" style=\"padding-top:30px\"><\/div><\/div>\n\n\n\n<div class=\"wp-block-citadela-blocks-spacer citadela-block-spacer\"><div class=\"inner-holder\" style=\"padding-top:3.5vw\"><\/div><\/div>\n\n\n\n<div class=\"wp-block-citadela-blocks-custom-container citadela-block-custom-container size-wide bg-type-none inside-space-none\"><div class=\"inner-holder\">\n<div class=\"wp-block-columns are-vertically-aligned-center is-layout-flex wp-container-core-columns-is-layout-2 wp-block-columns-is-layout-flex\">\n<div class=\"wp-block-column is-vertically-aligned-center is-layout-flow wp-block-column-is-layout-flow\" style=\"flex-basis:33%\">\n<h2 class=\"wp-block-heading\"><strong>Attivita<\/strong><\/h2>\n<\/div>\n\n\n\n<div class=\"wp-block-column is-vertically-aligned-center is-layout-flow wp-block-column-is-layout-flow\">\r\n        <div class=\"wp-block-citadela-blocks ctdl-directory-search-form border-thick shadow-none align-right custom-border-radius\">\r\n            <div class=\"citadela-block-form search-form-component-container\" style=\"\" data-action=\"&quot;https:\\\/\\\/kastelir-labinci.com\\\/it\\\/&quot;\"data-post-type=\"citadela-item\"data-category-taxonomy=\"citadela-item-category\"data-location-taxonomy=\"citadela-item-location\"data-attributes=\"{&quot;borderRadius&quot;:&quot;0&quot;}\">\r\n            <\/div>\r\n                    <\/div>\r\n\r\n        \n\n\n<div class=\"wp-block-citadela-blocks-spacer citadela-block-spacer negative-height\"><div class=\"inner-holder\" style=\"margin-top:-30px\"><\/div><\/div>\n<\/div>\n<\/div>\n\n\n\r\n        <div \r\n            class=\"wp-block-citadela-blocks ctdl-directory-items-list layout-box size-medium grid-type-1 image-size-citadela_item_thumbnail image-position-center-center default-image-height show-item-featured-image show-item-subtitle show-item-description show-item-categories show-item-locations show-item-rating border-none\"\r\n                        \t\r\n                        >\r\n            \r\n            \r\n            \r\n            <div class=\"citadela-block-articles \">\r\n               \r\n                <div class=\"citadela-block-articles-wrap \">\r\n                \r\n<article class=\"citadela-article has-thumbnail has-subtitle has-description has-categories has-locations\">\r\n\r\n\t<div class=\"item-content\" style=\"\">\r\n\t\t\t\t<div class=\"item-thumbnail\" style=\"\">\r\n\t\t\t<a href=\"https:\/\/kastelir-labinci.com\/it\/item\/gourm-e-bike\/\">\r\n\t\t\t\t<img loading=\"lazy\" decoding=\"async\" \r\n\t\t\t\t\tclass=\"item-image\"\r\n                    src=\"https:\/\/kastelir-labinci.com\/wp-content\/uploads\/2024\/07\/STUDIO11-GOURM-E-BIKE-01-127_websize-640x480.jpg\"\r\n                    width=\"640\"\r\n                    height=\"480\"\r\n                    srcset=\"https:\/\/kastelir-labinci.com\/wp-content\/uploads\/2024\/07\/STUDIO11-GOURM-E-BIKE-01-127_websize-640x480.jpg 640w, https:\/\/kastelir-labinci.com\/wp-content\/uploads\/2024\/07\/STUDIO11-GOURM-E-BIKE-01-127_websize-480x360.jpg 480w\"\r\n                    sizes=\"(max-width: 640px) 100vw, 640px\"\r\n                    alt=\"GOURM-E BIKE\"\r\n                    style=\"\"                \/>\r\n\t\t\t<\/a>\r\n\t\t<\/div>\r\n\t\t\r\n\t\t<div class=\"item-body\">\r\n\t\t\t<div class=\"item-title\">\r\n\t\t\t\t<a href=\"https:\/\/kastelir-labinci.com\/it\/item\/gourm-e-bike\/\">\r\n\t\t\t\t\t<div class=\"item-title-wrap\">\r\n\t\t\t\t\t\t<div class=\"post-title\">GOURM-E BIKE<\/div>\r\n\t\t\t\t\t\t\t\t\t\t\t\t<div class=\"post-subtitle\" style=\"\">ogni luned\u00ec di luglio e agosto in questa straordinaria avventura enogastronomica, durante la quale, accompagnati da guide esperte, visiterete in bicicletta aziende agricole locali<\/div>\r\n\t\t\t\t\t\t\t\t\t\t\t<\/div>\r\n\t\t\t\t<\/a>\r\n\t\t\t<\/div>\r\n\t\t\t\r\n\t\t\t\r\n\t\t\t\t\t\t<div class=\"item-text\">\r\n\t\t\t\t<div class=\"item-description\">\r\n\t\t\t\t\t<p>Pozivamo vas zato da nam se pridru\u017eite svakog ponedjeljka u srpnju i kolovozu na ovoj izvrsnoj enogastro avanturi tijekom koje \u0107ete pod stru\u010dnim vodstvom na svojim biciklima obi\u0107i lokalne OPG-ove<\/p>\r\n\t\t\t\t\t<a href=\"https:\/\/kastelir-labinci.com\/it\/item\/gourm-e-bike\/\" class=\"more\">Vedi di pi\u00f9<\/a>\r\n\t\t\t\t<\/div>\r\n\t\t\t<\/div>\r\n\t\t\t\t\t\t<div class=\"item-footer\" style=\"\">\r\n\t\t\t\t\t\t\t\t<div class=\"item-data location\" style=\"\">\r\n\t\t\t\t\t<span class=\"label\">Posizione<\/span>\r\n\t\t\t\t\t<span class=\"values\">\r\n\t\t\t\t\t\t\t\t\t\t\t\t<a href=\"https:\/\/kastelir-labinci.com\/it\/loc\/kastelir-it\/\" class=\"value\" style=\"\">Ka\u0161telir<\/a>\r\n\t\t\t\t\t\t\t\t\t\t\t<\/span>\r\n\t\t\t\t<\/div>\r\n\t\t\t\t\t\t\t\t\t\t\t\t\t\t\t\t\t\t\t\t<div class=\"item-data categories\" style=\"\">\r\n\t\t\t\t\t<span class=\"label\">Categorie<\/span>\r\n\t\t\t\t\t<span class=\"values\">\r\n\t\t\t\t\t\t\t\t\t\t\t\t<a href=\"https:\/\/kastelir-labinci.com\/it\/cat\/vivi-lesperienza\/\" class=\"value\" style=\"\">Eventi<\/a>\r\n\t\t\t\t\t\t\t\t\t\t\t\t<a href=\"https:\/\/kastelir-labinci.com\/it\/cat\/percorsi-in-bici\/\" class=\"value\" style=\"\">Percorsi in bici<\/a>\r\n\t\t\t\t\t\t\t\t\t\t\t<\/span>\r\n\t\t\t\t<\/div>\r\n\t\t\t\t\t\t\t<\/div>\r\n\t\t<\/div>\r\n\t<\/div>\r\n\r\n<\/article>\r\n\r\n\r\n\r\n<article class=\"citadela-article has-thumbnail has-subtitle has-description has-categories has-locations\">\r\n\r\n\t<div class=\"item-content\" style=\"\">\r\n\t\t\t\t<div class=\"item-thumbnail\" style=\"\">\r\n\t\t\t<a href=\"https:\/\/kastelir-labinci.com\/it\/item\/percorso-pedonale-512-due-mulini\/\">\r\n\t\t\t\t<img loading=\"lazy\" decoding=\"async\" \r\n\t\t\t\t\tclass=\"item-image\"\r\n                    src=\"https:\/\/kastelir-labinci.com\/wp-content\/uploads\/2020\/08\/KAST-PARAG-4-640x480.jpg\"\r\n                    width=\"640\"\r\n                    height=\"480\"\r\n                    srcset=\"https:\/\/kastelir-labinci.com\/wp-content\/uploads\/2020\/08\/KAST-PARAG-4-640x480.jpg 640w, https:\/\/kastelir-labinci.com\/wp-content\/uploads\/2020\/08\/KAST-PARAG-4-480x360.jpg 480w\"\r\n                    sizes=\"(max-width: 640px) 100vw, 640px\"\r\n                    alt=\"Percorso pedonale 512 &quot;Due Mulini&quot;\"\r\n                    style=\"\"                \/>\r\n\t\t\t<\/a>\r\n\t\t<\/div>\r\n\t\t\r\n\t\t<div class=\"item-body\">\r\n\t\t\t<div class=\"item-title\">\r\n\t\t\t\t<a href=\"https:\/\/kastelir-labinci.com\/it\/item\/percorso-pedonale-512-due-mulini\/\">\r\n\t\t\t\t\t<div class=\"item-title-wrap\">\r\n\t\t\t\t\t\t<div class=\"post-title\">Percorso pedonale 512 &quot;Due Mulini&quot;<\/div>\r\n\t\t\t\t\t\t\t\t\t\t\t\t<div class=\"post-subtitle\" style=\"\">Lunghezza: 14.5 km<\/div>\r\n\t\t\t\t\t\t\t\t\t\t\t<\/div>\r\n\t\t\t\t<\/a>\r\n\t\t\t<\/div>\r\n\t\t\t\r\n\t\t\t\r\n\t\t\t\t\t\t<div class=\"item-text\">\r\n\t\t\t\t<div class=\"item-description\">\r\n\t\t\t\t\t<p>Dislivello: \u00b7 Punto pi\u00f9 alto alla partenza \/arrivo (240m s.l.m.). Punto pi\u00f9 basso 10m s.l.m. tra il 6. e il 9. kilometro. Fondo: Asfalto 1,8 km\u00a0 Sterrato 13,7 km\u00a0 L&#039; inizio di questo percorso si trova nel centro storico di Ka\u0161telir &#8211; Castelliere. I primi 400m del percorso conducono dal&#8230;<\/p>\r\n\t\t\t\t\t<a href=\"https:\/\/kastelir-labinci.com\/it\/item\/percorso-pedonale-512-due-mulini\/\" class=\"more\">Vedi di pi\u00f9<\/a>\r\n\t\t\t\t<\/div>\r\n\t\t\t<\/div>\r\n\t\t\t\t\t\t<div class=\"item-footer\" style=\"\">\r\n\t\t\t\t\t\t\t\t<div class=\"item-data location\" style=\"\">\r\n\t\t\t\t\t<span class=\"label\">Posizione<\/span>\r\n\t\t\t\t\t<span class=\"values\">\r\n\t\t\t\t\t\t\t\t\t\t\t\t<a href=\"https:\/\/kastelir-labinci.com\/it\/loc\/kastelir-it\/\" class=\"value\" style=\"\">Ka\u0161telir<\/a>\r\n\t\t\t\t\t\t\t\t\t\t\t<\/span>\r\n\t\t\t\t<\/div>\r\n\t\t\t\t\t\t\t\t\t\t\t\t\t\t\t\t\t\t\t\t<div class=\"item-data categories\" style=\"\">\r\n\t\t\t\t\t<span class=\"label\">Categorie<\/span>\r\n\t\t\t\t\t<span class=\"values\">\r\n\t\t\t\t\t\t\t\t\t\t\t\t<a href=\"https:\/\/kastelir-labinci.com\/it\/cat\/trail-it\/\" class=\"value\" style=\"\">Trail<\/a>\r\n\t\t\t\t\t\t\t\t\t\t\t<\/span>\r\n\t\t\t\t<\/div>\r\n\t\t\t\t\t\t\t<\/div>\r\n\t\t<\/div>\r\n\t<\/div>\r\n\r\n<\/article>\r\n\r\n\r\n                <\/div>\r\n                \r\n                \r\n            <\/div>\r\n            \r\n                        \r\n        <\/div>\r\n        <\/div><\/div>\n\n\n\n<div class=\"wp-block-citadela-blocks-spacer citadela-block-spacer\"><div class=\"inner-holder\" style=\"padding-top:2vw\"><\/div><\/div>\n\n\n\n<div class=\"wp-block-group alignwide\"><div class=\"wp-block-group__inner-container is-layout-flow wp-block-group-is-layout-flow\">\n<hr class=\"wp-block-separator is-style-wide\"\/>\n\n\n\n<p><\/p>\n<\/div><\/div>\n\n\n\n<div class=\"wp-block-citadela-blocks-spacer citadela-block-spacer\"><div class=\"inner-holder\" style=\"padding-top:2.5vw\"><\/div><\/div>\n\n\n\n<div class=\"wp-block-citadela-blocks-spacer citadela-block-spacer negative-height\"><div class=\"inner-holder\" style=\"margin-top:-35px\"><\/div><\/div>\n\n\n\n<div class=\"wp-block-citadela-blocks-spacer citadela-block-spacer negative-height\"><div class=\"inner-holder\" style=\"margin-top:-45px\"><\/div><\/div>\n\n\n\n<div class=\"wp-block-citadela-blocks-spacer citadela-block-spacer negative-height\"><div class=\"inner-holder\" style=\"margin-top:-8em\"><\/div><\/div>\n","protected":false},"excerpt":{"rendered":"","protected":false},"author":1,"featured_media":0,"parent":0,"menu_order":0,"comment_status":"closed","ping_status":"closed","template":"","meta":{"_citadela_hide_page_title":"1","_citadela_remove_header_space":"1","_citadela_custom_class":"","_citadela_half_map_provider":"","_citadela_half_map_theme":"","_citadela_half_map_themeOSM":"","_citadela_half_map_customTheme":"","_citadela_half_map_dataType":"","_citadela_half_map_dynamicTrack":false,"_citadela_half_map_trackColor":"","_citadela_half_map_trackEndpointsColor":"","_citadela_half_map_filterCategory":"","_citadela_half_map_filterLocation":"","_citadela_half_map_filterFeatured":false,"_citadela_half_map_noDataBehavior":"empty-map","_citadela_half_map_noDataText":"","_citadela_half_map_clusterGridSize":80,"_citadela_header":true,"_citadela_header_over_content":true,"_citadela_header_text_color":"","_citadela_header_logo":[],"_citadela_header_bg_image":[],"_citadela_header_bg_position":{"x":0.5,"y":0.5},"_citadela_header_bg_size":"cover","_citadela_header_bg_repeat":"no-repeat","_citadela_header_bg_fixed":false,"_citadela_header_bg_color":"","_citadela_header_bg_image_overlay":"","_citadela_header_transparent_bg":true,"_citadela_content_width":"","_citadela_half_layout_position":"","footnotes":""},"class_list":["post-5365","page","type-page","status-publish","hentry"],"yoast_head":"<!-- This site is optimized with the Yoast SEO plugin v25.2 - https:\/\/yoast.com\/wordpress\/plugins\/seo\/ -->\n<title>Attivita - Together in<\/title>\n<meta name=\"description\" content=\"Together in Ka\u0161telir Labinci\" \/>\n<meta name=\"robots\" content=\"index, follow, max-snippet:-1, max-image-preview:large, max-video-preview:-1\" \/>\n<link rel=\"canonical\" href=\"https:\/\/kastelir-labinci.com\/it\/attivita\/\" \/>\n<meta property=\"og:locale\" content=\"it_IT\" \/>\n<meta property=\"og:type\" content=\"article\" \/>\n<meta property=\"og:title\" content=\"Attivita - Together in\" \/>\n<meta property=\"og:description\" content=\"Together in Ka\u0161telir Labinci\" \/>\n<meta property=\"og:url\" content=\"https:\/\/kastelir-labinci.com\/it\/attivita\/\" \/>\n<meta property=\"og:site_name\" content=\"Together in\" \/>\n<meta property=\"article:modified_time\" content=\"2021-08-29T16:30:51+00:00\" \/>\n<meta property=\"og:image\" content=\"https:\/\/kastelir-labinci.com\/wp-content\/uploads\/2020\/05\/most-scaled.jpg\" \/>\n<meta name=\"twitter:card\" content=\"summary_large_image\" \/>\n<meta name=\"twitter:label1\" content=\"Tempo di lettura stimato\" \/>\n\t<meta name=\"twitter:data1\" content=\"1 minuto\" \/>\n<script type=\"application\/ld+json\" class=\"yoast-schema-graph\">{\"@context\":\"https:\/\/schema.org\",\"@graph\":[{\"@type\":\"WebPage\",\"@id\":\"https:\/\/kastelir-labinci.com\/it\/attivita\/\",\"url\":\"https:\/\/kastelir-labinci.com\/it\/attivita\/\",\"name\":\"Attivita - Together in\",\"isPartOf\":{\"@id\":\"https:\/\/kastelir-labinci.com\/it\/#website\"},\"primaryImageOfPage\":{\"@id\":\"https:\/\/kastelir-labinci.com\/it\/attivita\/#primaryimage\"},\"image\":{\"@id\":\"https:\/\/kastelir-labinci.com\/it\/attivita\/#primaryimage\"},\"thumbnailUrl\":\"https:\/\/kastelir-labinci.com\/wp-content\/uploads\/2020\/05\/most-scaled.jpg\",\"datePublished\":\"2020-06-01T14:36:40+00:00\",\"dateModified\":\"2021-08-29T16:30:51+00:00\",\"description\":\"Together in Ka\u0161telir Labinci\",\"breadcrumb\":{\"@id\":\"https:\/\/kastelir-labinci.com\/it\/attivita\/#breadcrumb\"},\"inLanguage\":\"it-IT\",\"potentialAction\":[{\"@type\":\"ReadAction\",\"target\":[\"https:\/\/kastelir-labinci.com\/it\/attivita\/\"]}]},{\"@type\":\"ImageObject\",\"inLanguage\":\"it-IT\",\"@id\":\"https:\/\/kastelir-labinci.com\/it\/attivita\/#primaryimage\",\"url\":\"https:\/\/kastelir-labinci.com\/wp-content\/uploads\/2020\/05\/most-scaled.jpg\",\"contentUrl\":\"https:\/\/kastelir-labinci.com\/wp-content\/uploads\/2020\/05\/most-scaled.jpg\"},{\"@type\":\"BreadcrumbList\",\"@id\":\"https:\/\/kastelir-labinci.com\/it\/attivita\/#breadcrumb\",\"itemListElement\":[{\"@type\":\"ListItem\",\"position\":1,\"name\":\"Home\",\"item\":\"https:\/\/kastelir-labinci.com\/it\/\"},{\"@type\":\"ListItem\",\"position\":2,\"name\":\"Attivita\"}]},{\"@type\":\"WebSite\",\"@id\":\"https:\/\/kastelir-labinci.com\/it\/#website\",\"url\":\"https:\/\/kastelir-labinci.com\/it\/\",\"name\":\"Together in\",\"description\":\"- Ka\u0161telir-Labinci\",\"publisher\":{\"@id\":\"https:\/\/kastelir-labinci.com\/it\/#organization\"},\"potentialAction\":[{\"@type\":\"SearchAction\",\"target\":{\"@type\":\"EntryPoint\",\"urlTemplate\":\"https:\/\/kastelir-labinci.com\/it\/?s={search_term_string}\"},\"query-input\":{\"@type\":\"PropertyValueSpecification\",\"valueRequired\":true,\"valueName\":\"search_term_string\"}}],\"inLanguage\":\"it-IT\"},{\"@type\":\"Organization\",\"@id\":\"https:\/\/kastelir-labinci.com\/it\/#organization\",\"name\":\"TOGETHER IN Ka\u0161telir - Labinci, turisti\u010dka zajednica\",\"url\":\"https:\/\/kastelir-labinci.com\/it\/\",\"logo\":{\"@type\":\"ImageObject\",\"inLanguage\":\"it-IT\",\"@id\":\"https:\/\/kastelir-labinci.com\/it\/#\/schema\/logo\/image\/\",\"url\":\"https:\/\/kastelir-labinci.com\/wp-content\/uploads\/2020\/08\/logotip-3.png\",\"contentUrl\":\"https:\/\/kastelir-labinci.com\/wp-content\/uploads\/2020\/08\/logotip-3.png\",\"width\":512,\"height\":326,\"caption\":\"TOGETHER IN Ka\u0161telir - Labinci, turisti\u010dka zajednica\"},\"image\":{\"@id\":\"https:\/\/kastelir-labinci.com\/it\/#\/schema\/logo\/image\/\"}}]}<\/script>\n<!-- \/ Yoast SEO plugin. -->","yoast_head_json":{"title":"Attivita - Together in","description":"Together in Ka\u0161telir Labinci","robots":{"index":"index","follow":"follow","max-snippet":"max-snippet:-1","max-image-preview":"max-image-preview:large","max-video-preview":"max-video-preview:-1"},"canonical":"https:\/\/kastelir-labinci.com\/it\/attivita\/","og_locale":"it_IT","og_type":"article","og_title":"Attivita - Together in","og_description":"Together in Ka\u0161telir Labinci","og_url":"https:\/\/kastelir-labinci.com\/it\/attivita\/","og_site_name":"Together in","article_modified_time":"2021-08-29T16:30:51+00:00","og_image":[{"url":"https:\/\/kastelir-labinci.com\/wp-content\/uploads\/2020\/05\/most-scaled.jpg","type":"","width":"","height":""}],"twitter_card":"summary_large_image","twitter_misc":{"Tempo di lettura stimato":"1 minuto"},"schema":{"@context":"https:\/\/schema.org","@graph":[{"@type":"WebPage","@id":"https:\/\/kastelir-labinci.com\/it\/attivita\/","url":"https:\/\/kastelir-labinci.com\/it\/attivita\/","name":"Attivita - Together in","isPartOf":{"@id":"https:\/\/kastelir-labinci.com\/it\/#website"},"primaryImageOfPage":{"@id":"https:\/\/kastelir-labinci.com\/it\/attivita\/#primaryimage"},"image":{"@id":"https:\/\/kastelir-labinci.com\/it\/attivita\/#primaryimage"},"thumbnailUrl":"https:\/\/kastelir-labinci.com\/wp-content\/uploads\/2020\/05\/most-scaled.jpg","datePublished":"2020-06-01T14:36:40+00:00","dateModified":"2021-08-29T16:30:51+00:00","description":"Together in Ka\u0161telir Labinci","breadcrumb":{"@id":"https:\/\/kastelir-labinci.com\/it\/attivita\/#breadcrumb"},"inLanguage":"it-IT","potentialAction":[{"@type":"ReadAction","target":["https:\/\/kastelir-labinci.com\/it\/attivita\/"]}]},{"@type":"ImageObject","inLanguage":"it-IT","@id":"https:\/\/kastelir-labinci.com\/it\/attivita\/#primaryimage","url":"https:\/\/kastelir-labinci.com\/wp-content\/uploads\/2020\/05\/most-scaled.jpg","contentUrl":"https:\/\/kastelir-labinci.com\/wp-content\/uploads\/2020\/05\/most-scaled.jpg"},{"@type":"BreadcrumbList","@id":"https:\/\/kastelir-labinci.com\/it\/attivita\/#breadcrumb","itemListElement":[{"@type":"ListItem","position":1,"name":"Home","item":"https:\/\/kastelir-labinci.com\/it\/"},{"@type":"ListItem","position":2,"name":"Attivita"}]},{"@type":"WebSite","@id":"https:\/\/kastelir-labinci.com\/it\/#website","url":"https:\/\/kastelir-labinci.com\/it\/","name":"Together in","description":"- Ka\u0161telir-Labinci","publisher":{"@id":"https:\/\/kastelir-labinci.com\/it\/#organization"},"potentialAction":[{"@type":"SearchAction","target":{"@type":"EntryPoint","urlTemplate":"https:\/\/kastelir-labinci.com\/it\/?s={search_term_string}"},"query-input":{"@type":"PropertyValueSpecification","valueRequired":true,"valueName":"search_term_string"}}],"inLanguage":"it-IT"},{"@type":"Organization","@id":"https:\/\/kastelir-labinci.com\/it\/#organization","name":"TOGETHER IN Ka\u0161telir - Labinci, turisti\u010dka zajednica","url":"https:\/\/kastelir-labinci.com\/it\/","logo":{"@type":"ImageObject","inLanguage":"it-IT","@id":"https:\/\/kastelir-labinci.com\/it\/#\/schema\/logo\/image\/","url":"https:\/\/kastelir-labinci.com\/wp-content\/uploads\/2020\/08\/logotip-3.png","contentUrl":"https:\/\/kastelir-labinci.com\/wp-content\/uploads\/2020\/08\/logotip-3.png","width":512,"height":326,"caption":"TOGETHER IN Ka\u0161telir - Labinci, turisti\u010dka zajednica"},"image":{"@id":"https:\/\/kastelir-labinci.com\/it\/#\/schema\/logo\/image\/"}}]}},"_links":{"self":[{"href":"https:\/\/kastelir-labinci.com\/it\/wp-json\/wp\/v2\/pages\/5365"}],"collection":[{"href":"https:\/\/kastelir-labinci.com\/it\/wp-json\/wp\/v2\/pages"}],"about":[{"href":"https:\/\/kastelir-labinci.com\/it\/wp-json\/wp\/v2\/types\/page"}],"author":[{"embeddable":true,"href":"https:\/\/kastelir-labinci.com\/it\/wp-json\/wp\/v2\/users\/1"}],"replies":[{"embeddable":true,"href":"https:\/\/kastelir-labinci.com\/it\/wp-json\/wp\/v2\/comments?post=5365"}],"version-history":[{"count":4,"href":"https:\/\/kastelir-labinci.com\/it\/wp-json\/wp\/v2\/pages\/5365\/revisions"}],"predecessor-version":[{"id":8663,"href":"https:\/\/kastelir-labinci.com\/it\/wp-json\/wp\/v2\/pages\/5365\/revisions\/8663"}],"wp:attachment":[{"href":"https:\/\/kastelir-labinci.com\/it\/wp-json\/wp\/v2\/media?parent=5365"}],"curies":[{"name":"wp","href":"https:\/\/api.w.org\/{rel}","templated":true}]}}