{"id":11413,"date":"2022-08-06T17:02:51","date_gmt":"2022-08-06T17:02:51","guid":{"rendered":"https:\/\/kastelir-labinci.com\/item\/free-kastelir-vizinada-mtb-tour-26km\/"},"modified":"2023-04-28T07:34:13","modified_gmt":"2023-04-28T07:34:13","slug":"free-kastelir-vizinada-mtb-tour-26km","status":"publish","type":"citadela-item","link":"https:\/\/kastelir-labinci.com\/sl\/item\/free-kastelir-vizinada-mtb-tour-26km\/","title":{"rendered":"FREE KA\u0160TELIR &#038; VI\u017dINADA MTB TOUR, 26km"},"content":{"rendered":"<p>Vodimo vas iz centra Ka\u0161telira, kroz duboke \u0161ume prema Vi\u017einadi gdje nas u 10:15 \u010deka ostatak ekipe biciklista. Vozimo se atraktivnom biciklisti\u010dkom stazom Parenzana u smjeru Pore\u010da i skre\u0107emo prema poznatoj zvjezdarnici u Ti\u0107anu koju vodi jedan od najpoznatijih svjetskih astronoma Korado Korlevi\u0107. Zvjezdarnica je ujedno i najvi\u0161a to\u010dka ove rute. Po uskim \u0161umskim trailovima spu\u0161tamo se do Vi\u0161njana od kuda nas put vodi natrag u Ka\u0161telir gdje ostavljamo prvu skupinu biciklista. S onima koji su nam se priklju\u010dili u Vi\u017einadi se vozimo jo\u0161 cca 45 minuta, kroz duboke \u0161ume do krajnjeg odredi\u0161ta.<\/p>\n<p>&nbsp;<\/p>\n<p><iframe loading=\"lazy\" class=\"alltrails\" title=\"AllTrails: Trail Guides and Maps for Hiking, Camping, and Running\" src=\"https:\/\/www.alltrails.com\/de\/widget\/map\/karte-6-juli-2022-10-14-uhr-a19744e?u=m\" width=\"100%\" height=\"400\" frameborder=\"0\" marginwidth=\"0\" marginheight=\"0\" scrolling=\"no\"><\/iframe><\/p>\n<p><strong>Tehni\u010dki opis<\/strong><\/p>\n<ul>\n<li>Vrsta biciklisti\u010dke staze: MTB staza<\/li>\n<li>Du\u017eina staze: 26 km<\/li>\n<li>Najvi\u0161a to\u010dka: 320 m n\/m<\/li>\n<li>Akumulirani uspon: 300<\/li>\n<li>Trajanje: 3,5 sata<\/li>\n<li>Te\u017eina staze: lagana\u00a0<\/li>\n<\/ul>\n<p><strong>Detalji<\/strong><\/p>\n<ul>\n<li>Raspolo\u017eivo: svaki petak od 26. 8. do 30. 9. 2023.<\/li>\n<li>Vrijeme sastajanja: 9:30 Ka\u0161telir \/ 10:30 Vi\u017einada<\/li>\n<li>Planirani povratak: oko 13:00 Ka\u0161telir \/ 14:00 Vi\u017einada<\/li>\n<li>Polazna i krajnja to\u010dka 1: centar Ka\u0161telira kod crkve<\/li>\n<li>Polazna i krajnja to\u010dka 2: na ulazu u Vi\u017einadu kod makete lokomotive<\/li>\n<\/ul>\n<p><strong>Preuzmite GPX zapis<\/strong><\/p>\n<p>\u00a0<img loading=\"lazy\" decoding=\"async\" src=\"https:\/\/www.myporec.com\/uploads\/imgcache\/large\/articles\/Kastelir-i-Vizinada_1.png\" width=\"250\" height=\"250\" \/><\/p>\n<p><strong>Visinski dijagram<\/strong><\/p>\n<p>\u00a0<img loading=\"lazy\" decoding=\"async\" src=\"https:\/\/www.myporec.com\/uploads\/imgcache\/large\/articles\/Visinski-dijagram-Kastelir-Vizinada_1.png\" alt=\"\" width=\"448\" height=\"226\" \/><\/p>\n<p><strong>Napomene o besplatnim MTB turama<\/strong><\/p>\n<ul>\n<li>Ture su potpuno besplatne i ne uklju\u010duju pi\u0107a, hranu ili ulaznice.<\/li>\n<li>Mogu\u0107 je najam bicikala, kaciga i ostale biciklisti\u010dke opreme (uz nadoplatu).<\/li>\n<li>Kaciga je obavezna.<\/li>\n<li>Nije preporu\u010deno za djecu mla\u0111u od 14 godina.<\/li>\n<li>Potrebno je znati voziti bicikl i imati osnovnu kondiciju za prije\u0107i 20 do 50-ak km dnevno.<\/li>\n<li>U slu\u010daju potrebe osigurano je interventno vozilo.<\/li>\n<li>Vodi\u010d ima pravo izmijeniti rutu ovisno o vremenskim uvjetima i kondiciji gosta.<\/li>\n<\/ul>\n<p><strong>Besplatna rezervacija je mogu\u0107a do 12 sati prije polaska.<\/strong><\/p>\n<p><strong><a href=\"https:\/\/www.myporec.com\/downloadf\/free_mtb_tours_2022_01_-_za_web.pdf\">FREE MTB TOUR<\/a><\/strong>\u00a0<\/p>\n","protected":false},"excerpt":{"rendered":"<p>Vodimo vas iz centra Ka\u0161telira, kroz duboke \u0161ume prema Vi\u017einadi gdje nas u 10:15 \u010deka ostatak ekipe biciklista. Vozimo se atraktivnom biciklisti\u010dkom stazom Parenzana u smjeru Pore\u010da i skre\u0107emo prema [&hellip;]<\/p>\n","protected":false},"author":1,"featured_media":11414,"menu_order":0,"comment_status":"closed","ping_status":"closed","template":"","citadela-item-category":[283,261],"citadela-item-location":[],"class_list":["post-11413","citadela-item","type-citadela-item","status-publish","has-post-thumbnail","hentry","citadela-item-category-free-porec-bike-tours","citadela-item-category-biking-sl"],"yoast_head":"<!-- This site is optimized with the Yoast SEO plugin v25.2 - https:\/\/yoast.com\/wordpress\/plugins\/seo\/ -->\n<title>FREE KA\u0160TELIR &amp; VI\u017dINADA MTB TOUR, 26km - Together in<\/title>\n<meta name=\"description\" content=\"Together in Ka\u0161telir Labinci\" \/>\n<meta name=\"robots\" content=\"index, follow, max-snippet:-1, max-image-preview:large, max-video-preview:-1\" \/>\n<link rel=\"canonical\" href=\"https:\/\/kastelir-labinci.com\/sl\/item\/free-kastelir-vizinada-mtb-tour-26km\/\" \/>\n<meta property=\"og:locale\" content=\"sl_SI\" \/>\n<meta property=\"og:type\" content=\"article\" \/>\n<meta property=\"og:title\" content=\"FREE KA\u0160TELIR &amp; VI\u017dINADA MTB TOUR, 26km - Together in\" \/>\n<meta property=\"og:description\" content=\"Together in Ka\u0161telir Labinci\" \/>\n<meta property=\"og:url\" content=\"https:\/\/kastelir-labinci.com\/sl\/item\/free-kastelir-vizinada-mtb-tour-26km\/\" \/>\n<meta property=\"og:site_name\" content=\"Together in\" \/>\n<meta property=\"article:modified_time\" content=\"2023-04-28T07:34:13+00:00\" \/>\n<meta property=\"og:image\" content=\"https:\/\/kastelir-labinci.com\/wp-content\/uploads\/2020\/05\/Teambuilding-Istra-scaled.jpg\" \/>\n\t<meta property=\"og:image:width\" content=\"2560\" \/>\n\t<meta property=\"og:image:height\" content=\"1704\" \/>\n\t<meta property=\"og:image:type\" content=\"image\/jpeg\" \/>\n<meta name=\"twitter:card\" content=\"summary_large_image\" \/>\n<meta name=\"twitter:label1\" content=\"Est. reading time\" \/>\n\t<meta name=\"twitter:data1\" content=\"1 minuta\" \/>\n<script type=\"application\/ld+json\" class=\"yoast-schema-graph\">{\"@context\":\"https:\/\/schema.org\",\"@graph\":[{\"@type\":\"WebPage\",\"@id\":\"https:\/\/kastelir-labinci.com\/sl\/item\/free-kastelir-vizinada-mtb-tour-26km\/\",\"url\":\"https:\/\/kastelir-labinci.com\/sl\/item\/free-kastelir-vizinada-mtb-tour-26km\/\",\"name\":\"FREE KA\u0160TELIR & VI\u017dINADA MTB TOUR, 26km - Together in\",\"isPartOf\":{\"@id\":\"https:\/\/kastelir-labinci.com\/sl\/#website\"},\"primaryImageOfPage\":{\"@id\":\"https:\/\/kastelir-labinci.com\/sl\/item\/free-kastelir-vizinada-mtb-tour-26km\/#primaryimage\"},\"image\":{\"@id\":\"https:\/\/kastelir-labinci.com\/sl\/item\/free-kastelir-vizinada-mtb-tour-26km\/#primaryimage\"},\"thumbnailUrl\":\"https:\/\/kastelir-labinci.com\/wp-content\/uploads\/2020\/05\/Teambuilding-Istra-scaled.jpg\",\"datePublished\":\"2022-08-06T17:02:51+00:00\",\"dateModified\":\"2023-04-28T07:34:13+00:00\",\"description\":\"Together in Ka\u0161telir Labinci\",\"breadcrumb\":{\"@id\":\"https:\/\/kastelir-labinci.com\/sl\/item\/free-kastelir-vizinada-mtb-tour-26km\/#breadcrumb\"},\"inLanguage\":\"sl-SI\",\"potentialAction\":[{\"@type\":\"ReadAction\",\"target\":[\"https:\/\/kastelir-labinci.com\/sl\/item\/free-kastelir-vizinada-mtb-tour-26km\/\"]}]},{\"@type\":\"ImageObject\",\"inLanguage\":\"sl-SI\",\"@id\":\"https:\/\/kastelir-labinci.com\/sl\/item\/free-kastelir-vizinada-mtb-tour-26km\/#primaryimage\",\"url\":\"https:\/\/kastelir-labinci.com\/wp-content\/uploads\/2020\/05\/Teambuilding-Istra-scaled.jpg\",\"contentUrl\":\"https:\/\/kastelir-labinci.com\/wp-content\/uploads\/2020\/05\/Teambuilding-Istra-scaled.jpg\",\"width\":2560,\"height\":1704},{\"@type\":\"BreadcrumbList\",\"@id\":\"https:\/\/kastelir-labinci.com\/sl\/item\/free-kastelir-vizinada-mtb-tour-26km\/#breadcrumb\",\"itemListElement\":[{\"@type\":\"ListItem\",\"position\":1,\"name\":\"Home\",\"item\":\"https:\/\/kastelir-labinci.com\/sl\/\"},{\"@type\":\"ListItem\",\"position\":2,\"name\":\"FREE KA\u0160TELIR &#038; VI\u017dINADA MTB TOUR, 26km\"}]},{\"@type\":\"WebSite\",\"@id\":\"https:\/\/kastelir-labinci.com\/sl\/#website\",\"url\":\"https:\/\/kastelir-labinci.com\/sl\/\",\"name\":\"Together in\",\"description\":\"- Ka\u0161telir-Labinci\",\"publisher\":{\"@id\":\"https:\/\/kastelir-labinci.com\/sl\/#organization\"},\"potentialAction\":[{\"@type\":\"SearchAction\",\"target\":{\"@type\":\"EntryPoint\",\"urlTemplate\":\"https:\/\/kastelir-labinci.com\/sl\/?s={search_term_string}\"},\"query-input\":{\"@type\":\"PropertyValueSpecification\",\"valueRequired\":true,\"valueName\":\"search_term_string\"}}],\"inLanguage\":\"sl-SI\"},{\"@type\":\"Organization\",\"@id\":\"https:\/\/kastelir-labinci.com\/sl\/#organization\",\"name\":\"TOGETHER IN Ka\u0161telir - Labinci, turisti\u010dka zajednica\",\"url\":\"https:\/\/kastelir-labinci.com\/sl\/\",\"logo\":{\"@type\":\"ImageObject\",\"inLanguage\":\"sl-SI\",\"@id\":\"https:\/\/kastelir-labinci.com\/sl\/#\/schema\/logo\/image\/\",\"url\":\"https:\/\/kastelir-labinci.com\/wp-content\/uploads\/2020\/08\/logotip-3.png\",\"contentUrl\":\"https:\/\/kastelir-labinci.com\/wp-content\/uploads\/2020\/08\/logotip-3.png\",\"width\":512,\"height\":326,\"caption\":\"TOGETHER IN Ka\u0161telir - Labinci, turisti\u010dka zajednica\"},\"image\":{\"@id\":\"https:\/\/kastelir-labinci.com\/sl\/#\/schema\/logo\/image\/\"}}]}<\/script>\n<!-- \/ Yoast SEO plugin. -->","yoast_head_json":{"title":"FREE KA\u0160TELIR & VI\u017dINADA MTB TOUR, 26km - Together in","description":"Together in Ka\u0161telir Labinci","robots":{"index":"index","follow":"follow","max-snippet":"max-snippet:-1","max-image-preview":"max-image-preview:large","max-video-preview":"max-video-preview:-1"},"canonical":"https:\/\/kastelir-labinci.com\/sl\/item\/free-kastelir-vizinada-mtb-tour-26km\/","og_locale":"sl_SI","og_type":"article","og_title":"FREE KA\u0160TELIR & VI\u017dINADA MTB TOUR, 26km - Together in","og_description":"Together in Ka\u0161telir Labinci","og_url":"https:\/\/kastelir-labinci.com\/sl\/item\/free-kastelir-vizinada-mtb-tour-26km\/","og_site_name":"Together in","article_modified_time":"2023-04-28T07:34:13+00:00","og_image":[{"width":2560,"height":1704,"url":"https:\/\/kastelir-labinci.com\/wp-content\/uploads\/2020\/05\/Teambuilding-Istra-scaled.jpg","type":"image\/jpeg"}],"twitter_card":"summary_large_image","twitter_misc":{"Est. reading time":"1 minuta"},"schema":{"@context":"https:\/\/schema.org","@graph":[{"@type":"WebPage","@id":"https:\/\/kastelir-labinci.com\/sl\/item\/free-kastelir-vizinada-mtb-tour-26km\/","url":"https:\/\/kastelir-labinci.com\/sl\/item\/free-kastelir-vizinada-mtb-tour-26km\/","name":"FREE KA\u0160TELIR & VI\u017dINADA MTB TOUR, 26km - Together in","isPartOf":{"@id":"https:\/\/kastelir-labinci.com\/sl\/#website"},"primaryImageOfPage":{"@id":"https:\/\/kastelir-labinci.com\/sl\/item\/free-kastelir-vizinada-mtb-tour-26km\/#primaryimage"},"image":{"@id":"https:\/\/kastelir-labinci.com\/sl\/item\/free-kastelir-vizinada-mtb-tour-26km\/#primaryimage"},"thumbnailUrl":"https:\/\/kastelir-labinci.com\/wp-content\/uploads\/2020\/05\/Teambuilding-Istra-scaled.jpg","datePublished":"2022-08-06T17:02:51+00:00","dateModified":"2023-04-28T07:34:13+00:00","description":"Together in Ka\u0161telir Labinci","breadcrumb":{"@id":"https:\/\/kastelir-labinci.com\/sl\/item\/free-kastelir-vizinada-mtb-tour-26km\/#breadcrumb"},"inLanguage":"sl-SI","potentialAction":[{"@type":"ReadAction","target":["https:\/\/kastelir-labinci.com\/sl\/item\/free-kastelir-vizinada-mtb-tour-26km\/"]}]},{"@type":"ImageObject","inLanguage":"sl-SI","@id":"https:\/\/kastelir-labinci.com\/sl\/item\/free-kastelir-vizinada-mtb-tour-26km\/#primaryimage","url":"https:\/\/kastelir-labinci.com\/wp-content\/uploads\/2020\/05\/Teambuilding-Istra-scaled.jpg","contentUrl":"https:\/\/kastelir-labinci.com\/wp-content\/uploads\/2020\/05\/Teambuilding-Istra-scaled.jpg","width":2560,"height":1704},{"@type":"BreadcrumbList","@id":"https:\/\/kastelir-labinci.com\/sl\/item\/free-kastelir-vizinada-mtb-tour-26km\/#breadcrumb","itemListElement":[{"@type":"ListItem","position":1,"name":"Home","item":"https:\/\/kastelir-labinci.com\/sl\/"},{"@type":"ListItem","position":2,"name":"FREE KA\u0160TELIR &#038; VI\u017dINADA MTB TOUR, 26km"}]},{"@type":"WebSite","@id":"https:\/\/kastelir-labinci.com\/sl\/#website","url":"https:\/\/kastelir-labinci.com\/sl\/","name":"Together in","description":"- Ka\u0161telir-Labinci","publisher":{"@id":"https:\/\/kastelir-labinci.com\/sl\/#organization"},"potentialAction":[{"@type":"SearchAction","target":{"@type":"EntryPoint","urlTemplate":"https:\/\/kastelir-labinci.com\/sl\/?s={search_term_string}"},"query-input":{"@type":"PropertyValueSpecification","valueRequired":true,"valueName":"search_term_string"}}],"inLanguage":"sl-SI"},{"@type":"Organization","@id":"https:\/\/kastelir-labinci.com\/sl\/#organization","name":"TOGETHER IN Ka\u0161telir - Labinci, turisti\u010dka zajednica","url":"https:\/\/kastelir-labinci.com\/sl\/","logo":{"@type":"ImageObject","inLanguage":"sl-SI","@id":"https:\/\/kastelir-labinci.com\/sl\/#\/schema\/logo\/image\/","url":"https:\/\/kastelir-labinci.com\/wp-content\/uploads\/2020\/08\/logotip-3.png","contentUrl":"https:\/\/kastelir-labinci.com\/wp-content\/uploads\/2020\/08\/logotip-3.png","width":512,"height":326,"caption":"TOGETHER IN Ka\u0161telir - Labinci, turisti\u010dka zajednica"},"image":{"@id":"https:\/\/kastelir-labinci.com\/sl\/#\/schema\/logo\/image\/"}}]}},"_links":{"self":[{"href":"https:\/\/kastelir-labinci.com\/sl\/wp-json\/wp\/v2\/citadela-item\/11413"}],"collection":[{"href":"https:\/\/kastelir-labinci.com\/sl\/wp-json\/wp\/v2\/citadela-item"}],"about":[{"href":"https:\/\/kastelir-labinci.com\/sl\/wp-json\/wp\/v2\/types\/citadela-item"}],"author":[{"embeddable":true,"href":"https:\/\/kastelir-labinci.com\/sl\/wp-json\/wp\/v2\/users\/1"}],"replies":[{"embeddable":true,"href":"https:\/\/kastelir-labinci.com\/sl\/wp-json\/wp\/v2\/comments?post=11413"}],"version-history":[{"count":1,"href":"https:\/\/kastelir-labinci.com\/sl\/wp-json\/wp\/v2\/citadela-item\/11413\/revisions"}],"predecessor-version":[{"id":12441,"href":"https:\/\/kastelir-labinci.com\/sl\/wp-json\/wp\/v2\/citadela-item\/11413\/revisions\/12441"}],"wp:featuredmedia":[{"embeddable":true,"href":"https:\/\/kastelir-labinci.com\/sl\/wp-json\/wp\/v2\/media\/11414"}],"wp:attachment":[{"href":"https:\/\/kastelir-labinci.com\/sl\/wp-json\/wp\/v2\/media?parent=11413"}],"wp:term":[{"taxonomy":"citadela-item-category","embeddable":true,"href":"https:\/\/kastelir-labinci.com\/sl\/wp-json\/wp\/v2\/citadela-item-category?post=11413"},{"taxonomy":"citadela-item-location","embeddable":true,"href":"https:\/\/kastelir-labinci.com\/sl\/wp-json\/wp\/v2\/citadela-item-location?post=11413"}],"curies":[{"name":"wp","href":"https:\/\/api.w.org\/{rel}","templated":true}]}}